{"id":12926,"date":"2022-11-04T09:20:18","date_gmt":"2022-11-04T08:20:18","guid":{"rendered":"https:\/\/visitvalsesiavercelli.it\/?post_type=arte-e-cultura&#038;p=12926"},"modified":"2026-04-03T09:21:40","modified_gmt":"2026-04-03T07:21:40","slug":"lozzolo","status":"publish","type":"arte-e-cultura","link":"https:\/\/visitvalsesiavercelli.it\/fr\/vivi\/arte-e-cultura\/lozzolo\/","title":{"rendered":"Lozzolo"},"content":{"rendered":"\n<div class=\"wp-block-cover alignfull has-custom-content-position is-position-center-left hero\" style=\"min-height:650px;aspect-ratio:unset;\"><img loading=\"lazy\" decoding=\"async\" width=\"2560\" height=\"787\" class=\"wp-block-cover__image-background wp-image-5897\" alt=\"\" src=\"https:\/\/visitvalsesiavercelli.it\/wp-content\/uploads\/2022\/11\/EW0A2398-scaled-e1669813519786.jpg\" style=\"object-position:42% 14%\" data-object-fit=\"cover\" data-object-position=\"42% 14%\" srcset=\"https:\/\/visitvalsesiavercelli.it\/wp-content\/uploads\/2022\/11\/EW0A2398-scaled-e1669813519786.jpg 2560w, https:\/\/visitvalsesiavercelli.it\/wp-content\/uploads\/2022\/11\/EW0A2398-scaled-e1669813519786-1000x307.jpg 1000w, https:\/\/visitvalsesiavercelli.it\/wp-content\/uploads\/2022\/11\/EW0A2398-scaled-e1669813519786-1500x461.jpg 1500w\" sizes=\"auto, (max-width: 2560px) 100vw, 2560px\" \/><span aria-hidden=\"true\" class=\"wp-block-cover__background has-background-dim\"><\/span><div class=\"wp-block-cover__inner-container is-layout-flow wp-block-cover-is-layout-flow\">\n<div class=\"wp-block-group is-layout-flow wp-block-group-is-layout-flow\"><h1 style=\"text-transform:uppercase;\" class=\"wp-block-post-title has-text-color has-bianco-color\">Lozzolo<\/h1><\/div>\n<\/div><\/div>\n\n\n\n<div class=\"wp-block-group alignfull breadcrumbs is-layout-flow wp-block-group-is-layout-flow\" style=\"padding-bottom:50px\">\n<div class=\"wp-block-group d-flex is-layout-flow wp-block-group-is-layout-flow\">\n<p><a href=\"https:\/\/visitvalsesiavercelli.it\/fr\/\" data-type=\"page\" data-id=\"2\">Home<\/a><\/p>\n\n\n\n<p>Vivi<\/p>\n\n\n\n<p>Arte e cultura<\/p>\n\n\n\n<p>Borghi e citt\u00e0<\/p>\n\n\n<h6 class=\"wp-block-post-title has-text-color has-orange-color\">Lozzolo<\/h6><\/div>\n<\/div>\n\n\n\n<div class=\"wp-block-group intro-territori is-layout-constrained wp-container-core-group-is-layout-0151c581 wp-block-group-is-layout-constrained\" style=\"padding-top:70px;padding-bottom:70px;padding-left:70px\">\n<p class=\"has-text-align-center has-size-29-font-size\" style=\"font-style:normal;font-weight:600\"> Situ\u00e9 au pied de charmantes collines,<strong> Lozzolo<\/strong> est un joli village agricole o\u00f9 sont produits des vins r\u00e9put\u00e9s, comme le Bramaterra AOC et le Coste della Sesia AOC.<\/p>\n<\/div>\n\n\n\n<div class=\"wp-block-group alignfull has-bianco-color has-text-color has-background is-layout-flow wp-block-group-is-layout-flow\" style=\"background-color:#3d4d34;padding-top:40px;padding-bottom:40px\">\n<div class=\"wp-block-group is-layout-constrained wp-container-core-group-is-layout-57345300 wp-block-group-is-layout-constrained\">\n<div class=\"wp-block-columns are-vertically-aligned-center gap-mobile is-layout-flex wp-container-core-columns-is-layout-4a048b8d wp-block-columns-is-layout-flex\">\n<div class=\"wp-block-column is-vertically-aligned-center is-layout-flow wp-block-column-is-layout-flow\">\n<h3 class=\"wp-block-heading has-giallo-color has-text-color\" style=\"font-size:26px;text-transform:uppercase\">LE VILLAGE DE LOZZOLO<\/h3>\n\n\n\n<p class=\"has-link-color wp-elements-82dbebab9dae6c8a99dbcc7def223def\" style=\"font-size:20px\">Le vieux bourg de Lozzolo est, avec Roasio, le lieu de production de certains<mark style=\"background-color:rgba(0, 0, 0, 0)\" class=\"has-inline-color has-giallo-color\"> <strong><a href=\"https:\/\/visitvalsesiavercelli.it\/fr\/vins-locaux\/\">vins r\u00e9put\u00e9s<\/a><\/strong><\/mark><strong><a href=\"https:\/\/visitvalsesiavercelli.it\/fr\/vins-locaux\/\">&nbsp;<\/a><\/strong>: le <strong><mark style=\"background-color:rgba(0, 0, 0, 0)\" class=\"has-inline-color has-giallo-color\">Bramaterra AOC et le Coste della Sesia AOC.<\/mark><\/strong> <\/p>\n\n\n\n<p style=\"font-size:20px\">Le charmant centre est domin\u00e9 par le vieux ch\u00e2teau du XIII<sup>e<\/sup> si\u00e8cle et l&rsquo;\u00e9glise San Giorgio, \u00e9difi\u00e9e dans la premi\u00e8re moiti\u00e9 du XV<sup>e<\/sup> si\u00e8cle. Le sanctuaire de la <strong><mark style=\"background-color:rgba(0, 0, 0, 0)\" class=\"has-inline-color has-giallo-color\">Madonna dell&rsquo;Annunziata,<\/mark><\/strong> aux riches fresques, est juste \u00e0 la sortie du village, entour\u00e9 de verdure. <\/p>\n\n\n\n<p style=\"font-size:20px\">On peut atteindre les communes voisines de Lozzolo par de nombreux sentiers, qui s\u2019empruntent \u00e0 pied ou \u00e0 v\u00e9lo. Ne manquez pas de parcourir la <strong><mark style=\"background-color:rgba(0, 0, 0, 0)\" class=\"has-inline-color has-giallo-color\">\u00ab\u00a0Via della luce\u00a0\u00bb<\/mark><\/strong> (voie de la lumi\u00e8re), une route qui serpente entre Lozzolo et Gattinara et offre de splendides vues panoramiques sur les bois et les vignobles.<\/p>\n<\/div>\n\n\n\n<div class=\"wp-block-column is-vertically-aligned-center is-layout-flow wp-block-column-is-layout-flow\">\n<figure class=\"wp-block-image size-full is-resized is-style-4-3\"><img loading=\"lazy\" decoding=\"async\" width=\"2560\" height=\"1709\" src=\"https:\/\/visitvalsesiavercelli.it\/wp-content\/uploads\/2022\/08\/Lozzolo-scaled.jpg\" alt=\"\" class=\"wp-image-1533\" style=\"width:528px;height:352px\" srcset=\"https:\/\/visitvalsesiavercelli.it\/wp-content\/uploads\/2022\/08\/Lozzolo-scaled.jpg 2560w, https:\/\/visitvalsesiavercelli.it\/wp-content\/uploads\/2022\/08\/Lozzolo-1000x668.jpg 1000w, https:\/\/visitvalsesiavercelli.it\/wp-content\/uploads\/2022\/08\/Lozzolo-1500x1001.jpg 1500w\" sizes=\"auto, (max-width: 2560px) 100vw, 2560px\" \/><figcaption class=\"wp-element-caption\"><mark style=\"background-color:rgba(0, 0, 0, 0)\" class=\"has-inline-color has-giallo-color\"><strong> Aper\u00e7u de Lozzolo<\/strong><\/mark><\/figcaption><\/figure>\n<\/div>\n<\/div>\n<\/div>\n<\/div>\n\n\n\n<div class=\"wp-block-group alignfull has-nero-color has-bianco-background-color has-text-color has-background is-layout-flow wp-block-group-is-layout-flow\" style=\"padding-top:40px;padding-bottom:40px\">\n<div class=\"wp-block-group is-layout-constrained wp-container-core-group-is-layout-57345300 wp-block-group-is-layout-constrained\">\n<div class=\"wp-block-columns are-vertically-aligned-center gap-mobile is-layout-flex wp-container-core-columns-is-layout-4a048b8d wp-block-columns-is-layout-flex\">\n<div class=\"wp-block-column is-vertically-aligned-center is-layout-flow wp-block-column-is-layout-flow\">\n<figure class=\"wp-block-image size-full is-resized is-style-4-3\"><img loading=\"lazy\" decoding=\"async\" width=\"2560\" height=\"1707\" src=\"https:\/\/visitvalsesiavercelli.it\/wp-content\/uploads\/2022\/11\/EW0A2383-scaled.jpg\" alt=\"\" class=\"wp-image-5902\" style=\"width:528px;height:352px\" srcset=\"https:\/\/visitvalsesiavercelli.it\/wp-content\/uploads\/2022\/11\/EW0A2383-scaled.jpg 2560w, https:\/\/visitvalsesiavercelli.it\/wp-content\/uploads\/2022\/11\/EW0A2383-1000x667.jpg 1000w, https:\/\/visitvalsesiavercelli.it\/wp-content\/uploads\/2022\/11\/EW0A2383-1500x1000.jpg 1500w\" sizes=\"auto, (max-width: 2560px) 100vw, 2560px\" \/><figcaption class=\"wp-element-caption\"><strong><strong><strong> Nebbiolo<\/strong><\/strong><\/strong><\/figcaption><\/figure>\n<\/div>\n\n\n\n<div class=\"wp-block-column is-vertically-aligned-center is-style-prima is-layout-flow wp-block-column-is-layout-flow\">\n<h3 class=\"wp-block-heading has-giallo-color has-text-color\" style=\"font-size:26px;text-transform:uppercase\"><mark style=\"background-color:rgba(0, 0, 0, 0)\" class=\"has-inline-color has-nero-color\"><strong>le Nebbiolo<\/strong><\/mark><\/h3>\n\n\n\n<p style=\"font-size:20px\">L&rsquo;extraordinaire vocation des collines de <strong>Gattinara, Lozzolo et Roasio <\/strong>pour le Nebbiolo est principalement due \u00e0 deux \u00e9l\u00e9ments&nbsp;: un microclimat singulier d\u00fb au mont Rose, et un sous-sol particulier d&rsquo;origine volcanique, issu du <strong><a href=\"https:\/\/visitvalsesiavercelli.it\/fr\/scopri\/punti-di-interesse\/supervolcan-de-la-valsesia\/\">supervolcan de la Valsesia.<\/a><\/strong><\/p>\n\n\n\n<p style=\"font-size:20px\"><strong><a href=\"https:\/\/visitvalsesiavercelli.it\/fr\/vins-locaux\/\">La visite d&rsquo;une cave ou d&rsquo;une exploitation locales<\/a><\/strong> est l\u2019id\u00e9al pour d\u00e9guster d&rsquo;excellents vins et d\u00e9couvrir tous les secrets de la production du <strong>Gattinara DOCG et AOC, du Bramaterra AOC et du Coste della Sesia AOC<\/strong>.<\/p>\n<\/div>\n<\/div>\n<\/div>\n<\/div>\n\n\n\n<div class=\"wp-block-group alignfull has-bianco-color has-text-color has-background is-layout-flow wp-block-group-is-layout-flow\" style=\"background-color:#3d4d34;padding-top:40px;padding-bottom:40px\">\n<div class=\"wp-block-group is-layout-constrained wp-container-core-group-is-layout-57345300 wp-block-group-is-layout-constrained\">\n<div class=\"wp-block-columns gap-mobile has-link-color wp-elements-3254198c5bc0fc82f18e5d17decf3e6d is-layout-flex wp-container-core-columns-is-layout-01159bbe wp-block-columns-is-layout-flex\">\n<div class=\"wp-block-column is-layout-flow wp-block-column-is-layout-flow\">\n<h3 class=\"wp-block-heading has-giallo-color has-text-color\" style=\"font-size:26px;text-transform:uppercase\">comment s&rsquo;y rendre<\/h3>\n\n\n\n<iframe src=\"https:\/\/www.google.com\/maps\/embed?pb=!1m18!1m12!1m3!1d22326.071160653326!2d8.339668416582743!3d45.6154889671398!2m3!1f0!2f0!3f0!3m2!1i1024!2i768!4f13.1!3m3!1m2!1s0x478615e9f6a7280f%3A0x20595c054640b84!2s13045%20Lozzolo%20VC!5e0!3m2!1sit!2sit!4v1746796095388!5m2!1sit!2sit\" width=\"600\" height=\"450\" style=\"border:0;\" allowfullscreen=\"\" loading=\"lazy\" referrerpolicy=\"no-referrer-when-downgrade\"><\/iframe>\n<\/div>\n\n\n\n<div class=\"wp-block-column is-style-prima is-layout-flow wp-block-column-is-layout-flow\">\n<p style=\"font-size:26px;text-transform:uppercase\"><strong><mark style=\"background-color:rgba(0, 0, 0, 0)\" class=\"has-inline-color has-giallo-color\">informations et contacts<\/mark><\/strong><\/p>\n\n\n\n<div class=\"wp-block-group is-layout-flow wp-block-group-is-layout-flow\">\n<p class=\"has-text-align-left has-icon pin\" style=\"font-size:20px\">13045 Lozzolo (VC) \u2013 Piazza G. Delmastro, 1<\/p>\n\n\n\n<p class=\"has-icon tel\" style=\"font-size:20px\">+39 <a href=\"http:\/\/0163 89136\"><mark style=\"background-color:rgba(0, 0, 0, 0)\" class=\"has-inline-color has-bianco-color\">0163 89136<\/mark><\/a><\/p>\n\n\n\n<p class=\"has-icon mail\" style=\"font-size:20px\"><a href=\"mailto::municipio@comune.lozzolo.vc.it\"><mark style=\"background-color:rgba(0, 0, 0, 0)\" class=\"has-inline-color has-bianco-color\">municipio@comune.lozzolo.vc.it<\/mark><\/a><\/p>\n\n\n\n<p class=\"has-icon www\" style=\"font-size:20px\"><a href=\"http:\/\/www.comune.lozzolo.vc.it\"><mark style=\"background-color:rgba(0, 0, 0, 0)\" class=\"has-inline-color has-bianco-color\">www.comune.lozzolo.vc.it<\/mark><\/a><\/p>\n<\/div>\n<\/div>\n<\/div>\n<\/div>\n<\/div>\n\n\n\n<div class=\"wp-block-group intro-3 is-layout-flow wp-container-core-group-is-layout-b298a938 wp-block-group-is-layout-flow\" style=\"padding-top:110px;padding-bottom:70px\">\n<div class=\"wp-block-columns is-layout-flex wp-container-core-columns-is-layout-00723822 wp-block-columns-is-layout-flex\">\n<div class=\"wp-block-column is-over is-layout-flow wp-block-column-is-layout-flow\" style=\"padding-left:80px;flex-basis:290px\">\n<h2 class=\"wp-block-heading\" style=\"line-height:0.90;text-transform:uppercase\">A ne pas manquer<br>dans cette<br><mark style=\"background-color:rgba(0, 0, 0, 0)\" class=\"has-inline-color has-giallo-color\"><mark style=\"background-color:rgba(0, 0, 0, 0)\" class=\"has-inline-color has-giallo-color\">zone<\/mark><\/mark><\/h2>\n\n\n\n<p class=\"has-size-22-font-size\" style=\"font-style:normal;font-weight:600\">D\u00e9couvrez les merveilles de Gattinara et Baraggia<\/p>\n\n\n\n<p>Art et culture, nature, traditions anciennes, gastronomie et vins excellents, activit\u00e9s de plein air : laissez-vous conqu\u00e9rir par les terres de Gattinara et Baraggia<\/p>\n<\/div>\n\n\n\n<div class=\"wp-block-column is-layout-flow wp-block-column-is-layout-flow\" style=\"padding-left:60px\">    <section class=\"carosello-orizzontale cover-overflow\">\n                    <div class=\"swiper\">\n                <div class=\"swiper-wrapper\">\n                                            <div class=\"swiper-slide\">\n                            <a href=\"https:\/\/visitvalsesiavercelli.it\/scopri\/punti-di-interesse\/supervulcano-della-valsesia\/\" class=\"carosello-element\">\n                                <div class=\"wp-block-image\">\n                                    <img loading=\"lazy\" decoding=\"async\" width=\"340\" height=\"210\" src=\"https:\/\/visitvalsesiavercelli.it\/wp-content\/uploads\/2022\/08\/52-340x210.jpg\" class=\"attachment-regular-thumb size-regular-thumb wp-post-image\" alt=\"\" srcset=\"https:\/\/visitvalsesiavercelli.it\/wp-content\/uploads\/2022\/08\/52-340x210.jpg 340w, https:\/\/visitvalsesiavercelli.it\/wp-content\/uploads\/2022\/08\/52-680x420.jpg 680w\" sizes=\"auto, (max-width: 340px) 100vw, 340px\" \/>                                <\/div>\n                                <div class=\"content\">\n                                    <h4>Supervulcano della Valsesia<\/h4>\n                                <\/div>\n                                <div class=\"wp-block-buttons\">\n                                    <div class=\"wp-block-button is-style-outline\">\n                                        <span class=\"wp-block-button__link\">\n                                            Vivre                                        <\/span>\n                                    <\/div>\n                                <\/div>\n                            <\/a>\n                        <\/div>\n                                                <div class=\"swiper-slide\">\n                            <a href=\"https:\/\/visitvalsesiavercelli.it\/scopri\/itinerari\/alla-scoperta-delle-colline-di-gattinara\/\" class=\"carosello-element\">\n                                <div class=\"wp-block-image\">\n                                    <img loading=\"lazy\" decoding=\"async\" width=\"340\" height=\"210\" src=\"https:\/\/visitvalsesiavercelli.it\/wp-content\/uploads\/2022\/09\/DSC6775-340x210.jpg\" class=\"attachment-regular-thumb size-regular-thumb wp-post-image\" alt=\"\" srcset=\"https:\/\/visitvalsesiavercelli.it\/wp-content\/uploads\/2022\/09\/DSC6775-340x210.jpg 340w, https:\/\/visitvalsesiavercelli.it\/wp-content\/uploads\/2022\/09\/DSC6775-680x420.jpg 680w\" sizes=\"auto, (max-width: 340px) 100vw, 340px\" \/>                                <\/div>\n                                <div class=\"content\">\n                                    <h4>Alla scoperta delle colline di Gattinara<\/h4>\n                                <\/div>\n                                <div class=\"wp-block-buttons\">\n                                    <div class=\"wp-block-button is-style-outline\">\n                                        <span class=\"wp-block-button__link\">\n                                            Vivre                                        <\/span>\n                                    <\/div>\n                                <\/div>\n                            <\/a>\n                        <\/div>\n                                                <div class=\"swiper-slide\">\n                            <a href=\"https:\/\/visitvalsesiavercelli.it\/scopri\/punti-di-interesse\/enoteca-regionale-di-gattinara\/\" class=\"carosello-element\">\n                                <div class=\"wp-block-image\">\n                                    <img loading=\"lazy\" decoding=\"async\" width=\"340\" height=\"210\" src=\"https:\/\/visitvalsesiavercelli.it\/wp-content\/uploads\/2022\/09\/DSC7800-340x210.jpg\" class=\"attachment-regular-thumb size-regular-thumb wp-post-image\" alt=\"\" srcset=\"https:\/\/visitvalsesiavercelli.it\/wp-content\/uploads\/2022\/09\/DSC7800-340x210.jpg 340w, https:\/\/visitvalsesiavercelli.it\/wp-content\/uploads\/2022\/09\/DSC7800-680x420.jpg 680w\" sizes=\"auto, (max-width: 340px) 100vw, 340px\" \/>                                <\/div>\n                                <div class=\"content\">\n                                    <h4>enoteca regionale di gattinara e dell&rsquo;alto piemonte<\/h4>\n                                <\/div>\n                                <div class=\"wp-block-buttons\">\n                                    <div class=\"wp-block-button is-style-outline\">\n                                        <span class=\"wp-block-button__link\">\n                                            Vivre                                        <\/span>\n                                    <\/div>\n                                <\/div>\n                            <\/a>\n                        <\/div>\n                                                <div class=\"swiper-slide\">\n                            <a href=\"https:\/\/visitvalsesiavercelli.it\/scopri\/punti-di-interesse\/le-vie-dei-calici\/\" class=\"carosello-element\">\n                                <div class=\"wp-block-image\">\n                                    <img loading=\"lazy\" decoding=\"async\" width=\"340\" height=\"210\" src=\"https:\/\/visitvalsesiavercelli.it\/wp-content\/uploads\/2022\/09\/calice_torre_castelle_gattinara-340x210.jpg\" class=\"attachment-regular-thumb size-regular-thumb wp-post-image\" alt=\"\" srcset=\"https:\/\/visitvalsesiavercelli.it\/wp-content\/uploads\/2022\/09\/calice_torre_castelle_gattinara-340x210.jpg 340w, https:\/\/visitvalsesiavercelli.it\/wp-content\/uploads\/2022\/09\/calice_torre_castelle_gattinara-680x420.jpg 680w\" sizes=\"auto, (max-width: 340px) 100vw, 340px\" \/>                                <\/div>\n                                <div class=\"content\">\n                                    <h4>le vie dei calici &#8211; Gattinara<\/h4>\n                                <\/div>\n                                <div class=\"wp-block-buttons\">\n                                    <div class=\"wp-block-button is-style-outline\">\n                                        <span class=\"wp-block-button__link\">\n                                            Vivre                                        <\/span>\n                                    <\/div>\n                                <\/div>\n                            <\/a>\n                        <\/div>\n                                                <div class=\"swiper-slide\">\n                            <a href=\"https:\/\/visitvalsesiavercelli.it\/scopri\/punti-di-interesse\/torre-delle-castelle\/\" class=\"carosello-element\">\n                                <div class=\"wp-block-image\">\n                                    <img loading=\"lazy\" decoding=\"async\" width=\"340\" height=\"210\" src=\"https:\/\/visitvalsesiavercelli.it\/wp-content\/uploads\/2022\/09\/torrecastelle_vigneti_gattinara-340x210.jpg\" class=\"attachment-regular-thumb size-regular-thumb wp-post-image\" alt=\"\" srcset=\"https:\/\/visitvalsesiavercelli.it\/wp-content\/uploads\/2022\/09\/torrecastelle_vigneti_gattinara-340x210.jpg 340w, https:\/\/visitvalsesiavercelli.it\/wp-content\/uploads\/2022\/09\/torrecastelle_vigneti_gattinara-680x420.jpg 680w\" sizes=\"auto, (max-width: 340px) 100vw, 340px\" \/>                                <\/div>\n                                <div class=\"content\">\n                                    <h4>torre delle castelle &#8211; Gattinara<\/h4>\n                                <\/div>\n                                <div class=\"wp-block-buttons\">\n                                    <div class=\"wp-block-button is-style-outline\">\n                                        <span class=\"wp-block-button__link\">\n                                            Vivre                                        <\/span>\n                                    <\/div>\n                                <\/div>\n                            <\/a>\n                        <\/div>\n                                                <div class=\"swiper-slide\">\n                            <a href=\"https:\/\/visitvalsesiavercelli.it\/scopri\/punti-di-interesse\/riserva-naturale-delle-baragge\/\" class=\"carosello-element\">\n                                <div class=\"wp-block-image\">\n                                    <img loading=\"lazy\" decoding=\"async\" width=\"340\" height=\"210\" src=\"https:\/\/visitvalsesiavercelli.it\/wp-content\/uploads\/2022\/11\/bar-340x210.png\" class=\"attachment-regular-thumb size-regular-thumb wp-post-image\" alt=\"\" srcset=\"https:\/\/visitvalsesiavercelli.it\/wp-content\/uploads\/2022\/11\/bar-340x210.png 340w, https:\/\/visitvalsesiavercelli.it\/wp-content\/uploads\/2022\/11\/bar-680x420.png 680w\" sizes=\"auto, (max-width: 340px) 100vw, 340px\" \/>                                <\/div>\n                                <div class=\"content\">\n                                    <h4>Riserva Naturale delle Baragge<\/h4>\n                                <\/div>\n                                <div class=\"wp-block-buttons\">\n                                    <div class=\"wp-block-button is-style-outline\">\n                                        <span class=\"wp-block-button__link\">\n                                            Vivre                                        <\/span>\n                                    <\/div>\n                                <\/div>\n                            <\/a>\n                        <\/div>\n                                        <\/div>\n                <div class=\"swiper-buttons\">\n                    <div class=\"swiper-button-prev\"><\/div>\n                    <div class=\"swiper-button-next\"><\/div>\n                <\/div>\n            <\/div>\n            <\/section><\/div>\n<\/div>\n<\/div>\n","protected":false},"featured_media":10999,"template":"","categoria-arte":[538],"area":[5],"class_list":["post-12926","arte-e-cultura","type-arte-e-cultura","status-publish","has-post-thumbnail","hentry","categoria-arte-borghi-e-citta-fr","area-gattinara-e-baraggia"],"acf":{"indirizzo":null},"_links":{"self":[{"href":"https:\/\/visitvalsesiavercelli.it\/fr\/wp-json\/wp\/v2\/arte-e-cultura\/12926","targetHints":{"allow":["GET"]}}],"collection":[{"href":"https:\/\/visitvalsesiavercelli.it\/fr\/wp-json\/wp\/v2\/arte-e-cultura"}],"about":[{"href":"https:\/\/visitvalsesiavercelli.it\/fr\/wp-json\/wp\/v2\/types\/arte-e-cultura"}],"wp:featuredmedia":[{"embeddable":true,"href":"https:\/\/visitvalsesiavercelli.it\/fr\/wp-json\/wp\/v2\/media\/10999"}],"wp:attachment":[{"href":"https:\/\/visitvalsesiavercelli.it\/fr\/wp-json\/wp\/v2\/media?parent=12926"}],"wp:term":[{"taxonomy":"categoria-arte","embeddable":true,"href":"https:\/\/visitvalsesiavercelli.it\/fr\/wp-json\/wp\/v2\/categoria-arte?post=12926"},{"taxonomy":"area","embeddable":true,"href":"https:\/\/visitvalsesiavercelli.it\/fr\/wp-json\/wp\/v2\/area?post=12926"}],"curies":[{"name":"wp","href":"https:\/\/api.w.org\/{rel}","templated":true}]}}