{"id":12933,"date":"2022-10-29T14:45:36","date_gmt":"2022-10-29T12:45:36","guid":{"rendered":"https:\/\/visitvalsesiavercelli.it\/?post_type=arte-e-cultura&#038;p=12933"},"modified":"2026-04-03T09:25:53","modified_gmt":"2026-04-03T07:25:53","slug":"balocco","status":"publish","type":"arte-e-cultura","link":"https:\/\/visitvalsesiavercelli.it\/fr\/vivi\/arte-e-cultura\/balocco\/","title":{"rendered":"Balocco"},"content":{"rendered":"\n<div class=\"wp-block-cover alignfull is-light has-custom-content-position is-position-center-left hero\" style=\"min-height:650px;aspect-ratio:unset;\"><img loading=\"lazy\" decoding=\"async\" width=\"940\" height=\"626\" class=\"wp-block-cover__image-background wp-image-47691 size-full\" alt=\"\" src=\"https:\/\/visitvalsesiavercelli.it\/wp-content\/uploads\/2022\/10\/baloccofoto-2.png\" style=\"object-position:38% 14%\" data-object-fit=\"cover\" data-object-position=\"38% 14%\"\/><span aria-hidden=\"true\" class=\"wp-block-cover__background has-background-dim\" style=\"background-color:#aaaeb3\"><\/span><div class=\"wp-block-cover__inner-container is-layout-flow wp-block-cover-is-layout-flow\">\n<div class=\"wp-block-group is-layout-flow wp-block-group-is-layout-flow\"><h1 style=\"text-transform:uppercase;\" class=\"wp-block-post-title has-text-color has-bianco-color\">Balocco<\/h1><\/div>\n<\/div><\/div>\n\n\n\n<div class=\"wp-block-group alignfull breadcrumbs is-layout-flow wp-block-group-is-layout-flow\" style=\"padding-bottom:50px\">\n<div class=\"wp-block-group d-flex is-layout-flow wp-block-group-is-layout-flow\">\n<p><a href=\"https:\/\/visitvalsesiavercelli.it\/fr\/\" data-type=\"page\" data-id=\"2\">Home<\/a><\/p>\n\n\n\n<p>Vivi<\/p>\n\n\n\n<p>Arte e cultura<\/p>\n\n\n\n<p>Borghi e citt\u00e0<\/p>\n\n\n<h6 class=\"wp-block-post-title has-text-color has-orange-color\">Balocco<\/h6><\/div>\n<\/div>\n\n\n\n<div class=\"wp-block-group intro-territori is-layout-constrained wp-container-core-group-is-layout-0151c581 wp-block-group-is-layout-constrained\" style=\"padding-top:70px;padding-bottom:70px;padding-left:70px\">\n<p class=\"has-text-align-center has-size-29-font-size\" style=\"font-style:normal;font-weight:600\">Situ\u00e9 au c\u0153ur de la r\u00e9gion de Baraggia, <strong>Balocco <\/strong>est un petit village agricole qui a conserv\u00e9 en l\u2019\u00e9tat une ancienne fortification du XV<sup>e<\/sup> si\u00e8cle.<\/p>\n<\/div>\n\n\n\n<div class=\"wp-block-group alignfull has-bianco-color has-text-color has-background is-layout-flow wp-block-group-is-layout-flow\" style=\"background-color:#3d4d34;padding-top:40px;padding-bottom:40px\">\n<div class=\"wp-block-group is-layout-constrained wp-container-core-group-is-layout-57345300 wp-block-group-is-layout-constrained\">\n<div class=\"wp-block-columns are-vertically-aligned-center is-layout-flex wp-container-core-columns-is-layout-4a048b8d wp-block-columns-is-layout-flex\">\n<div class=\"wp-block-column is-vertically-aligned-center is-layout-flow wp-block-column-is-layout-flow\">\n<h3 class=\"wp-block-heading has-giallo-color has-text-color\" style=\"font-size:26px;text-transform:uppercase\">LE VILLAGE DE BALOCCO<\/h3>\n\n\n\n<p style=\"font-size:20px\">Depuis la centrale Piazza Castello, on peut voir une ancienne fortification \u00e9rig\u00e9e \u00e0 l&rsquo;an Mille, puis suivie par une reconstruction \u00e0 partir de 1423, suite aux guerres et aux d\u00e9vastations de l&rsquo;\u00e9poque. Le donjon, la tour centrale et les deux tourelles d&rsquo;angle du <strong><mark style=\"background-color:rgba(0, 0, 0, 0)\" class=\"has-inline-color has-giallo-color\">ch\u00e2teau de Balocco<\/mark><\/strong> sont remarquables. L&rsquo;abside de l&rsquo;\u00e9glise <strong><mark style=\"background-color:rgba(0, 0, 0, 0)\" class=\"has-inline-color has-giallo-color\">San Michele Arcangelo<\/mark><\/strong>, qui faisait autrefois partie de l\u2019ensemble fortifi\u00e9, est \u00e9galement visible depuis la place. <\/p>\n\n\n\n<p style=\"font-size:20px\">En quittant le village en direction de Buronzo, on arrive \u00e0 une bifurcation qui m\u00e8ne au petit hameau de <strong><mark style=\"background-color:rgba(0, 0, 0, 0)\" class=\"has-inline-color has-giallo-color\">Bastia<\/mark><\/strong>. Le nom indique clairement un site fortifi\u00e9, autour duquel, au XVI<sup>e <\/sup>si\u00e8cle, furent construites plusieurs maisons de paysans qui souhaitaient avoir une \u00e9glise.<\/p>\n<\/div>\n\n\n\n<div class=\"wp-block-column is-vertically-aligned-center is-layout-flow wp-block-column-is-layout-flow\">\n<figure class=\"wp-block-image size-full is-resized is-style-4-3\"><img loading=\"lazy\" decoding=\"async\" width=\"940\" height=\"626\" src=\"https:\/\/visitvalsesiavercelli.it\/wp-content\/uploads\/2022\/10\/baloccofoto-2.png\" alt=\"\" class=\"wp-image-47691\" style=\"width:528px;height:352px\"\/><figcaption class=\"wp-element-caption\"><mark style=\"background-color:rgba(0, 0, 0, 0)\" class=\"has-inline-color has-giallo-color\"><strong>C<strong><mark style=\"background-color:rgba(0, 0, 0, 0)\" class=\"has-inline-color has-giallo-color\">h\u00e2teau de<\/mark><\/strong> Balocco<\/strong><\/mark><\/figcaption><\/figure>\n<\/div>\n<\/div>\n<\/div>\n<\/div>\n\n\n\n<div class=\"wp-block-group alignfull has-nero-color has-bianco-background-color has-text-color has-background is-layout-flow wp-block-group-is-layout-flow\" style=\"padding-top:40px\">\n<div class=\"wp-block-group is-layout-constrained wp-container-core-group-is-layout-57345300 wp-block-group-is-layout-constrained\">\n<div class=\"wp-block-columns are-vertically-aligned-center gap-mobile is-layout-flex wp-container-core-columns-is-layout-4a048b8d wp-block-columns-is-layout-flex\">\n<div class=\"wp-block-column is-vertically-aligned-center is-layout-flow wp-block-column-is-layout-flow\">\n<figure class=\"wp-block-image size-full is-resized is-style-4-3\"><img loading=\"lazy\" decoding=\"async\" width=\"2560\" height=\"1920\" src=\"https:\/\/visitvalsesiavercelli.it\/wp-content\/uploads\/2022\/08\/bike-scaled.jpg\" alt=\"\" class=\"wp-image-3040\" style=\"width:528px;height:396px\" srcset=\"https:\/\/visitvalsesiavercelli.it\/wp-content\/uploads\/2022\/08\/bike-scaled.jpg 2560w, https:\/\/visitvalsesiavercelli.it\/wp-content\/uploads\/2022\/08\/bike-1000x750.jpg 1000w, https:\/\/visitvalsesiavercelli.it\/wp-content\/uploads\/2022\/08\/bike-1500x1125.jpg 1500w\" sizes=\"auto, (max-width: 2560px) 100vw, 2560px\" \/><figcaption class=\"wp-element-caption\"><strong><strong><strong><mark style=\"background-color:rgba(0, 0, 0, 0)\" class=\"has-inline-color has-nero-color\"><mark style=\"background-color:rgba(0, 0, 0, 0)\" class=\"has-inline-color has-nero-color\"><strong>V\u00e8lo <\/strong><\/mark>en Baraggia<\/mark><\/strong><\/strong><\/strong><\/figcaption><\/figure>\n<\/div>\n\n\n\n<div class=\"wp-block-column is-vertically-aligned-center is-style-prima is-layout-flow wp-block-column-is-layout-flow\">\n<h3 class=\"wp-block-heading has-giallo-color has-text-color\" style=\"font-size:26px;text-transform:uppercase\"><mark style=\"background-color:rgba(0, 0, 0, 0)\" class=\"has-inline-color has-nero-color\"><strong>V\u00c9LO EN BARAGGIA <\/strong><\/mark><\/h3>\n\n\n\n<p class=\"has-nero-color has-text-color has-link-color wp-elements-4b27368251774473954cd6a5a6b20295\" style=\"font-size:20px\">La Baraggia est une destination id\u00e9ale pour les amateurs de <strong>plein air et de slow tourisme<\/strong>. Les diff\u00e9rents itin\u00e9raires plong\u00e9s dans la nature des rizi\u00e8res de Vercelli permettent d&rsquo;admirer des lieux authentiques dans des cadres uniques et diff\u00e9rents \u00e0 chaque saison.<\/p>\n\n\n\n<p class=\"has-nero-color has-text-color has-link-color wp-elements-a3b7b1ff516b583b059640b3c32da72a\" style=\"font-size:20px\">Parmi les itin\u00e9raires les plus int\u00e9ressants \u00e0 parcourir <strong>\u00e0 v\u00e9lo<\/strong>, nous vous recommandons le circuit <strong>Risaie Ciclabili n\u00b0&nbsp;7 <\/strong>qui, partant de Vercelli, traverse les principaux villages de la Baraggia pour atteindre les collines de Gattinara. <\/p>\n<\/div>\n<\/div>\n<\/div>\n<\/div>\n\n\n    <section class=\"galleria-orizzontale\">\n        <div class=\"alignwide\">\n                    <\/div>\n    <\/section>\n\n\n<div class=\"wp-block-group alignfull has-bianco-color has-text-color has-background is-layout-flow wp-block-group-is-layout-flow\" style=\"background-color:#3d4d34;padding-top:40px;padding-bottom:40px\">\n<div class=\"wp-block-group is-layout-constrained wp-container-core-group-is-layout-57345300 wp-block-group-is-layout-constrained\">\n<div class=\"wp-block-columns gap-mobile has-link-color wp-elements-c592f4c6887f6b95c65834c8b531f68c is-layout-flex wp-container-core-columns-is-layout-01159bbe wp-block-columns-is-layout-flex\">\n<div class=\"wp-block-column is-layout-flow wp-block-column-is-layout-flow\">\n<h3 class=\"wp-block-heading has-giallo-color has-text-color\" style=\"font-size:26px;text-transform:uppercase\">comment s&rsquo;y rendre<\/h3>\n\n\n\n<iframe src=\"https:\/\/www.google.com\/maps\/embed?pb=!1m18!1m12!1m3!1d2798.675401104577!2d8.27849802653964!3d45.456196833972236!2m3!1f0!2f0!3f0!3m2!1i1024!2i768!4f13.1!3m3!1m2!1s0x478639e0a459a09d%3A0x946783a940730321!2s13040%20Balocco%20VC!5e0!3m2!1sit!2sit!4v1773838855633!5m2!1sit!2sit\" width=\"600\" height=\"450\" style=\"border:0;\" allowfullscreen=\"\" loading=\"lazy\" referrerpolicy=\"no-referrer-when-downgrade\"><\/iframe>\n<\/div>\n\n\n\n<div class=\"wp-block-column is-style-prima is-layout-flow wp-block-column-is-layout-flow\">\n<p style=\"font-size:26px;text-transform:uppercase\"><strong><mark style=\"background-color:rgba(0, 0, 0, 0)\" class=\"has-inline-color has-giallo-color\">informations et contacts<\/mark><\/strong><\/p>\n\n\n\n<div class=\"wp-block-group is-layout-flow wp-block-group-is-layout-flow\">\n<p class=\"has-text-align-left has-icon pin\" style=\"font-size:20px\">13040 Balocco (VC) \u2013 Via Roma, 4<\/p>\n\n\n\n<p class=\"has-icon tel\" style=\"font-size:20px\">+39 <a href=\"tel:0161853144\"><mark style=\"background-color:rgba(0, 0, 0, 0)\" class=\"has-inline-color has-bianco-color\">0161 853144<\/mark><\/a><\/p>\n\n\n\n<p class=\"has-icon mail\" style=\"font-size:20px\"><a href=\"mailto:sindaco.balocco@ruparpiemonte.it\"><mark style=\"background-color:rgba(0, 0, 0, 0)\" class=\"has-inline-color has-bianco-color\">sindaco.balocco@ruparpiemonte.it<\/mark><\/a><\/p>\n\n\n\n<p class=\"has-icon www\" style=\"font-size:20px\"><a href=\"https:\/\/www.comunedibalocco.it\/\"><mark style=\"background-color:rgba(0, 0, 0, 0)\" class=\"has-inline-color has-bianco-color\">www.comunedibalocco.it<\/mark><\/a><\/p>\n<\/div>\n<\/div>\n<\/div>\n<\/div>\n<\/div>\n\n\n\n<div style=\"height:81px\" aria-hidden=\"true\" class=\"wp-block-spacer\"><\/div>\n\n\n\n<div class=\"wp-block-group intro-3 is-layout-flow wp-container-core-group-is-layout-b298a938 wp-block-group-is-layout-flow\" style=\"padding-top:110px;padding-bottom:70px\">\n<div class=\"wp-block-columns is-layout-flex wp-container-core-columns-is-layout-00723822 wp-block-columns-is-layout-flex\">\n<div class=\"wp-block-column is-over is-layout-flow wp-block-column-is-layout-flow\" style=\"padding-left:80px;flex-basis:290px\">\n<h2 class=\"wp-block-heading\" style=\"line-height:0.90;text-transform:uppercase\">A ne pas manquer<br>dans cette<br><mark style=\"background-color:rgba(0, 0, 0, 0)\" class=\"has-inline-color has-giallo-color\"><mark style=\"background-color:rgba(0, 0, 0, 0)\" class=\"has-inline-color has-giallo-color\">zone<\/mark><\/mark><\/h2>\n\n\n\n<p class=\"has-size-22-font-size\" style=\"font-style:normal;font-weight:600\">D\u00e9couvrez les merveilles de Gattinara et Baraggia<\/p>\n\n\n\n<p>Art et culture, nature, traditions anciennes, gastronomie et vins excellents, activit\u00e9s de plein air : laissez-vous conqu\u00e9rir par les terres de Gattinara et Baraggia<\/p>\n<\/div>\n\n\n\n<div class=\"wp-block-column is-layout-flow wp-block-column-is-layout-flow\" style=\"padding-left:60px\">    <section class=\"carosello-orizzontale cover-overflow\">\n                    <div class=\"swiper\">\n                <div class=\"swiper-wrapper\">\n                                            <div class=\"swiper-slide\">\n                            <a href=\"https:\/\/visitvalsesiavercelli.it\/scopri\/itinerari\/alla-scoperta-della-baraggia\/\" class=\"carosello-element\">\n                                <div class=\"wp-block-image\">\n                                    <img loading=\"lazy\" decoding=\"async\" width=\"340\" height=\"210\" src=\"https:\/\/visitvalsesiavercelli.it\/wp-content\/uploads\/2022\/08\/risaie-trino-340x210.png\" class=\"attachment-regular-thumb size-regular-thumb wp-post-image\" alt=\"\" srcset=\"https:\/\/visitvalsesiavercelli.it\/wp-content\/uploads\/2022\/08\/risaie-trino-340x210.png 340w, https:\/\/visitvalsesiavercelli.it\/wp-content\/uploads\/2022\/08\/risaie-trino-680x420.png 680w\" sizes=\"auto, (max-width: 340px) 100vw, 340px\" \/>                                <\/div>\n                                <div class=\"content\">\n                                    <h4>Alla scoperta della Baraggia<\/h4>\n                                <\/div>\n                                <div class=\"wp-block-buttons\">\n                                    <div class=\"wp-block-button is-style-outline\">\n                                        <span class=\"wp-block-button__link\">\n                                            Vivre                                        <\/span>\n                                    <\/div>\n                                <\/div>\n                            <\/a>\n                        <\/div>\n                                                <div class=\"swiper-slide\">\n                            <a href=\"https:\/\/visitvalsesiavercelli.it\/vivi\/arte-e-cultura\/castello-di-balocco\/\" class=\"carosello-element\">\n                                <div class=\"wp-block-image\">\n                                    <img loading=\"lazy\" decoding=\"async\" width=\"340\" height=\"210\" src=\"https:\/\/visitvalsesiavercelli.it\/wp-content\/uploads\/2022\/10\/baloccofoto-2-340x210.png\" class=\"attachment-regular-thumb size-regular-thumb wp-post-image\" alt=\"\" srcset=\"https:\/\/visitvalsesiavercelli.it\/wp-content\/uploads\/2022\/10\/baloccofoto-2-340x210.png 340w, https:\/\/visitvalsesiavercelli.it\/wp-content\/uploads\/2022\/10\/baloccofoto-2-680x420.png 680w\" sizes=\"auto, (max-width: 340px) 100vw, 340px\" \/>                                <\/div>\n                                <div class=\"content\">\n                                    <h4>Castello di Balocco<\/h4>\n                                <\/div>\n                                <div class=\"wp-block-buttons\">\n                                    <div class=\"wp-block-button is-style-outline\">\n                                        <span class=\"wp-block-button__link\">\n                                            Vivre                                        <\/span>\n                                    <\/div>\n                                <\/div>\n                            <\/a>\n                        <\/div>\n                                                <div class=\"swiper-slide\">\n                            <a href=\"https:\/\/visitvalsesiavercelli.it\/scopri\/punti-di-interesse\/riserva-naturale-delle-baragge\/\" class=\"carosello-element\">\n                                <div class=\"wp-block-image\">\n                                    <img loading=\"lazy\" decoding=\"async\" width=\"340\" height=\"210\" src=\"https:\/\/visitvalsesiavercelli.it\/wp-content\/uploads\/2022\/11\/bar-340x210.png\" class=\"attachment-regular-thumb size-regular-thumb wp-post-image\" alt=\"\" srcset=\"https:\/\/visitvalsesiavercelli.it\/wp-content\/uploads\/2022\/11\/bar-340x210.png 340w, https:\/\/visitvalsesiavercelli.it\/wp-content\/uploads\/2022\/11\/bar-680x420.png 680w\" sizes=\"auto, (max-width: 340px) 100vw, 340px\" \/>                                <\/div>\n                                <div class=\"content\">\n                                    <h4>Riserva Naturale delle Baragge<\/h4>\n                                <\/div>\n                                <div class=\"wp-block-buttons\">\n                                    <div class=\"wp-block-button is-style-outline\">\n                                        <span class=\"wp-block-button__link\">\n                                            Vivre                                        <\/span>\n                                    <\/div>\n                                <\/div>\n                            <\/a>\n                        <\/div>\n                                                <div class=\"swiper-slide\">\n                            <a href=\"https:\/\/visitvalsesiavercelli.it\/vivi\/outdoor-e-natura\/risaie-ciclabili-n-7\/\" class=\"carosello-element\">\n                                <div class=\"wp-block-image\">\n                                    <img loading=\"lazy\" decoding=\"async\" width=\"340\" height=\"210\" src=\"https:\/\/visitvalsesiavercelli.it\/wp-content\/uploads\/2022\/08\/bike-340x210.jpg\" class=\"attachment-regular-thumb size-regular-thumb wp-post-image\" alt=\"\" srcset=\"https:\/\/visitvalsesiavercelli.it\/wp-content\/uploads\/2022\/08\/bike-340x210.jpg 340w, https:\/\/visitvalsesiavercelli.it\/wp-content\/uploads\/2022\/08\/bike-680x420.jpg 680w\" sizes=\"auto, (max-width: 340px) 100vw, 340px\" \/>                                <\/div>\n                                <div class=\"content\">\n                                    <h4>Risaie Ciclabili n.7 &#8211;  dalle terre del riso alle terre del vino<\/h4>\n                                <\/div>\n                                <div class=\"wp-block-buttons\">\n                                    <div class=\"wp-block-button is-style-outline\">\n                                        <span class=\"wp-block-button__link\">\n                                            Vivre                                        <\/span>\n                                    <\/div>\n                                <\/div>\n                            <\/a>\n                        <\/div>\n                                        <\/div>\n                <div class=\"swiper-buttons\">\n                    <div class=\"swiper-button-prev\"><\/div>\n                    <div class=\"swiper-button-next\"><\/div>\n                <\/div>\n            <\/div>\n            <\/section><\/div>\n<\/div>\n<\/div>\n","protected":false},"featured_media":47678,"template":"","categoria-arte":[538],"area":[5],"class_list":["post-12933","arte-e-cultura","type-arte-e-cultura","status-publish","has-post-thumbnail","hentry","categoria-arte-borghi-e-citta-fr","area-gattinara-e-baraggia"],"acf":{"indirizzo":null},"_links":{"self":[{"href":"https:\/\/visitvalsesiavercelli.it\/fr\/wp-json\/wp\/v2\/arte-e-cultura\/12933","targetHints":{"allow":["GET"]}}],"collection":[{"href":"https:\/\/visitvalsesiavercelli.it\/fr\/wp-json\/wp\/v2\/arte-e-cultura"}],"about":[{"href":"https:\/\/visitvalsesiavercelli.it\/fr\/wp-json\/wp\/v2\/types\/arte-e-cultura"}],"wp:featuredmedia":[{"embeddable":true,"href":"https:\/\/visitvalsesiavercelli.it\/fr\/wp-json\/wp\/v2\/media\/47678"}],"wp:attachment":[{"href":"https:\/\/visitvalsesiavercelli.it\/fr\/wp-json\/wp\/v2\/media?parent=12933"}],"wp:term":[{"taxonomy":"categoria-arte","embeddable":true,"href":"https:\/\/visitvalsesiavercelli.it\/fr\/wp-json\/wp\/v2\/categoria-arte?post=12933"},{"taxonomy":"area","embeddable":true,"href":"https:\/\/visitvalsesiavercelli.it\/fr\/wp-json\/wp\/v2\/area?post=12933"}],"curies":[{"name":"wp","href":"https:\/\/api.w.org\/{rel}","templated":true}]}}