{"id":12934,"date":"2022-10-28T14:01:03","date_gmt":"2022-10-28T12:01:03","guid":{"rendered":"https:\/\/visitvalsesiavercelli.it\/?post_type=arte-e-cultura&#038;p=12934"},"modified":"2026-04-03T09:29:57","modified_gmt":"2026-04-03T07:29:57","slug":"alice-castello","status":"publish","type":"arte-e-cultura","link":"https:\/\/visitvalsesiavercelli.it\/fr\/vivi\/arte-e-cultura\/alice-castello\/","title":{"rendered":"Alice Castello"},"content":{"rendered":"\n<div class=\"wp-block-cover alignfull is-light has-custom-content-position is-position-center-left hero\" style=\"min-height:650px;aspect-ratio:unset;\"><img loading=\"lazy\" decoding=\"async\" width=\"470\" height=\"335\" class=\"wp-block-cover__image-background wp-image-5189\" alt=\"\" src=\"https:\/\/visitvalsesiavercelli.it\/wp-content\/uploads\/2022\/11\/Alice-castello.png\" data-object-fit=\"cover\"\/><span aria-hidden=\"true\" class=\"wp-block-cover__background has-background-dim\"><\/span><div class=\"wp-block-cover__inner-container is-layout-flow wp-block-cover-is-layout-flow\">\n<div class=\"wp-block-group is-layout-flow wp-block-group-is-layout-flow\">\n<div class=\"wp-block-group is-layout-constrained wp-container-core-group-is-layout-6ec501fb wp-block-group-is-layout-constrained\"><h1 style=\"text-transform:uppercase;\" class=\"ml-0 wp-block-post-title has-text-color has-bianco-color\">Alice Castello<\/h1><\/div>\n<\/div>\n<\/div><\/div>\n\n\n\n<div class=\"wp-block-group alignfull breadcrumbs is-layout-flow wp-block-group-is-layout-flow\" style=\"padding-bottom:50px\">\n<div class=\"wp-block-group d-flex is-layout-flow wp-block-group-is-layout-flow\">\n<p><a href=\"https:\/\/visitvalsesiavercelli.it\/fr\/\" data-type=\"page\" data-id=\"2\">Home<\/a><\/p>\n\n\n\n<p>Vivi<\/p>\n\n\n\n<p>Arte e cultura<\/p>\n\n\n\n<p>Borghi e citt\u00e0<\/p>\n\n\n<h6 class=\"wp-block-post-title has-text-color has-orange-color\">Alice Castello<\/h6><\/div>\n<\/div>\n\n\n\n<div class=\"wp-block-group intro-territori is-layout-constrained wp-container-core-group-is-layout-0151c581 wp-block-group-is-layout-constrained\" style=\"padding-top:70px;padding-bottom:70px;padding-left:70px\">\n<p class=\"has-text-align-center has-size-29-font-size\" style=\"font-style:normal;font-weight:600\">Travers\u00e9 depuis tr\u00e8s longtemps par la \u00ab\u00a0Via delle Gallie\u00a0\u00bb (voie des Gaules), <strong>Alice Castello<\/strong> est un petit village situ\u00e9 pr\u00e8s du lac de Viverone.<\/p>\n<\/div>\n\n\n\n<div class=\"wp-block-group alignfull has-bianco-color has-text-color has-background is-layout-flow wp-block-group-is-layout-flow\" style=\"background-color:#3d4d34;padding-top:40px;padding-bottom:40px\">\n<div class=\"wp-block-group is-layout-constrained wp-container-core-group-is-layout-57345300 wp-block-group-is-layout-constrained\">\n<div class=\"wp-block-columns are-vertically-aligned-center gap-mobile is-layout-flex wp-container-core-columns-is-layout-4a048b8d wp-block-columns-is-layout-flex\">\n<div class=\"wp-block-column is-vertically-aligned-center is-layout-flow wp-block-column-is-layout-flow\">\n<h3 class=\"wp-block-heading has-giallo-color has-text-color\" style=\"font-size:26px;text-transform:uppercase\">LE VILLAGE D&rsquo;ALICE CASTELLO<\/h3>\n\n\n\n<p style=\"font-size:20px\">Alice Castello a \u00e9t\u00e9 un lieu de grand passage d\u00e8s l\u2019\u00e9poque lombarde, comme en t\u00e9moigne la d\u00e9couverte de plusieurs tombes de guerriers lombards sur le territoire communal, en 1893 et 1991. Outre l&rsquo;\u00e9glise <strong><mark style=\"background-color:rgba(0, 0, 0, 0)\" class=\"has-inline-color has-giallo-color\">San Germano dell&rsquo;Arborata<\/mark><\/strong>, attest\u00e9e depuis le Moyen \u00c2ge, le village abrite l&rsquo;\u00e9glise paroissiale (1745-1767)&nbsp;; consacr\u00e9e \u00e0 <strong><mark style=\"background-color:rgba(0, 0, 0, 0)\" class=\"has-inline-color has-giallo-color\">San Nicolao<\/mark><\/strong> (Saint Nicolas de Bari), elle domine la plaine. <\/p>\n\n\n\n<p style=\"font-size:20px\">L\u2019ancien <strong><mark style=\"background-color:rgba(0, 0, 0, 0)\" class=\"has-inline-color has-giallo-color\">ch\u00e2teau<\/mark><\/strong> coiffait probablement toute la hauteur sur laquelle se trouve l\u2019\u00e9glise. Il n\u2019en reste cependant que quelques vestiges&nbsp;: l&rsquo;arc d&rsquo;entr\u00e9e et une partie des remparts, datant du XII<sup>e<\/sup> si\u00e8cle mais remani\u00e9s \u00e0 plusieurs reprises.<\/p>\n<\/div>\n\n\n\n<div class=\"wp-block-column is-vertically-aligned-center is-layout-flow wp-block-column-is-layout-flow\">\n<figure class=\"wp-block-image size-full is-resized is-style-4-3\"><img loading=\"lazy\" decoding=\"async\" width=\"470\" height=\"278\" src=\"https:\/\/visitvalsesiavercelli.it\/wp-content\/uploads\/2022\/11\/internodellachiesaparrocchiale-alice-castello.png\" alt=\"\" class=\"wp-image-5815\" style=\"width:470px;height:278px\"\/><figcaption class=\"wp-element-caption\"><mark style=\"background-color:rgba(0, 0, 0, 0)\" class=\"has-inline-color has-giallo-color\"><strong>L&rsquo;\u00e9glise San Nicolao<\/strong><\/mark><\/figcaption><\/figure>\n<\/div>\n<\/div>\n<\/div>\n<\/div>\n\n\n\n<div class=\"wp-block-group alignfull has-bianco-color has-bianco-background-color has-text-color has-background is-layout-flow wp-block-group-is-layout-flow\" style=\"padding-top:40px;padding-bottom:40px\"><\/div>\n\n\n\n<div class=\"wp-block-group alignfull has-bianco-color has-text-color has-background is-layout-flow wp-block-group-is-layout-flow\" style=\"background-color:#3d4d34;padding-top:40px;padding-bottom:40px\">\n<div class=\"wp-block-group is-layout-constrained wp-container-core-group-is-layout-57345300 wp-block-group-is-layout-constrained\">\n<div class=\"wp-block-columns gap-mobile has-link-color wp-elements-189dc1d5906d3c24d8bd3bd41fdc037f is-layout-flex wp-container-core-columns-is-layout-01159bbe wp-block-columns-is-layout-flex\">\n<div class=\"wp-block-column is-layout-flow wp-block-column-is-layout-flow\">\n<h3 class=\"wp-block-heading has-giallo-color has-text-color\" style=\"font-size:26px;text-transform:uppercase\">comment s&rsquo;y rendre<\/h3>\n\n\n\n<iframe src=\"https:\/\/www.google.com\/maps\/embed?pb=!1m18!1m12!1m3!1d11211.985854144104!2d8.061843321427805!3d45.36906641204165!2m3!1f0!2f0!3f0!3m2!1i1024!2i768!4f13.1!3m3!1m2!1s0x47862c6a0d57dc75%3A0xacbf0b16b64374ae!2s13040%20Alice%20Castello%20VC!5e0!3m2!1sit!2sit!4v1746889063166!5m2!1sit!2sit\" width=\"600\" height=\"450\" style=\"border:0;\" allowfullscreen=\"\" loading=\"lazy\" referrerpolicy=\"no-referrer-when-downgrade\"><\/iframe>\n<\/div>\n\n\n\n<div class=\"wp-block-column is-style-prima is-layout-flow wp-block-column-is-layout-flow\">\n<p style=\"font-size:26px;text-transform:uppercase\"><strong><mark style=\"background-color:rgba(0, 0, 0, 0)\" class=\"has-inline-color has-giallo-color\">informations et contacts<\/mark><\/strong><\/p>\n\n\n\n<div class=\"wp-block-group is-layout-flow wp-block-group-is-layout-flow\">\n<p style=\"font-size:26px;text-transform:uppercase\"><strong><strong><mark style=\"background-color:rgba(0, 0, 0, 0)\" class=\"has-inline-color has-verde-scuro-color\">INFO E CONTATTI UTILI<\/mark><\/strong><\/strong><\/p>\n\n\n\n<p class=\"has-text-align-left has-icon pin\" style=\"font-size:20px\">13040 Alice Castello (VC) \u2013 Via Italia, 29<\/p>\n\n\n\n<p class=\"has-icon tel\" style=\"font-size:20px\">+39 <a href=\"tel:+39 016190113\">0161 90113<\/a><\/p>\n\n\n\n<p class=\"has-icon mail\" style=\"font-size:20px\"><a href=\"mailto:alice.castello@legalmail.it\">alice.castello@legalmail.it<\/a><\/p>\n\n\n\n<p class=\"has-icon www\" style=\"font-size:20px\"><a href=\"https:\/\/www.comune-alicecastello-vercelli.it\/Home\">www.comune-alicecastello-vercelli.it<\/a><\/p>\n<\/div>\n\n\n\n<div class=\"wp-block-group is-layout-flow wp-block-group-is-layout-flow\">\n<p style=\"font-size:26px;text-transform:uppercase\"><strong><strong><mark style=\"background-color:rgba(0, 0, 0, 0)\" class=\"has-inline-color has-verde-scuro-color\">INFO E CONTATTI UTILI<\/mark><\/strong><\/strong><\/p>\n<\/div>\n<\/div>\n<\/div>\n<\/div>\n<\/div>\n\n\n\n<div style=\"height:81px\" aria-hidden=\"true\" class=\"wp-block-spacer\"><\/div>\n\n\n\n<div class=\"wp-block-group intro-3 is-layout-flow wp-container-core-group-is-layout-b298a938 wp-block-group-is-layout-flow\" style=\"padding-top:110px;padding-bottom:70px\">\n<div class=\"wp-block-columns is-layout-flex wp-container-core-columns-is-layout-00723822 wp-block-columns-is-layout-flex\">\n<div class=\"wp-block-column is-over is-layout-flow wp-block-column-is-layout-flow\" style=\"padding-left:80px;flex-basis:290px\">\n<h2 class=\"wp-block-heading\" style=\"line-height:0.90;text-transform:uppercase\">A ne pas manquer<br>dans cette<br><mark style=\"background-color:rgba(0, 0, 0, 0)\" class=\"has-inline-color has-giallo-color\"><mark style=\"background-color:rgba(0, 0, 0, 0)\" class=\"has-inline-color has-giallo-color\">zone<\/mark><\/mark><\/h2>\n\n\n\n<p class=\"has-size-22-font-size\" style=\"font-style:normal;font-weight:600\">D\u00e9couvrez les merveilles du Pays du riz<\/p>\n\n\n\n<p>Art et culture, nature, traditions anciennes, gastronomie et vins excellents, activit\u00e9s de plein air: laissez-vous conqu\u00e9rir par le Pays du riz!<\/p>\n<\/div>\n\n\n\n<div class=\"wp-block-column is-layout-flow wp-block-column-is-layout-flow\" style=\"padding-left:60px\">    <section class=\"carosello-orizzontale cover-overflow\">\n                    <div class=\"swiper\">\n                <div class=\"swiper-wrapper\">\n                                            <div class=\"swiper-slide\">\n                            <a href=\"https:\/\/visitvalsesiavercelli.it\/scopri\/punti-di-interesse\/canale-cavour\/\" class=\"carosello-element\">\n                                <div class=\"wp-block-image\">\n                                    <img loading=\"lazy\" decoding=\"async\" width=\"340\" height=\"210\" src=\"https:\/\/visitvalsesiavercelli.it\/wp-content\/uploads\/2022\/08\/chiusa-del-canale-cavour-340x210.jpg\" class=\"attachment-regular-thumb size-regular-thumb wp-post-image\" alt=\"\" srcset=\"https:\/\/visitvalsesiavercelli.it\/wp-content\/uploads\/2022\/08\/chiusa-del-canale-cavour-340x210.jpg 340w, https:\/\/visitvalsesiavercelli.it\/wp-content\/uploads\/2022\/08\/chiusa-del-canale-cavour-680x420.jpg 680w\" sizes=\"auto, (max-width: 340px) 100vw, 340px\" \/>                                <\/div>\n                                <div class=\"content\">\n                                    <h4>canale cavour<\/h4>\n                                <\/div>\n                                <div class=\"wp-block-buttons\">\n                                    <div class=\"wp-block-button is-style-outline\">\n                                        <span class=\"wp-block-button__link\">\n                                            Vivre                                        <\/span>\n                                    <\/div>\n                                <\/div>\n                            <\/a>\n                        <\/div>\n                                                <div class=\"swiper-slide\">\n                            <a href=\"https:\/\/visitvalsesiavercelli.it\/scopri\/itinerari\/alla-scoperta-del-canale-cavour\/\" class=\"carosello-element\">\n                                <div class=\"wp-block-image\">\n                                    <img loading=\"lazy\" decoding=\"async\" width=\"340\" height=\"210\" src=\"https:\/\/visitvalsesiavercelli.it\/wp-content\/uploads\/2022\/08\/chiusa-del-canale-cavour-340x210.jpg\" class=\"attachment-regular-thumb size-regular-thumb wp-post-image\" alt=\"\" srcset=\"https:\/\/visitvalsesiavercelli.it\/wp-content\/uploads\/2022\/08\/chiusa-del-canale-cavour-340x210.jpg 340w, https:\/\/visitvalsesiavercelli.it\/wp-content\/uploads\/2022\/08\/chiusa-del-canale-cavour-680x420.jpg 680w\" sizes=\"auto, (max-width: 340px) 100vw, 340px\" \/>                                <\/div>\n                                <div class=\"content\">\n                                    <h4>Alla scoperta del canale Cavour<\/h4>\n                                <\/div>\n                                <div class=\"wp-block-buttons\">\n                                    <div class=\"wp-block-button is-style-outline\">\n                                        <span class=\"wp-block-button__link\">\n                                            Vivre                                        <\/span>\n                                    <\/div>\n                                <\/div>\n                            <\/a>\n                        <\/div>\n                                                <div class=\"swiper-slide\">\n                            <a href=\"https:\/\/visitvalsesiavercelli.it\/vivi\/outdoor-e-natura\/ciclabile-in-risaia-n-6\/\" class=\"carosello-element\">\n                                <div class=\"wp-block-image\">\n                                    <img loading=\"lazy\" decoding=\"async\" width=\"340\" height=\"210\" src=\"https:\/\/visitvalsesiavercelli.it\/wp-content\/uploads\/2022\/10\/bike-340x210.jpg\" class=\"attachment-regular-thumb size-regular-thumb wp-post-image\" alt=\"\" srcset=\"https:\/\/visitvalsesiavercelli.it\/wp-content\/uploads\/2022\/10\/bike-340x210.jpg 340w, https:\/\/visitvalsesiavercelli.it\/wp-content\/uploads\/2022\/10\/bike-680x420.jpg 680w\" sizes=\"auto, (max-width: 340px) 100vw, 340px\" \/>                                <\/div>\n                                <div class=\"content\">\n                                    <h4>risaie ciclabili n.6 &#8211; castelli, risaie e laghi<\/h4>\n                                <\/div>\n                                <div class=\"wp-block-buttons\">\n                                    <div class=\"wp-block-button is-style-outline\">\n                                        <span class=\"wp-block-button__link\">\n                                            Vivre                                        <\/span>\n                                    <\/div>\n                                <\/div>\n                            <\/a>\n                        <\/div>\n                                        <\/div>\n                <div class=\"swiper-buttons\">\n                    <div class=\"swiper-button-prev\"><\/div>\n                    <div class=\"swiper-button-next\"><\/div>\n                <\/div>\n            <\/div>\n            <\/section><\/div>\n<\/div>\n<\/div>\n","protected":false},"featured_media":10347,"template":"","categoria-arte":[538],"area":[8],"class_list":["post-12934","arte-e-cultura","type-arte-e-cultura","status-publish","has-post-thumbnail","hentry","categoria-arte-borghi-e-citta-fr","area-vercelli-e-terre-del-riso"],"acf":{"indirizzo":null},"_links":{"self":[{"href":"https:\/\/visitvalsesiavercelli.it\/fr\/wp-json\/wp\/v2\/arte-e-cultura\/12934","targetHints":{"allow":["GET"]}}],"collection":[{"href":"https:\/\/visitvalsesiavercelli.it\/fr\/wp-json\/wp\/v2\/arte-e-cultura"}],"about":[{"href":"https:\/\/visitvalsesiavercelli.it\/fr\/wp-json\/wp\/v2\/types\/arte-e-cultura"}],"wp:featuredmedia":[{"embeddable":true,"href":"https:\/\/visitvalsesiavercelli.it\/fr\/wp-json\/wp\/v2\/media\/10347"}],"wp:attachment":[{"href":"https:\/\/visitvalsesiavercelli.it\/fr\/wp-json\/wp\/v2\/media?parent=12934"}],"wp:term":[{"taxonomy":"categoria-arte","embeddable":true,"href":"https:\/\/visitvalsesiavercelli.it\/fr\/wp-json\/wp\/v2\/categoria-arte?post=12934"},{"taxonomy":"area","embeddable":true,"href":"https:\/\/visitvalsesiavercelli.it\/fr\/wp-json\/wp\/v2\/area?post=12934"}],"curies":[{"name":"wp","href":"https:\/\/api.w.org\/{rel}","templated":true}]}}