{"id":12937,"date":"2022-10-24T15:25:32","date_gmt":"2022-10-24T13:25:32","guid":{"rendered":"https:\/\/visitvalsesiavercelli.it\/?post_type=arte-e-cultura&#038;p=12937"},"modified":"2026-04-03T09:33:02","modified_gmt":"2026-04-03T07:33:02","slug":"moncrivello","status":"publish","type":"arte-e-cultura","link":"https:\/\/visitvalsesiavercelli.it\/fr\/vivi\/arte-e-cultura\/moncrivello\/","title":{"rendered":"Moncrivello"},"content":{"rendered":"\n<div class=\"wp-block-cover alignfull is-light has-custom-content-position is-position-center-left hero\" style=\"min-height:650px;aspect-ratio:unset;\"><img loading=\"lazy\" decoding=\"async\" width=\"2560\" height=\"1707\" class=\"wp-block-cover__image-background wp-image-5323\" alt=\"\" src=\"https:\/\/visitvalsesiavercelli.it\/wp-content\/uploads\/2022\/11\/DSC_0874-scaled.jpg\" style=\"object-position:58% 61%\" data-object-fit=\"cover\" data-object-position=\"58% 61%\" srcset=\"https:\/\/visitvalsesiavercelli.it\/wp-content\/uploads\/2022\/11\/DSC_0874-scaled.jpg 2560w, https:\/\/visitvalsesiavercelli.it\/wp-content\/uploads\/2022\/11\/DSC_0874-1000x667.jpg 1000w, https:\/\/visitvalsesiavercelli.it\/wp-content\/uploads\/2022\/11\/DSC_0874-1500x1000.jpg 1500w\" sizes=\"auto, (max-width: 2560px) 100vw, 2560px\" \/><span aria-hidden=\"true\" class=\"wp-block-cover__background has-background-dim\"><\/span><div class=\"wp-block-cover__inner-container is-layout-flow wp-block-cover-is-layout-flow\">\n<div class=\"wp-block-group is-layout-flow wp-block-group-is-layout-flow\"><h1 style=\"text-transform:uppercase;\" class=\"wp-block-post-title has-text-color has-bianco-color\">Moncrivello<\/h1><\/div>\n<\/div><\/div>\n\n\n\n<div class=\"wp-block-group alignfull breadcrumbs is-layout-flow wp-block-group-is-layout-flow\" style=\"padding-bottom:50px\">\n<div class=\"wp-block-group d-flex is-layout-flow wp-block-group-is-layout-flow\">\n<p><a href=\"https:\/\/visitvalsesiavercelli.it\/fr\/\" data-type=\"page\" data-id=\"2\">Home<\/a><\/p>\n\n\n\n<p>Vivi<\/p>\n\n\n\n<p>Arte e cultura<\/p>\n\n\n\n<p>Borghi e citt\u00e0<\/p>\n\n\n<h6 class=\"wp-block-post-title has-text-color has-orange-color\">Moncrivello<\/h6><\/div>\n<\/div>\n\n\n\n<div class=\"wp-block-group intro-territori is-layout-constrained wp-container-core-group-is-layout-0151c581 wp-block-group-is-layout-constrained\" style=\"padding-top:70px;padding-bottom:70px;padding-left:70px\">\n<p class=\"has-text-align-center has-size-29-font-size\" style=\"font-style:normal;font-weight:600\">Situ\u00e9 \u00e0 la limite de la province de Turin, <strong>Moncrivello<\/strong> est un village ancien, domin\u00e9 par un majestueux ch\u00e2teau \u00e9difi\u00e9 dans une splendide position panoramique, et encadr\u00e9 par les Alpes.<\/p>\n<\/div>\n\n\n\n<div class=\"wp-block-group alignfull has-bianco-color has-text-color has-background is-layout-flow wp-block-group-is-layout-flow\" style=\"background-color:#3d4d34;padding-top:40px;padding-bottom:40px\">\n<div class=\"wp-block-group is-layout-constrained wp-container-core-group-is-layout-57345300 wp-block-group-is-layout-constrained\">\n<div class=\"wp-block-columns are-vertically-aligned-center gap-mobile is-layout-flex wp-container-core-columns-is-layout-4a048b8d wp-block-columns-is-layout-flex\">\n<div class=\"wp-block-column is-vertically-aligned-center is-layout-flow wp-block-column-is-layout-flow\">\n<h3 class=\"wp-block-heading has-giallo-color has-text-color\" style=\"font-size:26px;text-transform:uppercase\">LE VILLAGE DE MONCRIVELLO<\/h3>\n\n\n\n<p style=\"font-size:20px\">Au cours de votre promenade dans les rues de Moncrivello, nous vous recommandons de visiter l&rsquo;\u00e9glise <strong><mark style=\"background-color:rgba(0, 0, 0, 0)\" class=\"has-inline-color has-giallo-color\">Sant&rsquo;Eusebio<\/mark><\/strong>, construite en 1856 telle qu&rsquo;elle appara\u00eet aujourd&rsquo;hui, dans un style n\u00e9oclassique, sur le site d&rsquo;une ancienne \u00e9glise pr\u00e9existante&nbsp;: seul le clocher, bien que r\u00e9nov\u00e9, a conserv\u00e9 son aspect roman. Le <mark style=\"background-color:rgba(0, 0, 0, 0)\" class=\"has-inline-color has-giallo-color\"><strong>ch\u00e2teau de Moncrivello<\/strong><\/mark>, symbole de la ville, est une structure m\u00e9di\u00e9vale qui a vu le jour autour de l&rsquo;an Mille. D&rsquo;architecture romane rehauss\u00e9e de pr\u00e9cieux \u00e9l\u00e9ments Renaissance, il est entour\u00e9 d&rsquo;une puissante muraille orn\u00e9e de cr\u00e9neaux gibelins. Cette puissante forteresse fut transform\u00e9e au XV<sup>e<\/sup> si\u00e8cle par la duchesse Jolanda en une splendide r\u00e9sidence, devenant le ch\u00e2teau pr\u00e9f\u00e9r\u00e9 de plusieurs femmes nobles c\u00e9l\u00e8bres.<\/p>\n\n\n\n<p style=\"font-size:20px\">Le sanctuaire de la <strong><mark style=\"background-color:rgba(0, 0, 0, 0)\" class=\"has-inline-color has-giallo-color\">Beata Vergine del Trompone<\/mark><\/strong>, construit en 1559, se trouve non loin du village. Ses trois nefs et sa coupole, qui abrite un cycle de fresques attribu\u00e9 \u00e0 Gaudenzio Ferrari, sont int\u00e9ressantes. <\/p>\n<\/div>\n\n\n\n<div class=\"wp-block-column is-vertically-aligned-center is-layout-flow wp-block-column-is-layout-flow\">\n<figure class=\"wp-block-image size-full is-resized is-style-4-3\"><img loading=\"lazy\" decoding=\"async\" width=\"2560\" height=\"1707\" src=\"https:\/\/visitvalsesiavercelli.it\/wp-content\/uploads\/2022\/11\/castello_moncrivello3-scaled.jpg\" alt=\"\" class=\"wp-image-5325\" style=\"width:529px;height:353px\" srcset=\"https:\/\/visitvalsesiavercelli.it\/wp-content\/uploads\/2022\/11\/castello_moncrivello3-scaled.jpg 2560w, https:\/\/visitvalsesiavercelli.it\/wp-content\/uploads\/2022\/11\/castello_moncrivello3-1000x667.jpg 1000w, https:\/\/visitvalsesiavercelli.it\/wp-content\/uploads\/2022\/11\/castello_moncrivello3-1500x1000.jpg 1500w\" sizes=\"auto, (max-width: 2560px) 100vw, 2560px\" \/><figcaption class=\"wp-element-caption\"><mark style=\"background-color:rgba(0, 0, 0, 0)\" class=\"has-inline-color has-giallo-color\"><strong>C<mark style=\"background-color:rgba(0, 0, 0, 0)\" class=\"has-inline-color has-giallo-color\"><strong>h\u00e2teau de<\/strong><\/mark> Moncrivello<\/strong><\/mark><\/figcaption><\/figure>\n<\/div>\n<\/div>\n<\/div>\n<\/div>\n\n\n\n<div class=\"wp-block-group alignfull has-nero-color has-bianco-background-color has-text-color has-background is-layout-flow wp-block-group-is-layout-flow\" style=\"padding-top:40px;padding-bottom:40px\">\n<div class=\"wp-block-group is-layout-constrained wp-container-core-group-is-layout-57345300 wp-block-group-is-layout-constrained\">\n<div class=\"wp-block-columns are-vertically-aligned-center gap-mobile is-layout-flex wp-container-core-columns-is-layout-4a048b8d wp-block-columns-is-layout-flex\">\n<div class=\"wp-block-column is-vertically-aligned-center is-layout-flow wp-block-column-is-layout-flow\">\n<figure class=\"wp-block-image size-full is-resized is-style-4-3\"><img loading=\"lazy\" decoding=\"async\" width=\"2560\" height=\"1708\" src=\"https:\/\/visitvalsesiavercelli.it\/wp-content\/uploads\/2022\/10\/mirtillo-scaled.jpg\" alt=\"\" class=\"wp-image-4443\" style=\"width:528px;height:352px\" srcset=\"https:\/\/visitvalsesiavercelli.it\/wp-content\/uploads\/2022\/10\/mirtillo-scaled.jpg 2560w, https:\/\/visitvalsesiavercelli.it\/wp-content\/uploads\/2022\/10\/mirtillo-1000x667.jpg 1000w, https:\/\/visitvalsesiavercelli.it\/wp-content\/uploads\/2022\/10\/mirtillo-1500x1001.jpg 1500w\" sizes=\"auto, (max-width: 2560px) 100vw, 2560px\" \/><figcaption class=\"wp-element-caption\"><mark style=\"background-color:rgba(0, 0, 0, 0)\" class=\"has-inline-color has-nero-color\"><strong><strong><strong>Myrtilles produites en Moncrivello<\/strong><\/strong><\/strong> <\/mark><\/figcaption><\/figure>\n<\/div>\n\n\n\n<div class=\"wp-block-column is-vertically-aligned-center is-style-prima is-layout-flow wp-block-column-is-layout-flow\">\n<h3 class=\"wp-block-heading has-giallo-color has-text-color\" style=\"font-size:26px;text-transform:uppercase\"><mark style=\"background-color:rgba(0, 0, 0, 0)\" class=\"has-inline-color has-nero-color\"><strong>ERBALUCE DE CALUSO ET SAGRA DEL MIRTILLO <\/strong><\/mark><\/h3>\n\n\n\n<p class=\"has-nero-color has-text-color has-link-color wp-elements-7be18fb2a02f1af1daf4eca19e2da1c3\" style=\"font-size:20px\">La <strong>Sagra del Mirtillo e delle Eccellenze<\/strong> moncrivellesi est n\u00e9e en 2015 dans l\u2019objectif de valoriser le territoire et ses produits locaux. La manifestation se d\u00e9roule sur trois jours, avec d\u00e9gustations, visites guid\u00e9es et \u00e9v\u00e9nements auxquels participent plus de 100&nbsp;exposants, qui pr\u00e9sentent des produits d&rsquo;excellence.<\/p>\n\n\n\n<p class=\"has-nero-color has-text-color has-link-color wp-elements-abeb624a411045f6f7babaa355119c01\" style=\"font-size:20px\">Outre les myrtilles, le territoire de Moncrivello abrite une petite zone de production viticole d&rsquo;excellence o\u00f9 l&rsquo;on cultive l&rsquo;<strong>Erbaluce di Caluso<\/strong>, un c\u00e9page polyvalent \u00e0 partir duquel sont \u00e9labor\u00e9s diff\u00e9rents types de vins, des vins secs et mousseux aux vins doux et liquoreux.<\/p>\n<\/div>\n<\/div>\n<\/div>\n<\/div>\n\n\n    <section class=\"galleria-orizzontale\">\n        <div class=\"alignwide\">\n                            <div class=\"swiper\">\n                    <div class=\"swiper-wrapper\">\n                                                    <div class=\"swiper-slide\">\n                                <div class=\"wp-block-image\">\n                                    <img loading=\"lazy\" decoding=\"async\" width=\"1000\" height=\"667\" src=\"https:\/\/visitvalsesiavercelli.it\/wp-content\/uploads\/2022\/10\/mirtillo-1000x667.jpg\" class=\"attachment-galleria size-galleria\" alt=\"\" srcset=\"https:\/\/visitvalsesiavercelli.it\/wp-content\/uploads\/2022\/10\/mirtillo-1000x667.jpg 1000w, https:\/\/visitvalsesiavercelli.it\/wp-content\/uploads\/2022\/10\/mirtillo-1500x1001.jpg 1500w\" sizes=\"auto, (max-width: 1000px) 100vw, 1000px\" \/>                                <\/div>\n                                                            <\/div>\n                                                    <div class=\"swiper-slide\">\n                                <div class=\"wp-block-image\">\n                                    <img loading=\"lazy\" decoding=\"async\" width=\"1000\" height=\"667\" src=\"https:\/\/visitvalsesiavercelli.it\/wp-content\/uploads\/2022\/11\/DSC_0874-1000x667.jpg\" class=\"attachment-galleria size-galleria\" alt=\"\" srcset=\"https:\/\/visitvalsesiavercelli.it\/wp-content\/uploads\/2022\/11\/DSC_0874-1000x667.jpg 1000w, https:\/\/visitvalsesiavercelli.it\/wp-content\/uploads\/2022\/11\/DSC_0874-1500x1000.jpg 1500w\" sizes=\"auto, (max-width: 1000px) 100vw, 1000px\" \/>                                <\/div>\n                                                            <\/div>\n                                                    <div class=\"swiper-slide\">\n                                <div class=\"wp-block-image\">\n                                    <img loading=\"lazy\" decoding=\"async\" width=\"1000\" height=\"667\" src=\"https:\/\/visitvalsesiavercelli.it\/wp-content\/uploads\/2022\/11\/castello_moncrivello3-1000x667.jpg\" class=\"attachment-galleria size-galleria\" alt=\"\" srcset=\"https:\/\/visitvalsesiavercelli.it\/wp-content\/uploads\/2022\/11\/castello_moncrivello3-1000x667.jpg 1000w, https:\/\/visitvalsesiavercelli.it\/wp-content\/uploads\/2022\/11\/castello_moncrivello3-1500x1000.jpg 1500w\" sizes=\"auto, (max-width: 1000px) 100vw, 1000px\" \/>                                <\/div>\n                                                            <\/div>\n                                                    <div class=\"swiper-slide\">\n                                <div class=\"wp-block-image\">\n                                    <img loading=\"lazy\" decoding=\"async\" width=\"1000\" height=\"667\" src=\"https:\/\/visitvalsesiavercelli.it\/wp-content\/uploads\/2022\/11\/castello_moncrivello9-1000x667.jpg\" class=\"attachment-galleria size-galleria\" alt=\"\" srcset=\"https:\/\/visitvalsesiavercelli.it\/wp-content\/uploads\/2022\/11\/castello_moncrivello9-1000x667.jpg 1000w, https:\/\/visitvalsesiavercelli.it\/wp-content\/uploads\/2022\/11\/castello_moncrivello9-1500x1000.jpg 1500w\" sizes=\"auto, (max-width: 1000px) 100vw, 1000px\" \/>                                <\/div>\n                                                            <\/div>\n                                            <\/div>\n                    <div class=\"swiper-buttons\">\n                        <div class=\"swiper-button-prev\"><\/div>\n                        <div class=\"swiper-button-next\"><\/div>\n                    <\/div>\n                <\/div>\n                    <\/div>\n    <\/section>\n\n\n<div class=\"wp-block-group alignfull has-bianco-color has-text-color has-background is-layout-flow wp-block-group-is-layout-flow\" style=\"background-color:#3d4d34;padding-top:40px;padding-bottom:40px\">\n<div class=\"wp-block-group is-layout-constrained wp-container-core-group-is-layout-57345300 wp-block-group-is-layout-constrained\">\n<div class=\"wp-block-columns gap-mobile has-link-color wp-elements-0ab77d4dd88b961352b9f40b945874cb is-layout-flex wp-container-core-columns-is-layout-01159bbe wp-block-columns-is-layout-flex\">\n<div class=\"wp-block-column is-layout-flow wp-block-column-is-layout-flow\">\n<h3 class=\"wp-block-heading has-giallo-color has-text-color\" style=\"font-size:26px;text-transform:uppercase\">comment s&rsquo;y rendre<\/h3>\n\n\n\n<iframe src=\"https:\/\/www.google.com\/maps\/embed?pb=!1m18!1m12!1m3!1d2804.869098094918!2d7.993307076470501!3d45.3312657422983!2m3!1f0!2f0!3f0!3m2!1i1024!2i768!4f13.1!3m3!1m2!1s0x47862b27f23d9483%3A0x379688945076faea!2sPiazza%20Castello%2C%206%2C%2013040%20Moncrivello%20VC!5e0!3m2!1sit!2sit!4v1746970387854!5m2!1sit!2sit\" width=\"600\" height=\"450\" style=\"border:0;\" allowfullscreen=\"\" loading=\"lazy\" referrerpolicy=\"no-referrer-when-downgrade\"><\/iframe>\n<\/div>\n\n\n\n<div class=\"wp-block-column is-layout-flow wp-block-column-is-layout-flow\">\n<p style=\"font-size:26px;text-transform:uppercase\"><strong><mark style=\"background-color:rgba(0, 0, 0, 0)\" class=\"has-inline-color has-giallo-color\">informations et contacts<\/mark><\/strong><\/p>\n\n\n\n<p><\/p>\n\n\n\n<div class=\"wp-block-group is-layout-flow wp-block-group-is-layout-flow\">\n<p class=\"has-text-align-left has-icon pin\" style=\"font-size:20px\">13040 Moncrivello (VC)  \u2013 Piazza Castello 6<\/p>\n\n\n\n<p class=\"has-icon tel\" style=\"font-size:20px\">+39 <a href=\"tel:+39 0161\/401177\"><mark style=\"background-color:rgba(0, 0, 0, 0)\" class=\"has-inline-color has-bianco-color\">0161 401177<\/mark><\/a><\/p>\n\n\n\n<p class=\"has-icon mail\" style=\"font-size:20px\">moncrivello@legalmail.it<\/p>\n\n\n\n<p class=\"has-icon www\" style=\"font-size:20px\"><a href=\"https:\/\/www.comune.moncrivello.vc.it\/\"><mark style=\"background-color:rgba(0, 0, 0, 0)\" class=\"has-inline-color has-bianco-color\">www.comune.moncrivello.vc.it<\/mark><\/a><\/p>\n<\/div>\n<\/div>\n<\/div>\n<\/div>\n<\/div>\n\n\n\n<div style=\"height:81px\" aria-hidden=\"true\" class=\"wp-block-spacer\"><\/div>\n\n\n\n<div class=\"wp-block-group intro-3 is-layout-flow wp-container-core-group-is-layout-b298a938 wp-block-group-is-layout-flow\" style=\"padding-top:110px;padding-bottom:70px\">\n<div class=\"wp-block-columns is-layout-flex wp-container-core-columns-is-layout-00723822 wp-block-columns-is-layout-flex\">\n<div class=\"wp-block-column is-over is-layout-flow wp-block-column-is-layout-flow\" style=\"padding-left:80px;flex-basis:290px\">\n<h2 class=\"wp-block-heading\" style=\"line-height:0.90;text-transform:uppercase\">A ne pas manquer<br>dans cette<br><mark style=\"background-color:rgba(0, 0, 0, 0)\" class=\"has-inline-color has-giallo-color\"><mark style=\"background-color:rgba(0, 0, 0, 0)\" class=\"has-inline-color has-giallo-color\">zone<\/mark><\/mark><\/h2>\n\n\n\n<p class=\"has-size-22-font-size\" style=\"font-style:normal;font-weight:600\">D\u00e9couvrez les merveilles du Pays du riz<\/p>\n\n\n\n<p>Art et culture, nature, traditions anciennes, gastronomie et vins excellents, activit\u00e9s de plein air: laissez-vous conqu\u00e9rir par le Pays du riz!<\/p>\n<\/div>\n\n\n\n<div class=\"wp-block-column is-layout-flow wp-block-column-is-layout-flow\" style=\"padding-left:60px\">    <section class=\"carosello-orizzontale cover-overflow\">\n                    <div class=\"swiper\">\n                <div class=\"swiper-wrapper\">\n                                            <div class=\"swiper-slide\">\n                            <a href=\"https:\/\/visitvalsesiavercelli.it\/vivi\/enogastronomia\/sagre\/\" class=\"carosello-element\">\n                                <div class=\"wp-block-image\">\n                                    <img loading=\"lazy\" decoding=\"async\" width=\"340\" height=\"210\" src=\"https:\/\/visitvalsesiavercelli.it\/wp-content\/uploads\/2022\/10\/sagre-340x210.jpg\" class=\"attachment-regular-thumb size-regular-thumb wp-post-image\" alt=\"\" srcset=\"https:\/\/visitvalsesiavercelli.it\/wp-content\/uploads\/2022\/10\/sagre-340x210.jpg 340w, https:\/\/visitvalsesiavercelli.it\/wp-content\/uploads\/2022\/10\/sagre-680x420.jpg 680w\" sizes=\"auto, (max-width: 340px) 100vw, 340px\" \/>                                <\/div>\n                                <div class=\"content\">\n                                    <h4>Eventi enogastronomici<\/h4>\n                                <\/div>\n                                <div class=\"wp-block-buttons\">\n                                    <div class=\"wp-block-button is-style-outline\">\n                                        <span class=\"wp-block-button__link\">\n                                            Vivre                                        <\/span>\n                                    <\/div>\n                                <\/div>\n                            <\/a>\n                        <\/div>\n                                                <div class=\"swiper-slide\">\n                            <a href=\"https:\/\/visitvalsesiavercelli.it\/vivi\/arte-e-cultura\/castello-di-moncrivello\/\" class=\"carosello-element\">\n                                <div class=\"wp-block-image\">\n                                    <img loading=\"lazy\" decoding=\"async\" width=\"340\" height=\"210\" src=\"https:\/\/visitvalsesiavercelli.it\/wp-content\/uploads\/2022\/08\/DSC_0874-340x210.jpg\" class=\"attachment-regular-thumb size-regular-thumb wp-post-image\" alt=\"\" srcset=\"https:\/\/visitvalsesiavercelli.it\/wp-content\/uploads\/2022\/08\/DSC_0874-340x210.jpg 340w, https:\/\/visitvalsesiavercelli.it\/wp-content\/uploads\/2022\/08\/DSC_0874-680x420.jpg 680w\" sizes=\"auto, (max-width: 340px) 100vw, 340px\" \/>                                <\/div>\n                                <div class=\"content\">\n                                    <h4>Castello di Moncrivello<\/h4>\n                                <\/div>\n                                <div class=\"wp-block-buttons\">\n                                    <div class=\"wp-block-button is-style-outline\">\n                                        <span class=\"wp-block-button__link\">\n                                            Vivre                                        <\/span>\n                                    <\/div>\n                                <\/div>\n                            <\/a>\n                        <\/div>\n                                                <div class=\"swiper-slide\">\n                            <a href=\"https:\/\/visitvalsesiavercelli.it\/vivi\/enogastronomia\/vini-locali\/\" class=\"carosello-element\">\n                                <div class=\"wp-block-image\">\n                                    <img loading=\"lazy\" decoding=\"async\" width=\"340\" height=\"210\" src=\"https:\/\/visitvalsesiavercelli.it\/wp-content\/uploads\/2022\/10\/EW0A7276-340x210.jpg\" class=\"attachment-regular-thumb size-regular-thumb wp-post-image\" alt=\"\" srcset=\"https:\/\/visitvalsesiavercelli.it\/wp-content\/uploads\/2022\/10\/EW0A7276-340x210.jpg 340w, https:\/\/visitvalsesiavercelli.it\/wp-content\/uploads\/2022\/10\/EW0A7276-680x420.jpg 680w\" sizes=\"auto, (max-width: 340px) 100vw, 340px\" \/>                                <\/div>\n                                <div class=\"content\">\n                                    <h4>Vini locali<\/h4>\n                                <\/div>\n                                <div class=\"wp-block-buttons\">\n                                    <div class=\"wp-block-button is-style-outline\">\n                                        <span class=\"wp-block-button__link\">\n                                            Vivre                                        <\/span>\n                                    <\/div>\n                                <\/div>\n                            <\/a>\n                        <\/div>\n                                        <\/div>\n                <div class=\"swiper-buttons\">\n                    <div class=\"swiper-button-prev\"><\/div>\n                    <div class=\"swiper-button-next\"><\/div>\n                <\/div>\n            <\/div>\n            <\/section><\/div>\n<\/div>\n<\/div>\n","protected":false},"featured_media":10462,"template":"","categoria-arte":[538],"area":[8],"class_list":["post-12937","arte-e-cultura","type-arte-e-cultura","status-publish","has-post-thumbnail","hentry","categoria-arte-borghi-e-citta-fr","area-vercelli-e-terre-del-riso"],"acf":{"indirizzo":null},"_links":{"self":[{"href":"https:\/\/visitvalsesiavercelli.it\/fr\/wp-json\/wp\/v2\/arte-e-cultura\/12937","targetHints":{"allow":["GET"]}}],"collection":[{"href":"https:\/\/visitvalsesiavercelli.it\/fr\/wp-json\/wp\/v2\/arte-e-cultura"}],"about":[{"href":"https:\/\/visitvalsesiavercelli.it\/fr\/wp-json\/wp\/v2\/types\/arte-e-cultura"}],"wp:featuredmedia":[{"embeddable":true,"href":"https:\/\/visitvalsesiavercelli.it\/fr\/wp-json\/wp\/v2\/media\/10462"}],"wp:attachment":[{"href":"https:\/\/visitvalsesiavercelli.it\/fr\/wp-json\/wp\/v2\/media?parent=12937"}],"wp:term":[{"taxonomy":"categoria-arte","embeddable":true,"href":"https:\/\/visitvalsesiavercelli.it\/fr\/wp-json\/wp\/v2\/categoria-arte?post=12937"},{"taxonomy":"area","embeddable":true,"href":"https:\/\/visitvalsesiavercelli.it\/fr\/wp-json\/wp\/v2\/area?post=12937"}],"curies":[{"name":"wp","href":"https:\/\/api.w.org\/{rel}","templated":true}]}}