{"id":13118,"date":"2022-11-10T11:47:00","date_gmt":"2022-11-10T10:47:00","guid":{"rendered":"https:\/\/visitvalsesiavercelli.it\/?post_type=arte-e-cultura&#038;p=13118"},"modified":"2026-04-10T14:25:05","modified_gmt":"2026-04-10T12:25:05","slug":"musee-darcheologie-et-de-paleontologie-carlo-conti","status":"publish","type":"arte-e-cultura","link":"https:\/\/visitvalsesiavercelli.it\/fr\/vivi\/arte-e-cultura\/musee-darcheologie-et-de-paleontologie-carlo-conti\/","title":{"rendered":"Mus\u00e9e d&rsquo;Arch\u00e9ologie et de Pal\u00e9ontologie \u00ab\u00a0Carlo Conti\u00a0\u00bb"},"content":{"rendered":"\n<div class=\"wp-block-cover alignfull is-light has-custom-content-position is-position-center-left hero\" style=\"min-height:650px;aspect-ratio:unset;\"><img loading=\"lazy\" decoding=\"async\" width=\"1854\" height=\"1902\" class=\"wp-block-cover__image-background wp-image-618\" alt=\"\" src=\"https:\/\/visitvalsesiavercelli.it\/wp-content\/uploads\/2022\/08\/3_-_Museo_di_Archeologia_e_Paleontologia_Carlo_Conti.jpeg\" style=\"object-position:40% 49%\" data-object-fit=\"cover\" data-object-position=\"40% 49%\" srcset=\"https:\/\/visitvalsesiavercelli.it\/wp-content\/uploads\/2022\/08\/3_-_Museo_di_Archeologia_e_Paleontologia_Carlo_Conti.jpeg 1854w, https:\/\/visitvalsesiavercelli.it\/wp-content\/uploads\/2022\/08\/3_-_Museo_di_Archeologia_e_Paleontologia_Carlo_Conti-1000x1026.jpeg 1000w, https:\/\/visitvalsesiavercelli.it\/wp-content\/uploads\/2022\/08\/3_-_Museo_di_Archeologia_e_Paleontologia_Carlo_Conti-1500x1539.jpeg 1500w\" sizes=\"auto, (max-width: 1854px) 100vw, 1854px\" \/><span aria-hidden=\"true\" class=\"wp-block-cover__background has-background-dim\"><\/span><div class=\"wp-block-cover__inner-container is-layout-flow wp-block-cover-is-layout-flow\">\n<div class=\"wp-block-group is-layout-flow wp-block-group-is-layout-flow\"><h1 style=\"text-transform:uppercase;\" class=\"wp-block-post-title has-text-color has-bianco-color\">Mus\u00e9e d&rsquo;Arch\u00e9ologie et de Pal\u00e9ontologie \u00ab\u00a0Carlo Conti\u00a0\u00bb<\/h1><\/div>\n<\/div><\/div>\n\n\n\n<div class=\"wp-block-group alignfull breadcrumbs is-layout-flow wp-block-group-is-layout-flow\" style=\"padding-bottom:50px\">\n<div class=\"wp-block-group d-flex is-layout-flow wp-block-group-is-layout-flow\">\n<p><a href=\"https:\/\/visitvalsesiavercelli.it\/fr\/\" data-type=\"page\" data-id=\"2\">Home<\/a><\/p>\n\n\n\n<p>Vivi<\/p>\n\n\n\n<p>Arte e cultura<\/p>\n\n\n\n<p><a href=\"https:\/\/visitvalsesiavercelli.it\/fr\/musei-3\/\">Musei<\/a><\/p>\n\n\n<h6 class=\"wp-block-post-title has-text-color has-orange-color\">Mus\u00e9e d&rsquo;Arch\u00e9ologie et de Pal\u00e9ontologie \u00ab\u00a0Carlo Conti\u00a0\u00bb<\/h6><\/div>\n<\/div>\n\n\n\n<div class=\"wp-block-group intro-territori is-layout-constrained wp-container-core-group-is-layout-0151c581 wp-block-group-is-layout-constrained\" style=\"padding-top:70px;padding-bottom:70px;padding-left:70px\">\n<p class=\"has-text-align-center has-size-29-font-size\" style=\"font-style:normal;font-weight:600\">Commencez votre voyage \u00e0 la d\u00e9couverte des incroyables chefs-d\u2019\u0153uvre et des tr\u00e9sors artistiques abrit\u00e9s dans les mus\u00e9es de la Valsesia et du territoire de Vercelli : des t\u00e9moignages uniques sur la vie culturelle et sociale et l\u2019histoire de la r\u00e9gion.<\/p>\n<\/div>\n\n\n\n<div class=\"wp-block-group alignfull has-bianco-color has-verde-scuro-background-color has-text-color has-background is-layout-flow wp-block-group-is-layout-flow\" style=\"padding-top:40px;padding-bottom:40px\">\n<div class=\"wp-block-group is-layout-constrained wp-container-core-group-is-layout-57345300 wp-block-group-is-layout-constrained\">\n<div class=\"wp-block-columns are-vertically-aligned-center gap-mobile is-layout-flex wp-container-core-columns-is-layout-4a048b8d wp-block-columns-is-layout-flex\">\n<div class=\"wp-block-column is-vertically-aligned-center is-layout-flow wp-block-column-is-layout-flow\">\n<h3 class=\"wp-block-heading has-giallo-color has-text-color\" style=\"font-size:26px;text-transform:uppercase\">Mus\u00e9e d&rsquo;Arch\u00e9ologie et de Pal\u00e9ontologie \u00ab\u00a0Carlo Conti\u00a0\u00bb \u00ab\u00a0cARLO cONTI\u00a0\u00bb &#8211; bORGOSESIA<\/h3>\n\n\n\n<p class=\"has-bianco-color has-text-color\" style=\"font-size:20px\">Cette collection permanente pr\u00e9sente une grande vari\u00e9t\u00e9 de pi\u00e8ces provenant des fouilles effectu\u00e9es sur le mont Fenera et dans la commune de Borgosesia&nbsp;: des restes fossiles de la faune du Pl\u00e9istoc\u00e8ne, des fragments d&rsquo;os attribu\u00e9s \u00e0 l&rsquo;homme de Neandertal, des artefacts pr\u00e9-protohistoriques et des t\u00e9moignages mat\u00e9riels des p\u00e9riodes pr\u00e9romaine et romaine, qui t\u00e9moignent de la complexit\u00e9 et de la richesse de l&rsquo;histoire de ce territoire. L&rsquo;exposition se termine par des pi\u00e8ces plus r\u00e9centes d\u00e9couvertes au ch\u00e2teau de Vanzone, datant d\u2019une p\u00e9riode allant de la fin du Moyen \u00c2ge au XIX<sup>e<\/sup> si\u00e8cle. Le mus\u00e9e accueille deux expositions permanentes&nbsp;: l&rsquo;une pr\u00e9sente les activit\u00e9s de recherche men\u00e9es dans la grotte de Ciota Ciara, l&rsquo;autre est consacr\u00e9e au supervolcan fossile de la Valsesia.<\/p>\n<\/div>\n\n\n\n<div class=\"wp-block-column is-vertically-aligned-center is-layout-flow wp-block-column-is-layout-flow\">\n<figure class=\"wp-block-image size-full is-resized is-style-4-3\"><img loading=\"lazy\" decoding=\"async\" width=\"1854\" height=\"1902\" src=\"https:\/\/visitvalsesiavercelli.it\/wp-content\/uploads\/2022\/09\/3-Museo-di-Archeologia-e-Paleontologia-Carlo-Conti.jpg\" alt=\"\" class=\"wp-image-2518\" style=\"width:528px;height:541px\" srcset=\"https:\/\/visitvalsesiavercelli.it\/wp-content\/uploads\/2022\/09\/3-Museo-di-Archeologia-e-Paleontologia-Carlo-Conti.jpg 1854w, https:\/\/visitvalsesiavercelli.it\/wp-content\/uploads\/2022\/09\/3-Museo-di-Archeologia-e-Paleontologia-Carlo-Conti-1000x1026.jpg 1000w, https:\/\/visitvalsesiavercelli.it\/wp-content\/uploads\/2022\/09\/3-Museo-di-Archeologia-e-Paleontologia-Carlo-Conti-1500x1539.jpg 1500w\" sizes=\"auto, (max-width: 1854px) 100vw, 1854px\" \/><figcaption class=\"wp-element-caption\"><mark style=\"background-color:rgba(0, 0, 0, 0)\" class=\"has-inline-color has-giallo-color\"><strong>Mus\u00e9e d&rsquo; Arch\u00e9ologie et de Pal\u00e9ontologie \u00ab\u00a0Carlo Conti\u00a0\u00bb &#8211; Borgosesia<\/strong><\/mark><\/figcaption><\/figure>\n<\/div>\n<\/div>\n<\/div>\n<\/div>\n\n\n\n<div class=\"wp-block-group alignfull has-bianco-color has-bianco-background-color has-text-color has-background is-layout-flow wp-block-group-is-layout-flow\" style=\"padding-top:40px;padding-bottom:40px\">\n<div class=\"wp-block-group is-layout-constrained wp-container-core-group-is-layout-57345300 wp-block-group-is-layout-constrained\">\n<div class=\"wp-block-columns gap-mobile has-link-color wp-elements-0d6705319d77a3408d5bb7ce82cbabe0 is-layout-flex wp-container-core-columns-is-layout-01159bbe wp-block-columns-is-layout-flex\">\n<div class=\"wp-block-column is-layout-flow wp-block-column-is-layout-flow\">\n<h3 class=\"wp-block-heading has-nero-color has-text-color\" style=\"font-size:26px;text-transform:uppercase\">COMMENT Y ALLER<\/h3>\n\n\n\n<iframe src=\"https:\/\/www.google.com\/maps\/embed?pb=!1m18!1m12!1m3!1d2785.7341998418187!2d8.275484176718793!3d45.716368916577636!2m3!1f0!2f0!3f0!3m2!1i1024!2i768!4f13.1!3m3!1m2!1s0x478610f84988b867%3A0x3abc6cac8bf3f3f4!2sMuseo%20di%20Archeologia%20e%20Paleontologia%20%22Carlo%20Conti%22!5e0!3m2!1sit!2sit!4v1775823926909!5m2!1sit!2sit\" width=\"600\" height=\"450\" style=\"border:0;\" allowfullscreen=\"\" loading=\"lazy\" referrerpolicy=\"no-referrer-when-downgrade\"><\/iframe>\n<\/div>\n\n\n\n<div class=\"wp-block-column is-style-prima has-link-color wp-elements-a898a539151b284bbda2abdcc85588b0 is-layout-flow wp-block-column-is-layout-flow\">\n<p style=\"font-size:26px;text-transform:uppercase\"><strong><mark style=\"background-color:rgba(0, 0, 0, 0)\" class=\"has-inline-color has-nero-color\">infos et contacts<\/mark><\/strong><\/p>\n\n\n\n<p class=\"has-text-align-left has-icon pin\" style=\"font-size:20px\"><mark style=\"background-color:rgba(0, 0, 0, 0)\" class=\"has-inline-color has-nero-color\">13011 Borgosesia (VC) \u2013 Via Combattenti n.5T<\/mark><\/p>\n\n\n\n<p class=\"has-icon tel has-nero-color has-text-color\" style=\"font-size:20px\"><a href=\"tel:0163020051\"><mark style=\"background-color:rgba(0, 0, 0, 0)\" class=\"has-inline-color has-nero-color\">0163 020051<\/mark><\/a><a href=\"tel:015761118\"> <\/a><mark style=\"background-color:rgba(0, 0, 0, 0)\" class=\"has-inline-color has-nero-color\"> <\/mark>        <\/p>\n\n\n\n<p class=\"has-icon mail has-nero-color has-text-color\" style=\"font-size:20px\"><mark style=\"background-color:rgba(0, 0, 0, 0)\" class=\"has-inline-color has-nero-color\"><a href=\"mailto:museocarloconti@gmail.com\">museocarloconti@gmail.com<\/a>         <\/mark>   <\/p>\n\n\n\n<p class=\"has-icon www has-nero-color has-text-color\" style=\"font-size:20px\"><mark style=\"background-color:rgba(0, 0, 0, 0)\" class=\"has-inline-color has-nero-color\"><a href=\"https:\/\/www.museocarloconti.it\/\">museocarloconti.it<\/a> <\/mark><\/p>\n\n\n\n<p class=\"has-icon clock has-nero-color has-text-color\" style=\"font-size:20px\">Heures d&rsquo;ouverture: mardi et jeudi 10-12h30 \/ 14-17h Samedi 15-18h.<\/p>\n<\/div>\n<\/div>\n<\/div>\n<\/div>\n\n\n\n<div class=\"wp-block-group intro-3 is-layout-flow wp-container-core-group-is-layout-b298a938 wp-block-group-is-layout-flow\" style=\"padding-top:110px;padding-bottom:70px\">\n<div class=\"wp-block-columns is-layout-flex wp-container-core-columns-is-layout-00723822 wp-block-columns-is-layout-flex\">\n<div class=\"wp-block-column is-over is-layout-flow wp-block-column-is-layout-flow\" style=\"padding-left:80px;flex-basis:290px\">\n<h2 class=\"wp-block-heading\" style=\"line-height:0.90;text-transform:uppercase\">LIEUX D\u2019INT\u00c9R\u00caT \u00c0 NE PAS<mark style=\"background-color:rgba(0, 0, 0, 0)\" class=\"has-inline-color has-giallo-color\"> manquer<\/mark><\/h2>\n\n\n\n<p class=\"has-size-22-font-size\" style=\"font-style:normal;font-weight:600\">Art et culture, traditions anciennes, gastronomie et vins excellents et innombrables activit\u00e9s de plein air.<\/p>\n<\/div>\n\n\n\n<div class=\"wp-block-column is-layout-flow wp-block-column-is-layout-flow\" style=\"padding-left:60px\">    <section class=\"carosello-orizzontale cover-overflow\">\n                    <div class=\"swiper\">\n                <div class=\"swiper-wrapper\">\n                                            <div class=\"swiper-slide\">\n                            <a href=\"https:\/\/visitvalsesiavercelli.it\/fr\/scopri\/punti-di-interesse\/monte-fenera\/\" class=\"carosello-element\">\n                                <div class=\"wp-block-image\">\n                                    <img loading=\"lazy\" decoding=\"async\" width=\"340\" height=\"210\" src=\"https:\/\/visitvalsesiavercelli.it\/wp-content\/uploads\/2022\/10\/vista-del-fenera-da-serravalle-340x210.jpg\" class=\"attachment-regular-thumb size-regular-thumb wp-post-image\" alt=\"\" \/>                                <\/div>\n                                <div class=\"content\">\n                                    <h4>monte fenera<\/h4>\n                                <\/div>\n                                <div class=\"wp-block-buttons\">\n                                    <div class=\"wp-block-button is-style-outline\">\n                                        <span class=\"wp-block-button__link\">\n                                            Vivre                                        <\/span>\n                                    <\/div>\n                                <\/div>\n                            <\/a>\n                        <\/div>\n                                                <div class=\"swiper-slide\">\n                            <a href=\"https:\/\/visitvalsesiavercelli.it\/fr\/scopri\/punti-di-interesse\/sanctuaire-santanna-di-montrigone-borgosesia\/\" class=\"carosello-element\">\n                                <div class=\"wp-block-image\">\n                                    <img loading=\"lazy\" decoding=\"async\" width=\"340\" height=\"210\" src=\"https:\/\/visitvalsesiavercelli.it\/wp-content\/uploads\/2022\/08\/Borgosesia-Sant-Anna-1-340x210.jpg\" class=\"attachment-regular-thumb size-regular-thumb wp-post-image\" alt=\"\" srcset=\"https:\/\/visitvalsesiavercelli.it\/wp-content\/uploads\/2022\/08\/Borgosesia-Sant-Anna-1-340x210.jpg 340w, https:\/\/visitvalsesiavercelli.it\/wp-content\/uploads\/2022\/08\/Borgosesia-Sant-Anna-1-680x420.jpg 680w\" sizes=\"auto, (max-width: 340px) 100vw, 340px\" \/>                                <\/div>\n                                <div class=\"content\">\n                                    <h4>SANCTUAIRE SANT\u2019ANNA DI MONTRIGONE- borgosesia<\/h4>\n                                <\/div>\n                                <div class=\"wp-block-buttons\">\n                                    <div class=\"wp-block-button is-style-outline\">\n                                        <span class=\"wp-block-button__link\">\n                                            Vivre                                        <\/span>\n                                    <\/div>\n                                <\/div>\n                            <\/a>\n                        <\/div>\n                                                <div class=\"swiper-slide\">\n                            <a href=\"https:\/\/visitvalsesiavercelli.it\/fr\/vivi\/arte-e-cultura\/borgosesia\/\" class=\"carosello-element\">\n                                <div class=\"wp-block-image\">\n                                    <img loading=\"lazy\" decoding=\"async\" width=\"340\" height=\"210\" src=\"https:\/\/visitvalsesiavercelli.it\/wp-content\/uploads\/2022\/08\/Borgosesia-Sant-Anna-1-340x210.jpg\" class=\"attachment-regular-thumb size-regular-thumb wp-post-image\" alt=\"\" srcset=\"https:\/\/visitvalsesiavercelli.it\/wp-content\/uploads\/2022\/08\/Borgosesia-Sant-Anna-1-340x210.jpg 340w, https:\/\/visitvalsesiavercelli.it\/wp-content\/uploads\/2022\/08\/Borgosesia-Sant-Anna-1-680x420.jpg 680w\" sizes=\"auto, (max-width: 340px) 100vw, 340px\" \/>                                <\/div>\n                                <div class=\"content\">\n                                    <h4>Borgosesia<\/h4>\n                                <\/div>\n                                <div class=\"wp-block-buttons\">\n                                    <div class=\"wp-block-button is-style-outline\">\n                                        <span class=\"wp-block-button__link\">\n                                            Vivre                                        <\/span>\n                                    <\/div>\n                                <\/div>\n                            <\/a>\n                        <\/div>\n                                        <\/div>\n                <div class=\"swiper-buttons\">\n                    <div class=\"swiper-button-prev\"><\/div>\n                    <div class=\"swiper-button-next\"><\/div>\n                <\/div>\n            <\/div>\n            <\/section><\/div>\n<\/div>\n<\/div>\n","protected":false},"featured_media":6983,"template":"","categoria-arte":[541],"area":[],"class_list":["post-13118","arte-e-cultura","type-arte-e-cultura","status-publish","has-post-thumbnail","hentry","categoria-arte-musei-fr"],"acf":{"indirizzo":null},"_links":{"self":[{"href":"https:\/\/visitvalsesiavercelli.it\/fr\/wp-json\/wp\/v2\/arte-e-cultura\/13118","targetHints":{"allow":["GET"]}}],"collection":[{"href":"https:\/\/visitvalsesiavercelli.it\/fr\/wp-json\/wp\/v2\/arte-e-cultura"}],"about":[{"href":"https:\/\/visitvalsesiavercelli.it\/fr\/wp-json\/wp\/v2\/types\/arte-e-cultura"}],"wp:featuredmedia":[{"embeddable":true,"href":"https:\/\/visitvalsesiavercelli.it\/fr\/wp-json\/wp\/v2\/media\/6983"}],"wp:attachment":[{"href":"https:\/\/visitvalsesiavercelli.it\/fr\/wp-json\/wp\/v2\/media?parent=13118"}],"wp:term":[{"taxonomy":"categoria-arte","embeddable":true,"href":"https:\/\/visitvalsesiavercelli.it\/fr\/wp-json\/wp\/v2\/categoria-arte?post=13118"},{"taxonomy":"area","embeddable":true,"href":"https:\/\/visitvalsesiavercelli.it\/fr\/wp-json\/wp\/v2\/area?post=13118"}],"curies":[{"name":"wp","href":"https:\/\/api.w.org\/{rel}","templated":true}]}}