{"id":13202,"date":"2022-08-16T12:03:37","date_gmt":"2022-08-16T10:03:37","guid":{"rendered":"https:\/\/visitvalsesiavercelli.it\/?post_type=arte-e-cultura&#038;p=13202"},"modified":"2026-04-03T15:12:27","modified_gmt":"2026-04-03T13:12:27","slug":"le-chateau-de-balocco","status":"publish","type":"arte-e-cultura","link":"https:\/\/visitvalsesiavercelli.it\/fr\/vivi\/arte-e-cultura\/le-chateau-de-balocco\/","title":{"rendered":"Le ch\u00e2teau de Balocco"},"content":{"rendered":"\n<p style=\"font-size:20px\">L\u2019origine du ch\u00e2teau est attest\u00e9e depuis le XII<sup>e<\/sup> si\u00e8cle, mais il a \u00e9t\u00e9 d\u00e9truit et reconstruit plusieurs fois au cours des si\u00e8cles, la derni\u00e8re fois \u00e0 partir du d\u00e9but du XV<sup>e<\/sup> si\u00e8cle, o\u00f9 un plan quadrangulaire a \u00e9t\u00e9 choisi avec quatre tours sur les c\u00f4t\u00e9s et une entr\u00e9e sur\u00e9lev\u00e9e (forme typique du ch\u00e2teau de plaine).<\/p>\n\n\n\n<p style=\"font-size:20px\">Aujourd\u2019hui, il reste un \u00e9difice quadrangulaire avec les vestiges de la tour d\u2019entr\u00e9e et de deux autres tours au nord.<\/p>\n\n\n\n<p style=\"font-size:20px\">La seigneurie qui a occup\u00e9 le pouvoir le plus longtemps est celle de la famille Confalonieri, qui a donn\u00e9 une impulsion \u00e0 l\u2019agriculture locale, surtout \u00e0 partir du XV<sup>e<\/sup> si\u00e8cle avec la cr\u00e9ation du canal d\u2019irrigation de Balocco, construit par le Cervo, qui \u00e9tait fondamental pour l\u2019\u00e9conomie agricole. Au canal d\u2019irrigation s\u2019est \u00e9galement ajout\u00e9e la construction d\u2019un moulin pour tous les habitants, qui ont pu ainsi moudre leurs c\u00e9r\u00e9ales sur leur propre territoire, sans avoir \u00e0 se d\u00e9placer.<\/p>\n","protected":false},"featured_media":7389,"template":"","categoria-arte":[543],"area":[8],"class_list":["post-13202","arte-e-cultura","type-arte-e-cultura","status-publish","has-post-thumbnail","hentry","categoria-arte-castelli-fr","area-vercelli-e-terre-del-riso"],"acf":{"indirizzo":null},"_links":{"self":[{"href":"https:\/\/visitvalsesiavercelli.it\/fr\/wp-json\/wp\/v2\/arte-e-cultura\/13202","targetHints":{"allow":["GET"]}}],"collection":[{"href":"https:\/\/visitvalsesiavercelli.it\/fr\/wp-json\/wp\/v2\/arte-e-cultura"}],"about":[{"href":"https:\/\/visitvalsesiavercelli.it\/fr\/wp-json\/wp\/v2\/types\/arte-e-cultura"}],"wp:featuredmedia":[{"embeddable":true,"href":"https:\/\/visitvalsesiavercelli.it\/fr\/wp-json\/wp\/v2\/media\/7389"}],"wp:attachment":[{"href":"https:\/\/visitvalsesiavercelli.it\/fr\/wp-json\/wp\/v2\/media?parent=13202"}],"wp:term":[{"taxonomy":"categoria-arte","embeddable":true,"href":"https:\/\/visitvalsesiavercelli.it\/fr\/wp-json\/wp\/v2\/categoria-arte?post=13202"},{"taxonomy":"area","embeddable":true,"href":"https:\/\/visitvalsesiavercelli.it\/fr\/wp-json\/wp\/v2\/area?post=13202"}],"curies":[{"name":"wp","href":"https:\/\/api.w.org\/{rel}","templated":true}]}}