{"id":13210,"date":"2022-08-18T09:46:13","date_gmt":"2022-08-18T07:46:13","guid":{"rendered":"https:\/\/visitvalsesiavercelli.it\/?post_type=arte-e-cultura&#038;p=13210"},"modified":"2026-04-03T15:07:57","modified_gmt":"2026-04-03T13:07:57","slug":"castello-di-moncrivello","status":"publish","type":"arte-e-cultura","link":"https:\/\/visitvalsesiavercelli.it\/fr\/vivi\/arte-e-cultura\/castello-di-moncrivello\/","title":{"rendered":"Le ch\u00e2teau de Moncrivello"},"content":{"rendered":"\n<p style=\"font-size:20px\">Construit en position dominante avec un horizon s\u2019\u00e9tendant jusqu\u2019\u00e0 Novare et la r\u00e9gion du Canavese, il en est fait mention pour la premi\u00e8re fois au XIII<sup>e<\/sup> si\u00e8cle, mais on suppose que la fortification existait depuis le d\u00e9but du Haut Moyen \u00c2ge.<\/p>\n\n\n\n<p style=\"font-size:20px\">Au XVI<sup>e<\/sup> si\u00e8cle, il \u00e9tait sous la domination de la Maison de Savoie. Sa fonction militaire \u00e9tait fondamentale au XVII<sup>e<\/sup> si\u00e8cle, mais par la suite elle est devenue exclusivement \u00e0 usage r\u00e9sidentiel.<\/p>\n\n\n\n<p style=\"font-size:20px\">Malheureusement, une s\u00e9rie d\u2019incendies au d\u00e9but du XIX<sup>e<\/sup> si\u00e8cle l\u2019ont endommag\u00e9 mais les travaux de restauration ult\u00e9rieurs, les derniers en 1972, l\u2019ont \u00e0 nouveau rendu habitable.<\/p>\n\n\n\n<p style=\"font-size:20px\">Aujourd\u2019hui, sa structure domine la plaine et le double cercle des remparts t\u00e9moigne de son r\u00f4le de domination, de contr\u00f4le et de d\u00e9fense du territoire et pr\u00e9sente un tr\u00e8s ancien noyau central reli\u00e9 \u00e0 deux tours.<\/p>\n","protected":false},"featured_media":10464,"template":"","categoria-arte":[543],"area":[8],"class_list":["post-13210","arte-e-cultura","type-arte-e-cultura","status-publish","has-post-thumbnail","hentry","categoria-arte-castelli-fr","area-vercelli-e-terre-del-riso"],"acf":{"indirizzo":null},"_links":{"self":[{"href":"https:\/\/visitvalsesiavercelli.it\/fr\/wp-json\/wp\/v2\/arte-e-cultura\/13210","targetHints":{"allow":["GET"]}}],"collection":[{"href":"https:\/\/visitvalsesiavercelli.it\/fr\/wp-json\/wp\/v2\/arte-e-cultura"}],"about":[{"href":"https:\/\/visitvalsesiavercelli.it\/fr\/wp-json\/wp\/v2\/types\/arte-e-cultura"}],"wp:featuredmedia":[{"embeddable":true,"href":"https:\/\/visitvalsesiavercelli.it\/fr\/wp-json\/wp\/v2\/media\/10464"}],"wp:attachment":[{"href":"https:\/\/visitvalsesiavercelli.it\/fr\/wp-json\/wp\/v2\/media?parent=13210"}],"wp:term":[{"taxonomy":"categoria-arte","embeddable":true,"href":"https:\/\/visitvalsesiavercelli.it\/fr\/wp-json\/wp\/v2\/categoria-arte?post=13210"},{"taxonomy":"area","embeddable":true,"href":"https:\/\/visitvalsesiavercelli.it\/fr\/wp-json\/wp\/v2\/area?post=13210"}],"curies":[{"name":"wp","href":"https:\/\/api.w.org\/{rel}","templated":true}]}}