{"id":12753,"date":"2022-09-14T04:14:14","date_gmt":"2022-09-14T02:14:14","guid":{"rendered":"https:\/\/visitvalsesiavercelli.it\/?post_type=influencer-projects&#038;p=12753"},"modified":"2023-03-29T12:37:21","modified_gmt":"2023-03-29T10:37:21","slug":"valsesiaexperience","status":"publish","type":"influencer-projects","link":"https:\/\/visitvalsesiavercelli.it\/fr\/scopri\/progetti-speciali\/influencer-projects\/valsesiaexperience\/","title":{"rendered":"#valsesiaexperience"},"content":{"rendered":"\n<div class=\"wp-block-cover alignfull is-light has-custom-content-position is-position-center-left hero\" style=\"min-height:650px;aspect-ratio:unset;\"><span aria-hidden=\"true\" class=\"wp-block-cover__background has-background-dim\"><\/span><img loading=\"lazy\" decoding=\"async\" width=\"1920\" height=\"1282\" class=\"wp-block-cover__image-background wp-image-2591\" alt=\"\" src=\"https:\/\/visitvalsesiavercelli.it\/wp-content\/uploads\/2022\/09\/Sacro-Monte-Varallo-1.jpg\" style=\"object-position:44% 81%\" data-object-fit=\"cover\" data-object-position=\"44% 81%\" srcset=\"https:\/\/visitvalsesiavercelli.it\/wp-content\/uploads\/2022\/09\/Sacro-Monte-Varallo-1.jpg 1920w, https:\/\/visitvalsesiavercelli.it\/wp-content\/uploads\/2022\/09\/Sacro-Monte-Varallo-1-1000x668.jpg 1000w, https:\/\/visitvalsesiavercelli.it\/wp-content\/uploads\/2022\/09\/Sacro-Monte-Varallo-1-1500x1002.jpg 1500w\" sizes=\"auto, (max-width: 1920px) 100vw, 1920px\" \/><div class=\"wp-block-cover__inner-container is-layout-flow wp-block-cover-is-layout-flow\">\n<div class=\"wp-block-group is-layout-flow wp-block-group-is-layout-flow\"><h1 style=\"text-transform:uppercase;\" class=\"wp-block-post-title has-text-color has-bianco-color\">#valsesiaexperience<\/h1><\/div>\n<\/div><\/div>\n\n\n\n<div class=\"wp-block-group alignfull breadcrumbs is-layout-flow wp-block-group-is-layout-flow\">\n<div class=\"wp-block-group d-flex is-layout-flow wp-block-group-is-layout-flow\">\n<p><a href=\"https:\/\/visitvalsesiavercelli.it\/\" data-type=\"page\" data-id=\"2\">Home<\/a><\/p>\n\n\n\n<p>Scopri<\/p>\n\n\n\n<p>Progetti speciali<\/p>\n\n\n\n<p><a href=\"https:\/\/visitvalsesiavercelli.it\/scopri\/progetti-speciali\/influencer-projects\/\">Influencer projects<\/a><\/p>\n\n\n<h6 class=\"wp-block-post-title has-text-color has-orange-color\">#valsesiaexperience<\/h6><\/div>\n<\/div>\n\n\n\n<div class=\"wp-block-group alignfull is-layout-flow wp-block-group-is-layout-flow\">\n<div class=\"wp-block-group intro-esperienze is-layout-constrained wp-container-core-group-is-layout-02dd29b2 wp-block-group-is-layout-constrained\" style=\"padding-top:70px;padding-bottom:70px\">\n<h2 class=\"has-text-align-center has-text-color wp-block-heading\" style=\"color:#2d3429;text-transform:uppercase\">D\u00c9COUVREZ NOTRE <br><mark style=\"background-color:rgba(0, 0, 0, 0)\" class=\"has-inline-color has-giallo-color\">#VALSESIAEXPERIENCE<\/mark><\/h2>\n\n\n\n<div class=\"wp-block-group is-layout-flow wp-block-group-is-layout-flow\" style=\"padding-bottom:20px\">\n<p class=\"has-text-align-center has-text-color has-size-22-font-size\" style=\"color:#36442e;font-style:normal;font-weight:600\">Laissez-nous vous emmener dans un voyage o\u00f9 vous pourrez d\u00e9couvrir l&rsquo;incroyable beaut\u00e9 historique et naturelle de la ville de Varallo et de Gattinara, sa voisine.<\/p>\n<\/div>\n\n\n\n<figure class=\"wp-block-embed is-type-video is-provider-youtube wp-block-embed-youtube wp-embed-aspect-16-9 wp-has-aspect-ratio\"><div class=\"wp-block-embed__wrapper\">\n<iframe loading=\"lazy\" title=\"Valsesia Experience - Influencer Tour tra Varallo e Gattinara\" width=\"500\" height=\"281\" src=\"https:\/\/www.youtube.com\/embed\/1ofjvOedg1Q?feature=oembed\" frameborder=\"0\" allow=\"accelerometer; autoplay; clipboard-write; encrypted-media; gyroscope; picture-in-picture; web-share\" referrerpolicy=\"strict-origin-when-cross-origin\" allowfullscreen><\/iframe>\n<\/div><\/figure>\n<\/div>\n<\/div>\n\n\n\n<div class=\"wp-block-group alignfull has-bianco-color has-text-color has-background is-layout-flow wp-block-group-is-layout-flow\" style=\"background-color:#3d4d34;padding-top:40px\">\n<div class=\"wp-block-group is-layout-constrained wp-container-core-group-is-layout-57345300 wp-block-group-is-layout-constrained\">\n<div class=\"wp-block-columns gap-mobile is-layout-flex wp-container-core-columns-is-layout-4a048b8d wp-block-columns-is-layout-flex\">\n<div class=\"wp-block-column is-layout-flow wp-block-column-is-layout-flow\" style=\"flex-basis:150px\">\n<figure class=\"wp-block-image size-full is-style-border\"><img loading=\"lazy\" decoding=\"async\" width=\"1080\" height=\"1080\" src=\"https:\/\/visitvalsesiavercelli.it\/wp-content\/uploads\/2022\/09\/valsesia-experience.png\" alt=\"\" class=\"wp-image-2636\" srcset=\"https:\/\/visitvalsesiavercelli.it\/wp-content\/uploads\/2022\/09\/valsesia-experience.png 1080w, https:\/\/visitvalsesiavercelli.it\/wp-content\/uploads\/2022\/09\/valsesia-experience-150x150.png 150w, https:\/\/visitvalsesiavercelli.it\/wp-content\/uploads\/2022\/09\/valsesia-experience-1000x1000.png 1000w\" sizes=\"auto, (max-width: 1080px) 100vw, 1080px\" \/><\/figure>\n\n\n\n<p class=\"has-text-align-center has-giallo-color has-text-color has-size-17-font-size\"><strong>#ValsesiaExperience<\/strong><\/p>\n<\/div>\n\n\n\n<div class=\"wp-block-column is-layout-flow wp-block-column-is-layout-flow\">\n<h3 class=\"has-giallo-color has-text-color wp-block-heading\" style=\"font-size:26px;text-transform:uppercase\">LE PROJET<\/h3>\n\n\n\n<p style=\"font-size:20px\">N\u00e9e de la collaboration des municipalit\u00e9s de Varallo et de Gattinara, une importante initiative promotionnelle a permis de convier 10&nbsp;influenceurs du nord de l&rsquo;Italie dans un blog tour. Il les a conduits \u00e0 d\u00e9couvrir l&rsquo;incroyable beaut\u00e9 historique et naturelle de Varallo et de la ville voisine de Gattinara.<\/p>\n<\/div>\n\n\n\n<div class=\"wp-block-column is-layout-flow wp-block-column-is-layout-flow\">\n<h3 class=\"has-giallo-color has-text-color wp-block-heading\" style=\"font-size:26px;text-transform:uppercase\">L&rsquo;ITIN\u00c9RAIRE<\/h3>\n\n\n\n<p style=\"font-size:20px\">Afin d&rsquo;accro\u00eetre l&rsquo;int\u00e9r\u00eat de la communaut\u00e9 potentielle et compte tenu des diff\u00e9rents secteurs d&rsquo;influence des participants, nous avons cr\u00e9\u00e9 deux itin\u00e9raires th\u00e9matiques diff\u00e9rents&nbsp;: un itin\u00e9raire de plein air et un itin\u00e9raire culturel, tous deux enrichis d&rsquo;incontournables exp\u00e9riences gastronomiques et \u0153nologiques.<\/p>\n<\/div>\n<\/div>\n<\/div>\n<\/div>\n\n\n    <section class=\"galleria-orizzontale\">\n        <div class=\"align\">\n                            <div class=\"swiper\">\n                    <div class=\"swiper-wrapper\">\n                                                    <div class=\"swiper-slide\">\n                                <div class=\"wp-block-image\">\n                                    <img loading=\"lazy\" decoding=\"async\" width=\"1000\" height=\"1715\" src=\"https:\/\/visitvalsesiavercelli.it\/wp-content\/uploads\/2022\/09\/L1100295-1000x1715.jpg\" class=\"attachment-galleria size-galleria\" alt=\"\" srcset=\"https:\/\/visitvalsesiavercelli.it\/wp-content\/uploads\/2022\/09\/L1100295-1000x1715.jpg 1000w, https:\/\/visitvalsesiavercelli.it\/wp-content\/uploads\/2022\/09\/L1100295-1500x2573.jpg 1500w, https:\/\/visitvalsesiavercelli.it\/wp-content\/uploads\/2022\/09\/L1100295-scaled.jpg 1493w\" sizes=\"auto, (max-width: 1000px) 100vw, 1000px\" \/>                                <\/div>\n                                                            <\/div>\n                                                    <div class=\"swiper-slide\">\n                                <div class=\"wp-block-image\">\n                                    <img loading=\"lazy\" decoding=\"async\" width=\"1000\" height=\"1500\" src=\"https:\/\/visitvalsesiavercelli.it\/wp-content\/uploads\/2022\/09\/L1100176-2-1000x1500.jpg\" class=\"attachment-galleria size-galleria\" alt=\"\" srcset=\"https:\/\/visitvalsesiavercelli.it\/wp-content\/uploads\/2022\/09\/L1100176-2-1000x1500.jpg 1000w, https:\/\/visitvalsesiavercelli.it\/wp-content\/uploads\/2022\/09\/L1100176-2-1500x2250.jpg 1500w, https:\/\/visitvalsesiavercelli.it\/wp-content\/uploads\/2022\/09\/L1100176-2-scaled.jpg 1707w\" sizes=\"auto, (max-width: 1000px) 100vw, 1000px\" \/>                                <\/div>\n                                                            <\/div>\n                                                    <div class=\"swiper-slide\">\n                                <div class=\"wp-block-image\">\n                                    <img loading=\"lazy\" decoding=\"async\" width=\"1000\" height=\"1500\" src=\"https:\/\/visitvalsesiavercelli.it\/wp-content\/uploads\/2022\/09\/L1100226-1000x1500.jpg\" class=\"attachment-galleria size-galleria\" alt=\"\" srcset=\"https:\/\/visitvalsesiavercelli.it\/wp-content\/uploads\/2022\/09\/L1100226-1000x1500.jpg 1000w, https:\/\/visitvalsesiavercelli.it\/wp-content\/uploads\/2022\/09\/L1100226-1500x2250.jpg 1500w, https:\/\/visitvalsesiavercelli.it\/wp-content\/uploads\/2022\/09\/L1100226-scaled.jpg 1707w\" sizes=\"auto, (max-width: 1000px) 100vw, 1000px\" \/>                                <\/div>\n                                                            <\/div>\n                                                    <div class=\"swiper-slide\">\n                                <div class=\"wp-block-image\">\n                                    <img loading=\"lazy\" decoding=\"async\" width=\"1000\" height=\"1499\" src=\"https:\/\/visitvalsesiavercelli.it\/wp-content\/uploads\/2022\/09\/L1030980-1000x1499.jpg\" class=\"attachment-galleria size-galleria\" alt=\"\" srcset=\"https:\/\/visitvalsesiavercelli.it\/wp-content\/uploads\/2022\/09\/L1030980-1000x1499.jpg 1000w, https:\/\/visitvalsesiavercelli.it\/wp-content\/uploads\/2022\/09\/L1030980-1500x2248.jpg 1500w, https:\/\/visitvalsesiavercelli.it\/wp-content\/uploads\/2022\/09\/L1030980-scaled.jpg 1708w\" sizes=\"auto, (max-width: 1000px) 100vw, 1000px\" \/>                                <\/div>\n                                                            <\/div>\n                                                    <div class=\"swiper-slide\">\n                                <div class=\"wp-block-image\">\n                                    <img loading=\"lazy\" decoding=\"async\" width=\"1000\" height=\"1524\" src=\"https:\/\/visitvalsesiavercelli.it\/wp-content\/uploads\/2022\/09\/L1040011-1000x1524.jpg\" class=\"attachment-galleria size-galleria\" alt=\"\" srcset=\"https:\/\/visitvalsesiavercelli.it\/wp-content\/uploads\/2022\/09\/L1040011-1000x1524.jpg 1000w, https:\/\/visitvalsesiavercelli.it\/wp-content\/uploads\/2022\/09\/L1040011-1500x2286.jpg 1500w, https:\/\/visitvalsesiavercelli.it\/wp-content\/uploads\/2022\/09\/L1040011-scaled.jpg 1680w\" sizes=\"auto, (max-width: 1000px) 100vw, 1000px\" \/>                                <\/div>\n                                                            <\/div>\n                                                    <div class=\"swiper-slide\">\n                                <div class=\"wp-block-image\">\n                                    <img loading=\"lazy\" decoding=\"async\" width=\"1000\" height=\"1577\" src=\"https:\/\/visitvalsesiavercelli.it\/wp-content\/uploads\/2022\/09\/L1030986-2-1000x1577.jpg\" class=\"attachment-galleria size-galleria\" alt=\"\" srcset=\"https:\/\/visitvalsesiavercelli.it\/wp-content\/uploads\/2022\/09\/L1030986-2-1000x1577.jpg 1000w, https:\/\/visitvalsesiavercelli.it\/wp-content\/uploads\/2022\/09\/L1030986-2-1500x2366.jpg 1500w, https:\/\/visitvalsesiavercelli.it\/wp-content\/uploads\/2022\/09\/L1030986-2-scaled.jpg 1623w\" sizes=\"auto, (max-width: 1000px) 100vw, 1000px\" \/>                                <\/div>\n                                                            <\/div>\n                                            <\/div>\n                    <div class=\"swiper-buttons\">\n                        <div class=\"swiper-button-prev\"><\/div>\n                        <div class=\"swiper-button-next\"><\/div>\n                    <\/div>\n                <\/div>\n                    <\/div>\n    <\/section>\n\n\n<div class=\"wp-block-group alignfull is-layout-flow wp-block-group-is-layout-flow\">\n<div class=\"wp-block-group is-layout-constrained wp-container-core-group-is-layout-ebebfd87 wp-block-group-is-layout-constrained\" style=\"padding-bottom:70px\">\n<div class=\"wp-block-columns is-layout-flex wp-container-core-columns-is-layout-28f84493 wp-block-columns-is-layout-flex\">\n<div class=\"wp-block-column is-layout-flow wp-block-column-is-layout-flow\">\n<h2 class=\"has-text-color wp-block-heading\" style=\"color:#2d3429;text-transform:uppercase\">CULTURE ET PLEIN AIR<br><mark style=\"background-color:rgba(0, 0, 0, 0)\" class=\"has-inline-color has-giallo-color\">en valsesia<\/mark><\/h2>\n<\/div>\n\n\n\n<div class=\"wp-block-column is-layout-flow wp-block-column-is-layout-flow\">\n<p class=\"has-size-22-font-size\" style=\"font-style:normal;font-weight:600\">Explorez les \u00e9tapes du voyage de nos invit\u00e9s et choisissez l&rsquo;exp\u00e9rience qui vous tente le plus&nbsp;!<\/p>\n<\/div>\n<\/div>\n<\/div>\n<\/div>\n\n\n\n<div class=\"wp-block-group alignfull has-nero-color has-text-color is-layout-flow wp-block-group-is-layout-flow\" style=\"padding-bottom:110px\">\n<div class=\"wp-block-group intro-2 empty is-layout-flow wp-block-group-is-layout-flow\" style=\"padding-bottom:60px\">\n<div class=\"wp-block-columns gap-mobile is-layout-flex wp-container-core-columns-is-layout-faf8ca61 wp-block-columns-is-layout-flex\" style=\"padding-bottom:40px\">\n<div class=\"wp-block-column is-vertically-aligned-center is-layout-flow wp-block-column-is-layout-flow\">\n<figure class=\"wp-block-image size-full is-resized is-style-4-3\"><img loading=\"lazy\" decoding=\"async\" src=\"https:\/\/visitvalsesiavercelli.it\/wp-content\/uploads\/2022\/09\/bike-gattinara-scaled.jpg\" alt=\"\" class=\"wp-image-2682\" width=\"537\" height=\"358\" srcset=\"https:\/\/visitvalsesiavercelli.it\/wp-content\/uploads\/2022\/09\/bike-gattinara-scaled.jpg 2560w, https:\/\/visitvalsesiavercelli.it\/wp-content\/uploads\/2022\/09\/bike-gattinara-1000x667.jpg 1000w, https:\/\/visitvalsesiavercelli.it\/wp-content\/uploads\/2022\/09\/bike-gattinara-1500x1001.jpg 1500w\" sizes=\"auto, (max-width: 537px) 100vw, 537px\" \/><figcaption class=\"wp-element-caption\"><strong><mark style=\"background-color:rgba(0, 0, 0, 0)\" class=\"has-inline-color has-nero-color\"><strong><mark style=\"background-color:rgba(0, 0, 0, 0)\" class=\"has-inline-color has-nero-color\">Cyclisme dans les vignobles de Gattinara<\/mark><\/strong><\/mark><\/strong><\/figcaption><\/figure>\n<\/div>\n\n\n\n<div class=\"wp-block-column order-1-mobile is-style-prima is-layout-flow wp-block-column-is-layout-flow\">\n<div class=\"wp-block-group is-layout-flow wp-block-group-is-layout-flow\">\n<h3 class=\"has-verde-color has-text-color wp-block-heading\" style=\"font-size:26px;text-transform:uppercase\">PLEIN AIR ET CULTURE<\/h3>\n\n\n\n<p style=\"font-size:20px\">Avec Pietro Ienca, Martina Bianchi et Luigi Chiurchi, membres actifs de \u201cTrip in your shoes\u201d, communaut\u00e9 qui vise \u00e0 sensibiliser le public \u00e0 la valeur de la culture locale, et Omar Ultra Adventurer, nous sommes partis pour un itin\u00e9raire de plein air d\u00e9di\u00e9 \u00e0 la nature et au sport, en d\u00e9couvrant d&rsquo;abord le <strong><a href=\"https:\/\/visitvalsesiavercelli.it\/fr\/scopri\/punti-di-interesse\/sacro-monte-di-varallo\/\">Sacro Monte di Varallo<\/a><\/strong>, et en poursuivant par <strong>une petite randonn\u00e9e au Monte Tre Croci<\/strong>, qui nous permis d\u2019admirer de splendides points de vue sur le paysage automnal.<\/p>\n\n\n\n<p style=\"font-size:20px\">L&rsquo;apr\u00e8s-midi, nous avons visit\u00e9 <strong>une petite exploitation<\/strong> aux portes de Varallo. La famille propri\u00e9taire y vit dans une d\u00e9licieuse oasis naturelle et durable, en \u00e9levant des ch\u00e8vres cachemire et en fabriquant des objets artisanaux. <\/p>\n\n\n\n<p style=\"font-size:20px\">Le deuxi\u00e8me jour a \u00e9t\u00e9 consacr\u00e9 \u00e0 la d\u00e9couverte des <strong><a href=\"https:\/\/visitvalsesiavercelli.it\/fr\/gattinara-et-baraggia\/\">terres de Gattinara<\/a><\/strong>. Notre groupe est parti \u00e0 l&rsquo;aube pour suivre \u00e0 v\u00e9lo un itin\u00e9raire facile \u00e0 travers les vignobles de la r\u00e9gion, en passant par <strong>le ch\u00e2teau de San Lorenzo <\/strong>et <strong><a href=\"https:\/\/visitvalsesiavercelli.it\/fr\/scopri\/punti-di-interesse\/tour-delle-castelle-gattinara\/\">la tour delle Castelle<\/a><\/strong>.<\/p>\n<\/div>\n<\/div>\n<\/div>\n\n\n\n<div class=\"wp-block-columns gap-mobile is-layout-flex wp-container-core-columns-is-layout-0efbece1 wp-block-columns-is-layout-flex\" style=\"padding-top:40px;padding-bottom:40px\">\n<div class=\"wp-block-column is-vertically-aligned-center is-layout-flow wp-block-column-is-layout-flow\">\n<figure class=\"wp-block-image size-full is-resized is-style-4-3\"><img loading=\"lazy\" decoding=\"async\" src=\"https:\/\/visitvalsesiavercelli.it\/wp-content\/uploads\/2022\/09\/DSC6014.jpg\" alt=\"\" class=\"wp-image-2680\" width=\"540\" height=\"360\" srcset=\"https:\/\/visitvalsesiavercelli.it\/wp-content\/uploads\/2022\/09\/DSC6014.jpg 1920w, https:\/\/visitvalsesiavercelli.it\/wp-content\/uploads\/2022\/09\/DSC6014-1000x668.jpg 1000w, https:\/\/visitvalsesiavercelli.it\/wp-content\/uploads\/2022\/09\/DSC6014-1500x1002.jpg 1500w\" sizes=\"auto, (max-width: 540px) 100vw, 540px\" \/><figcaption class=\"wp-element-caption\"><strong><mark style=\"background-color:rgba(0, 0, 0, 0)\" class=\"has-inline-color has-nero-color\">Sacro Monte de Varallo<\/mark><\/strong><\/figcaption><\/figure>\n<\/div>\n\n\n\n<div class=\"wp-block-column order-1-mobile is-style-prima is-layout-flow wp-block-column-is-layout-flow\">\n<div class=\"wp-block-group is-layout-flow wp-block-group-is-layout-flow\">\n<h3 class=\"has-verde-color has-text-color wp-block-heading\" style=\"font-size:26px;text-transform:uppercase\">CULTURE, GASTRONOMIE ET \u0152NOLOGIE<\/h3>\n\n\n\n<p style=\"font-size:20px\">Filippo Racanella de \u201cLe strade di Torino\u201d, Ilaria Polo de\u201c Le strade di Milano\u201d, Carolina Isella de \u201cEccellenza Italiana\u201d, Luisa Ambrosini de \u201cTacchi e pentole\u201d et Sara Caulfield ont d\u00e9couvert les merveilles historiques et artistiques de Varallo et se les sont appropri\u00e9es. Accompagn\u00e9s par les commentaires de nos guides experts, ils ont d&rsquo;abord pu admirer les chapelles du Sacro Monte, puis d\u00e9couvrir l&rsquo;art incroyable de Gaudenzio Ferrari dans <strong><a href=\"https:\/\/visitvalsesiavercelli.it\/fr\/scopri\/punti-di-interesse\/santa-maria-delle-grazie-varallo\/\">l&rsquo;\u00e9glise de Santa Maria delle Grazie<\/a><\/strong>, et poursuivre avec une visite de la <strong><a href=\"https:\/\/visitvalsesiavercelli.it\/fr\/vivi\/arte-e-cultura\/pinacoteca-di-varallo\/\">Pinacoteca de Varallo<\/a><\/strong> et du <strong><a href=\"https:\/\/visitvalsesiavercelli.it\/fr\/vivi\/arte-e-cultura\/museo-di-storia-naturale-p-calderini\/\">mus\u00e9e Calderini<\/a><\/strong>. La journ\u00e9e s\u2019est achev\u00e9e par une visite des contrade (quartiers) historiques et une d\u00e9gustation de miacce traditionnelles. <\/p>\n\n\n\n<p style=\"font-size:20px\">Le lendemain, apr\u00e8s une premi\u00e8re visite dans une exploitation agricole sur les rives du Mastallone, nous sommes arriv\u00e9s \u00e0 Gattinara pour d\u00e9couvrir l&rsquo;excellente tradition vinicole locale \u00e0 l&rsquo;<a href=\"https:\/\/visitvalsesiavercelli.it\/fr\/scopri\/punti-di-interesse\/enoteca-regionale-di-gattinara\/\"><strong>Enoteca Regionale<\/strong>.<\/a> Apr\u00e8s une visite de l&rsquo;<strong>\u00e9comus\u00e9e<\/strong> et<a href=\"https:\/\/visitvalsesiavercelli.it\/fr\/vins-locaux\/\"> <strong>une d\u00e9gustation de vins et de produits locaux<\/strong><\/a>, la journ\u00e9e s\u2019est termin\u00e9e \u00e0 la <strong><a href=\"https:\/\/visitvalsesiavercelli.it\/fr\/scopri\/punti-di-interesse\/tour-delle-castelle-gattinara\/\">tour delle Castelle<\/a><\/strong> dans un d\u00e9cor de carte postale&nbsp;: les couleurs chaudes du coucher de soleil teintaient les collines de Gattinara.<\/p>\n<\/div>\n<\/div>\n<\/div>\n<\/div>\n<\/div>\n\n\n\n<div class=\"wp-block-group alignfull guida-container green-dark-container identikit has-bianco-color has-text-color has-background has-link-color wp-elements-66269d4fcb8d444259d8897e1e915077 is-layout-constrained wp-container-core-group-is-layout-71c50e50 wp-block-group-is-layout-constrained\" style=\"background-color:#2d3429;padding-bottom:50px\">\n<div class=\"wp-block-group alignfull is-layout-flow wp-block-group-is-layout-flow\" style=\"padding-top:40px\">\n<div class=\"wp-block-group is-layout-flow wp-block-group-is-layout-flow\">\n<div class=\"wp-block-getwid-tabs\" data-active-tab=\"0\"><ul class=\"wp-block-getwid-tabs__nav-links\"><\/ul>\n<div class=\"wp-block-getwid-tabs__nav-link\"><span class=\"wp-block-getwid-tabs__title-wrapper\"><a href=\"#\"><span class=\"wp-block-getwid-tabs__title\">sara caulfield<\/span><\/a><\/span><\/div><div class=\"wp-block-getwid-tabs__tab-content-wrapper\"><div class=\"wp-block-getwid-tabs__tab-content\">\n<div class=\"wp-block-columns are-vertically-aligned-center is-layout-flex wp-container-core-columns-is-layout-bb63363c wp-block-columns-is-layout-flex\">\n<div class=\"wp-block-column is-vertically-aligned-center is-layout-flow wp-block-column-is-layout-flow\">\n<figure class=\"wp-block-image size-full is-style-border-big\"><img loading=\"lazy\" decoding=\"async\" width=\"1152\" height=\"1152\" src=\"https:\/\/visitvalsesiavercelli.it\/wp-content\/uploads\/2022\/09\/sara.png\" alt=\"\" class=\"wp-image-4608\" srcset=\"https:\/\/visitvalsesiavercelli.it\/wp-content\/uploads\/2022\/09\/sara.png 1152w, https:\/\/visitvalsesiavercelli.it\/wp-content\/uploads\/2022\/09\/sara-150x150.png 150w, https:\/\/visitvalsesiavercelli.it\/wp-content\/uploads\/2022\/09\/sara-1000x1000.png 1000w\" sizes=\"auto, (max-width: 1152px) 100vw, 1152px\" \/><\/figure>\n\n\n    <div class=\"social-links\">\n            <a href=\"https:\/\/www.instagram.com\/saracaulfield\/\" target=\"_blank\" title=\"Instagram\"><i class=\"icon-instagram\"><\/i><\/a>            <a href=\"https:\/\/www.facebook.com\/profile.php?id=100064810372147\" target=\"_blank\" title=\"Facebook\"><i class=\"icon-facebook\"><\/i><\/a>                <\/div><\/div>\n\n\n\n<div class=\"wp-block-column is-vertically-aligned-center hp-guida-text is-layout-flow wp-block-column-is-layout-flow\" style=\"padding-top:80px;padding-bottom:150px\">\n<div class=\"wp-block-group is-layout-flow wp-block-group-is-layout-flow\">\n<h2 class=\"wp-block-heading\" style=\"font-size:70px;line-height:.9;text-transform:uppercase\"><mark style=\"background-color:rgba(0, 0, 0, 0)\" class=\"has-inline-color has-giallo-color\">Identikit<\/mark><\/h2>\n\n\n\n<div class=\"wp-block-group is-layout-flow wp-block-group-is-layout-flow\" style=\"padding-top:10px;padding-bottom:35px\">\n<p class=\"has-size-22-font-size\" style=\"font-style:normal;font-weight:600\"><mark style=\"background-color:rgba(0, 0, 0, 0)\" class=\"has-inline-color has-giallo-color\">Nom:<\/mark> Sara Caulfield<\/p>\n\n\n\n<p class=\"has-size-22-font-size\" style=\"font-style:normal;font-weight:600\"><mark style=\"background-color:rgba(0, 0, 0, 0)\" class=\"has-inline-color has-giallo-color\">R\u00e9gion d\u2019origine:<\/mark> Roma<mark style=\"background-color:rgba(0, 0, 0, 0)\" class=\"has-inline-color has-giallo-color\"><\/mark><\/p>\n\n\n\n<p class=\"has-size-22-font-size\" style=\"font-style:normal;font-weight:600\"><mark style=\"background-color:rgba(0, 0, 0, 0)\" class=\"has-inline-color has-giallo-color\">Int\u00e9r\u00eats:<\/mark> Gastronomie et culture<\/p>\n\n\n\n<p class=\"has-size-22-font-size\" style=\"font-style:normal;font-weight:600\"><mark style=\"background-color:rgba(0, 0, 0, 0)\" class=\"has-inline-color has-giallo-color\">Site Web:<\/mark> <a href=\"https:\/\/www.saracaulfield.com\/\">www.saracaulfield.com<\/a><\/p>\n<\/div>\n<\/div>\n\n\n\n<div class=\"wp-block-group is-layout-flow wp-block-group-is-layout-flow\">\n<p style=\"font-size:20px\">Romaine install\u00e9e \u00e0 Milan, Sara nourrit une incroyable passion pour les voyages, ceux qui procurent des exp\u00e9riences authentiques, voire m\u00eame l\u00e9g\u00e8rement excessives. Elle cr\u00e9e \u00e0 la demande des itin\u00e9raires sur mesure tout en publiant tous ses voyages sur Instagram. Elle y partage ses exp\u00e9riences les plus incroyables et \u00e9change avec une communaut\u00e9 de plus de 39&nbsp;000 abonn\u00e9s.<\/p>\n\n\n\n<p><\/p>\n<\/div>\n<\/div>\n<\/div>\n<\/div><\/div>\n\n\n\n<div class=\"wp-block-getwid-tabs__nav-link\"><span class=\"wp-block-getwid-tabs__title-wrapper\"><a href=\"#\"><span class=\"wp-block-getwid-tabs__title\">le strade di milano<\/span><\/a><\/span><\/div><div class=\"wp-block-getwid-tabs__tab-content-wrapper\"><div class=\"wp-block-getwid-tabs__tab-content\">\n<div class=\"wp-block-columns are-vertically-aligned-center is-layout-flex wp-container-core-columns-is-layout-bb63363c wp-block-columns-is-layout-flex\">\n<div class=\"wp-block-column is-vertically-aligned-center is-layout-flow wp-block-column-is-layout-flow\">\n<figure class=\"wp-block-image size-full is-style-border-big\"><img loading=\"lazy\" decoding=\"async\" width=\"526\" height=\"526\" src=\"https:\/\/visitvalsesiavercelli.it\/wp-content\/uploads\/2022\/11\/strade.png\" alt=\"\" class=\"wp-image-5117\" srcset=\"https:\/\/visitvalsesiavercelli.it\/wp-content\/uploads\/2022\/11\/strade.png 526w, https:\/\/visitvalsesiavercelli.it\/wp-content\/uploads\/2022\/11\/strade-150x150.png 150w\" sizes=\"auto, (max-width: 526px) 100vw, 526px\" \/><\/figure>\n\n\n    <div class=\"social-links\">\n            <a href=\"https:\/\/www.instagram.com\/lestradedimilano\/\" target=\"_blank\" title=\"Instagram\"><i class=\"icon-instagram\"><\/i><\/a>            <a href=\"https:\/\/www.facebook.com\/lestradedimilano\" target=\"_blank\" title=\"Facebook\"><i class=\"icon-facebook\"><\/i><\/a>                <\/div><\/div>\n\n\n\n<div class=\"wp-block-column is-vertically-aligned-center hp-guida-text is-layout-flow wp-block-column-is-layout-flow\" style=\"padding-top:80px;padding-bottom:150px\">\n<div class=\"wp-block-group is-layout-flow wp-block-group-is-layout-flow\">\n<h2 class=\"wp-block-heading\" style=\"font-size:70px;line-height:.9;text-transform:uppercase\"><mark style=\"background-color:rgba(0, 0, 0, 0)\" class=\"has-inline-color has-giallo-color\">Identikit<\/mark><\/h2>\n\n\n\n<div class=\"wp-block-group is-layout-flow wp-block-group-is-layout-flow\" style=\"padding-top:10px;padding-bottom:35px\">\n<p class=\"has-size-22-font-size\" style=\"font-style:normal;font-weight:600\"><mark style=\"background-color:rgba(0, 0, 0, 0)\" class=\"has-inline-color has-giallo-color\">Nom:<\/mark> Ilaria Polo per Le Strade di Milano<\/p>\n\n\n\n<p class=\"has-size-22-font-size\" style=\"font-style:normal;font-weight:600\"><mark style=\"background-color:rgba(0, 0, 0, 0)\" class=\"has-inline-color has-giallo-color\">R\u00e9gion d\u2019origine:<\/mark> Milano<\/p>\n\n\n\n<p class=\"has-size-22-font-size\" style=\"font-style:normal;font-weight:600\"><mark style=\"background-color:rgba(0, 0, 0, 0)\" class=\"has-inline-color has-giallo-color\"><mark style=\"background-color:rgba(0, 0, 0, 0)\" class=\"has-inline-color has-giallo-color\">Int\u00e9r\u00eats<\/mark>:<\/mark> Gastronomie et culture<\/p>\n\n\n\n<p class=\"has-size-22-font-size\" style=\"font-style:normal;font-weight:600\"><mark style=\"background-color:rgba(0, 0, 0, 0)\" class=\"has-inline-color has-giallo-color\">Site Web:<\/mark> <a href=\"https:\/\/le-strade.com\/milano\/\">le-strade.com\/milano<\/a><\/p>\n<\/div>\n<\/div>\n\n\n\n<div class=\"wp-block-group is-layout-flow wp-block-group-is-layout-flow\">\n<p style=\"font-size:20px\">Ilaria est une exploratrice qui collabore avec \u201cLe strade di Milano\u201d, blog d\u2019explorateurs urbains o\u00f9 les Milanais partagent des conseils avec tous ceux qui aiment leur ville. <\/p>\n<\/div>\n<\/div>\n<\/div>\n<\/div><\/div>\n\n\n\n<div class=\"wp-block-getwid-tabs__nav-link\"><span class=\"wp-block-getwid-tabs__title-wrapper\"><a href=\"#\"><span class=\"wp-block-getwid-tabs__title\">le strade di torino<\/span><\/a><\/span><\/div><div class=\"wp-block-getwid-tabs__tab-content-wrapper\"><div class=\"wp-block-getwid-tabs__tab-content\">\n<div class=\"wp-block-columns are-vertically-aligned-center is-layout-flex wp-container-core-columns-is-layout-bb63363c wp-block-columns-is-layout-flex\">\n<div class=\"wp-block-column is-vertically-aligned-center is-layout-flow wp-block-column-is-layout-flow\">\n<figure class=\"wp-block-image size-full is-style-border-big\"><img loading=\"lazy\" decoding=\"async\" width=\"526\" height=\"526\" src=\"https:\/\/visitvalsesiavercelli.it\/wp-content\/uploads\/2022\/11\/logo-lestradeditorino.jpg\" alt=\"\" class=\"wp-image-5385\" srcset=\"https:\/\/visitvalsesiavercelli.it\/wp-content\/uploads\/2022\/11\/logo-lestradeditorino.jpg 526w, https:\/\/visitvalsesiavercelli.it\/wp-content\/uploads\/2022\/11\/logo-lestradeditorino-150x150.jpg 150w\" sizes=\"auto, (max-width: 526px) 100vw, 526px\" \/><\/figure>\n\n\n    <div class=\"social-links\">\n            <a href=\"https:\/\/www.instagram.com\/lestradeditorino\/\" target=\"_blank\" title=\"Instagram\"><i class=\"icon-instagram\"><\/i><\/a>            <a href=\"https:\/\/www.facebook.com\/lestradeditorino\" target=\"_blank\" title=\"Facebook\"><i class=\"icon-facebook\"><\/i><\/a>                <\/div><\/div>\n\n\n\n<div class=\"wp-block-column is-vertically-aligned-center hp-guida-text is-layout-flow wp-block-column-is-layout-flow\" style=\"padding-top:80px;padding-bottom:150px\">\n<div class=\"wp-block-group is-layout-flow wp-block-group-is-layout-flow\">\n<h2 class=\"wp-block-heading\" style=\"font-size:70px;line-height:.9;text-transform:uppercase\"><mark style=\"background-color:rgba(0, 0, 0, 0)\" class=\"has-inline-color has-giallo-color\">Identikit<\/mark><\/h2>\n\n\n\n<div class=\"wp-block-group is-layout-flow wp-block-group-is-layout-flow\" style=\"padding-top:10px;padding-bottom:35px\">\n<p class=\"has-size-22-font-size\" style=\"font-style:normal;font-weight:600\"><mark style=\"background-color:rgba(0, 0, 0, 0)\" class=\"has-inline-color has-giallo-color\">Nom:<\/mark> Filippo Racanella<mark style=\"background-color:rgba(0, 0, 0, 0)\" class=\"has-inline-color has-giallo-color\"><\/mark> per Le Strade di Torino<\/p>\n\n\n\n<p class=\"has-size-22-font-size\" style=\"font-style:normal;font-weight:600\"><mark style=\"background-color:rgba(0, 0, 0, 0)\" class=\"has-inline-color has-giallo-color\"><mark style=\"background-color:rgba(0, 0, 0, 0)\" class=\"has-inline-color has-giallo-color\">R\u00e9gion d\u2019origine<\/mark>:<\/mark> Torino<\/p>\n\n\n\n<p class=\"has-size-22-font-size\" style=\"font-style:normal;font-weight:600\"><mark style=\"background-color:rgba(0, 0, 0, 0)\" class=\"has-inline-color has-giallo-color\"><mark style=\"background-color:rgba(0, 0, 0, 0)\" class=\"has-inline-color has-giallo-color\"><mark style=\"background-color:rgba(0, 0, 0, 0)\" class=\"has-inline-color has-giallo-color\">Int\u00e9r\u00eats<\/mark><\/mark>:<\/mark> Gastronomie et culture<\/p>\n\n\n\n<p class=\"has-size-22-font-size\" style=\"font-style:normal;font-weight:600\"><mark style=\"background-color:rgba(0, 0, 0, 0)\" class=\"has-inline-color has-giallo-color\">Site Web:<\/mark> <a href=\"https:\/\/le-strade.com\/torino\/\">le-strade.com\/torino<\/a><\/p>\n<\/div>\n<\/div>\n\n\n\n<div class=\"wp-block-group is-layout-flow wp-block-group-is-layout-flow\">\n<p style=\"font-size:20px\">Filippo, grand amateur de destinations hors des sentiers battus, collabore avec \u201cLe strade di Torino\u201d, blog d\u2019explorateurs urbains o\u00f9 les Turinois partagent des conseils avec tous ceux qui aiment leur ville.<\/p>\n<\/div>\n<\/div>\n<\/div>\n<\/div><\/div>\n\n\n\n<div class=\"wp-block-getwid-tabs__nav-link\"><span class=\"wp-block-getwid-tabs__title-wrapper\"><a href=\"#\"><span class=\"wp-block-getwid-tabs__title\">tacchi e pentole<\/span><\/a><\/span><\/div><div class=\"wp-block-getwid-tabs__tab-content-wrapper\"><div class=\"wp-block-getwid-tabs__tab-content\">\n<div class=\"wp-block-columns are-vertically-aligned-center is-layout-flex wp-container-core-columns-is-layout-bb63363c wp-block-columns-is-layout-flex\">\n<div class=\"wp-block-column is-vertically-aligned-center is-layout-flow wp-block-column-is-layout-flow\">\n<figure class=\"wp-block-image size-full is-style-border-big\"><img loading=\"lazy\" decoding=\"async\" width=\"1200\" height=\"1200\" src=\"https:\/\/visitvalsesiavercelli.it\/wp-content\/uploads\/2022\/09\/luisa-ambrosini.jpg\" alt=\"\" class=\"wp-image-4614\" srcset=\"https:\/\/visitvalsesiavercelli.it\/wp-content\/uploads\/2022\/09\/luisa-ambrosini.jpg 1200w, https:\/\/visitvalsesiavercelli.it\/wp-content\/uploads\/2022\/09\/luisa-ambrosini-150x150.jpg 150w, https:\/\/visitvalsesiavercelli.it\/wp-content\/uploads\/2022\/09\/luisa-ambrosini-1000x1000.jpg 1000w\" sizes=\"auto, (max-width: 1200px) 100vw, 1200px\" \/><\/figure>\n\n\n    <div class=\"social-links\">\n            <a href=\"https:\/\/www.instagram.com\/luisa_ambrosini\/\" target=\"_blank\" title=\"Instagram\"><i class=\"icon-instagram\"><\/i><\/a>            <a href=\"https:\/\/www.facebook.com\/tacchiepentole\" target=\"_blank\" title=\"Facebook\"><i class=\"icon-facebook\"><\/i><\/a>                <\/div><\/div>\n\n\n\n<div class=\"wp-block-column is-vertically-aligned-center hp-guida-text is-layout-flow wp-block-column-is-layout-flow\" style=\"padding-top:80px;padding-bottom:150px\">\n<div class=\"wp-block-group is-layout-flow wp-block-group-is-layout-flow\">\n<h2 class=\"wp-block-heading\" style=\"font-size:70px;line-height:.9;text-transform:uppercase\"><mark style=\"background-color:rgba(0, 0, 0, 0)\" class=\"has-inline-color has-giallo-color\">Identikit<\/mark><\/h2>\n\n\n\n<div class=\"wp-block-group is-layout-flow wp-block-group-is-layout-flow\" style=\"padding-top:10px;padding-bottom:35px\">\n<p class=\"has-size-22-font-size\" style=\"font-style:normal;font-weight:600\"><mark style=\"background-color:rgba(0, 0, 0, 0)\" class=\"has-inline-color has-giallo-color\">Nom:<\/mark> Luisa Ambrosini &#8211; Tacchi e Pentole<\/p>\n\n\n\n<p class=\"has-size-22-font-size\" style=\"font-style:normal;font-weight:600\"><mark style=\"background-color:rgba(0, 0, 0, 0)\" class=\"has-inline-color has-giallo-color\"><mark style=\"background-color:rgba(0, 0, 0, 0)\" class=\"has-inline-color has-giallo-color\">R\u00e9gion d\u2019origine<\/mark>:<\/mark> Lombardie<\/p>\n\n\n\n<p class=\"has-size-22-font-size\" style=\"font-style:normal;font-weight:600\"><mark style=\"background-color:rgba(0, 0, 0, 0)\" class=\"has-inline-color has-giallo-color\"><mark style=\"background-color:rgba(0, 0, 0, 0)\" class=\"has-inline-color has-giallo-color\"><mark style=\"background-color:rgba(0, 0, 0, 0)\" class=\"has-inline-color has-giallo-color\"><mark style=\"background-color:rgba(0, 0, 0, 0)\" class=\"has-inline-color has-giallo-color\">Int\u00e9r\u00eats<\/mark><\/mark><\/mark>:<\/mark> Gastronomie et culture<\/p>\n\n\n\n<p class=\"has-size-22-font-size\" style=\"font-style:normal;font-weight:600\"><mark style=\"background-color:rgba(0, 0, 0, 0)\" class=\"has-inline-color has-giallo-color\"><mark style=\"background-color:rgba(0, 0, 0, 0)\" class=\"has-inline-color has-giallo-color\">Site Web:<\/mark> <\/mark><a href=\"https:\/\/www.tacchiepentole.com\/\">www.tacchiepentole.com<\/a><\/p>\n<\/div>\n<\/div>\n\n\n\n<div class=\"wp-block-group is-layout-flow wp-block-group-is-layout-flow\">\n<p style=\"font-size:20px\">Elle a fait des \u00e9tudes d\u2019\u00e9conomie mais a toujours \u00e9t\u00e9 passionn\u00e9e par la mode et la cuisine. Son blog, \u201cTacchi e Pentole\u201d, traite avec passion de cuisine et de voyages.  <\/p>\n<\/div>\n<\/div>\n<\/div>\n<\/div><\/div>\n\n\n\n<div class=\"wp-block-getwid-tabs__nav-link\"><span class=\"wp-block-getwid-tabs__title-wrapper\"><a href=\"#\"><span class=\"wp-block-getwid-tabs__title\">eccellenza italiana<\/span><\/a><\/span><\/div><div class=\"wp-block-getwid-tabs__tab-content-wrapper\"><div class=\"wp-block-getwid-tabs__tab-content\">\n<div class=\"wp-block-columns are-vertically-aligned-center is-layout-flex wp-container-core-columns-is-layout-bb63363c wp-block-columns-is-layout-flex\">\n<div class=\"wp-block-column is-vertically-aligned-center is-layout-flow wp-block-column-is-layout-flow\">\n<figure class=\"wp-block-image size-full is-style-border-big\"><img loading=\"lazy\" decoding=\"async\" width=\"224\" height=\"224\" src=\"https:\/\/visitvalsesiavercelli.it\/wp-content\/uploads\/2022\/09\/eccellenza-italiana.jpg\" alt=\"\" class=\"wp-image-4628\" srcset=\"https:\/\/visitvalsesiavercelli.it\/wp-content\/uploads\/2022\/09\/eccellenza-italiana.jpg 224w, https:\/\/visitvalsesiavercelli.it\/wp-content\/uploads\/2022\/09\/eccellenza-italiana-150x150.jpg 150w\" sizes=\"auto, (max-width: 224px) 100vw, 224px\" \/><\/figure>\n\n\n    <div class=\"social-links\">\n            <a href=\"https:\/\/www.instagram.com\/eccellenzaitaliana\/\" target=\"_blank\" title=\"Instagram\"><i class=\"icon-instagram\"><\/i><\/a>            <a href=\"https:\/\/www.facebook.com\/EccellenzaItalianaEI\" target=\"_blank\" title=\"Facebook\"><i class=\"icon-facebook\"><\/i><\/a>                <\/div><\/div>\n\n\n\n<div class=\"wp-block-column is-vertically-aligned-center hp-guida-text is-layout-flow wp-block-column-is-layout-flow\" style=\"padding-top:80px;padding-bottom:150px\">\n<div class=\"wp-block-group is-layout-flow wp-block-group-is-layout-flow\">\n<h2 class=\"wp-block-heading\" style=\"font-size:70px;line-height:.9;text-transform:uppercase\"><br><mark style=\"background-color:rgba(0, 0, 0, 0)\" class=\"has-inline-color has-giallo-color\">Identikit<\/mark><\/h2>\n\n\n\n<div class=\"wp-block-group is-layout-flow wp-block-group-is-layout-flow\" style=\"padding-top:10px;padding-bottom:35px\">\n<p class=\"has-size-22-font-size\" style=\"font-style:normal;font-weight:600\"><mark style=\"background-color:rgba(0, 0, 0, 0)\" class=\"has-inline-color has-giallo-color\">Nom:<\/mark> Carolina Isella<mark style=\"background-color:rgba(0, 0, 0, 0)\" class=\"has-inline-color has-giallo-color\"><\/mark> per Eccellenza Italiana<\/p>\n\n\n\n<p class=\"has-size-22-font-size\" style=\"font-style:normal;font-weight:600\"><mark style=\"background-color:rgba(0, 0, 0, 0)\" class=\"has-inline-color has-giallo-color\"><mark style=\"background-color:rgba(0, 0, 0, 0)\" class=\"has-inline-color has-giallo-color\"><mark style=\"background-color:rgba(0, 0, 0, 0)\" class=\"has-inline-color has-giallo-color\">R\u00e9gion d\u2019origine<\/mark><\/mark><\/mark>: Lombardie<\/p>\n\n\n\n<p class=\"has-size-22-font-size\" style=\"font-style:normal;font-weight:600\"><mark style=\"background-color:rgba(0, 0, 0, 0)\" class=\"has-inline-color has-giallo-color\"><mark style=\"background-color:rgba(0, 0, 0, 0)\" class=\"has-inline-color has-giallo-color\"><mark style=\"background-color:rgba(0, 0, 0, 0)\" class=\"has-inline-color has-giallo-color\"><mark style=\"background-color:rgba(0, 0, 0, 0)\" class=\"has-inline-color has-giallo-color\">Int\u00e9r\u00eats<\/mark><\/mark><\/mark>:<\/mark> Gastronomie et culture<\/p>\n\n\n\n<p class=\"has-size-22-font-size\" style=\"font-style:normal;font-weight:600\"><mark style=\"background-color:rgba(0, 0, 0, 0)\" class=\"has-inline-color has-giallo-color\"><mark style=\"background-color:rgba(0, 0, 0, 0)\" class=\"has-inline-color has-giallo-color\">Site Web:<\/mark> <\/mark><a href=\"https:\/\/eccellenza-italiana.com\/\">www.eccellenza-italiana.com<\/a><\/p>\n<\/div>\n<\/div>\n\n\n\n<div class=\"wp-block-group is-layout-flow wp-block-group-is-layout-flow\">\n<p style=\"font-size:20px\">Carolina est une passionn\u00e9e qui collabore avec \u201cEccellenza Italiana\u201d, une communaut\u00e9 qui souhaite promouvoir l&rsquo;Italie dans le monde num\u00e9rique par une communication simple et innovante.<\/p>\n<\/div>\n<\/div>\n<\/div>\n<\/div><\/div>\n\n\n\n<div class=\"wp-block-getwid-tabs__nav-link\"><span class=\"wp-block-getwid-tabs__title-wrapper\"><a href=\"#\"><span class=\"wp-block-getwid-tabs__title\">pietro ienca<\/span><\/a><\/span><\/div><div class=\"wp-block-getwid-tabs__tab-content-wrapper\"><div class=\"wp-block-getwid-tabs__tab-content\">\n<div class=\"wp-block-columns are-vertically-aligned-center is-layout-flex wp-container-core-columns-is-layout-bb63363c wp-block-columns-is-layout-flex\">\n<div class=\"wp-block-column is-vertically-aligned-center is-layout-flow wp-block-column-is-layout-flow\">\n<figure class=\"wp-block-image size-full is-style-border-big\"><img loading=\"lazy\" decoding=\"async\" width=\"400\" height=\"400\" src=\"https:\/\/visitvalsesiavercelli.it\/wp-content\/uploads\/2022\/09\/pietro.jpg\" alt=\"\" class=\"wp-image-4618\" srcset=\"https:\/\/visitvalsesiavercelli.it\/wp-content\/uploads\/2022\/09\/pietro.jpg 400w, https:\/\/visitvalsesiavercelli.it\/wp-content\/uploads\/2022\/09\/pietro-150x150.jpg 150w\" sizes=\"auto, (max-width: 400px) 100vw, 400px\" \/><\/figure>\n\n\n    <div class=\"social-links\">\n            <a href=\"https:\/\/www.instagram.com\/pietroienca\/\" target=\"_blank\" title=\"Instagram\"><i class=\"icon-instagram\"><\/i><\/a>            <a href=\"https:\/\/www.facebook.com\/pietro.iencagazzolo\" target=\"_blank\" title=\"Facebook\"><i class=\"icon-facebook\"><\/i><\/a>                <\/div><\/div>\n\n\n\n<div class=\"wp-block-column is-vertically-aligned-center hp-guida-text is-layout-flow wp-block-column-is-layout-flow\" style=\"padding-top:80px;padding-bottom:150px\">\n<div class=\"wp-block-group is-layout-flow wp-block-group-is-layout-flow\">\n<h2 class=\"wp-block-heading\" style=\"font-size:70px;line-height:.9;text-transform:uppercase\"><br><mark style=\"background-color:rgba(0, 0, 0, 0)\" class=\"has-inline-color has-giallo-color\">Identikit<\/mark><\/h2>\n\n\n\n<div class=\"wp-block-group is-layout-flow wp-block-group-is-layout-flow\" style=\"padding-top:10px;padding-bottom:35px\">\n<p class=\"has-size-22-font-size\" style=\"font-style:normal;font-weight:600\"><mark style=\"background-color:rgba(0, 0, 0, 0)\" class=\"has-inline-color has-giallo-color\">Nom:<\/mark> Pietro Ienca<mark style=\"background-color:rgba(0, 0, 0, 0)\" class=\"has-inline-color has-giallo-color\"><\/mark><\/p>\n\n\n\n<p class=\"has-size-22-font-size\" style=\"font-style:normal;font-weight:600\"><mark style=\"background-color:rgba(0, 0, 0, 0)\" class=\"has-inline-color has-giallo-color\">Community:<\/mark> Trip in your shoes<\/p>\n\n\n\n<p class=\"has-size-22-font-size\" style=\"font-style:normal;font-weight:600\"><mark style=\"background-color:rgba(0, 0, 0, 0)\" class=\"has-inline-color has-giallo-color\"><mark style=\"background-color:rgba(0, 0, 0, 0)\" class=\"has-inline-color has-giallo-color\"><mark style=\"background-color:rgba(0, 0, 0, 0)\" class=\"has-inline-color has-giallo-color\"><mark style=\"background-color:rgba(0, 0, 0, 0)\" class=\"has-inline-color has-giallo-color\"><mark style=\"background-color:rgba(0, 0, 0, 0)\" class=\"has-inline-color has-giallo-color\">Int\u00e9r\u00eats<\/mark><\/mark><\/mark><\/mark>:<\/mark> Plein air<\/p>\n<\/div>\n<\/div>\n\n\n\n<div class=\"wp-block-group is-layout-flow wp-block-group-is-layout-flow\">\n<p style=\"font-size:20px\">Pietro est cofondateur de \u201cTrip in your shoes\u201d, un portail qui promeut le tourisme responsable aupr\u00e8s d&rsquo;une communaut\u00e9 de plus de 28&nbsp;000&nbsp;abonn\u00e9s. Pietro souligne l&rsquo;importance qu\u2019il y a \u00e0 d\u00e9couvrir les territoires lentement, \u00e9tape par \u00e9tape. Le voyage \u00e0 pied permet de d\u00e9couvrir pleinement l&rsquo;espace et d&rsquo;entrer en relation avec les cultures et les traditions locales.<\/p>\n<\/div>\n<\/div>\n<\/div>\n<\/div><\/div>\n\n\n\n<div class=\"wp-block-getwid-tabs__nav-link\"><span class=\"wp-block-getwid-tabs__title-wrapper\"><a href=\"#\"><span class=\"wp-block-getwid-tabs__title\">luigi chiurchi<\/span><\/a><\/span><\/div><div class=\"wp-block-getwid-tabs__tab-content-wrapper\"><div class=\"wp-block-getwid-tabs__tab-content\">\n<div class=\"wp-block-columns are-vertically-aligned-center is-layout-flex wp-container-core-columns-is-layout-bb63363c wp-block-columns-is-layout-flex\">\n<div class=\"wp-block-column is-vertically-aligned-center is-layout-flow wp-block-column-is-layout-flow\">\n<figure class=\"wp-block-image size-full is-style-border-big\"><img loading=\"lazy\" decoding=\"async\" width=\"225\" height=\"225\" src=\"https:\/\/visitvalsesiavercelli.it\/wp-content\/uploads\/2022\/09\/luigi.jpg\" alt=\"\" class=\"wp-image-4622\" srcset=\"https:\/\/visitvalsesiavercelli.it\/wp-content\/uploads\/2022\/09\/luigi.jpg 225w, https:\/\/visitvalsesiavercelli.it\/wp-content\/uploads\/2022\/09\/luigi-150x150.jpg 150w\" sizes=\"auto, (max-width: 225px) 100vw, 225px\" \/><\/figure>\n\n\n    <div class=\"social-links\">\n            <a href=\"https:\/\/www.instagram.com\/luigichiurchi\/\" target=\"_blank\" title=\"Instagram\"><i class=\"icon-instagram\"><\/i><\/a>            <a href=\"https:\/\/www.facebook.com\/luigi.chiurchi\" target=\"_blank\" title=\"Facebook\"><i class=\"icon-facebook\"><\/i><\/a>                <\/div><\/div>\n\n\n\n<div class=\"wp-block-column is-vertically-aligned-center hp-guida-text is-layout-flow wp-block-column-is-layout-flow\" style=\"padding-top:80px;padding-bottom:150px\">\n<div class=\"wp-block-group is-layout-flow wp-block-group-is-layout-flow\">\n<h2 class=\"wp-block-heading\" style=\"font-size:70px;line-height:.9;text-transform:uppercase\"><br><mark style=\"background-color:rgba(0, 0, 0, 0)\" class=\"has-inline-color has-giallo-color\">Identikit<\/mark><\/h2>\n\n\n\n<div class=\"wp-block-group is-layout-flow wp-block-group-is-layout-flow\" style=\"padding-top:10px;padding-bottom:35px\">\n<p class=\"has-size-22-font-size\" style=\"font-style:normal;font-weight:600\"><mark style=\"background-color:rgba(0, 0, 0, 0)\" class=\"has-inline-color has-giallo-color\">Nom:<\/mark> Luigi Chiurchi<\/p>\n\n\n\n<p class=\"has-size-22-font-size\" style=\"font-style:normal;font-weight:600\"><mark style=\"background-color:rgba(0, 0, 0, 0)\" class=\"has-inline-color has-giallo-color\">Community:<\/mark> Trip in your Shoes<\/p>\n\n\n\n<p class=\"has-size-22-font-size\" style=\"font-style:normal;font-weight:600\"><mark style=\"background-color:rgba(0, 0, 0, 0)\" class=\"has-inline-color has-giallo-color\"><mark style=\"background-color:rgba(0, 0, 0, 0)\" class=\"has-inline-color has-giallo-color\"><mark style=\"background-color:rgba(0, 0, 0, 0)\" class=\"has-inline-color has-giallo-color\"><mark style=\"background-color:rgba(0, 0, 0, 0)\" class=\"has-inline-color has-giallo-color\"><mark style=\"background-color:rgba(0, 0, 0, 0)\" class=\"has-inline-color has-giallo-color\">Int\u00e9r\u00eats<\/mark><\/mark><\/mark><\/mark>:<\/mark> Plein air<\/p>\n<\/div>\n<\/div>\n\n\n\n<div class=\"wp-block-group is-layout-flow wp-block-group-is-layout-flow\">\n<p style=\"font-size:20px\">Luigi est cofondateur de \u201cTrip in your shoes\u201d, un portail qui promeut le tourisme responsable aupr\u00e8s d&rsquo;une communaut\u00e9 de plus de 28&nbsp;000&nbsp;abonn\u00e9s.&nbsp;<\/p>\n<\/div>\n<\/div>\n<\/div>\n<\/div><\/div>\n\n\n\n<div class=\"wp-block-getwid-tabs__nav-link\"><span class=\"wp-block-getwid-tabs__title-wrapper\"><a href=\"#\"><span class=\"wp-block-getwid-tabs__title\">trip in your shoes<\/span><\/a><\/span><\/div><div class=\"wp-block-getwid-tabs__tab-content-wrapper\"><div class=\"wp-block-getwid-tabs__tab-content\">\n<div class=\"wp-block-columns are-vertically-aligned-center is-layout-flex wp-container-core-columns-is-layout-bb63363c wp-block-columns-is-layout-flex\">\n<div class=\"wp-block-column is-vertically-aligned-center is-layout-flow wp-block-column-is-layout-flow\">\n<figure class=\"wp-block-image size-full is-style-border-big\"><img loading=\"lazy\" decoding=\"async\" width=\"181\" height=\"183\" src=\"https:\/\/visitvalsesiavercelli.it\/wp-content\/uploads\/2022\/09\/trip.png\" alt=\"\" class=\"wp-image-4620\"\/><\/figure>\n\n\n    <div class=\"social-links\">\n            <a href=\"https:\/\/www.instagram.com\/tripinyourshoes\/\" target=\"_blank\" title=\"Instagram\"><i class=\"icon-instagram\"><\/i><\/a>            <a href=\"https:\/\/www.facebook.com\/tripinyourshoes\" target=\"_blank\" title=\"Facebook\"><i class=\"icon-facebook\"><\/i><\/a>                <\/div><\/div>\n\n\n\n<div class=\"wp-block-column is-vertically-aligned-center hp-guida-text is-layout-flow wp-block-column-is-layout-flow\" style=\"padding-top:80px;padding-bottom:150px\">\n<div class=\"wp-block-group is-layout-flow wp-block-group-is-layout-flow\">\n<h2 class=\"wp-block-heading\" style=\"font-size:70px;line-height:.9;text-transform:uppercase\"><br><mark style=\"background-color:rgba(0, 0, 0, 0)\" class=\"has-inline-color has-giallo-color\">Identikit<\/mark><\/h2>\n\n\n\n<div class=\"wp-block-group is-layout-flow wp-block-group-is-layout-flow\" style=\"padding-top:10px;padding-bottom:35px\">\n<p class=\"has-size-22-font-size\" style=\"font-style:normal;font-weight:600\"><mark style=\"background-color:rgba(0, 0, 0, 0)\" class=\"has-inline-color has-giallo-color\">Nom:<\/mark> Martina Bianchi<mark style=\"background-color:rgba(0, 0, 0, 0)\" class=\"has-inline-color has-giallo-color\"><\/mark> per Trip in your shoes<\/p>\n\n\n\n<p class=\"has-size-22-font-size\" style=\"font-style:normal;font-weight:600\"><mark style=\"background-color:rgba(0, 0, 0, 0)\" class=\"has-inline-color has-giallo-color\"><mark style=\"background-color:rgba(0, 0, 0, 0)\" class=\"has-inline-color has-giallo-color\">R\u00e9gion d\u2019origine:<\/mark><\/mark> Genova<\/p>\n\n\n\n<p class=\"has-size-22-font-size\" style=\"font-style:normal;font-weight:600\"><mark style=\"background-color:rgba(0, 0, 0, 0)\" class=\"has-inline-color has-giallo-color\"><mark style=\"background-color:rgba(0, 0, 0, 0)\" class=\"has-inline-color has-giallo-color\"><mark style=\"background-color:rgba(0, 0, 0, 0)\" class=\"has-inline-color has-giallo-color\"><mark style=\"background-color:rgba(0, 0, 0, 0)\" class=\"has-inline-color has-giallo-color\"><mark style=\"background-color:rgba(0, 0, 0, 0)\" class=\"has-inline-color has-giallo-color\">Int\u00e9r\u00eats<\/mark><\/mark><\/mark>:<\/mark><\/mark> Gastronomie et culture<\/p>\n\n\n\n<p class=\"has-size-22-font-size\" style=\"font-style:normal;font-weight:600\"><mark style=\"background-color:rgba(0, 0, 0, 0)\" class=\"has-inline-color has-giallo-color\">Site Web:<\/mark> <a href=\"https:\/\/www.tripinyourshoes.com\/it\/home-2\/\">www.tripinyourshoes.com\/it<\/a><\/p>\n<\/div>\n<\/div>\n\n\n\n<div class=\"wp-block-group is-layout-flow wp-block-group-is-layout-flow\">\n<p style=\"font-size:20px\">Martina, n\u00e9e \u00e0 G\u00eanes, a toujours \u00e9t\u00e9 une grande amoureuse de la nature. Elle a rejoint l&rsquo;\u00e9quipe de \u201cTrip in your shoes\u201d il y a quelques ann\u00e9es en tant que social media manager.<\/p>\n<\/div>\n<\/div>\n<\/div>\n<\/div><\/div>\n\n\n\n<div class=\"wp-block-getwid-tabs__nav-link\"><span class=\"wp-block-getwid-tabs__title-wrapper\"><a href=\"#\"><span class=\"wp-block-getwid-tabs__title\">omar ultra adventure<\/span><\/a><\/span><\/div><div class=\"wp-block-getwid-tabs__tab-content-wrapper\"><div class=\"wp-block-getwid-tabs__tab-content\">\n<div class=\"wp-block-columns are-vertically-aligned-center is-layout-flex wp-container-core-columns-is-layout-bb63363c wp-block-columns-is-layout-flex\">\n<div class=\"wp-block-column is-vertically-aligned-center is-layout-flow wp-block-column-is-layout-flow\">\n<figure class=\"wp-block-image size-full is-style-border-big\"><img loading=\"lazy\" decoding=\"async\" width=\"1600\" height=\"1600\" src=\"https:\/\/visitvalsesiavercelli.it\/wp-content\/uploads\/2022\/11\/omar-1.jpg\" alt=\"\" class=\"wp-image-5123\" srcset=\"https:\/\/visitvalsesiavercelli.it\/wp-content\/uploads\/2022\/11\/omar-1.jpg 1600w, https:\/\/visitvalsesiavercelli.it\/wp-content\/uploads\/2022\/11\/omar-1-150x150.jpg 150w, https:\/\/visitvalsesiavercelli.it\/wp-content\/uploads\/2022\/11\/omar-1-1000x1000.jpg 1000w, https:\/\/visitvalsesiavercelli.it\/wp-content\/uploads\/2022\/11\/omar-1-1500x1500.jpg 1500w\" sizes=\"auto, (max-width: 1600px) 100vw, 1600px\" \/><\/figure>\n\n\n    <div class=\"social-links\">\n            <a href=\"https:\/\/www.instagram.com\/omarultradventure\/\" target=\"_blank\" title=\"Instagram\"><i class=\"icon-instagram\"><\/i><\/a>            <a href=\"https:\/\/www.facebook.com\/OmarMohamedAliAdventurerUltraRunner\" target=\"_blank\" title=\"Facebook\"><i class=\"icon-facebook\"><\/i><\/a>                <\/div><\/div>\n\n\n\n<div class=\"wp-block-column is-vertically-aligned-center hp-guida-text is-layout-flow wp-block-column-is-layout-flow\" style=\"padding-top:80px;padding-bottom:150px\">\n<div class=\"wp-block-group is-layout-flow wp-block-group-is-layout-flow\">\n<h2 class=\"wp-block-heading\" style=\"font-size:70px;line-height:.9;text-transform:uppercase\"><mark style=\"background-color:rgba(0, 0, 0, 0)\" class=\"has-inline-color has-giallo-color\">Identikit<\/mark><\/h2>\n\n\n\n<div class=\"wp-block-group is-layout-flow wp-block-group-is-layout-flow\" style=\"padding-top:10px;padding-bottom:35px\">\n<p class=\"has-size-22-font-size\" style=\"font-style:normal;font-weight:600\"><mark style=\"background-color:rgba(0, 0, 0, 0)\" class=\"has-inline-color has-giallo-color\">Nom:<\/mark> Omar Mohamed Al\u00ec<mark style=\"background-color:rgba(0, 0, 0, 0)\" class=\"has-inline-color has-giallo-color\"><\/mark><\/p>\n\n\n\n<p class=\"has-size-22-font-size\" style=\"font-style:normal;font-weight:600\"><mark style=\"background-color:rgba(0, 0, 0, 0)\" class=\"has-inline-color has-giallo-color\">R\u00e9gion d\u2019origine:<\/mark> Napoli<\/p>\n\n\n\n<p class=\"has-size-22-font-size\" style=\"font-style:normal;font-weight:600\"><mark style=\"background-color:rgba(0, 0, 0, 0)\" class=\"has-inline-color has-giallo-color\"><mark style=\"background-color:rgba(0, 0, 0, 0)\" class=\"has-inline-color has-giallo-color\"><mark style=\"background-color:rgba(0, 0, 0, 0)\" class=\"has-inline-color has-giallo-color\"><mark style=\"background-color:rgba(0, 0, 0, 0)\" class=\"has-inline-color has-giallo-color\"><mark style=\"background-color:rgba(0, 0, 0, 0)\" class=\"has-inline-color has-giallo-color\">Int\u00e9r\u00eats<\/mark><\/mark><\/mark><\/mark>:<\/mark> Plein air<\/p>\n\n\n\n<p class=\"has-size-22-font-size\" style=\"font-style:normal;font-weight:600\"><mark style=\"background-color:rgba(0, 0, 0, 0)\" class=\"has-inline-color has-giallo-color\">Site Web:<\/mark> <a href=\"https:\/\/omarultradventure.com\/\">omarultradventure.com<\/a><\/p>\n<\/div>\n<\/div>\n\n\n\n<div class=\"wp-block-group is-layout-flow wp-block-group-is-layout-flow\">\n<p style=\"font-size:20px\">Coureur, coach, entra\u00eeneur personnel, randonneur exp\u00e9riment\u00e9 et guide nature. Amoureux de toutes les activit\u00e9s de plein air, Omar vit ses voyages avec une incroyable passion pour la nature et ses merveilles.<\/p>\n<\/div>\n<\/div>\n<\/div>\n<\/div><\/div>\n\n\n\n<div class=\"wp-block-getwid-tabs__nav-link\"><span class=\"wp-block-getwid-tabs__title-wrapper\"><a href=\"#\"><span class=\"wp-block-getwid-tabs__title\">my best place<\/span><\/a><\/span><\/div><div class=\"wp-block-getwid-tabs__tab-content-wrapper\"><div class=\"wp-block-getwid-tabs__tab-content\">\n<div class=\"wp-block-columns are-vertically-aligned-center is-layout-flex wp-container-core-columns-is-layout-bb63363c wp-block-columns-is-layout-flex\">\n<div class=\"wp-block-column is-vertically-aligned-center is-layout-flow wp-block-column-is-layout-flow\">\n<figure class=\"wp-block-image size-full is-style-border-big\"><img loading=\"lazy\" decoding=\"async\" width=\"680\" height=\"680\" src=\"https:\/\/visitvalsesiavercelli.it\/wp-content\/uploads\/2022\/11\/best.png\" alt=\"\" class=\"wp-image-5119\" srcset=\"https:\/\/visitvalsesiavercelli.it\/wp-content\/uploads\/2022\/11\/best.png 680w, https:\/\/visitvalsesiavercelli.it\/wp-content\/uploads\/2022\/11\/best-150x150.png 150w\" sizes=\"auto, (max-width: 680px) 100vw, 680px\" \/><\/figure>\n\n\n    <div class=\"social-links\">\n            <a href=\"https:\/\/www.instagram.com\/mybestplace\/\" target=\"_blank\" title=\"Instagram\"><i class=\"icon-instagram\"><\/i><\/a>            <a href=\"https:\/\/www.facebook.com\/MyBestPlace.MBP\" target=\"_blank\" title=\"Facebook\"><i class=\"icon-facebook\"><\/i><\/a>                <\/div><\/div>\n\n\n\n<div class=\"wp-block-column is-vertically-aligned-center hp-guida-text is-layout-flow wp-block-column-is-layout-flow\" style=\"padding-top:80px;padding-bottom:150px\">\n<div class=\"wp-block-group is-layout-flow wp-block-group-is-layout-flow\">\n<h2 class=\"wp-block-heading\" style=\"font-size:70px;line-height:.9;text-transform:uppercase\"><mark style=\"background-color:rgba(0, 0, 0, 0)\" class=\"has-inline-color has-giallo-color\">Identikit<\/mark><\/h2>\n\n\n\n<div class=\"wp-block-group is-layout-flow wp-block-group-is-layout-flow\" style=\"padding-top:10px;padding-bottom:35px\">\n<p class=\"has-size-22-font-size\"><strong><mark style=\"background-color:rgba(0, 0, 0, 0)\" class=\"has-inline-color has-giallo-color\">Nom:<\/mark> My Best Place<\/strong><\/p>\n\n\n\n<p class=\"has-size-22-font-size\" style=\"font-style:normal;font-weight:600\"><mark style=\"background-color:rgba(0, 0, 0, 0)\" class=\"has-inline-color has-giallo-color\"><mark style=\"background-color:rgba(0, 0, 0, 0)\" class=\"has-inline-color has-giallo-color\"><mark style=\"background-color:rgba(0, 0, 0, 0)\" class=\"has-inline-color has-giallo-color\"><mark style=\"background-color:rgba(0, 0, 0, 0)\" class=\"has-inline-color has-giallo-color\"><mark style=\"background-color:rgba(0, 0, 0, 0)\" class=\"has-inline-color has-giallo-color\">Int\u00e9r\u00eats<\/mark><\/mark><\/mark><\/mark>:<\/mark> Voyages et destinations uniques<\/p>\n\n\n\n<p class=\"has-size-22-font-size\" style=\"font-style:normal;font-weight:600\"><mark style=\"background-color:rgba(0, 0, 0, 0)\" class=\"has-inline-color has-giallo-color\">Site Web:<\/mark> <a href=\"https:\/\/www.mybestplace.com\/it\">www.mybestplace.com\/it<\/a><\/p>\n<\/div>\n<\/div>\n\n\n\n<div class=\"wp-block-group is-layout-flow wp-block-group-is-layout-flow\">\n<p style=\"font-size:20px\">Le profil Mybestplace fait partie d&rsquo;un projet ambitieux qui se veut une vitrine pour la d\u00e9couverte de nouvelles et attractives destinations de voyage en Italie et dans le monde, pour la diffusion de contenus sur ces destinations et pour la cr\u00e9ation de textes.<\/p>\n<\/div>\n<\/div>\n<\/div>\n<\/div><\/div>\n<\/div>\n<\/div>\n<\/div>\n<\/div>\n","protected":false},"featured_media":7547,"template":"","class_list":["post-12753","influencer-projects","type-influencer-projects","status-publish","has-post-thumbnail","hentry"],"acf":[],"_links":{"self":[{"href":"https:\/\/visitvalsesiavercelli.it\/fr\/wp-json\/wp\/v2\/influencer-projects\/12753","targetHints":{"allow":["GET"]}}],"collection":[{"href":"https:\/\/visitvalsesiavercelli.it\/fr\/wp-json\/wp\/v2\/influencer-projects"}],"about":[{"href":"https:\/\/visitvalsesiavercelli.it\/fr\/wp-json\/wp\/v2\/types\/influencer-projects"}],"wp:featuredmedia":[{"embeddable":true,"href":"https:\/\/visitvalsesiavercelli.it\/fr\/wp-json\/wp\/v2\/media\/7547"}],"wp:attachment":[{"href":"https:\/\/visitvalsesiavercelli.it\/fr\/wp-json\/wp\/v2\/media?parent=12753"}],"curies":[{"name":"wp","href":"https:\/\/api.w.org\/{rel}","templated":true}]}}