{"id":13460,"date":"2022-11-16T17:49:05","date_gmt":"2022-11-16T16:49:05","guid":{"rendered":"https:\/\/visitvalsesiavercelli.it\/?post_type=itinerari&#038;p=13460"},"modified":"2026-03-29T11:41:04","modified_gmt":"2026-03-29T09:41:04","slug":"une-journee-a-vercelli","status":"publish","type":"itinerari","link":"https:\/\/visitvalsesiavercelli.it\/fr\/scopri\/itinerari\/une-journee-a-vercelli\/","title":{"rendered":"Une journ\u00e9e \u00e0 Vercelli"},"content":{"rendered":"\n<div class=\"wp-block-cover alignfull has-custom-content-position is-position-center-left hero\" style=\"min-height:650px;aspect-ratio:unset;\"><img loading=\"lazy\" decoding=\"async\" width=\"943\" height=\"626\" class=\"wp-block-cover__image-background wp-image-47699 size-full\" alt=\"\" src=\"https:\/\/visitvalsesiavercelli.it\/wp-content\/uploads\/2022\/11\/pzzacavout-1.png\" style=\"object-position:47% 29%\" data-object-fit=\"cover\" data-object-position=\"47% 29%\"\/><span aria-hidden=\"true\" class=\"wp-block-cover__background has-background-dim\" style=\"background-color:#6d6e7f\"><\/span><div class=\"wp-block-cover__inner-container is-layout-flow wp-block-cover-is-layout-flow\">\n<div class=\"wp-block-group is-layout-flow wp-block-group-is-layout-flow\"><h1 style=\"text-transform:uppercase;\" class=\"wp-block-post-title has-text-color has-bianco-color\">Une journ\u00e9e \u00e0 Vercelli<\/h1>\n\n    <div class=\"etichetta\">\n        <div>\n            Itin\u00e9raire Un jour \u00e0&#8230;        <\/div>\n    <\/div><\/div>\n<\/div><\/div>\n\n\n\n<div class=\"wp-block-group alignfull breadcrumbs is-layout-flow wp-block-group-is-layout-flow\">\n<div class=\"wp-block-group d-flex is-layout-flow wp-block-group-is-layout-flow\">\n<p><a href=\"https:\/\/visitvalsesiavercelli.it\/\" data-type=\"page\" data-id=\"2\">Home<\/a><\/p>\n\n\n\n<p>Scopri<\/p>\n\n\n\n<p>Itinerari<\/p>\n\n\n    \n\n<h6 class=\"wp-block-post-title has-text-color has-orange-color\">Une journ\u00e9e \u00e0 Vercelli<\/h6><\/div>\n<\/div>\n\n\n\n<div class=\"wp-block-group alignfull is-layout-flow wp-block-group-is-layout-flow\">\n<div class=\"wp-block-group intro-esperienze is-layout-flow wp-container-core-group-is-layout-49fcf5db wp-block-group-is-layout-flow\" style=\"padding-top:70px;padding-bottom:70px;padding-left:70px\">\n<h2 class=\"wp-block-heading has-text-align-center has-text-color\" style=\"color:#2d3429;text-transform:uppercase\">       UN VOYAGE \u00c0 TRAVERS L&rsquo;ART ET LA CULTURE DANs la <mark style=\"background-color:rgba(0, 0, 0, 0)\" class=\"has-inline-color has-giallo-color\">CAPITALE RIZICOLE D&rsquo;EUROPE<\/mark><\/h2>\n\n\n    <div class=\"keywords-esperienze\">\n        \n\n<p class=\"has-text-align-center\" style=\"font-size:24px;font-style:normal;font-weight:600\">Itin\u00e9raire d&rsquo;une journ\u00e9e \u00e0 la d\u00e9couverte de Vercelli, l&rsquo;une des villes les plus saisissantes du Pi\u00e9mont, riche de tr\u00e9sors et de chefs-d&rsquo;\u0153uvre artistiques, dans un paysage unique.<\/p>\n\n\n\n<div class=\"wp-block-buttons is-content-justification-center is-layout-flex wp-container-core-buttons-is-layout-a89b3969 wp-block-buttons-is-layout-flex\">\n<div class=\"wp-block-button\"><a class=\"wp-block-button__link wp-element-button\" href=\"https:\/\/visitvalsesiavercelli.it\/wp-content\/uploads\/2023\/03\/vercelli-FR.pdf\">T\u00e9l\u00e9charger le d\u00e9pliant de l&rsquo;itin\u00e9raire<\/a><\/div>\n<\/div>\n\n\n    <\/div><\/div>\n<\/div>\n\n\n\n<div class=\"wp-block-group alignfull has-bianco-color has-text-color has-background has-link-color wp-elements-76d83d1d7c7638e8872aba9a84b2ced3 is-layout-flow wp-block-group-is-layout-flow\" style=\"background-color:#3d4d34;padding-top:50px\">\n<div class=\"wp-block-group is-layout-constrained wp-container-core-group-is-layout-57345300 wp-block-group-is-layout-constrained\">\n<p class=\"has-giallo-color has-text-color has-size-22-font-size\" style=\"text-transform:uppercase\"><strong>ABBAYE DE<\/strong> <strong>Sant&rsquo;Andrea, ospedale maggiore et arca<\/strong><\/p>\n\n\n\n<p style=\"font-size:20px\">Votre visite de la ville ne peut que commencer par le symbole de Vercelli, l\u2019<strong><a href=\"https:\/\/visitvalsesiavercelli.it\/fr\/scopri\/punti-di-interesse\/abbaye-de-santandrea-vercelli\/\">abbaye de S. Andrea<\/a><\/strong>. Construite entre 1219 et 1227 \u00e0 la demande du cardinal Guala Bicchieri, c\u2019est un splendide exemple de fusion du style roman lombardo-\u00e9milien et de l&rsquo;architecture gothique transalpine. Elle abrite l&rsquo;une des plus belles salles capitulaires d&rsquo;Italie, ainsi qu&rsquo;un charmant clo\u00eetre rectangulaire avec des arcades encadr\u00e9es de terre cuite et des peintures du d\u00e9but du XVI<sup>e<\/sup> si\u00e8cle.<\/p>\n\n\n\n<p style=\"font-size:20px\">En face de l&rsquo;abbaye, le Salone Dugentesco, fond\u00e9 en 1224 par le cardinal lui-m\u00eame, constitue le plus vieux noyau de l&rsquo;ancien Ospedale Maggiore, construit pour accueillir les p\u00e8lerins voyageant sur la <strong><a href=\"https:\/\/visitvalsesiavercelli.it\/fr\/via-francigena\/\">Via Francigena<\/a><\/strong>. Ces derni\u00e8res ann\u00e9es, le quartier a subi une profonde transformation qui en a fait le nouveau p\u00f4le culturel de la ville, avec la pr\u00e9sence de l&rsquo;Universit\u00e0 del Piemonte Orientale et de biblioth\u00e8ques municipales.<\/p>\n\n\n\n<p style=\"font-size:20px\">Via Galileo Ferraris, le <a href=\"https:\/\/visitvalsesiavercelli.it\/fr\/vivi\/arte-e-cultura\/arca-centre-dexposition\/\"><strong>Centre d&rsquo;exposition &#8211; ARCA<\/strong>,<\/a> situ\u00e9 dans l&rsquo;\u00e9glise d\u00e9consacr\u00e9e San Marco, accueille des initiatives culturelles et des expositions de haut niveau, comme la collection Guggenheim et l&rsquo;exposition Magna Charta (2019). De l&rsquo;autre c\u00f4t\u00e9 de la place, l&rsquo;\u00e9glise San Bernardo est le si\u00e8ge du sanctuaire dioc\u00e9sain de Maria Salute degli Infermi, un important centre de d\u00e9votion.<\/p>\n\n\n\n<div class=\"wp-block-columns are-vertically-aligned-center gap-mobile is-layout-flex wp-container-core-columns-is-layout-82678f5f wp-block-columns-is-layout-flex\" style=\"padding-top:40px;padding-bottom:40px\">\n<div class=\"wp-block-column is-vertically-aligned-center is-layout-flow wp-block-column-is-layout-flow\">\n<figure class=\"wp-block-image size-full is-resized is-style-4-3\"><img loading=\"lazy\" decoding=\"async\" width=\"1920\" height=\"1282\" src=\"https:\/\/visitvalsesiavercelli.it\/wp-content\/uploads\/2022\/10\/Panoramica-Vercelli-SantAndrea.jpg\" alt=\"\" class=\"wp-image-3090\" style=\"width:513px;height:342px\" srcset=\"https:\/\/visitvalsesiavercelli.it\/wp-content\/uploads\/2022\/10\/Panoramica-Vercelli-SantAndrea.jpg 1920w, https:\/\/visitvalsesiavercelli.it\/wp-content\/uploads\/2022\/10\/Panoramica-Vercelli-SantAndrea-1000x668.jpg 1000w, https:\/\/visitvalsesiavercelli.it\/wp-content\/uploads\/2022\/10\/Panoramica-Vercelli-SantAndrea-1500x1002.jpg 1500w\" sizes=\"auto, (max-width: 1920px) 100vw, 1920px\" \/><figcaption class=\"wp-element-caption\"><strong><mark style=\"background-color:rgba(0, 0, 0, 0)\" class=\"has-inline-color has-giallo-color\">Abbaye de Sant&rsquo;Andrea<\/mark><\/strong><\/figcaption><\/figure>\n<\/div>\n\n\n\n<div class=\"wp-block-column is-vertically-aligned-center is-layout-flow wp-block-column-is-layout-flow\">\n<figure class=\"wp-block-image size-full is-resized is-style-4-3\"><img loading=\"lazy\" decoding=\"async\" width=\"1920\" height=\"1282\" src=\"https:\/\/visitvalsesiavercelli.it\/wp-content\/uploads\/2022\/10\/DSC5662-1.jpg\" alt=\"\" class=\"wp-image-3092\" style=\"width:515px;height:343px\" srcset=\"https:\/\/visitvalsesiavercelli.it\/wp-content\/uploads\/2022\/10\/DSC5662-1.jpg 1920w, https:\/\/visitvalsesiavercelli.it\/wp-content\/uploads\/2022\/10\/DSC5662-1-1000x668.jpg 1000w, https:\/\/visitvalsesiavercelli.it\/wp-content\/uploads\/2022\/10\/DSC5662-1-1500x1002.jpg 1500w\" sizes=\"auto, (max-width: 1920px) 100vw, 1920px\" \/><figcaption class=\"wp-element-caption\"><strong><mark style=\"background-color:rgba(0, 0, 0, 0)\" class=\"has-inline-color has-giallo-color\">Centre d&rsquo;exposition Arca<\/mark><\/strong><\/figcaption><\/figure>\n<\/div>\n<\/div>\n<\/div>\n<\/div>\n\n\n\n<div class=\"wp-block-group alignfull has-nero-color has-bianco-background-color has-text-color has-background has-link-color wp-elements-889f7bf7811011fdeb0e098d89b2d1be is-layout-constrained wp-container-core-group-is-layout-72c0e5cf wp-block-group-is-layout-constrained\" style=\"padding-top:50px\">\n<div class=\"wp-block-group is-layout-constrained wp-container-core-group-is-layout-57345300 wp-block-group-is-layout-constrained\">\n<p class=\"has-size-22-font-size\" style=\"text-transform:uppercase\"><strong><strong><strong>San CRISTOFORO,  PIAZZA CAVOUR ET LE VIEUX Broletto<\/strong><\/strong><\/strong><\/p>\n\n\n\n<p style=\"font-size:20px\">Votre itin\u00e9raire se poursuit \u00e0 l<a href=\"https:\/\/visitvalsesiavercelli.it\/fr\/scopri\/punti-di-interesse\/san-cristoforo-vercelli\/\">\u2019<strong>\u00e9glise San Cristoforo<\/strong><\/a>, \u00e9galement connue sous le nom de \u00ab\u00a0<strong>chapelle Sixtine de Vercelli<\/strong>\u00ab\u00a0. \u00c9difi\u00e9e dans la premi\u00e8re moiti\u00e9 du XVI<sup>e<\/sup> si\u00e8cle, elle abrite de splendides chefs-d&rsquo;\u0153uvre de Gaudenzio Ferrari, dont le remarquable retable de la Madonna degli Aranci.<\/p>\n\n\n\n<p style=\"font-size:20px\">Vous arriverez ensuite <strong><a href=\"https:\/\/visitvalsesiavercelli.it\/fr\/scopri\/punti-di-interesse\/piazza-cavour-vercelli\/\">Piazza Cavour<\/a><\/strong>, autrefois connue sous le nom de Piazza Maggiore, situ\u00e9e au c\u0153ur du centre historique&nbsp;: la plus importante place de la ville est le lieu de rencontre de tous les habitants de Vercelli. Domin\u00e9e par l&rsquo;imposante <strong>Torre dell&rsquo;Angelo<\/strong>, elle se caract\u00e9rise par ses arcades m\u00e9di\u00e9vales \u00e0 arc bris\u00e9. Le monument d\u00e9di\u00e9 \u00e0 Camillo Benso, comte de Cavour, \u00e9rig\u00e9 en 1854, se dresse au centre de la place.<\/p>\n\n\n\n<p style=\"font-size:20px\">Le <strong>vieux Broletto<\/strong>, ancien si\u00e8ge de la municipalit\u00e9 entre 1200 et 1800, \u00e0 quelques pas de la Piazza Cavour, abrite une autre place tr\u00e8s appr\u00e9ci\u00e9e des habitants&nbsp;: Piazza Palazzo Vecchio, ou \u00ab\u00a0Piazza dei Pesci\u00a0\u00bb (place des poissons) en m\u00e9moire du march\u00e9 aux poissons qui s&rsquo;y tenait autrefois. La place est domin\u00e9e par la <strong>Torre Civica<\/strong>, la plus ancienne tour de Vercelli, qui justifie le surnom qu\u2019on lui donne&nbsp;: la \u2019<strong>ville des tours<\/strong>\u2019.<\/p>\n\n\n\n<div class=\"wp-block-columns are-vertically-aligned-center gap-mobile is-layout-flex wp-container-core-columns-is-layout-82678f5f wp-block-columns-is-layout-flex\" style=\"padding-top:40px;padding-bottom:40px\">\n<div class=\"wp-block-column is-vertically-aligned-center is-layout-flow wp-block-column-is-layout-flow\">\n<figure class=\"wp-block-image size-full is-resized is-style-4-3\"><img loading=\"lazy\" decoding=\"async\" width=\"943\" height=\"626\" src=\"https:\/\/visitvalsesiavercelli.it\/wp-content\/uploads\/2022\/11\/pzzacavout-1.png\" alt=\"\" class=\"wp-image-47699\" style=\"width:515px;height:343px\"\/><figcaption class=\"wp-element-caption\"><strong><mark style=\"background-color:rgba(0, 0, 0, 0)\" class=\"has-inline-color has-nero-color\">Piazza Cavour <\/mark><\/strong><\/figcaption><\/figure>\n<\/div>\n\n\n\n<div class=\"wp-block-column is-vertically-aligned-center is-layout-flow wp-block-column-is-layout-flow\">\n<figure class=\"wp-block-image size-full is-resized is-style-4-3\"><img loading=\"lazy\" decoding=\"async\" width=\"2000\" height=\"1333\" src=\"https:\/\/visitvalsesiavercelli.it\/wp-content\/uploads\/2022\/11\/CENTRO__torre_civica_005.jpg\" alt=\"\" class=\"wp-image-47703\" style=\"width:515px;height:367px\" srcset=\"https:\/\/visitvalsesiavercelli.it\/wp-content\/uploads\/2022\/11\/CENTRO__torre_civica_005.jpg 2000w, https:\/\/visitvalsesiavercelli.it\/wp-content\/uploads\/2022\/11\/CENTRO__torre_civica_005-1000x667.jpg 1000w, https:\/\/visitvalsesiavercelli.it\/wp-content\/uploads\/2022\/11\/CENTRO__torre_civica_005-1500x1000.jpg 1500w\" sizes=\"auto, (max-width: 2000px) 100vw, 2000px\" \/><figcaption class=\"wp-element-caption\"><strong><mark style=\"background-color:rgba(0, 0, 0, 0)\" class=\"has-inline-color has-nero-color\">Torre Civica<\/mark><\/strong><\/figcaption><\/figure>\n<\/div>\n<\/div>\n<\/div>\n<\/div>\n\n\n\n<div class=\"wp-block-group alignfull has-bianco-color has-text-color has-background has-link-color wp-elements-54e3327696cdd5a897ac8331d75cc491 is-layout-flow wp-block-group-is-layout-flow\" style=\"background-color:#3d4d34;padding-top:50px\">\n<div class=\"wp-block-group is-layout-constrained wp-container-core-group-is-layout-57345300 wp-block-group-is-layout-constrained\">\n<p class=\"has-giallo-color has-text-color has-size-22-font-size\" style=\"text-transform:uppercase\"><strong>Via foa, CORSO LIBERT\u00e0, Et MUS\u00e9e BORGOGNA<\/strong><\/p>\n\n\n\n<p style=\"font-size:20px\">En continuant sur la Via Foa, vous arriverez \u00e0 la <strong><a href=\"https:\/\/visitvalsesiavercelli.it\/fr\/scopri\/punti-di-interesse\/synagogue-de-vercelli\/\">synagogue<\/a><\/strong>, la premi\u00e8re d\u2019Italie \u00e0 avoir \u00e9t\u00e9 construite dans un b\u00e2timent autonome, entre 1875 et 1878. C\u2019est aussi dans cette rue que se trouvent l&rsquo;<strong>\u00e9glise San Giuliano,<\/strong> orn\u00e9e d&rsquo;une \u0153uvre de Lanino, et la <strong><mark style=\"background-color:rgba(0, 0, 0, 0)\" class=\"has-inline-color has-giallo-color\">Casa Centoris<\/mark><\/strong>, c\u00e9l\u00e8bre pour l&rsquo;\u00e9l\u00e9gance de sa cour, dont la fa\u00e7ade \u00e0 la mani\u00e8re de Bramante a \u00e9t\u00e9 r\u00e9cemment restaur\u00e9e. L\u2019adjacent <strong><mark style=\"background-color:rgba(0, 0, 0, 0)\" class=\"has-inline-color has-giallo-color\">Volto dei Centori<\/mark> <\/strong>est une v\u00e9ritable p\u00e9pite&nbsp;: c\u2019est une ruelle couverte, \u00e9troite et photog\u00e9nique, qui m\u00e8ne au Corso Libert\u00e0, l&rsquo;art\u00e8re la plus connue de la ville.<\/p>\n\n\n\n<p style=\"font-size:20px\">Un peu plus loin, sur la place du m\u00eame nom, le <strong><mark style=\"background-color:rgba(0, 0, 0, 0)\" class=\"has-inline-color has-giallo-color\">Palazzo Tizzoni<\/mark><\/strong> \u00e9tait la r\u00e9sidence historique de l&rsquo;une des plus importantes familles gibelines de la Vercelli m\u00e9di\u00e9vale. Les fresques qui d\u00e9corent son hall d&rsquo;entr\u00e9e sont particuli\u00e8rement int\u00e9ressantes. Il s&rsquo;agit de la seule \u0153uvre profane connue \u00e0 ce jour de l&rsquo;artiste Guglielmo Caccia, dit \u00ab\u00a0Il Moncalvo\u00a0\u00bb. Ces lieux ne peuvent cependant \u00eatre visit\u00e9s que lors des journ\u00e9es de valorisation du patrimoine artistique.<\/p>\n\n\n\n<p style=\"font-size:20px\">En continuant sur le <strong><mark style=\"background-color:rgba(0, 0, 0, 0)\" class=\"has-inline-color has-giallo-color\">Corso Libert\u00e0<\/mark><\/strong>, dans l&rsquo;ancien complexe du monast\u00e8re de Santa Chiara, sur la droite, le <strong><a href=\"https:\/\/visitvalsesiavercelli.it\/fr\/vivi\/arte-e-cultura\/museo-archeologico-civico-luigi-bruzza-mac\/\">Museo Archeologico Civico (MAC) <\/a><\/strong>expose des pi\u00e8ces provenant de l&rsquo;ancienne ville romaine de Vercellae. En tournant \u00e0 gauche, vous parviendrez au <strong><a href=\"https:\/\/visitvalsesiavercelli.it\/fr\/vivi\/arte-e-cultura\/musee-francesco-borgogna\/\">mus\u00e9e Borgogna<\/a><\/strong>, une magnifique maison-mus\u00e9e qui, outre sa riche collection de tableaux, de meubles et d&rsquo;objets d&rsquo;art, abrite la galerie de tableaux de la Renaissance de Vercelli, rassembl\u00e9s depuis le XIX<sup>e<\/sup> si\u00e8cle par l&rsquo;Institut des Beaux-Arts.<\/p>\n\n\n\n<div class=\"wp-block-columns are-vertically-aligned-center gap-mobile is-layout-flex wp-container-core-columns-is-layout-82678f5f wp-block-columns-is-layout-flex\" style=\"padding-top:40px;padding-bottom:40px\">\n<div class=\"wp-block-column is-vertically-aligned-center is-layout-flow wp-block-column-is-layout-flow\">\n<figure class=\"wp-block-image size-full is-resized is-style-4-3\"><img loading=\"lazy\" decoding=\"async\" width=\"960\" height=\"479\" src=\"https:\/\/visitvalsesiavercelli.it\/wp-content\/uploads\/2022\/10\/VERCELLI_Scorcio-centro-storico.jpg\" alt=\"\" class=\"wp-image-3274\" style=\"width:515px;height:256px\"\/><figcaption class=\"wp-element-caption\"><strong><mark style=\"background-color:rgba(0, 0, 0, 0)\" class=\"has-inline-color has-giallo-color\">Casa Centoris<\/mark><\/strong><\/figcaption><\/figure>\n<\/div>\n\n\n\n<div class=\"wp-block-column is-vertically-aligned-center is-layout-flow wp-block-column-is-layout-flow\">\n<figure class=\"wp-block-image size-full is-resized is-style-4-3\"><img loading=\"lazy\" decoding=\"async\" width=\"2560\" height=\"1707\" src=\"https:\/\/visitvalsesiavercelli.it\/wp-content\/uploads\/2022\/08\/macvercelli_10-scaled.jpg\" alt=\"\" class=\"wp-image-3276\" style=\"width:515px;height:343px\" srcset=\"https:\/\/visitvalsesiavercelli.it\/wp-content\/uploads\/2022\/08\/macvercelli_10-scaled.jpg 2560w, https:\/\/visitvalsesiavercelli.it\/wp-content\/uploads\/2022\/08\/macvercelli_10-1000x667.jpg 1000w, https:\/\/visitvalsesiavercelli.it\/wp-content\/uploads\/2022\/08\/macvercelli_10-1500x1000.jpg 1500w\" sizes=\"auto, (max-width: 2560px) 100vw, 2560px\" \/><figcaption class=\"wp-element-caption\"><strong><mark style=\"background-color:rgba(0, 0, 0, 0)\" class=\"has-inline-color has-giallo-color\">Museo Archeologico Civico Vercelli<\/mark><\/strong><\/figcaption><\/figure>\n<\/div>\n<\/div>\n<\/div>\n<\/div>\n\n\n\n<div class=\"wp-block-group alignfull has-nero-color has-bianco-background-color has-text-color has-background has-link-color wp-elements-df3129eefd757f6d90040ecbaf91932a is-layout-constrained wp-container-core-group-is-layout-72c0e5cf wp-block-group-is-layout-constrained\" style=\"padding-top:50px\">\n<div class=\"wp-block-group is-layout-constrained wp-container-core-group-is-layout-57345300 wp-block-group-is-layout-constrained\">\n<p class=\"has-size-22-font-size\" style=\"text-transform:uppercase\"><strong><strong><strong><strong>CASTELLO VISCONTEO, MUS\u00e9e LEONE Et TEATRO CIVICO<\/strong><\/strong><\/strong><\/strong><\/p>\n\n\n\n<p style=\"font-size:20px\">Un peu plus loin, par la Piazza San Francesco, vous atteindrez le <strong>ch\u00e2teau des Visconti<\/strong>. Construit \u00e0 partir de 1290 sur un plan quadrangulaire, il devint la premi\u00e8re r\u00e9sidence de la maison de Savoie, puis une prison et, depuis 1838, le si\u00e8ge du tribunal. <strong>Il ne se visite donc pas.<\/strong><\/p>\n\n\n\n<p style=\"font-size:20px\">En prenant la Via Carducci, vous pourrez visiter le <strong><a href=\"https:\/\/visitvalsesiavercelli.it\/fr\/vivi\/arte-e-cultura\/musee-camillo-leone\/\">mus\u00e9e Leone<\/a><\/strong>, avec un petit d\u00e9tour sur la Via Verdi, une rue pav\u00e9e caract\u00e9ristique pleine d&rsquo;ateliers d&rsquo;artisanat. Install\u00e9 dans la Casa Alciati (Renaissance) et le Palazzo Langosco (baroque), il expose des pi\u00e8ces datant du Pal\u00e9olithique, du N\u00e9olithique, des \u00e2ges du bronze et du fer, ainsi qu&rsquo;une salle romaine, accueillant certains des plus anciens t\u00e9moignages de l&rsquo;histoire de Vercelli.<\/p>\n\n\n\n<p style=\"font-size:20px\">Au bout de la Via Verdi, vous arriverez au <strong>Teatro Civico,<\/strong> construit en 1812-14 et inaugur\u00e9 le 4 juillet 1815 avec l&rsquo;op\u00e9ra \u00ab\u00a0Evelina\u00a0\u00bb. Aujourd&rsquo;hui encore, le Teatro Civico accueille des repr\u00e9sentations th\u00e9\u00e2trales toujours diff\u00e9rentes.<\/p>\n\n\n\n<div class=\"wp-block-columns are-vertically-aligned-center gap-mobile is-layout-flex wp-container-core-columns-is-layout-82678f5f wp-block-columns-is-layout-flex\" style=\"padding-top:40px;padding-bottom:40px\">\n<div class=\"wp-block-column is-vertically-aligned-center is-layout-flow wp-block-column-is-layout-flow\">\n<figure class=\"wp-block-image size-full is-resized is-style-4-3\"><img loading=\"lazy\" decoding=\"async\" width=\"2560\" height=\"1707\" src=\"https:\/\/visitvalsesiavercelli.it\/wp-content\/uploads\/2022\/08\/MG_0560-scaled.jpg\" alt=\"\" class=\"wp-image-3716\" style=\"width:513px;height:342px\" srcset=\"https:\/\/visitvalsesiavercelli.it\/wp-content\/uploads\/2022\/08\/MG_0560-scaled.jpg 2560w, https:\/\/visitvalsesiavercelli.it\/wp-content\/uploads\/2022\/08\/MG_0560-1000x667.jpg 1000w, https:\/\/visitvalsesiavercelli.it\/wp-content\/uploads\/2022\/08\/MG_0560-1500x1000.jpg 1500w\" sizes=\"auto, (max-width: 2560px) 100vw, 2560px\" \/><figcaption class=\"wp-element-caption\"><strong><mark style=\"background-color:rgba(0, 0, 0, 0)\" class=\"has-inline-color has-nero-color\">Mus\u00e9e Leone<\/mark><\/strong><\/figcaption><\/figure>\n<\/div>\n\n\n\n<div class=\"wp-block-column is-vertically-aligned-center is-layout-flow wp-block-column-is-layout-flow\">\n<figure class=\"wp-block-image size-full is-resized is-style-4-3\"><img loading=\"lazy\" decoding=\"async\" width=\"960\" height=\"579\" src=\"https:\/\/visitvalsesiavercelli.it\/wp-content\/uploads\/2022\/08\/VERCELLI_-Teatro-Civico-interno.jpg\" alt=\"\" class=\"wp-image-3718\" style=\"width:515px;height:310px\"\/><figcaption class=\"wp-element-caption\"><strong><mark style=\"background-color:rgba(0, 0, 0, 0)\" class=\"has-inline-color has-nero-color\">Teatro Civico<\/mark><\/strong><\/figcaption><\/figure>\n<\/div>\n<\/div>\n<\/div>\n<\/div>\n\n\n\n<div class=\"wp-block-group alignfull has-bianco-color has-text-color has-background has-link-color wp-elements-10e5b17fbaaa475ce04ae50903a5d26f is-layout-flow wp-block-group-is-layout-flow\" style=\"background-color:#3d4d34;padding-top:50px\">\n<div class=\"wp-block-group is-layout-constrained wp-container-core-group-is-layout-57345300 wp-block-group-is-layout-constrained\">\n<p class=\"has-giallo-color has-text-color has-size-22-font-size\" style=\"text-transform:uppercase\"><strong><strong>CATH\u00c9DRALE SANT&rsquo;EUSEBIO Et MUSEO DEL TESORO DEL DUOMO<\/strong><\/strong><\/p>\n\n\n\n<p style=\"font-size:20px\">En descendant la Via Monte di Piet\u00e0, vous atteindrez la <strong><mark style=\"background-color:rgba(0, 0, 0, 0)\" class=\"has-inline-color has-giallo-color\">Piazza D&rsquo;Angennes<\/mark><\/strong>, aux nombreux b\u00e2timents historiques importants, \u00e0 commencer par le Palazzo Arcivescovile, puis le Museo del Tesoro del Duomo, la cath\u00e9drale Sant\u2019Eusebio et le Seminario Arcivescovile.<\/p>\n\n\n\n<p style=\"font-size:20px\">Le rez de chauss\u00e9e du palais archi\u00e9piscopal, un b\u00e2timent Renaissance de grande valeur historique, abrite le <strong><a href=\"https:\/\/visitvalsesiavercelli.it\/fr\/vivi\/arte-e-cultura\/museo-del-tesoro-del-duomo-e-archivio-capitolare\/\">Museo del Tesoro del Duomo.<\/a><\/strong> De pr\u00e9cieux reliquaires, des \u0153uvres d&rsquo;orf\u00e8vrerie, du mobilier liturgique et le \u00ab\u00a0Vercelli Book\u00a0\u00bb, un c\u00e9l\u00e8bre codex \u00e9crit sur parchemin dans la langue anglo-saxonne du X<sup>e<\/sup> si\u00e8cle, y sont notamment conserv\u00e9s.<\/p>\n\n\n\n<p style=\"font-size:20px\">La <a href=\"https:\/\/valsesia.sport-net.it\/scopri\/punti-di-interesse\/cattedrale-di-santeusebio\/\"><strong>cath\u00e9drale Sant\u2019Eusebio<\/strong><\/a>, \u00e9difi\u00e9e comme cimeti\u00e8re-basilique \u00e0 partir du V<sup>e<\/sup> si\u00e8cle et reconstruite en 1570, pr\u00e9sente une imposante fa\u00e7ade baroque. Le s\u00e9minaire de l&rsquo;archev\u00each\u00e9 fut fond\u00e9 en 1572. La partie la plus ancienne avait \u00e9t\u00e9 con\u00e7ue par Filippo Juvarra. C\u2019est aujourd\u2019hui le si\u00e8ge de la Biblioteca Agnesiana e Diocesana.<\/p>\n\n\n\n<div class=\"wp-block-columns are-vertically-aligned-center gap-mobile is-layout-flex wp-container-core-columns-is-layout-82678f5f wp-block-columns-is-layout-flex\" style=\"padding-top:40px;padding-bottom:40px\">\n<div class=\"wp-block-column is-vertically-aligned-center is-layout-flow wp-block-column-is-layout-flow\">\n<figure class=\"wp-block-image size-full is-resized is-style-4-3\"><img loading=\"lazy\" decoding=\"async\" width=\"2560\" height=\"1709\" src=\"https:\/\/visitvalsesiavercelli.it\/wp-content\/uploads\/2022\/08\/DSC5700-1-scaled.jpg\" alt=\"\" class=\"wp-image-3282\" style=\"width:515px;height:343px\" srcset=\"https:\/\/visitvalsesiavercelli.it\/wp-content\/uploads\/2022\/08\/DSC5700-1-scaled.jpg 2560w, https:\/\/visitvalsesiavercelli.it\/wp-content\/uploads\/2022\/08\/DSC5700-1-1000x668.jpg 1000w, https:\/\/visitvalsesiavercelli.it\/wp-content\/uploads\/2022\/08\/DSC5700-1-1500x1001.jpg 1500w\" sizes=\"auto, (max-width: 2560px) 100vw, 2560px\" \/><figcaption class=\"wp-element-caption\"><strong><mark style=\"background-color:rgba(0, 0, 0, 0)\" class=\"has-inline-color has-giallo-color\">Cath\u00e9drale Sant&rsquo;Eusebio<\/mark><\/strong><\/figcaption><\/figure>\n<\/div>\n\n\n\n<div class=\"wp-block-column is-vertically-aligned-center is-layout-flow wp-block-column-is-layout-flow\">\n<figure class=\"wp-block-image size-full is-resized is-style-4-3\"><img loading=\"lazy\" decoding=\"async\" width=\"2560\" height=\"1707\" src=\"https:\/\/visitvalsesiavercelli.it\/wp-content\/uploads\/2022\/08\/museodeltesoro22-scaled.jpg\" alt=\"\" class=\"wp-image-3720\" style=\"width:515px;height:343px\" srcset=\"https:\/\/visitvalsesiavercelli.it\/wp-content\/uploads\/2022\/08\/museodeltesoro22-scaled.jpg 2560w, https:\/\/visitvalsesiavercelli.it\/wp-content\/uploads\/2022\/08\/museodeltesoro22-1000x667.jpg 1000w, https:\/\/visitvalsesiavercelli.it\/wp-content\/uploads\/2022\/08\/museodeltesoro22-1500x1000.jpg 1500w\" sizes=\"auto, (max-width: 2560px) 100vw, 2560px\" \/><figcaption class=\"wp-element-caption\"><strong><mark style=\"background-color:rgba(0, 0, 0, 0)\" class=\"has-inline-color has-giallo-color\">Museo del Tesoro del Duomo<\/mark><\/strong><\/figcaption><\/figure>\n<\/div>\n<\/div>\n<\/div>\n<\/div>\n\n\n    <section class=\"mappa-itinerari alignfull\">\n        <div class=\"mappa-itinerari-map\">\n                            <div class=\"markers\">\n                                            <div class=\"marker\" data-numero=\"01\" data-lat=\"45.3286975\" data-lng=\"8.4188965\">\n                            <div class=\"window\">\n                                <a href=\"\">\n                                                                    <\/a>\n                                                                <h3>Abbazia di S. Andrea<\/h3>                                <div class=\"wp-block-buttons\">\n                                    <div class=\"wp-block-button is-style-outline\">\n                                        <a href=\"\" class=\"scopri-link wp-block-button__link\" data-modal=\"0\">\n                                            D\u00e9couvrir                                        <\/a>\n                                    <\/div>\n                                <\/div>\n                                                            <\/div>\n                        <\/div>\n                                            <div class=\"marker\" data-numero=\"02\" data-lat=\"45.32811312519\" data-lng=\"8.4191805124283\">\n                            <div class=\"window\">\n                                <a href=\"\">\n                                                                    <\/a>\n                                                                <h3>Salone dugentesco e Antico Ospedale Maggiore<\/h3>                                <div class=\"wp-block-buttons\">\n                                    <div class=\"wp-block-button is-style-outline\">\n                                        <a href=\"\" class=\"scopri-link wp-block-button__link\" data-modal=\"1\">\n                                            D\u00e9couvrir                                        <\/a>\n                                    <\/div>\n                                <\/div>\n                                                            <\/div>\n                        <\/div>\n                                            <div class=\"marker\" data-numero=\"03\" data-lat=\"45.3268505\" data-lng=\"8.4217028\">\n                            <div class=\"window\">\n                                <a href=\"\">\n                                                                    <\/a>\n                                                                <h3>Polo espositivo Arca<\/h3>                                <div class=\"wp-block-buttons\">\n                                    <div class=\"wp-block-button is-style-outline\">\n                                        <a href=\"\" class=\"scopri-link wp-block-button__link\" data-modal=\"2\">\n                                            D\u00e9couvrir                                        <\/a>\n                                    <\/div>\n                                <\/div>\n                                                            <\/div>\n                        <\/div>\n                                            <div class=\"marker\" data-numero=\"04\" data-lat=\"45.3266509\" data-lng=\"8.4207661\">\n                            <div class=\"window\">\n                                <a href=\"\">\n                                                                    <\/a>\n                                                                <h3>Chiesa di San Bernardo<\/h3>                                <div class=\"wp-block-buttons\">\n                                    <div class=\"wp-block-button is-style-outline\">\n                                        <a href=\"\" class=\"scopri-link wp-block-button__link\" data-modal=\"3\">\n                                            D\u00e9couvrir                                        <\/a>\n                                    <\/div>\n                                <\/div>\n                                                            <\/div>\n                        <\/div>\n                                            <div class=\"marker\" data-numero=\"05\" data-lat=\"45.32466\" data-lng=\"8.4234601\">\n                            <div class=\"window\">\n                                <a href=\"\">\n                                                                    <\/a>\n                                                                <h3>Chiesa di San Paolo<\/h3>                                <div class=\"wp-block-buttons\">\n                                    <div class=\"wp-block-button is-style-outline\">\n                                        <a href=\"\" class=\"scopri-link wp-block-button__link\" data-modal=\"4\">\n                                            D\u00e9couvrir                                        <\/a>\n                                    <\/div>\n                                <\/div>\n                                                            <\/div>\n                        <\/div>\n                                            <div class=\"marker\" data-numero=\"06\" data-lat=\"45.3227019\" data-lng=\"8.4240071\">\n                            <div class=\"window\">\n                                <a href=\"\">\n                                                                    <\/a>\n                                                                <h3>Chiesa di San Cristoforo<\/h3>                                <div class=\"wp-block-buttons\">\n                                    <div class=\"wp-block-button is-style-outline\">\n                                        <a href=\"\" class=\"scopri-link wp-block-button__link\" data-modal=\"5\">\n                                            D\u00e9couvrir                                        <\/a>\n                                    <\/div>\n                                <\/div>\n                                                            <\/div>\n                        <\/div>\n                                            <div class=\"marker\" data-numero=\"07\" data-lat=\"45.3253182\" data-lng=\"8.4230948\">\n                            <div class=\"window\">\n                                <a href=\"\">\n                                                                    <\/a>\n                                                                <h3>Piazza Cavour<\/h3>                                <div class=\"wp-block-buttons\">\n                                    <div class=\"wp-block-button is-style-outline\">\n                                        <a href=\"\" class=\"scopri-link wp-block-button__link\" data-modal=\"6\">\n                                            D\u00e9couvrir                                        <\/a>\n                                    <\/div>\n                                <\/div>\n                                                            <\/div>\n                        <\/div>\n                                            <div class=\"marker\" data-numero=\"08\" data-lat=\"45.325893594064\" data-lng=\"8.4245207905769\">\n                            <div class=\"window\">\n                                <a href=\"\">\n                                                                    <\/a>\n                                                                <h3>Antico Broletto<\/h3>                                <div class=\"wp-block-buttons\">\n                                    <div class=\"wp-block-button is-style-outline\">\n                                        <a href=\"\" class=\"scopri-link wp-block-button__link\" data-modal=\"7\">\n                                            D\u00e9couvrir                                        <\/a>\n                                    <\/div>\n                                <\/div>\n                                                            <\/div>\n                        <\/div>\n                                            <div class=\"marker\" data-numero=\"09\" data-lat=\"45.3257503\" data-lng=\"8.4256835\">\n                            <div class=\"window\">\n                                <a href=\"\">\n                                                                    <\/a>\n                                                                <h3>Sinagoga<\/h3>                                <div class=\"wp-block-buttons\">\n                                    <div class=\"wp-block-button is-style-outline\">\n                                        <a href=\"\" class=\"scopri-link wp-block-button__link\" data-modal=\"8\">\n                                            D\u00e9couvrir                                        <\/a>\n                                    <\/div>\n                                <\/div>\n                                                            <\/div>\n                        <\/div>\n                                            <div class=\"marker\" data-numero=\"10\" data-lat=\"45.3249156\" data-lng=\"8.4260282\">\n                            <div class=\"window\">\n                                <a href=\"\">\n                                                                    <\/a>\n                                                                <h3>Chiesa di San Giuliano<\/h3>                                <div class=\"wp-block-buttons\">\n                                    <div class=\"wp-block-button is-style-outline\">\n                                        <a href=\"\" class=\"scopri-link wp-block-button__link\" data-modal=\"9\">\n                                            D\u00e9couvrir                                        <\/a>\n                                    <\/div>\n                                <\/div>\n                                                            <\/div>\n                        <\/div>\n                                            <div class=\"marker\" data-numero=\"Corso Libert\u00e0 \" data-lat=\"45.3248436\" data-lng=\"8.4241798\">\n                            <div class=\"window\">\n                                <a href=\"\">\n                                                                    <\/a>\n                                                                <h3>11<\/h3>                                <div class=\"wp-block-buttons\">\n                                    <div class=\"wp-block-button is-style-outline\">\n                                        <a href=\"\" class=\"scopri-link wp-block-button__link\" data-modal=\"10\">\n                                            D\u00e9couvrir                                        <\/a>\n                                    <\/div>\n                                <\/div>\n                                                            <\/div>\n                        <\/div>\n                                            <div class=\"marker\" data-numero=\"12\" data-lat=\"45.3242201\" data-lng=\"8.4256044\">\n                            <div class=\"window\">\n                                <a href=\"\">\n                                                                    <\/a>\n                                                                <h3>Casa Centoris<\/h3>                                <div class=\"wp-block-buttons\">\n                                    <div class=\"wp-block-button is-style-outline\">\n                                        <a href=\"\" class=\"scopri-link wp-block-button__link\" data-modal=\"11\">\n                                            D\u00e9couvrir                                        <\/a>\n                                    <\/div>\n                                <\/div>\n                                                            <\/div>\n                        <\/div>\n                                            <div class=\"marker\" data-numero=\"13\" data-lat=\"45.3249574\" data-lng=\"8.4264954\">\n                            <div class=\"window\">\n                                <a href=\"\">\n                                                                    <\/a>\n                                                                <h3>Palazzo Tizzoni<\/h3>                                <div class=\"wp-block-buttons\">\n                                    <div class=\"wp-block-button is-style-outline\">\n                                        <a href=\"\" class=\"scopri-link wp-block-button__link\" data-modal=\"12\">\n                                            D\u00e9couvrir                                        <\/a>\n                                    <\/div>\n                                <\/div>\n                                                            <\/div>\n                        <\/div>\n                                            <div class=\"marker\" data-numero=\"14\" data-lat=\"45.324106491386\" data-lng=\"8.428753569651\">\n                            <div class=\"window\">\n                                <a href=\"\">\n                                                                    <\/a>\n                                                                <h3>Museo Archeologico<\/h3>                                <div class=\"wp-block-buttons\">\n                                    <div class=\"wp-block-button is-style-outline\">\n                                        <a href=\"\" class=\"scopri-link wp-block-button__link\" data-modal=\"13\">\n                                            D\u00e9couvrir                                        <\/a>\n                                    <\/div>\n                                <\/div>\n                                                            <\/div>\n                        <\/div>\n                                            <div class=\"marker\" data-numero=\"15 \" data-lat=\"45.3255898\" data-lng=\"8.4269127\">\n                            <div class=\"window\">\n                                <a href=\"\">\n                                                                    <\/a>\n                                                                <h3>Museo Borgogna<\/h3>                                <div class=\"wp-block-buttons\">\n                                    <div class=\"wp-block-button is-style-outline\">\n                                        <a href=\"\" class=\"scopri-link wp-block-button__link\" data-modal=\"14\">\n                                            D\u00e9couvrir                                        <\/a>\n                                    <\/div>\n                                <\/div>\n                                                            <\/div>\n                        <\/div>\n                                            <div class=\"marker\" data-numero=\"16\" data-lat=\"45.326361268007\" data-lng=\"8.4268355369568\">\n                            <div class=\"window\">\n                                <a href=\"\">\n                                                                    <\/a>\n                                                                <h3>Chiesa di Sant&rsquo;Agnese<\/h3>                                <div class=\"wp-block-buttons\">\n                                    <div class=\"wp-block-button is-style-outline\">\n                                        <a href=\"\" class=\"scopri-link wp-block-button__link\" data-modal=\"15\">\n                                            D\u00e9couvrir                                        <\/a>\n                                    <\/div>\n                                <\/div>\n                                                            <\/div>\n                        <\/div>\n                                            <div class=\"marker\" data-numero=\"17\" data-lat=\"45.3278079\" data-lng=\"8.4259796\">\n                            <div class=\"window\">\n                                <a href=\"\">\n                                                                    <\/a>\n                                                                <h3>Castello visconteo<\/h3>                                <div class=\"wp-block-buttons\">\n                                    <div class=\"wp-block-button is-style-outline\">\n                                        <a href=\"\" class=\"scopri-link wp-block-button__link\" data-modal=\"16\">\n                                            D\u00e9couvrir                                        <\/a>\n                                    <\/div>\n                                <\/div>\n                                                            <\/div>\n                        <\/div>\n                                            <div class=\"marker\" data-numero=\"18\" data-lat=\"45.3266033\" data-lng=\"8.4224949\">\n                            <div class=\"window\">\n                                <a href=\"\">\n                                                                    <\/a>\n                                                                <h3>Museo Leone<\/h3>                                <div class=\"wp-block-buttons\">\n                                    <div class=\"wp-block-button is-style-outline\">\n                                        <a href=\"\" class=\"scopri-link wp-block-button__link\" data-modal=\"17\">\n                                            D\u00e9couvrir                                        <\/a>\n                                    <\/div>\n                                <\/div>\n                                                            <\/div>\n                        <\/div>\n                                            <div class=\"marker\" data-numero=\"19\" data-lat=\"45.3276461\" data-lng=\"8.4215922\">\n                            <div class=\"window\">\n                                <a href=\"\">\n                                                                    <\/a>\n                                                                <h3>Teatro Civico<\/h3>                                <div class=\"wp-block-buttons\">\n                                    <div class=\"wp-block-button is-style-outline\">\n                                        <a href=\"\" class=\"scopri-link wp-block-button__link\" data-modal=\"18\">\n                                            D\u00e9couvrir                                        <\/a>\n                                    <\/div>\n                                <\/div>\n                                                            <\/div>\n                        <\/div>\n                                            <div class=\"marker\" data-numero=\"20\" data-lat=\"45.3298219\" data-lng=\"8.4231098\">\n                            <div class=\"window\">\n                                <a href=\"\">\n                                                                    <\/a>\n                                                                <h3>Museo del Tesoro del Duomo<\/h3>                                <div class=\"wp-block-buttons\">\n                                    <div class=\"wp-block-button is-style-outline\">\n                                        <a href=\"\" class=\"scopri-link wp-block-button__link\" data-modal=\"19\">\n                                            D\u00e9couvrir                                        <\/a>\n                                    <\/div>\n                                <\/div>\n                                                            <\/div>\n                        <\/div>\n                                            <div class=\"marker\" data-numero=\"21\" data-lat=\"45.3302251\" data-lng=\"8.422042\">\n                            <div class=\"window\">\n                                <a href=\"\">\n                                                                    <\/a>\n                                                                <h3>Cattedrale di Sant&rsquo;Eusebio<\/h3>                                <div class=\"wp-block-buttons\">\n                                    <div class=\"wp-block-button is-style-outline\">\n                                        <a href=\"\" class=\"scopri-link wp-block-button__link\" data-modal=\"20\">\n                                            D\u00e9couvrir                                        <\/a>\n                                    <\/div>\n                                <\/div>\n                                                            <\/div>\n                        <\/div>\n                                            <div class=\"marker\" data-numero=\"22\" data-lat=\"45.329691447428\" data-lng=\"8.4213638305664\">\n                            <div class=\"window\">\n                                <a href=\"\">\n                                                                    <\/a>\n                                                                <h3>Seminario arcivescovile<\/h3>                                <div class=\"wp-block-buttons\">\n                                    <div class=\"wp-block-button is-style-outline\">\n                                        <a href=\"\" class=\"scopri-link wp-block-button__link\" data-modal=\"21\">\n                                            D\u00e9couvrir                                        <\/a>\n                                    <\/div>\n                                <\/div>\n                                                            <\/div>\n                        <\/div>\n                                            <div class=\"marker\" data-numero=\"23\" data-lat=\"45.330278\" data-lng=\"8.42\">\n                            <div class=\"window\">\n                                <a href=\"\">\n                                                                    <\/a>\n                                                                <h3>Parco Kennedy<\/h3>                                <div class=\"wp-block-buttons\">\n                                    <div class=\"wp-block-button is-style-outline\">\n                                        <a href=\"\" class=\"scopri-link wp-block-button__link\" data-modal=\"22\">\n                                            D\u00e9couvrir                                        <\/a>\n                                    <\/div>\n                                <\/div>\n                                                            <\/div>\n                        <\/div>\n                                    <\/div>\n                    <\/div>\n    <\/section>\n            <div class=\"mappa-itinerari-modals\">\n                            <div class=\"modal modal-0\">\n                    <div class=\"modal-close\"><\/div>\n                    <h3>Abbazia di S. Andrea<\/h3>                    <div class=\"modal-text\">\n                        <p>Costruita fra il 1219 ed il 1227 per volere del cardinale Guala Bicchieri, la Basilica rappresenta uno splendido esempio di fusione tra lo stile romanico lombardo \u2013 emiliano e l\u2019architettura gotica d\u2019oltralpe. Al suo interno, \u00e8 ospitata una delle pi\u00f9 belle sale capitolari d\u2019Italia, e un incantevole chiostro rettangolare con cornici in cotto e pitture dell\u2019inizio del \u2018500.<\/p>\n                    <\/div>\n                    \n                <\/div>\n                            <div class=\"modal modal-1\">\n                    <div class=\"modal-close\"><\/div>\n                    <h3>Salone dugentesco e Antico Ospedale Maggiore<\/h3>                    <div class=\"modal-text\">\n                        <p>Antistante la Basilica si trova il Salone Dugentesco, fondato nel 1224 dallo stesso cardinale, che costituisce il nucleo pi\u00f9 antico dell&rsquo; ex Ospedale Maggiore, sorto per accogliere e prendersi cura dei pellegrini e viandanti che percorrevano la Via Francigena. Pregevoli il portico ad arcate e la sala interna affrescata suddivisa in tre navate, spesso aperti e visitabili in occasioni di mostre ed eventi.<\/p>\n                    <\/div>\n                    \n                <\/div>\n                            <div class=\"modal modal-2\">\n                    <div class=\"modal-close\"><\/div>\n                    <h3>Polo espositivo Arca<\/h3>                    <div class=\"modal-text\">\n                        <p>Ubicato all\u2019interno della chiesa di San Marco, il polo espositivo ARCA ospita iniziative culturali e mostre di alto livello.<\/p>\n                    <\/div>\n                    \n                <\/div>\n                            <div class=\"modal modal-3\">\n                    <div class=\"modal-close\"><\/div>\n                    <h3>Chiesa di San Bernardo<\/h3>                    <div class=\"modal-text\">\n                        <p>Sul lato opposto della piazza \u00e8 situata la chiesa di San Bernardo, sede del santuario diocesano di Maria Salute degli Infermi, importante centro di devozione.<\/p>\n                    <\/div>\n                    \n                <\/div>\n                            <div class=\"modal modal-4\">\n                    <div class=\"modal-close\"><\/div>\n                    <h3>Chiesa di San Paolo<\/h3>                    <div class=\"modal-text\">\n                        <p>la chiesa di San Paolo, che ospita due tele del Lanino<\/p>\n                    <\/div>\n                    \n                <\/div>\n                            <div class=\"modal modal-5\">\n                    <div class=\"modal-close\"><\/div>\n                    <h3>Chiesa di San Cristoforo<\/h3>                    <div class=\"modal-text\">\n                        <p>lachiesa di San Cristoforo, edificata nella prima met\u00e0 del 1500, che vanta splendidi capolavori di Gaudenzio Ferrari tra cui spicca la pala con il titolo diMadonna degli Aranci,e la chiesa di San Lorenzo, una delle pi\u00f9 antiche parrocchie di Vercelli<\/p>\n                    <\/div>\n                    \n                <\/div>\n                            <div class=\"modal modal-6\">\n                    <div class=\"modal-close\"><\/div>\n                    <h3>Piazza Cavour<\/h3>                    <div class=\"modal-text\">\n                        <p>Da qui, passando per via Crispi, si raggiunge Piazza Cavour, un tempo conosciuta come Piazza Maggiore, sita nel cuore del centro storico, luogo d&rsquo;incontro per tutti i vercellesi nonch\u00e8 piazza pi\u00f9 importante della citt\u00e0. Dominata dalla poderosa Torre dell\u2019Angelo, \u00e8 caratterizzata dai portici ad arco acuto di epoca medievale. Al centro della piazza sorge il monumento dedicato a Camillo Benso conte di Cavour, realizzato nel 1854.<\/p>\n                    <\/div>\n                    \n                <\/div>\n                            <div class=\"modal modal-7\">\n                    <div class=\"modal-close\"><\/div>\n                    <h3>Antico Broletto<\/h3>                    <div class=\"modal-text\">\n                        <p>A pochi passi da Piazza Cavour si trova l\u2019antico Broletto, originaria sede del Comune dal 1200 al 1800, sede di un&rsquo;altra piazza molto amata dai vercellesi: Piazza Palazzo Vecchio, o in gergo \u00ab\u00a0Piazza dei Pesci\u201d a ricordare il mercato ittico che una volta qui si teneva. Domina la piazza la Torre Civica, la pi\u00f9 antica di Vercelli, a confermare particolarmente calzante l&rsquo;appellativo di citt\u00e0 turrita.<\/p>\n                    <\/div>\n                    \n                <\/div>\n                            <div class=\"modal modal-8\">\n                    <div class=\"modal-close\"><\/div>\n                    <h3>Sinagoga<\/h3>                    <div class=\"modal-text\">\n                        <p>la Sinagoga, prima in Italia ad essere costruita in un edificio autonomo, eretta tra il 1875 e il 1878.<\/p>\n                    <\/div>\n                    \n                <\/div>\n                            <div class=\"modal modal-9\">\n                    <div class=\"modal-close\"><\/div>\n                    <h3>Chiesa di San Giuliano<\/h3>                    <div class=\"modal-text\">\n                        <p>di San Giuliano, arricchita da un\u2019 opera del Lanino,<\/p>\n                    <\/div>\n                    \n                <\/div>\n                            <div class=\"modal modal-10\">\n                    <div class=\"modal-close\"><\/div>\n                    <h3>11<\/h3>                    <div class=\"modal-text\">\n                        <p>Corso libert\u00e0<\/p>\n                    <\/div>\n                    \n                <\/div>\n                            <div class=\"modal modal-11\">\n                    <div class=\"modal-close\"><\/div>\n                    <h3>Casa Centoris<\/h3>                    <div class=\"modal-text\">\n                        <p>Casa Centoris, famosa per l\u2019eleganza del suo cortile interno, la cui facciata si stile bramantesco \u00e8 stata recentemente restaurata<\/p>\n                    <\/div>\n                    \n                <\/div>\n                            <div class=\"modal modal-12\">\n                    <div class=\"modal-close\"><\/div>\n                    <h3>Palazzo Tizzoni<\/h3>                    <div class=\"modal-text\">\n                        <p>Palazzo Tizzoni, storica dimora di una delle pi\u00f9 importanti famiglie ghibelline della Vercelli medievale. Di particolare interesse sono gli affreschi ch decorano il Salone all&rsquo;ingresso, unica opera profana ad ora conosciuta dipinta dall&rsquo;artista Guglielmo Caccia, detto \u00ab\u00a0Il Moncalvo\u201d. Entrambe le strutture sono visitabili solo durante particolari giornate di valorizzazione del patrimonio artistico.<\/p>\n                    <\/div>\n                    \n                <\/div>\n                            <div class=\"modal modal-13\">\n                    <div class=\"modal-close\"><\/div>\n                    <h3>Museo Archeologico<\/h3>                    <div class=\"modal-text\">\n                        <p>nell&rsquo;ex complesso del monastero di Santa Chiara, troviamo il Museo Archeologico, MAC nel quale sono esposti reperti provenienti dall&rsquo;antica citt\u00e0 romana di Vercellae. Sv<\/p>\n                    <\/div>\n                    \n                <\/div>\n                            <div class=\"modal modal-14\">\n                    <div class=\"modal-close\"><\/div>\n                    <h3>Museo Borgogna<\/h3>                    <div class=\"modal-text\">\n                        <p>il\u00a0<a href=\"http:\/\/www.atlvalsesiavercelli.it\/vercelli_museo_francesco_borgogna_ita.php\">Museo Borgogna<\/a>, seconda pinacoteca del Piemonte. Oltre alla ricca collezione di quadri, arredi e oggetti d\u2019arte, ospita la quadreria di pittura rinascimentale vercellese raccolta fin dal XIX secolo dall\u2019Istituto di Belle Arti.<\/p>\n                    <\/div>\n                    \n                <\/div>\n                            <div class=\"modal modal-15\">\n                    <div class=\"modal-close\"><\/div>\n                    <h3>Chiesa di Sant&rsquo;Agnese<\/h3>                    <div class=\"modal-text\">\n                        <p>hiesa goticaSant\u2019Agnese in San Francesco<\/p>\n                    <\/div>\n                    \n                <\/div>\n                            <div class=\"modal modal-16\">\n                    <div class=\"modal-close\"><\/div>\n                    <h3>Castello visconteo<\/h3>                    <div class=\"modal-text\">\n                        <p>Castello Visconteo, a pianta quadrangolare, edificato a partire dal 1290 e divenuto prima residenza sabauda, poi carcere e, a partire dal 1838 e fino ai giorni nostri, sede del Tribunale e pertanto non visitabile<\/p>\n                    <\/div>\n                    \n                <\/div>\n                            <div class=\"modal modal-17\">\n                    <div class=\"modal-close\"><\/div>\n                    <h3>Museo Leone<\/h3>                    <div class=\"modal-text\">\n                        <p>l<a href=\"http:\/\/www.atlvalsesiavercelli.it\/vercelli_museo_leone_ita.php\">\u00a0Museo Leone<\/a>. Ospitato nella rinascimentale Casa Alciati, espone reperti del Paleolitico, Neolitico ed Et\u00e0 del Bronzo e del ferro e una sala romana che ospita tra le pi\u00f9 antiche attestazioni della storia di Vercelli.<\/p>\n                    <\/div>\n                    \n                <\/div>\n                            <div class=\"modal modal-18\">\n                    <div class=\"modal-close\"><\/div>\n                    <h3>Teatro Civico<\/h3>                    <div class=\"modal-text\">\n                        <p>Alla termine di via Verdi ci si imbatte nel Teatro Civico, costruito nel 1812-14 ed inaugurato il 4 luglio 1815 con l\u2019opera in musica \u00ab\u00a0Evelina\u201d. Ancora oggi, il Teatro Civico, ospita rassegne teatrali sempre diverse. Percorrendo via Monte di Piet\u00e0 si raggiunge piazza D\u2019Angennes, ricca di edifici storici ed importanti a partire dal Palazzo Arcivescovile, proseguendo con il\u00a0Museo del Tesoro del Duomo, la Cattedrale di Sant\u2019Eusebioe il Seminario Arcivescovile.<\/p>\n                    <\/div>\n                    \n                <\/div>\n                            <div class=\"modal modal-19\">\n                    <div class=\"modal-close\"><\/div>\n                    <h3>Museo del Tesoro del Duomo<\/h3>                    <div class=\"modal-text\">\n                        <p>Il Palazzo Arcivescovile, edificio rinascimentale di grande valore storico, ospita al pianoterra il Museo del Tesoro del Duomo che raccoglie preziosi reliquari, opere di oreficeria, arredi liturgici e il \u00ab\u00a0Vercelli Book\u201d, famoso codice scritto su pergamena in lingua anglosassone risalente al X secolo. La Cattedrale presenta un\u2019imponente facciata barocca e fu eretta come basilica cimiteriale a partire dal V secolo, poi ricostruita nel 1570. Il Seminario Arcivescovile fu fondato nel 1572. La parte pi\u00f9 antica fu progettata da Filippo Juvarra. Qui ha sede la Biblioteca Agnesiana e Diocesana.<\/p>\n                    <\/div>\n                    \n                <\/div>\n                            <div class=\"modal modal-20\">\n                    <div class=\"modal-close\"><\/div>\n                    <h3>Cattedrale di Sant&rsquo;Eusebio<\/h3>                    <div class=\"modal-text\">\n                        <p>La Cattedrale presenta un\u2019imponente facciata barocca e fu eretta come basilica cimiteriale a partire dal V secolo, poi ricostruita nel 1570.<\/p>\n                    <\/div>\n                    \n                <\/div>\n                            <div class=\"modal modal-21\">\n                    <div class=\"modal-close\"><\/div>\n                    <h3>Seminario arcivescovile<\/h3>                    <div class=\"modal-text\">\n                        <p>Il Seminario Arcivescovile fu fondato nel 1572. La parte pi\u00f9 antica fu progettata da Filippo Juvarra. Qui ha sede la Biblioteca Agnesiana e Diocesana.<\/p>\n                    <\/div>\n                    \n                <\/div>\n                            <div class=\"modal modal-22\">\n                    <div class=\"modal-close\"><\/div>\n                    <h3>Parco Kennedy<\/h3>                    <div class=\"modal-text\">\n                        <p>Con una veloce passeggiata attraverso i giardini di Parco Kennedy all&rsquo;ombra dei suoi possenti alberi, si giunge nuovamente nei pressi della stazione ferroviaria da dove il nostro tour era cominciato.<\/p>\n                    <\/div>\n                    \n                <\/div>\n                    <\/div>\n    \n\n\n<div class=\"wp-block-group alignfull has-bianco-color has-text-color has-background is-layout-flow wp-block-group-is-layout-flow\" style=\"background-color:#3d4d34;padding-top:60px;padding-bottom:80px\">\n<div class=\"wp-block-group is-layout-constrained wp-container-core-group-is-layout-e548ea6f wp-block-group-is-layout-constrained\">\n<div class=\"wp-block-columns gap-mobile is-layout-flex wp-container-core-columns-is-layout-01159bbe wp-block-columns-is-layout-flex\">\n<div class=\"wp-block-column is-layout-flow wp-block-column-is-layout-flow\">\n<h3 class=\"wp-block-heading has-giallo-color has-text-color\" style=\"font-size:26px;text-transform:uppercase\"><strong>Comment se rendre \u00e0 Verce<\/strong>lli<\/h3>\n\n\n\n<p style=\"font-size:20px\"><strong>EN VOITURE<\/strong><\/p>\n\n\n\n<p style=\"font-size:20px\"><strong>Depuis Milano:<\/strong> A4 Milan-Turin A26 bifurcation \u00e0 Biandrate, direction Alessandria pour la sortie Vercelli Est.<\/p>\n\n\n\n<p style=\"font-size:20px\"><strong>Depuis Torino: <\/strong>A4 Turin-Milan A26 bifurcation \u00e0 Santhi\u00e0, direction Alessandria pour la sortie Vercelli Ovest.<\/p>\n\n\n\n<p style=\"font-size:20px\"><strong>PAR TRAIN<\/strong><\/p>\n\n\n\n<p style=\"font-size:20px\">Vercelli se trouve sur la ligne ferroviaire Milano-Torino<\/p>\n\n\n\n<p style=\"font-size:20px\"><strong>IN BUS<\/strong><\/p>\n\n\n\n<p class=\"has-link-color wp-elements-ff1cc394ec8cdb52dadd94c304487a51\" style=\"font-size:20px\">Des services de bus quotidiens relient Vercelli \u00e0&nbsp;Biella, Varallo, Casale Monf.to e Alagna Valsesia. <strong><a href=\"https:\/\/visitvalsesiavercelli.it\/fr\/come-arrivare\/\">Comment se rendre \u00e0 Vercelli.<\/a><\/strong><\/p>\n<\/div>\n\n\n\n<div class=\"wp-block-column is-layout-flow wp-block-column-is-layout-flow\">\n<figure class=\"wp-block-image size-full\"><img loading=\"lazy\" decoding=\"async\" width=\"1497\" height=\"1028\" src=\"https:\/\/visitvalsesiavercelli.it\/wp-content\/uploads\/2022\/08\/un-giorno-a-vercelli.png\" alt=\"\" class=\"wp-image-4586\" srcset=\"https:\/\/visitvalsesiavercelli.it\/wp-content\/uploads\/2022\/08\/un-giorno-a-vercelli.png 1497w, https:\/\/visitvalsesiavercelli.it\/wp-content\/uploads\/2022\/08\/un-giorno-a-vercelli-1000x687.png 1000w\" sizes=\"auto, (max-width: 1497px) 100vw, 1497px\" \/><\/figure>\n<\/div>\n<\/div>\n<\/div>\n<\/div>\n\n\n\n<div class=\"wp-block-group intro-3 is-layout-flow wp-container-core-group-is-layout-b298a938 wp-block-group-is-layout-flow\" style=\"padding-top:110px;padding-bottom:70px\">\n<div class=\"wp-block-columns is-layout-flex wp-container-core-columns-is-layout-00723822 wp-block-columns-is-layout-flex\">\n<div class=\"wp-block-column is-over is-layout-flow wp-block-column-is-layout-flow\" style=\"padding-left:80px;flex-basis:290px\">\n<h2 class=\"wp-block-heading\" style=\"line-height:0.90;text-transform:uppercase\">Planifiez votre  <mark style=\"background-color:rgba(0, 0, 0, 0)\" class=\"has-inline-color has-giallo-color\">s\u00e9jour<\/mark><\/h2>\n\n\n\n<p class=\"has-size-22-font-size\" style=\"font-style:normal;font-weight:600\">O\u00f9 manger, o\u00f9 dormir, comment se d\u00e9placer\u00a0: organisez votre voyage en Valsesia et dans le Vercellese!<\/p>\n<\/div>\n\n\n\n<div class=\"wp-block-column is-layout-flow wp-block-column-is-layout-flow\" style=\"padding-left:60px\">    <section class=\"carosello-orizzontale cover-overflow\">\n                        <div class=\"swiper\">\n                    <div class=\"swiper-wrapper\">\n                                                                        <div class=\"swiper-slide\">\n                                <a href=\"https:\/\/visitvalsesiavercelli.it\/fr\/dove-mangiare\/\" class=\"carosello-element\">\n                                    <div class=\"wp-block-image\">\n                                        <img loading=\"lazy\" decoding=\"async\" width=\"340\" height=\"210\" src=\"https:\/\/visitvalsesiavercelli.it\/wp-content\/uploads\/2022\/06\/mangiare-340x210.jpg\" class=\"attachment-regular-thumb size-regular-thumb\" alt=\"\" srcset=\"https:\/\/visitvalsesiavercelli.it\/wp-content\/uploads\/2022\/06\/mangiare-340x210.jpg 340w, https:\/\/visitvalsesiavercelli.it\/wp-content\/uploads\/2022\/06\/mangiare-680x420.jpg 680w\" sizes=\"auto, (max-width: 340px) 100vw, 340px\" \/>                                    <\/div>\n                                    <div class=\"content\">\n                                        <h4>O\u00f9 manger<\/h4>\n                                    <\/div>\n                                                                        <div class=\"wp-block-buttons\">\n                                        <div class=\"wp-block-button is-style-outline\">\n                                            <span class=\"wp-block-button__link\">\n                                                Pr\u00e8parez                                            <\/span>\n                                        <\/div>\n                                    <\/div>\n                                                                    <\/a>\n                            <\/div>\n                                                    <div class=\"swiper-slide\">\n                                <a href=\"https:\/\/visitvalsesiavercelli.it\/fr\/dove-dormire\/\" class=\"carosello-element\">\n                                    <div class=\"wp-block-image\">\n                                        <img loading=\"lazy\" decoding=\"async\" width=\"340\" height=\"210\" src=\"https:\/\/visitvalsesiavercelli.it\/wp-content\/uploads\/2022\/06\/dormire-340x210.jpg\" class=\"attachment-regular-thumb size-regular-thumb\" alt=\"\" srcset=\"https:\/\/visitvalsesiavercelli.it\/wp-content\/uploads\/2022\/06\/dormire-340x210.jpg 340w, https:\/\/visitvalsesiavercelli.it\/wp-content\/uploads\/2022\/06\/dormire-680x420.jpg 680w\" sizes=\"auto, (max-width: 340px) 100vw, 340px\" \/>                                    <\/div>\n                                    <div class=\"content\">\n                                        <h4>O\u00f9 dormir<\/h4>\n                                    <\/div>\n                                                                        <div class=\"wp-block-buttons\">\n                                        <div class=\"wp-block-button is-style-outline\">\n                                            <span class=\"wp-block-button__link\">\n                                                Pr\u00e8parez                                            <\/span>\n                                        <\/div>\n                                    <\/div>\n                                                                    <\/a>\n                            <\/div>\n                                                    <div class=\"swiper-slide\">\n                                <a href=\"https:\/\/visitvalsesiavercelli.it\/fr\/come-arrivare\/\" class=\"carosello-element\">\n                                    <div class=\"wp-block-image\">\n                                        <img loading=\"lazy\" decoding=\"async\" width=\"340\" height=\"210\" src=\"https:\/\/visitvalsesiavercelli.it\/wp-content\/uploads\/2022\/06\/arrivare-340x210.jpg\" class=\"attachment-regular-thumb size-regular-thumb\" alt=\"\" srcset=\"https:\/\/visitvalsesiavercelli.it\/wp-content\/uploads\/2022\/06\/arrivare-340x210.jpg 340w, https:\/\/visitvalsesiavercelli.it\/wp-content\/uploads\/2022\/06\/arrivare-680x420.jpg 680w\" sizes=\"auto, (max-width: 340px) 100vw, 340px\" \/>                                    <\/div>\n                                    <div class=\"content\">\n                                        <h4>Comment venir<\/h4>\n                                    <\/div>\n                                                                        <div class=\"wp-block-buttons\">\n                                        <div class=\"wp-block-button is-style-outline\">\n                                            <span class=\"wp-block-button__link\">\n                                                Pr\u00e8parez                                            <\/span>\n                                        <\/div>\n                                    <\/div>\n                                                                    <\/a>\n                            <\/div>\n                                                    <div class=\"swiper-slide\">\n                                <a href=\"https:\/\/visitvalsesiavercelli.it\/fr\/uffici-turistici\/\" class=\"carosello-element\">\n                                    <div class=\"wp-block-image\">\n                                        <img loading=\"lazy\" decoding=\"async\" width=\"340\" height=\"210\" src=\"https:\/\/visitvalsesiavercelli.it\/wp-content\/uploads\/2022\/10\/Guide-turistiche-340x210.jpg\" class=\"attachment-regular-thumb size-regular-thumb\" alt=\"\" srcset=\"https:\/\/visitvalsesiavercelli.it\/wp-content\/uploads\/2022\/10\/Guide-turistiche-340x210.jpg 340w, https:\/\/visitvalsesiavercelli.it\/wp-content\/uploads\/2022\/10\/Guide-turistiche-680x420.jpg 680w\" sizes=\"auto, (max-width: 340px) 100vw, 340px\" \/>                                    <\/div>\n                                    <div class=\"content\">\n                                        <h4>Offices du tourisme<\/h4>\n                                    <\/div>\n                                                                        <div class=\"wp-block-buttons\">\n                                        <div class=\"wp-block-button is-style-outline\">\n                                            <span class=\"wp-block-button__link\">\n                                                Pr\u00e8parez                                            <\/span>\n                                        <\/div>\n                                    <\/div>\n                                                                    <\/a>\n                            <\/div>\n                                                    <div class=\"swiper-slide\">\n                                <a href=\"https:\/\/visitvalsesiavercelli.it\/fr\/guide-turistiche-e-accompagnatori\/\" class=\"carosello-element\">\n                                    <div class=\"wp-block-image\">\n                                        <img loading=\"lazy\" decoding=\"async\" width=\"340\" height=\"210\" src=\"https:\/\/visitvalsesiavercelli.it\/wp-content\/uploads\/2022\/11\/guida-340x210.jpg\" class=\"attachment-regular-thumb size-regular-thumb\" alt=\"\" srcset=\"https:\/\/visitvalsesiavercelli.it\/wp-content\/uploads\/2022\/11\/guida-340x210.jpg 340w, https:\/\/visitvalsesiavercelli.it\/wp-content\/uploads\/2022\/11\/guida-680x420.jpg 680w\" sizes=\"auto, (max-width: 340px) 100vw, 340px\" \/>                                    <\/div>\n                                    <div class=\"content\">\n                                        <h4>Guides touristiques<\/h4>\n                                    <\/div>\n                                                                        <div class=\"wp-block-buttons\">\n                                        <div class=\"wp-block-button is-style-outline\">\n                                            <span class=\"wp-block-button__link\">\n                                                Pr\u00e8parez                                            <\/span>\n                                        <\/div>\n                                    <\/div>\n                                                                    <\/a>\n                            <\/div>\n                                                    <div class=\"swiper-slide\">\n                                <a href=\"https:\/\/visitvalsesiavercelli.it\/fr\/guide-alpine-e-naturalistiche\/\" class=\"carosello-element\">\n                                    <div class=\"wp-block-image\">\n                                        <img loading=\"lazy\" decoding=\"async\" width=\"340\" height=\"210\" src=\"https:\/\/visitvalsesiavercelli.it\/wp-content\/uploads\/2022\/07\/guide-alpine-340x210.jpg\" class=\"attachment-regular-thumb size-regular-thumb\" alt=\"\" srcset=\"https:\/\/visitvalsesiavercelli.it\/wp-content\/uploads\/2022\/07\/guide-alpine-340x210.jpg 340w, https:\/\/visitvalsesiavercelli.it\/wp-content\/uploads\/2022\/07\/guide-alpine-680x420.jpg 680w\" sizes=\"auto, (max-width: 340px) 100vw, 340px\" \/>                                    <\/div>\n                                    <div class=\"content\">\n                                        <h4>Guides de montagne<\/h4>\n                                    <\/div>\n                                                                        <div class=\"wp-block-buttons\">\n                                        <div class=\"wp-block-button is-style-outline\">\n                                            <span class=\"wp-block-button__link\">\n                                                Pr\u00e8parez                                            <\/span>\n                                        <\/div>\n                                    <\/div>\n                                                                    <\/a>\n                            <\/div>\n                                                                <\/div>\n                    <div class=\"swiper-buttons\">\n                        <div class=\"swiper-button-prev\"><\/div>\n                        <div class=\"swiper-button-next\"><\/div>\n                    <\/div>\n                <\/div>\n            <\/section><\/div>\n<\/div>\n<\/div>\n\n\n\n<div class=\"wp-block-group alignfull form-esperienza-container has-bianco-color has-text-color has-background is-layout-flow wp-block-group-is-layout-flow\" style=\"background-color:#36442e;padding-top:75px;padding-bottom:88px\">\n<div class=\"wp-block-group intro-4 is-layout-constrained wp-container-core-group-is-layout-e548ea6f wp-block-group-is-layout-constrained\">\n<div class=\"wp-block-columns is-layout-flex wp-container-core-columns-is-layout-28f84493 wp-block-columns-is-layout-flex\">\n<div class=\"wp-block-column is-layout-flow wp-block-column-is-layout-flow\" style=\"padding-top:40px;padding-left:65px;flex-basis:33.33%\">\n<h2 class=\"wp-block-heading\" style=\"font-size:45px;line-height:0.9;text-transform:uppercase\">Richiedi<br>informazioni<br><mark style=\"background-color:rgba(0, 0, 0, 0)\" class=\"has-inline-color has-giallo-color\">su questo<br>itinerario<\/mark><\/h2>\n<\/div>\n\n\n\n<div class=\"wp-block-column is-layout-flow wp-block-column-is-layout-flow\" style=\"flex-basis:66.66%\">\n<div class=\"wp-block-group form-esperienza-form has-black-color has-bianco-background-color has-text-color has-background is-layout-flow wp-block-group-is-layout-flow\" style=\"padding-top:40px;padding-bottom:40px\">\n<h3 class=\"wp-block-heading\" style=\"font-size:18px;text-transform:uppercase\">Compila il form per saperne di pi\u00f9 su questo itinerario<\/h3>\n\n\n    <div class=\"form-esperienze\">\n        \n<div class=\"wpcf7 no-js\" id=\"wpcf7-f14060-o1\" lang=\"it-IT\" dir=\"ltr\" data-wpcf7-id=\"14060\">\n<div class=\"screen-reader-response\"><p role=\"status\" aria-live=\"polite\" aria-atomic=\"true\"><\/p> <ul><\/ul><\/div>\n<form action=\"\/fr\/wp-json\/wp\/v2\/itinerari\/13460#wpcf7-f14060-o1\" method=\"post\" class=\"wpcf7-form init 40f8b7a61812 cmatic-conn cmatic-aud-1 cmatic-mapd0-0 cmatic-v097802 cmatic-sent-0 cmatic-total-0 wpcf7-acceptance-as-validation\" aria-label=\"Modulo di contatto\" novalidate=\"novalidate\" data-status=\"init\">\n<fieldset class=\"hidden-fields-container\"><input type=\"hidden\" name=\"_wpcf7\" value=\"14060\" \/><input type=\"hidden\" name=\"_wpcf7_version\" value=\"6.1.5\" \/><input type=\"hidden\" name=\"_wpcf7_locale\" value=\"it_IT\" \/><input type=\"hidden\" name=\"_wpcf7_unit_tag\" value=\"wpcf7-f14060-o1\" \/><input type=\"hidden\" name=\"_wpcf7_container_post\" value=\"0\" \/><input type=\"hidden\" name=\"_wpcf7_posted_data_hash\" value=\"\" \/>\n<\/fieldset>\n<div class=\"wpcf7-turnstile cf-turnstile\" data-sitekey=\"0x4AAAAAAChfcmcUpfgwgxtH\" data-response-field-name=\"_wpcf7_turnstile_response\"><\/div>\n\n<div class=\"form-row\">\n\t<div class=\"form-col-3\">\n\t\t<p><span class=\"wpcf7-form-control-wrap\" data-name=\"text-nome-cognome\"><input size=\"40\" maxlength=\"400\" class=\"wpcf7-form-control wpcf7-text wpcf7-validates-as-required\" aria-required=\"true\" aria-invalid=\"false\" placeholder=\"Nom et pr\u00e9nom *\" value=\"\" type=\"text\" name=\"text-nome-cognome\" \/><\/span>\n\t\t<\/p>\n\t<\/div>\n\t<div class=\"form-col-3\">\n\t\t<p><span class=\"wpcf7-form-control-wrap\" data-name=\"email-indirizzo-email\"><input size=\"40\" maxlength=\"400\" class=\"wpcf7-form-control wpcf7-email wpcf7-validates-as-required wpcf7-text wpcf7-validates-as-email\" aria-required=\"true\" aria-invalid=\"false\" placeholder=\"Adresse e-mail *\" value=\"\" type=\"email\" name=\"email-indirizzo-email\" \/><\/span>\n\t\t<\/p>\n\t<\/div>\n\t<div class=\"form-col-3\">\n\t\t<p><span class=\"wpcf7-form-control-wrap\" data-name=\"text-oggetto\"><input size=\"40\" maxlength=\"400\" class=\"wpcf7-form-control wpcf7-text wpcf7-validates-as-required\" aria-required=\"true\" aria-invalid=\"false\" placeholder=\"Objet *\" value=\"\" type=\"text\" name=\"text-oggetto\" \/><\/span>\n\t\t<\/p>\n\t<\/div>\n<\/div>\n<div class=\"form-row\">\n\t<div class=\"form-col-1\">\n\t\t<p><span class=\"wpcf7-form-control-wrap\" data-name=\"textarea-messaggio\"><textarea cols=\"40\" rows=\"10\" maxlength=\"2000\" class=\"wpcf7-form-control wpcf7-textarea\" aria-invalid=\"false\" placeholder=\"Message\" name=\"textarea-messaggio\"><\/textarea><\/span>\n\t\t<\/p>\n\t<\/div>\n<\/div>\n<div class=\"form-footer\">\n\t<div>\n\t\t<p><span class=\"wpcf7-form-control-wrap\" data-name=\"acceptance-policy\"><span class=\"wpcf7-form-control wpcf7-acceptance\"><span class=\"wpcf7-list-item\"><label><input type=\"checkbox\" name=\"acceptance-policy\" value=\"1\" aria-invalid=\"false\" \/><span class=\"wpcf7-list-item-label\">Accepter la <a href=\"https:\/\/www.iubenda.com\/privacy-policy\/50228450\" target=\"_blank\">politique de confidentialit\u00e9<\/a><\/span><\/label><\/span><\/span><\/span>\n\t\t<\/p>\n\t<\/div>\n\t<p><span class=\"wpcf7-form-control-wrap\" data-name=\"esperienza\"><input size=\"40\" maxlength=\"400\" class=\"wpcf7-form-control wpcf7-text wpcf7-validates-as-required d-none\" aria-required=\"true\" aria-invalid=\"false\" value=\"Itin\u00e9raire - Une journ\u00e9e \u00e0 Vercelli\" type=\"text\" name=\"esperienza\" \/><\/span>\n\t<\/p>\n\t<div>\n\t\t<p><input class=\"wpcf7-form-control wpcf7-submit has-spinner\" type=\"submit\" value=\"Envoyer\" \/>\n\t\t<\/p>\n\t<\/div>\n<\/div><div class=\"wpcf7-response-output\" aria-hidden=\"true\"><\/div>\n<\/form>\n<\/div>\n    <\/div><\/div>\n<\/div>\n<\/div>\n<\/div>\n<\/div>\n","protected":false},"featured_media":47695,"template":"","categoria-itinerari":[535],"durata-itinerari":[],"area":[],"class_list":["post-13460","itinerari","type-itinerari","status-publish","has-post-thumbnail","hentry","categoria-itinerari-in-citta-fr"],"acf":{"indirizzo":null},"_links":{"self":[{"href":"https:\/\/visitvalsesiavercelli.it\/fr\/wp-json\/wp\/v2\/itinerari\/13460","targetHints":{"allow":["GET"]}}],"collection":[{"href":"https:\/\/visitvalsesiavercelli.it\/fr\/wp-json\/wp\/v2\/itinerari"}],"about":[{"href":"https:\/\/visitvalsesiavercelli.it\/fr\/wp-json\/wp\/v2\/types\/itinerari"}],"wp:featuredmedia":[{"embeddable":true,"href":"https:\/\/visitvalsesiavercelli.it\/fr\/wp-json\/wp\/v2\/media\/47695"}],"wp:attachment":[{"href":"https:\/\/visitvalsesiavercelli.it\/fr\/wp-json\/wp\/v2\/media?parent=13460"}],"wp:term":[{"taxonomy":"categoria-itinerari","embeddable":true,"href":"https:\/\/visitvalsesiavercelli.it\/fr\/wp-json\/wp\/v2\/categoria-itinerari?post=13460"},{"taxonomy":"durata-itinerari","embeddable":true,"href":"https:\/\/visitvalsesiavercelli.it\/fr\/wp-json\/wp\/v2\/durata-itinerari?post=13460"},{"taxonomy":"area","embeddable":true,"href":"https:\/\/visitvalsesiavercelli.it\/fr\/wp-json\/wp\/v2\/area?post=13460"}],"curies":[{"name":"wp","href":"https:\/\/api.w.org\/{rel}","templated":true}]}}