{"id":12364,"date":"2022-06-23T10:45:40","date_gmt":"2022-06-23T08:45:40","guid":{"rendered":"https:\/\/visitvalsesiavercelli.it\/?page_id=12364"},"modified":"2026-04-10T12:14:07","modified_gmt":"2026-04-10T10:14:07","slug":"noleggio-attrezzatura","status":"publish","type":"page","link":"https:\/\/visitvalsesiavercelli.it\/fr\/noleggio-attrezzatura\/","title":{"rendered":"Location d&rsquo;\u00e9quipment"},"content":{"rendered":"\n<div class=\"wp-block-cover alignfull has-custom-content-position is-position-center-left hero\" style=\"min-height:650px;aspect-ratio:unset;\"><img loading=\"lazy\" decoding=\"async\" width=\"1920\" height=\"1440\" class=\"wp-block-cover__image-background wp-image-3777\" alt=\"\" src=\"https:\/\/visitvalsesiavercelli.it\/wp-content\/uploads\/2022\/10\/Noleggio.jpg\" style=\"object-position:60% 90%\" data-object-fit=\"cover\" data-object-position=\"60% 90%\" srcset=\"https:\/\/visitvalsesiavercelli.it\/wp-content\/uploads\/2022\/10\/Noleggio.jpg 1920w, https:\/\/visitvalsesiavercelli.it\/wp-content\/uploads\/2022\/10\/Noleggio-1000x750.jpg 1000w, https:\/\/visitvalsesiavercelli.it\/wp-content\/uploads\/2022\/10\/Noleggio-1500x1125.jpg 1500w\" sizes=\"auto, (max-width: 1920px) 100vw, 1920px\" \/><span aria-hidden=\"true\" class=\"wp-block-cover__background has-background-dim\"><\/span><div class=\"wp-block-cover__inner-container is-layout-flow wp-block-cover-is-layout-flow\">\n<div class=\"wp-block-group is-layout-flow wp-block-group-is-layout-flow\">\n<figure class=\"wp-block-image size-large\"><img loading=\"lazy\" decoding=\"async\" width=\"180\" height=\"211\" src=\"https:\/\/visitvalsesiavercelli.it\/wp-content\/uploads\/2022\/06\/emozioni-sulla-neve.svg\" alt=\"\" class=\"wp-image-348\"\/><\/figure>\n\n\n\n<h1 class=\"wp-block-heading has-bianco-color has-text-color\" style=\"text-transform:uppercase\">location d&rsquo;\u00e9quipment d&rsquo;hiver<\/h1>\n<\/div>\n<\/div><\/div>\n\n\n\n<div class=\"wp-block-group alignfull breadcrumbs is-layout-flow wp-block-group-is-layout-flow\">\n<div class=\"wp-block-group d-flex is-layout-flow wp-block-group-is-layout-flow\">\n<p><a href=\"https:\/\/visitvalsesiavercelli.it\/fr\/\" data-type=\"page\" data-id=\"2\">Home<\/a><\/p>\n\n\n\n<p>Scopri<\/p>\n\n\n\n<p>Winter in Valsesia<\/p>\n\n\n<h6 class=\"wp-block-post-title has-text-color has-orange-color\">Location d&rsquo;\u00e9quipment<\/h6><\/div>\n<\/div>\n\n\n\n<div class=\"wp-block-group alignfull is-layout-flow wp-block-group-is-layout-flow\">\n<div class=\"wp-block-group intro-esperienze sci is-layout-constrained wp-container-core-group-is-layout-02dd29b2 wp-block-group-is-layout-constrained\" style=\"padding-top:70px;padding-bottom:70px\">\n<h2 class=\"wp-block-heading has-text-align-center has-blu-color has-text-color\" style=\"text-transform:uppercase\"> LOUEZ L\u2019\u00c9QUIPEMENT <mark style=\"background-color:rgba(0, 0, 0, 0)\" class=\"has-inline-color has-giallo-color\">ADAPT\u00c9   <\/mark><\/h2>\n\n\n\n<p class=\"has-text-align-center has-text-color has-size-22-font-size\" style=\"color:#36442e;font-style:normal;font-weight:600\">Pr\u00e9parez votre journ\u00e9e sur la neige en Valsesia: d\u00e9couvrez toutes les activit\u00e9s \u00e0 pratiquer dans nos montagnes et louez le mat\u00e9riel le plus adapt\u00e9 \u00e0 votre aventure!<\/p>\n<\/div>\n<\/div>\n\n\n\n<div class=\"wp-block-group alignfull mountains-bg mountains-bg-top has-nero-color has-grigio-chiaro-background-color has-text-color has-background is-layout-flow wp-block-group-is-layout-flow\">\n<div class=\"wp-block-group intro-2 empty is-layout-flow wp-container-core-group-is-layout-7c146d32 wp-block-group-is-layout-flow\" style=\"padding-top:50px;padding-bottom:50px\">\n<div class=\"wp-block-columns gap-mobile is-layout-flex wp-container-core-columns-is-layout-28f84493 wp-block-columns-is-layout-flex\">\n<div class=\"wp-block-column is-vertically-aligned-center is-layout-flow wp-block-column-is-layout-flow\">\n<h3 class=\"wp-block-heading has-text-align-left has-blu-color has-text-color\" style=\"font-size:26px;text-transform:uppercase\">Basecamp Alagna<\/h3>\n\n\n\n<p class=\"has-icon pin\">13021 Fraz. Bonda &#8211; Alagna Valsesia <\/p>\n\n\n\n<p class=\"has-icon tel\">+39 0163 020042 &#8211; +39 346 5062475<\/p>\n\n\n\n<p class=\"has-icon mail\"><a href=\"info@basecampalagna.it\">info@basecampalagna.it<\/a><\/p>\n\n\n\n<p class=\"has-icon www\"><a href=\"http:\/\/www.basecampalagna.it\">www.basecampalagna.it<\/a><\/p>\n<\/div>\n\n\n\n<div class=\"wp-block-column is-vertically-aligned-top is-layout-flow wp-block-column-is-layout-flow\">\n<h3 class=\"wp-block-heading has-text-align-left has-blu-color has-text-color\" style=\"font-size:26px;text-transform:uppercase\">Bellotti Sport<\/h3>\n\n\n\n<p class=\"has-icon pin\">13028 Via della Fonderia, 5 &#8211; Scopello<\/p>\n\n\n\n<p class=\"has-icon tel\">+39 0163 71838<\/p>\n\n\n\n<p class=\"has-icon mail\"><a href=\"mailto:info@bellottisport.it\">info@bellottisport.it<\/a><\/p>\n\n\n\n<p class=\"has-icon www\"><a href=\"https:\/\/www.bellottisport.it\/\">www.bellottisport.it<\/a><\/p>\n<\/div>\n\n\n\n<div class=\"wp-block-column is-vertically-aligned-top is-layout-flow wp-block-column-is-layout-flow\">\n<h3 class=\"wp-block-heading has-text-align-left has-blu-color has-text-color\" style=\"font-size:26px;text-transform:uppercase\">Centro sci di fondo <br>carcoforo<\/h3>\n\n\n\n<p class=\"has-icon pin\">13026 c\/o Sci Club Carcoforo &#8211; loc. Tetto Minocco<\/p>\n\n\n\n<p class=\"has-icon tel\">+39 347 8729211 &#8211; +39 334 2003687 <\/p>\n\n\n\n<p class=\"has-icon mail\"><a href=\"mailto:sciclubcarcoforo@gmail.com\">sciclubcarcoforo@gmail.com<\/a><\/p>\n\n\n\n<p class=\"has-icon www\"><a href=\"https:\/\/www.facebook.com\/profile.php?id=61555966801311\">Pagina Facebook Sci Club Carcoforo<\/a><\/p>\n<\/div>\n<\/div>\n\n\n\n<div class=\"wp-block-columns gap-mobile is-layout-flex wp-container-core-columns-is-layout-28f84493 wp-block-columns-is-layout-flex\">\n<div class=\"wp-block-column is-layout-flow wp-block-column-is-layout-flow\">\n<h3 class=\"wp-block-heading has-text-align-left has-blu-color has-text-color\" style=\"font-size:26px;text-transform:uppercase\">Centro Sci di Fondo <br>\u201cLa Marmotta Rosa\u201d<\/h3>\n\n\n\n<p class=\"has-icon pin\">13021 Loc. Riva Valdobbia &#8211; Alagna Valsesia<\/p>\n\n\n\n<p class=\"has-icon tel\">+39 0163 922988 &#8211; +39.349.0060799<\/p>\n\n\n\n<p class=\"has-icon mail\"><a href=\"mailto:skiteamvalsesia@gmail.com\">skiteamvalsesia@gmail.com<\/a><\/p>\n\n\n\n<p class=\"has-icon www\"> <a href=\"http:\/\/www.skiteamvalsesia.com\/pista-di-fondo\">www.skiteamvalsesia.com<\/a><\/p>\n<\/div>\n\n\n\n<div class=\"wp-block-column is-vertically-aligned-top is-layout-flow wp-block-column-is-layout-flow\">\n<h3 class=\"wp-block-heading has-text-align-left has-blu-color has-text-color\" style=\"font-size:26px;text-transform:uppercase\">Flower snow &amp; bike shop<\/h3>\n\n\n\n<p class=\"has-icon pin\">13011 Via Combattenti 26 bis, Borgosesia<\/p>\n\n\n\n<p class=\"has-icon tel\">+39 0163 23204<\/p>\n\n\n\n<p class=\"has-icon mail\"><a href=\"mailto:flowersnow@hotmail.it\">flowersnow@hotmail.it<\/a><\/p>\n\n\n\n<p class=\"has-icon www\"><a href=\"https:\/\/www.facebook.com\/flowersnow.ski.bike.shop\/?locale=it_IT\">Pagina Facebook<\/a><\/p>\n<\/div>\n\n\n\n<div class=\"wp-block-column is-vertically-aligned-top is-layout-flow wp-block-column-is-layout-flow\">\n<h3 class=\"wp-block-heading has-text-align-left has-blu-color has-text-color\" style=\"font-size:26px;text-transform:uppercase\">Lippi Sport<\/h3>\n\n\n\n<p class=\"has-icon pin\">13019 Corso Roma, 58 &#8211; Varallo<\/p>\n\n\n\n<p class=\"has-icon tel\">+39 0163 51562<\/p>\n<\/div>\n<\/div>\n\n\n\n<div class=\"wp-block-columns gap-mobile is-layout-flex wp-container-core-columns-is-layout-28f84493 wp-block-columns-is-layout-flex\">\n<div class=\"wp-block-column is-layout-flow wp-block-column-is-layout-flow\">\n<div class=\"wp-block-columns is-layout-flex wp-container-core-columns-is-layout-28f84493 wp-block-columns-is-layout-flex\">\n<div class=\"wp-block-column is-vertically-aligned-center is-layout-flow wp-block-column-is-layout-flow\">\n<h3 class=\"wp-block-heading has-text-align-left has-blu-color has-text-color\" style=\"font-size:26px;text-transform:uppercase\">Noleggio &#8211; Fiocco <br>(Tempo Libero)<\/h3>\n\n\n\n<p class=\"has-icon pin\">13021 Via Circonvallazione &#8211; Alagna fraz. Riva Valdobbia<\/p>\n\n\n\n<p class=\"has-icon tel\">+39 349 0060799<\/p>\n\n\n\n<p class=\"has-icon mail\"><a href=\"mailto:info@tempoliberosport.it\">info@tempoliberosport.it<\/a><\/p>\n\n\n\n<p class=\"has-icon www\"><a href=\"http:\/\/www.tempoliberosport.it\">www.tempoliberosport.it<\/a><\/p>\n<\/div>\n\n\n\n<div class=\"wp-block-column is-vertically-aligned-top is-layout-flow wp-block-column-is-layout-flow\">\n<h3 class=\"wp-block-heading has-text-align-left has-blu-color has-text-color\" style=\"font-size:26px;text-transform:uppercase\">Polaris Ski Rent <br>(tempo libero)<\/h3>\n\n\n\n<p class=\"has-icon pin\">13028 Alpe di Mera &#8211; Scopello<\/p>\n\n\n\n<p class=\"has-icon tel\">+39 0163 78165<\/p>\n\n\n\n<p class=\"has-icon mail\"><a href=\"mailto:info@tempoliberosport.it\">info@tempoliberosport.it<\/a><\/p>\n\n\n\n<p class=\"has-icon www\"><a href=\"http:\/\/www.tempoliberosport.it\">www.tempoliberosport.it<\/a><\/p>\n<\/div>\n\n\n\n<div class=\"wp-block-column is-vertically-aligned-top is-layout-flow wp-block-column-is-layout-flow\">\n<h3 class=\"wp-block-heading has-text-align-left has-blu-color has-text-color\" style=\"font-size:26px;text-transform:uppercase\">REDCAB Rental Sci, <br>Snowboard &amp; Bike<\/h3>\n\n\n\n<p class=\"has-icon pin\">13027 Via Varallo, 45 &#8211; Scopetta<\/p>\n\n\n\n<p class=\"has-icon tel\">+39 328 8867341&nbsp;<\/p>\n\n\n\n<p class=\"has-icon mail\"><a href=\"mailto:redcab@libero.it\">redcab@libero.it<\/a><\/p>\n\n\n\n<p class=\"has-icon www\"><a href=\"http:\/\/www.redcab.it\">www.redcab.it<\/a><\/p>\n<\/div>\n<\/div>\n<\/div>\n<\/div>\n\n\n\n<div class=\"wp-block-columns gap-mobile is-layout-flex wp-container-core-columns-is-layout-28f84493 wp-block-columns-is-layout-flex\">\n<div class=\"wp-block-column is-vertically-aligned-center is-layout-flow wp-block-column-is-layout-flow\">\n<h3 class=\"wp-block-heading has-text-align-left has-blu-color has-text-color\" style=\"font-size:26px;text-transform:uppercase\">Sport Haus<\/h3>\n\n\n\n<p class=\"has-icon pin\">13021 Fraz. Bonda &#8211; Alagna Valsesia<\/p>\n\n\n\n<p class=\"has-icon tel\">+39 0163 91308<\/p>\n\n\n\n<p class=\"has-icon mail\"><a href=\"mailto:info@sporthaus.it\">info@sporthaus.it<\/a><\/p>\n\n\n\n<p class=\"has-icon www\"><a href=\"http:\/\/www.sporthaus.it\">www.sporthaus.it<\/a><\/p>\n<\/div>\n\n\n\n<div class=\"wp-block-column is-vertically-aligned-top is-layout-flow wp-block-column-is-layout-flow\">\n<h3 class=\"wp-block-heading has-text-align-left has-blu-color has-text-color\" style=\"font-size:26px;text-transform:uppercase\">tempo libero &#8211; scopa<\/h3>\n\n\n\n<p class=\"has-icon pin\">13027 Via Statale &#8211; Scopa<\/p>\n\n\n\n<p class=\"has-icon tel\">+39 0163 71827<\/p>\n\n\n\n<p class=\"has-icon mail\"><a href=\"mailto:info@tempoliberosport.it\">info@tempoliberosport.it<\/a><\/p>\n\n\n\n<p class=\"has-icon www\"><a href=\"http:\/\/www.tempoliberosport.it\">www.tempoliberospo<\/a><\/p>\n<\/div>\n\n\n\n<div class=\"wp-block-column is-vertically-aligned-top is-layout-flow wp-block-column-is-layout-flow\">\n<h3 class=\"wp-block-heading has-text-align-left has-blu-color has-text-color\" style=\"font-size:26px;text-transform:uppercase\">tempo libero &#8211; borgosesia<\/h3>\n\n\n\n<p class=\"has-icon pin\">13011 Reg.Torame &#8211; Borgosesia<\/p>\n\n\n\n<p class=\"has-icon tel\">+39 0163 71838<\/p>\n\n\n\n<p class=\"has-icon mail\"><a href=\"BELLOTT03@bellottisport.191.it\">BELLOTT03@bellottisport.191.it<\/a><\/p>\n\n\n\n<p class=\"has-icon www\"><a href=\"http:\/\/bellottisport.amawebs.com\/\">http:\/\/bellottisport.amawe<\/a><\/p>\n\n\n\n<p><\/p>\n<\/div>\n<\/div>\n\n\n\n<div class=\"wp-block-group is-layout-constrained wp-block-group-is-layout-constrained\">\n<h3 class=\"wp-block-heading has-text-align-left has-blu-color has-text-color\" style=\"font-size:26px;text-transform:uppercase\">Sportway doccio<\/h3>\n\n\n\n<p class=\"has-icon pin\">Corso Valsesia, 12\/E &#8211; loc. Doccio <\/p>\n\n\n\n<p class=\"has-icon tel\">+39 0163 028083<\/p>\n\n\n\n<p class=\"has-icon www\"><a href=\"https:\/\/sportway.it\/contatti.html\">sportway.it<\/a><\/p>\n<\/div>\n<\/div>\n<\/div>\n","protected":false},"excerpt":{"rendered":"<p>Home Scopri Winter in Valsesia LOUEZ L\u2019\u00c9QUIPEMENT ADAPT\u00c9 Pr\u00e9parez votre journ\u00e9e sur la neige en Valsesia: d\u00e9couvrez toutes les activit\u00e9s \u00e0 pratiquer dans nos montagnes et louez le mat\u00e9riel le plus adapt\u00e9 \u00e0 votre aventure! Basecamp Alagna 13021 Fraz. Bonda &#8211; Alagna Valsesia +39 0163 020042 &#8211; +39 346 5062475 info@basecampalagna.it www.basecampalagna.it Bellotti Sport 13028&#8230;<\/p>\n","protected":false},"author":2,"featured_media":9120,"parent":0,"menu_order":0,"comment_status":"closed","ping_status":"closed","template":"","meta":{"_acf_changed":false,"footnotes":""},"class_list":["post-12364","page","type-page","status-publish","has-post-thumbnail","hentry"],"acf":[],"_links":{"self":[{"href":"https:\/\/visitvalsesiavercelli.it\/fr\/wp-json\/wp\/v2\/pages\/12364","targetHints":{"allow":["GET"]}}],"collection":[{"href":"https:\/\/visitvalsesiavercelli.it\/fr\/wp-json\/wp\/v2\/pages"}],"about":[{"href":"https:\/\/visitvalsesiavercelli.it\/fr\/wp-json\/wp\/v2\/types\/page"}],"author":[{"embeddable":true,"href":"https:\/\/visitvalsesiavercelli.it\/fr\/wp-json\/wp\/v2\/users\/2"}],"replies":[{"embeddable":true,"href":"https:\/\/visitvalsesiavercelli.it\/fr\/wp-json\/wp\/v2\/comments?post=12364"}],"version-history":[{"count":0,"href":"https:\/\/visitvalsesiavercelli.it\/fr\/wp-json\/wp\/v2\/pages\/12364\/revisions"}],"wp:featuredmedia":[{"embeddable":true,"href":"https:\/\/visitvalsesiavercelli.it\/fr\/wp-json\/wp\/v2\/media\/9120"}],"wp:attachment":[{"href":"https:\/\/visitvalsesiavercelli.it\/fr\/wp-json\/wp\/v2\/media?parent=12364"}],"curies":[{"name":"wp","href":"https:\/\/api.w.org\/{rel}","templated":true}]}}