{"id":13461,"date":"2022-07-26T18:17:11","date_gmt":"2022-07-26T16:17:11","guid":{"rendered":"https:\/\/visitvalsesiavercelli.it\/?page_id=13461"},"modified":"2023-03-24T16:02:47","modified_gmt":"2023-03-24T15:02:47","slug":"en-ville","status":"publish","type":"page","link":"https:\/\/visitvalsesiavercelli.it\/fr\/en-ville\/","title":{"rendered":"Un jour \u00e0&#8230;"},"content":{"rendered":"\n<div class=\"wp-block-cover alignfull has-custom-content-position is-position-center-left hero\" style=\"min-height:650px;aspect-ratio:unset;\"><span aria-hidden=\"true\" class=\"wp-block-cover__background has-background-dim\"><\/span><img loading=\"lazy\" decoding=\"async\" width=\"1500\" height=\"1001\" class=\"wp-block-cover__image-background wp-image-603\" alt=\"\" src=\"https:\/\/visitvalsesiavercelli.it\/wp-content\/uploads\/2022\/08\/fontanetto_po.jpeg\" data-object-fit=\"cover\" srcset=\"https:\/\/visitvalsesiavercelli.it\/wp-content\/uploads\/2022\/08\/fontanetto_po.jpeg 1500w, https:\/\/visitvalsesiavercelli.it\/wp-content\/uploads\/2022\/08\/fontanetto_po-1000x667.jpeg 1000w\" sizes=\"auto, (max-width: 1500px) 100vw, 1500px\" \/><div class=\"wp-block-cover__inner-container is-layout-flow wp-block-cover-is-layout-flow\">\n<div class=\"wp-block-group is-layout-flow wp-block-group-is-layout-flow\"><h1 style=\"text-transform:uppercase;\" class=\"wp-block-post-title\">Un jour \u00e0&#8230;<\/h1><\/div>\n<\/div><\/div>\n\n\n\n<div class=\"wp-block-group alignfull breadcrumbs is-layout-flow wp-block-group-is-layout-flow\">\n<div class=\"wp-block-group d-flex is-layout-flow wp-block-group-is-layout-flow\">\n<p><a href=\"https:\/\/visitvalsesiavercelli.it\/\" data-type=\"page\" data-id=\"2\">Home<\/a><\/p>\n\n\n\n<p>Scopri<\/p>\n\n\n\n<p>Itinerari<\/p>\n\n\n<h6 class=\"wp-block-post-title has-text-color has-orange-color\">Un jour \u00e0&#8230;<\/h6><\/div>\n<\/div>\n\n\n\n<div class=\"wp-block-group alignfull is-layout-flow wp-block-group-is-layout-flow\">\n<div class=\"wp-block-group intro-esperienze is-layout-constrained wp-container-core-group-is-layout-02dd29b2 wp-block-group-is-layout-constrained\" style=\"padding-top:70px;padding-bottom:70px\">\n<h2 class=\"has-text-align-center has-text-color wp-block-heading\" style=\"color:#2d3429;text-transform:uppercase\">    ITIN\u00c9RAIRES URBAINS <br><mark style=\"background-color:rgba(0, 0, 0, 0)\" class=\"has-inline-color has-giallo-color\">SUR MESURE<\/mark><\/h2>\n\n\n\n<p class=\"has-text-align-center has-text-color has-size-22-font-size\" style=\"color:#36442e;font-style:normal;font-weight:600\">\u00c0 pied ou \u00e0 v\u00e9lo, suivez nos itin\u00e9raires urbains pour d\u00e9couvrir les merveilles des centres historiques. N\u2019attendez plus&nbsp;!<br><br><\/p>\n<\/div>\n<\/div>\n\n\n    <div class=\"wp-block-group alignwide filter-container \">\n        <div class=\"filtri-head is-content-justification-space-between is-nowrap wp-block-group\">\n            <div>\n                \n\n<h3 class=\"has-text-color has-size-29-font-size wp-block-heading\" style=\"color:#2d3429;text-transform:uppercase\">Trouver le meilleur itin\u00e9raire<\/h3>\n\n\n            <\/div>\n            <form class=\"filtri-esperienze\" data-type=\"itinerari\" data-cat=\"73\">\n                                                            <div>\n                            <label class=\"area\" data-default=\"S\u00e9lectionner zone\">S\u00e9lectionner zone<\/label>\n                            <select name=\"area\">\n                                <option value=\"\" selected>Toutes les zones<\/option>\n                                <option value=\"7\">Alta Valsesia<\/option><option value=\"6\">Bassa Valsesia<\/option><option value=\"5\">Gattinara e Baraggia<\/option><option value=\"8\">Vercelli e Terre del Riso<\/option>                            <\/select>\n                        <\/div>\n                                                                                                                                                                                                                                                                                                                                                                                                                                                                                                                                                                        \n                <div>\n                    <input type=\"radio\" id=\"mosaico\" name=\"vista\" value=\"mosaico\" checked><label for=\"mosaico\"><\/label><input type=\"radio\" id=\"elenco\" name=\"vista\" value=\"elenco\" ><label for=\"elenco\"><\/label><input type=\"radio\" id=\"mappa\" name=\"vista\" value=\"mappa\" ><label for=\"mappa\"><\/label>                <\/div>\n                <div><button type=\"submit\" class=\"cerca-filtri\"><i class=\"icon-search\"><\/i><\/button><\/div>\n            <\/form>\n        <\/div>\n    <\/div>\n        <div class=\"pins\" data-pin=\"https:\/\/visitvalsesiavercelli.it\/wp-content\/themes\/atl\/dist\/images\/pin.png\" data-pin-active=\"https:\/\/visitvalsesiavercelli.it\/wp-content\/themes\/atl\/dist\/images\/pin.png\"><\/div>\n    <section class=\"lista-esperienze itinerari\">\n        <div>\n                                                    <div class=\"mosaico\">\n                                                            <a href=\"https:\/\/visitvalsesiavercelli.it\/fr\/scopri\/itinerari\/une-journee-a-alagna\/\" class=\"carosello-element\">\n                                                        \n                                <div class=\"wp-block-image\">\n                                    <img loading=\"lazy\" decoding=\"async\" width=\"340\" height=\"210\" src=\"https:\/\/visitvalsesiavercelli.it\/wp-content\/uploads\/2022\/11\/alagna-340x210.jpg\" class=\"attachment-regular-thumb size-regular-thumb wp-post-image\" alt=\"\" srcset=\"https:\/\/visitvalsesiavercelli.it\/wp-content\/uploads\/2022\/11\/alagna-340x210.jpg 340w, https:\/\/visitvalsesiavercelli.it\/wp-content\/uploads\/2022\/11\/alagna-680x420.jpg 680w\" sizes=\"auto, (max-width: 340px) 100vw, 340px\" \/>                                <\/div>\n                                <div class=\"content\">\n                                    <h4>Une journ\u00e9e \u00e0 Alagna<\/h4>\n                                <\/div>\n                                <div class=\"wp-block-buttons\">\n                                    <div class=\"wp-block-button is-style-outline\">\n                                        <span class=\"wp-block-button__link\">\n                                        Vivre                                        <\/span>\n                                    <\/div>\n                                <\/div>\n                            <\/a>\n                        <\/div>    \n                         \n                                        <div class=\"mosaico\">\n                                                            <a href=\"https:\/\/visitvalsesiavercelli.it\/fr\/scopri\/itinerari\/une-journee-a-varallo\/\" class=\"carosello-element\">\n                                                        \n                                <div class=\"wp-block-image\">\n                                    <img loading=\"lazy\" decoding=\"async\" width=\"340\" height=\"210\" src=\"https:\/\/visitvalsesiavercelli.it\/wp-content\/uploads\/2022\/09\/Sacro-Monte-Varallo-1-340x210.jpg\" class=\"attachment-regular-thumb size-regular-thumb wp-post-image\" alt=\"\" srcset=\"https:\/\/visitvalsesiavercelli.it\/wp-content\/uploads\/2022\/09\/Sacro-Monte-Varallo-1-340x210.jpg 340w, https:\/\/visitvalsesiavercelli.it\/wp-content\/uploads\/2022\/09\/Sacro-Monte-Varallo-1-680x420.jpg 680w\" sizes=\"auto, (max-width: 340px) 100vw, 340px\" \/>                                <\/div>\n                                <div class=\"content\">\n                                    <h4>Une journ\u00e9e a Varallo<\/h4>\n                                <\/div>\n                                <div class=\"wp-block-buttons\">\n                                    <div class=\"wp-block-button is-style-outline\">\n                                        <span class=\"wp-block-button__link\">\n                                        Vivre                                        <\/span>\n                                    <\/div>\n                                <\/div>\n                            <\/a>\n                        <\/div>    \n                         \n                                        <div class=\"mosaico\">\n                                                            <a href=\"https:\/\/visitvalsesiavercelli.it\/fr\/scopri\/itinerari\/une-journee-a-gattinara\/\" class=\"carosello-element\">\n                                                        \n                                <div class=\"wp-block-image\">\n                                    <img loading=\"lazy\" decoding=\"async\" width=\"340\" height=\"210\" src=\"https:\/\/visitvalsesiavercelli.it\/wp-content\/uploads\/2022\/08\/Gattinara-con-uva-340x210.jpg\" class=\"attachment-regular-thumb size-regular-thumb wp-post-image\" alt=\"\" srcset=\"https:\/\/visitvalsesiavercelli.it\/wp-content\/uploads\/2022\/08\/Gattinara-con-uva-340x210.jpg 340w, https:\/\/visitvalsesiavercelli.it\/wp-content\/uploads\/2022\/08\/Gattinara-con-uva-680x420.jpg 680w\" sizes=\"auto, (max-width: 340px) 100vw, 340px\" \/>                                <\/div>\n                                <div class=\"content\">\n                                    <h4>Une journ\u00e9e \u00e0 Gattinara<\/h4>\n                                <\/div>\n                                <div class=\"wp-block-buttons\">\n                                    <div class=\"wp-block-button is-style-outline\">\n                                        <span class=\"wp-block-button__link\">\n                                        Vivre                                        <\/span>\n                                    <\/div>\n                                <\/div>\n                            <\/a>\n                        <\/div>    \n                         \n                                        <div class=\"mosaico\">\n                                                            <a href=\"https:\/\/visitvalsesiavercelli.it\/fr\/scopri\/itinerari\/une-journee-a-vercelli\/\" class=\"carosello-element\">\n                                                        \n                                <div class=\"wp-block-image\">\n                                    <img loading=\"lazy\" decoding=\"async\" width=\"340\" height=\"210\" src=\"https:\/\/visitvalsesiavercelli.it\/wp-content\/uploads\/2022\/11\/pzzacavout-340x210.png\" class=\"attachment-regular-thumb size-regular-thumb wp-post-image\" alt=\"\" srcset=\"https:\/\/visitvalsesiavercelli.it\/wp-content\/uploads\/2022\/11\/pzzacavout-340x210.png 340w, https:\/\/visitvalsesiavercelli.it\/wp-content\/uploads\/2022\/11\/pzzacavout-680x420.png 680w\" sizes=\"auto, (max-width: 340px) 100vw, 340px\" \/>                                <\/div>\n                                <div class=\"content\">\n                                    <h4>Une journ\u00e9e \u00e0 Vercelli<\/h4>\n                                <\/div>\n                                <div class=\"wp-block-buttons\">\n                                    <div class=\"wp-block-button is-style-outline\">\n                                        <span class=\"wp-block-button__link\">\n                                        Vivre                                        <\/span>\n                                    <\/div>\n                                <\/div>\n                            <\/a>\n                        <\/div>    \n                         \n                                    <\/div>\n    <\/section>\n                        <div class=\"prev-next-esperienze align\">\n            <div><a href=\"https:\/\/visitvalsesiavercelli.it\/fr\/scopri\/itinerari\/une-journee-a-vercelli\/\" class=\"prev\"><i class=\"icon-arrow-long\"><\/i><i class=\"icon-in-valsesia-fr\"><\/i><\/a><\/div><div><a href=\"https:\/\/visitvalsesiavercelli.it\/fr\/scopri\/itinerari\/une-journee-a-vercelli\/\" class=\"next\"><i class=\"icon-in-valsesia-fr\"><\/i><i class=\"icon-arrow-long\"><\/i><\/a><\/div>        <\/div>\n            \n    \n\n\n<div style=\"height:50px\" aria-hidden=\"true\" class=\"wp-block-spacer\"><\/div>\n","protected":false},"excerpt":{"rendered":"<p>Home Scopri Itinerari ITIN\u00c9RAIRES URBAINS SUR MESURE \u00c0 pied ou \u00e0 v\u00e9lo, suivez nos itin\u00e9raires urbains pour d\u00e9couvrir les merveilles des centres historiques. N\u2019attendez plus&nbsp;!<\/p>\n","protected":false},"author":12,"featured_media":0,"parent":0,"menu_order":0,"comment_status":"closed","ping_status":"closed","template":"","meta":{"_acf_changed":false,"footnotes":""},"class_list":["post-13461","page","type-page","status-publish","hentry"],"acf":[],"_links":{"self":[{"href":"https:\/\/visitvalsesiavercelli.it\/fr\/wp-json\/wp\/v2\/pages\/13461","targetHints":{"allow":["GET"]}}],"collection":[{"href":"https:\/\/visitvalsesiavercelli.it\/fr\/wp-json\/wp\/v2\/pages"}],"about":[{"href":"https:\/\/visitvalsesiavercelli.it\/fr\/wp-json\/wp\/v2\/types\/page"}],"author":[{"embeddable":true,"href":"https:\/\/visitvalsesiavercelli.it\/fr\/wp-json\/wp\/v2\/users\/12"}],"replies":[{"embeddable":true,"href":"https:\/\/visitvalsesiavercelli.it\/fr\/wp-json\/wp\/v2\/comments?post=13461"}],"version-history":[{"count":0,"href":"https:\/\/visitvalsesiavercelli.it\/fr\/wp-json\/wp\/v2\/pages\/13461\/revisions"}],"wp:attachment":[{"href":"https:\/\/visitvalsesiavercelli.it\/fr\/wp-json\/wp\/v2\/media?parent=13461"}],"curies":[{"name":"wp","href":"https:\/\/api.w.org\/{rel}","templated":true}]}}