{"id":13410,"date":"2022-10-24T10:23:00","date_gmt":"2022-10-24T08:23:00","guid":{"rendered":"https:\/\/visitvalsesiavercelli.it\/?post_type=percorsi&#038;p=13410"},"modified":"2026-04-12T15:23:11","modified_gmt":"2026-04-12T13:23:11","slug":"alagna-colle-del-turlo","status":"publish","type":"percorsi","link":"https:\/\/visitvalsesiavercelli.it\/fr\/vivi\/outdoor-e-natura\/alagna-colle-del-turlo\/","title":{"rendered":"ALAGNA &#8211; Colle del Turlo"},"content":{"rendered":"\n<div class=\"wp-block-cover alignfull is-light has-custom-content-position is-position-center-left hero\" style=\"min-height:650px;aspect-ratio:unset;\"><img loading=\"lazy\" decoding=\"async\" width=\"1206\" height=\"707\" class=\"wp-block-cover__image-background wp-image-5642\" alt=\"\" src=\"https:\/\/visitvalsesiavercelli.it\/wp-content\/uploads\/2022\/11\/colle-del-turlo.png\" data-object-fit=\"cover\" srcset=\"https:\/\/visitvalsesiavercelli.it\/wp-content\/uploads\/2022\/11\/colle-del-turlo.png 1206w, https:\/\/visitvalsesiavercelli.it\/wp-content\/uploads\/2022\/11\/colle-del-turlo-1000x586.png 1000w\" sizes=\"auto, (max-width: 1206px) 100vw, 1206px\" \/><span aria-hidden=\"true\" class=\"wp-block-cover__background has-background-dim\"><\/span><div class=\"wp-block-cover__inner-container is-layout-flow wp-block-cover-is-layout-flow\">\n<div class=\"wp-block-group is-layout-flow wp-block-group-is-layout-flow\"><h1 style=\"font-size:65px;text-transform:uppercase;\" class=\"wp-block-post-title has-text-color has-bianco-color\">ALAGNA &#8211; Colle del Turlo<\/h1>\n\n    <div class=\"etichetta\">\n        <div>\n            Parcours \/ Trekking        <\/div>\n    <\/div><\/div>\n<\/div><\/div>\n\n\n\n<div class=\"wp-block-group alignfull breadcrumbs is-layout-flow wp-block-group-is-layout-flow\">\n<div class=\"wp-block-group d-flex is-layout-flow wp-block-group-is-layout-flow\">\n<p><a href=\"https:\/\/visitvalsesiavercelli.it\/fr\/\" data-type=\"page\" data-id=\"2\">Home<\/a><\/p>\n\n\n\n<p>Vivi<\/p>\n\n\n\n<p>Natura e outdoor<\/p>\n\n\n            <p class=\"breadcrumb-esperienza\">\n                Trekking<\/a>    \n            <\/p>\n                \n\n<h6 class=\"wp-block-post-title has-text-color has-orange-color\">ALAGNA &#8211; Colle del Turlo<\/h6><\/div>\n<\/div>\n\n\n\n<div class=\"wp-block-group alignfull is-layout-flow wp-block-group-is-layout-flow\">\n<div class=\"wp-block-group intro-percorsi is-layout-flow wp-container-core-group-is-layout-49fcf5db wp-block-group-is-layout-flow\" style=\"padding-top:70px;padding-bottom:70px;padding-left:70px\">    <div class=\"etichetta-secondaria\">\n        <div>\n            Parcours de d\u00e9votion        <\/div>\n    <\/div>\n    \n\n\n<h2 class=\"wp-block-heading has-text-align-left has-text-color\" style=\"color:#2d3429;text-transform:uppercase\">Chemin n. 207a alagna, piazzale dell&rsquo;Acqua Bianca &#8211; Colle del Turlo<\/h2>\n\n\n    <div class=\"keywords-percorsi\">\n        \n\n<div class=\"wp-block-group keywords-percorsi-container is-content-justification-space-between is-layout-flex wp-container-core-group-is-layout-9366075c wp-block-group-is-layout-flex\">\n<div class=\"wp-block-group is-layout-flow wp-block-group-is-layout-flow\">\n<p style=\"font-size:24px;text-transform:uppercase\"><strong>Difficult\u00e9 : moyenne<\/strong><\/p>\n<\/div>\n\n\n\n<div class=\"wp-block-group is-layout-flow wp-block-group-is-layout-flow\">\n<p style=\"font-size:24px;text-transform:uppercase\"><strong>dur\u00e9e moyenne : 3-4 heures<\/strong><\/p>\n<\/div>\n\n\n\n<div class=\"wp-block-group is-layout-flow wp-block-group-is-layout-flow\">\n<p style=\"font-size:24px;text-transform:uppercase\"><strong>altitude de d\u00e9part : 1495mt<\/strong><\/p>\n<\/div>\n\n\n\n<div class=\"wp-block-group is-layout-flow wp-block-group-is-layout-flow\">\n<p style=\"font-size:24px;text-transform:uppercase\"><strong>altitude d&rsquo;arriv\u00e9e : 2738 mt<\/strong><\/p>\n<\/div>\n\n\n\n<div class=\"wp-block-group is-layout-flow wp-block-group-is-layout-flow\">\n<p style=\"font-size:24px;text-transform:uppercase\"><strong>diff\u00e9rence d&rsquo;altitude : 1243 mt<\/strong><\/p>\n<\/div>\n<\/div>\n\n\n    <\/div><\/div>\n<\/div>\n\n\n\n<div class=\"wp-block-group alignfull position-relative has-bianco-color has-text-color has-background is-layout-flow wp-block-group-is-layout-flow\" style=\"background-color:#3d4d34;padding-top:100px;padding-bottom:80px\">    <div class=\"traccia-gpx\">\n        <a download href=\"\">\n        <i class=\"icon-traccia\"><\/i>\n            T\u00e9l\u00e9charger trace GPX        <\/a>\n    <\/div>\n\n\n<div class=\"wp-block-group is-layout-constrained wp-container-core-group-is-layout-e548ea6f wp-block-group-is-layout-constrained\">\n<div class=\"wp-block-columns is-layout-flex wp-container-core-columns-is-layout-28f84493 wp-block-columns-is-layout-flex\">\n<div class=\"wp-block-column is-layout-flow wp-block-column-is-layout-flow\">\n<h3 class=\"wp-block-heading has-giallo-color has-text-color\" style=\"font-size:26px;text-transform:uppercase\">Description de l&rsquo;itin\u00e9raire<\/h3>\n<\/div>\n<\/div>\n<\/div>\n\n\n\n<div class=\"wp-block-group is-layout-constrained wp-container-core-group-is-layout-e548ea6f wp-block-group-is-layout-constrained\">\n<div class=\"wp-block-columns gap-mobile is-layout-flex wp-container-core-columns-is-layout-4a048b8d wp-block-columns-is-layout-flex\">\n<div class=\"wp-block-column is-layout-flow wp-block-column-is-layout-flow\" style=\"flex-basis:50%\">\n<p style=\"font-size:20px\">Pour rejoindre le d\u00e9but de l&rsquo;itin\u00e9raire, suivez la route du village d&rsquo;Alagna jusqu&rsquo;\u00e0 la place du Wold, 1278m, o\u00f9 vous pourrez garer votre voiture. Parcourez la route goudronn\u00e9e, ferm\u00e9e \u00e0 la circulation, jusqu&rsquo;\u00e0 la place de la cascade de l&rsquo;<strong>Acqua Bianca, <\/strong>1495 m, en une heure environ <em>(pendant les mois d&rsquo;\u00e9t\u00e9, vous pouvez utiliser le service de navette Wold &#8211; Acqua Bianca, payant).<\/em><\/p>\n\n\n\n<p style=\"font-size:20px\">L&rsquo;itin\u00e9raire commence quelques dizaines de m\u00e8tres apr\u00e8s la place <strong>Acqua Bianca,<\/strong> en continuant \u00e0 suivre la route 207 (qui, d&rsquo;Alagna, m\u00e8ne au refuge <strong>Barba Ferrero \u00e0 l&rsquo;Alpe Vigne).<\/strong><br>Au premier virage, on peut admirer la cascade de Brunnenwasser, et continuer \u00e0 monter jusqu&rsquo;\u00e0 une altitude d&rsquo;environ 1650m o\u00f9 se croisent diff\u00e9rents sentiers, dont le sentier 207f sur la gauche qui descend vers <strong>l&rsquo;Alpe Fum Bitz, la Casa del Parco et la cabane du berger de l&rsquo;Alpe Pil<\/strong>e, 1575m.<\/p>\n<\/div>\n\n\n\n<div class=\"wp-block-column is-layout-flow wp-block-column-is-layout-flow\" style=\"flex-basis:50%\">\n<p style=\"font-size:20px\">Au d\u00e9part de la route de Turlo, le <mark style=\"background-color:rgba(0, 0, 0, 0)\" class=\"has-inline-color has-giallo-color\"><strong>sentier 207a <\/strong><\/mark>traverse le ruisseau Testanera et s&rsquo;enfonce dans une for\u00eat de m\u00e9l\u00e8zes, atteignant d&rsquo;abord l<strong>&lsquo;Alpe Im Mittlentheil<\/strong> sur l&rsquo;autre versant, 1928m, puis passant au-dessus de l&rsquo;Alpe in d&rsquo;Ekku et de l&rsquo;Alpe Faller.<\/p>\n\n\n\n<p style=\"font-size:20px\">Continuer le long de l&rsquo;ancien sentier muletier, en passant non loin de l<strong>&lsquo;Alpe Grafenboden<\/strong> et des lacs <mark style=\"background-color:rgba(0, 0, 0, 0)\" class=\"has-inline-color has-giallo-color\"><strong>Turlo<\/strong><\/mark>, et finalement, en coupant \u00e0 plusieurs endroits l&rsquo;ancienne route, on arrive \u00e0 <strong><mark style=\"background-color:rgba(0, 0, 0, 0)\" class=\"has-inline-color has-giallo-color\">Colle del Turlo<\/mark><\/strong>, 2738m (en 3 heures environ de la cascade Acqua Bianca).<\/p>\n\n\n\n<p style=\"font-size:20px\"><em>Le sentier qui monte au col de Turlo \u00e9tait autrefois un lieu de passage particuli\u00e8rement important, tant pour le commerce que pour les flux migratoires : au XIVe si\u00e8cle, <mark style=\"background-color:rgba(0, 0, 0, 0)\" class=\"has-inline-color has-giallo-color\">les colons Walser de Macugnaga<\/mark> passaient par l\u00e0, fondant les premiers \u00e9tablissements de la r\u00e9gion d&rsquo;Alagna. Il s&rsquo;agit en fait d&rsquo;une route militaire historique qui a \u00e9t\u00e9 transform\u00e9e en chemin muletier dans les ann\u00e9es 1930 par les Alpini.<\/em><\/p>\n<\/div>\n<\/div>\n<\/div>\n<\/div>\n\n\n    <div class=\"fatmap\">\n        <iframe loading=\"lazy\" width=\"560\" height=\"400\" frameBorder=\"0\" src=\"https:\/\/fatmap.com\/routeid\/2956727\/colle-del-turlo?fmid=em\"><\/iframe>    <\/div>\n\n\n<div class=\"wp-block-group intro-3 is-layout-flow wp-container-core-group-is-layout-b298a938 wp-block-group-is-layout-flow\" style=\"padding-top:110px;padding-bottom:70px\">\n<div class=\"wp-block-columns is-layout-flex wp-container-core-columns-is-layout-00723822 wp-block-columns-is-layout-flex\">\n<div class=\"wp-block-column is-over is-layout-flow wp-block-column-is-layout-flow\" style=\"padding-left:80px;flex-basis:290px\">\n<h2 class=\"wp-block-heading\" style=\"line-height:0.90;text-transform:uppercase\">Autres routes<br><mark style=\"background-color:rgba(0, 0, 0, 0)\" class=\"has-inline-color has-giallo-color\">recommand\u00e9s<\/mark><\/h2>\n\n\n\n<p class=\"has-size-22-font-size\" style=\"font-style:normal;font-weight:600\">La Valsesia a beaucoup \u00e0 offrir aux amateurs de trekking<\/p>\n\n\n\n<p>Des parcours suggestifs en pleine nature qui offrent des vues \u00e0 couper le souffle : laissez-vous surprendre par les merveilleuses montagnes de la Valsesia!<\/p>\n<\/div>\n\n\n\n<div class=\"wp-block-column is-layout-flow wp-block-column-is-layout-flow\" style=\"padding-left:60px\">    <section class=\"carosello-orizzontale cover-overflow\">\n                    <div class=\"swiper\">\n                <div class=\"swiper-wrapper\">\n                                            <div class=\"swiper-slide\">\n                            <a href=\"https:\/\/visitvalsesiavercelli.it\/fr\/vivi\/outdoor-e-natura\/alagna-fraz-pedemonte-alpe-campo-alpe-sattal-bocchetta-della-moanda\/\" class=\"carosello-element\">\n                                <div class=\"wp-block-image\">\n                                    <img loading=\"lazy\" decoding=\"async\" width=\"340\" height=\"210\" src=\"https:\/\/visitvalsesiavercelli.it\/wp-content\/uploads\/2022\/11\/Alpe-Campo-340x210.jpg\" class=\"attachment-regular-thumb size-regular-thumb wp-post-image\" alt=\"\" srcset=\"https:\/\/visitvalsesiavercelli.it\/wp-content\/uploads\/2022\/11\/Alpe-Campo-340x210.jpg 340w, https:\/\/visitvalsesiavercelli.it\/wp-content\/uploads\/2022\/11\/Alpe-Campo-680x420.jpg 680w\" sizes=\"auto, (max-width: 340px) 100vw, 340px\" \/>                                <\/div>\n                                <div class=\"content\">\n                                    <h4>ALAGNA, Fraz. Pedemonte &#8211; Alpe Campo \u2013 Alpe Sattal\/Bocchetta della Moanda<\/h4>\n                                <\/div>\n                                <div class=\"wp-block-buttons\">\n                                    <div class=\"wp-block-button is-style-outline\">\n                                        <span class=\"wp-block-button__link\">\n                                            Vivre                                        <\/span>\n                                    <\/div>\n                                <\/div>\n                            <\/a>\n                        <\/div>\n                                                <div class=\"swiper-slide\">\n                            <a href=\"https:\/\/visitvalsesiavercelli.it\/fr\/vivi\/outdoor-e-natura\/alagna-fraz-pedemonte-colle-mud\/\" class=\"carosello-element\">\n                                <div class=\"wp-block-image\">\n                                    <img loading=\"lazy\" decoding=\"async\" width=\"340\" height=\"210\" src=\"https:\/\/visitvalsesiavercelli.it\/wp-content\/uploads\/2022\/11\/mud-corno-e-corno-piglimo-darima_89d6-340x210.jpg\" class=\"attachment-regular-thumb size-regular-thumb wp-post-image\" alt=\"\" srcset=\"https:\/\/visitvalsesiavercelli.it\/wp-content\/uploads\/2022\/11\/mud-corno-e-corno-piglimo-darima_89d6-340x210.jpg 340w, https:\/\/visitvalsesiavercelli.it\/wp-content\/uploads\/2022\/11\/mud-corno-e-corno-piglimo-darima_89d6-680x420.jpg 680w\" sizes=\"auto, (max-width: 340px) 100vw, 340px\" \/>                                <\/div>\n                                <div class=\"content\">\n                                    <h4>ALAGNA, Fraz. Pedemonte &#8211; Colle Mud<\/h4>\n                                <\/div>\n                                <div class=\"wp-block-buttons\">\n                                    <div class=\"wp-block-button is-style-outline\">\n                                        <span class=\"wp-block-button__link\">\n                                            Vivre                                        <\/span>\n                                    <\/div>\n                                <\/div>\n                            <\/a>\n                        <\/div>\n                                                <div class=\"swiper-slide\">\n                            <a href=\"https:\/\/visitvalsesiavercelli.it\/fr\/vivi\/outdoor-e-natura\/alagna-alpe-vigne-superiore-rif-barba-ferrero\/\" class=\"carosello-element\">\n                                <div class=\"wp-block-image\">\n                                    <img loading=\"lazy\" decoding=\"async\" width=\"340\" height=\"210\" src=\"https:\/\/visitvalsesiavercelli.it\/wp-content\/uploads\/2022\/11\/20200815_094006-340x210.jpg\" class=\"attachment-regular-thumb size-regular-thumb wp-post-image\" alt=\"\" srcset=\"https:\/\/visitvalsesiavercelli.it\/wp-content\/uploads\/2022\/11\/20200815_094006-340x210.jpg 340w, https:\/\/visitvalsesiavercelli.it\/wp-content\/uploads\/2022\/11\/20200815_094006-680x420.jpg 680w\" sizes=\"auto, (max-width: 340px) 100vw, 340px\" \/>                                <\/div>\n                                <div class=\"content\">\n                                    <h4>ALAGNA &#8211; Alpe Vigne Superiore, Rif. Barba Ferrero<\/h4>\n                                <\/div>\n                                <div class=\"wp-block-buttons\">\n                                    <div class=\"wp-block-button is-style-outline\">\n                                        <span class=\"wp-block-button__link\">\n                                            Vivre                                        <\/span>\n                                    <\/div>\n                                <\/div>\n                            <\/a>\n                        <\/div>\n                                                <div class=\"swiper-slide\">\n                            <a href=\"https:\/\/visitvalsesiavercelli.it\/fr\/vivi\/outdoor-e-natura\/alagna-alpe-pianmisura-passo-zube\/\" class=\"carosello-element\">\n                                <div class=\"wp-block-image\">\n                                    <img loading=\"lazy\" decoding=\"async\" width=\"340\" height=\"210\" src=\"https:\/\/visitvalsesiavercelli.it\/wp-content\/uploads\/2022\/10\/20221027_150447-340x210.jpg\" class=\"attachment-regular-thumb size-regular-thumb wp-post-image\" alt=\"\" srcset=\"https:\/\/visitvalsesiavercelli.it\/wp-content\/uploads\/2022\/10\/20221027_150447-340x210.jpg 340w, https:\/\/visitvalsesiavercelli.it\/wp-content\/uploads\/2022\/10\/20221027_150447-680x420.jpg 680w\" sizes=\"auto, (max-width: 340px) 100vw, 340px\" \/>                                <\/div>\n                                <div class=\"content\">\n                                    <h4>ALAGNA &#8211; Alpe Pianmisura &#8211; Passo Zube<\/h4>\n                                <\/div>\n                                <div class=\"wp-block-buttons\">\n                                    <div class=\"wp-block-button is-style-outline\">\n                                        <span class=\"wp-block-button__link\">\n                                            Vivre                                        <\/span>\n                                    <\/div>\n                                <\/div>\n                            <\/a>\n                        <\/div>\n                                                <div class=\"swiper-slide\">\n                            <a href=\"https:\/\/visitvalsesiavercelli.it\/fr\/vivi\/outdoor-e-natura\/alagna-laghi-tailly\/\" class=\"carosello-element\">\n                                <div class=\"wp-block-image\">\n                                    <img loading=\"lazy\" decoding=\"async\" width=\"340\" height=\"210\" src=\"https:\/\/visitvalsesiavercelli.it\/wp-content\/uploads\/2022\/11\/DSC_0527-2-340x210.jpg\" class=\"attachment-regular-thumb size-regular-thumb wp-post-image\" alt=\"\" srcset=\"https:\/\/visitvalsesiavercelli.it\/wp-content\/uploads\/2022\/11\/DSC_0527-2-340x210.jpg 340w, https:\/\/visitvalsesiavercelli.it\/wp-content\/uploads\/2022\/11\/DSC_0527-2-680x420.jpg 680w\" sizes=\"auto, (max-width: 340px) 100vw, 340px\" \/>                                <\/div>\n                                <div class=\"content\">\n                                    <h4>ALAGNA &#8211; Laghi Tailly<\/h4>\n                                <\/div>\n                                <div class=\"wp-block-buttons\">\n                                    <div class=\"wp-block-button is-style-outline\">\n                                        <span class=\"wp-block-button__link\">\n                                            Vivre                                        <\/span>\n                                    <\/div>\n                                <\/div>\n                            <\/a>\n                        <\/div>\n                                                <div class=\"swiper-slide\">\n                            <a href=\"https:\/\/visitvalsesiavercelli.it\/fr\/vivi\/outdoor-e-natura\/alagna-capanna-giovanni-gnifetti\/\" class=\"carosello-element\">\n                                <div class=\"wp-block-image\">\n                                    <img loading=\"lazy\" decoding=\"async\" width=\"340\" height=\"210\" src=\"https:\/\/visitvalsesiavercelli.it\/wp-content\/uploads\/2022\/11\/Rifugio-Capanna-Gnifetti-4-340x210.jpg\" class=\"attachment-regular-thumb size-regular-thumb wp-post-image\" alt=\"\" srcset=\"https:\/\/visitvalsesiavercelli.it\/wp-content\/uploads\/2022\/11\/Rifugio-Capanna-Gnifetti-4-340x210.jpg 340w, https:\/\/visitvalsesiavercelli.it\/wp-content\/uploads\/2022\/11\/Rifugio-Capanna-Gnifetti-4-680x420.jpg 680w\" sizes=\"auto, (max-width: 340px) 100vw, 340px\" \/>                                <\/div>\n                                <div class=\"content\">\n                                    <h4>ALAGNA &#8211; Capanna Giovanni Gnifetti<\/h4>\n                                <\/div>\n                                <div class=\"wp-block-buttons\">\n                                    <div class=\"wp-block-button is-style-outline\">\n                                        <span class=\"wp-block-button__link\">\n                                            Vivre                                        <\/span>\n                                    <\/div>\n                                <\/div>\n                            <\/a>\n                        <\/div>\n                                                <div class=\"swiper-slide\">\n                            <a href=\"https:\/\/visitvalsesiavercelli.it\/fr\/vivi\/outdoor-e-natura\/alagna-rifugio-pastore-capanna-gugliermina\/\" class=\"carosello-element\">\n                                <div class=\"wp-block-image\">\n                                    <img loading=\"lazy\" decoding=\"async\" width=\"340\" height=\"210\" src=\"https:\/\/visitvalsesiavercelli.it\/wp-content\/uploads\/2022\/10\/sentiero_206-6_IMG_2870-206-340x210.jpeg\" class=\"attachment-regular-thumb size-regular-thumb wp-post-image\" alt=\"\" \/>                                <\/div>\n                                <div class=\"content\">\n                                    <h4>ALAGNA &#8211; Rifugio Pastore &#8211; Capanna Gugliermina<\/h4>\n                                <\/div>\n                                <div class=\"wp-block-buttons\">\n                                    <div class=\"wp-block-button is-style-outline\">\n                                        <span class=\"wp-block-button__link\">\n                                            Vivre                                        <\/span>\n                                    <\/div>\n                                <\/div>\n                            <\/a>\n                        <\/div>\n                                        <\/div>\n                <div class=\"swiper-buttons\">\n                    <div class=\"swiper-button-prev\"><\/div>\n                    <div class=\"swiper-button-next\"><\/div>\n                <\/div>\n            <\/div>\n            <\/section><\/div>\n<\/div>\n<\/div>\n\n\n\n<div class=\"wp-block-group alignfull has-bianco-color has-text-color has-background is-layout-flow wp-block-group-is-layout-flow\" style=\"background-color:#3d4d34;padding-top:60px;padding-bottom:80px\">\n<div class=\"wp-block-group is-layout-constrained wp-container-core-group-is-layout-e548ea6f wp-block-group-is-layout-constrained\">\n<div class=\"wp-block-columns gap-mobile is-layout-flex wp-container-core-columns-is-layout-01159bbe wp-block-columns-is-layout-flex\">\n<div class=\"wp-block-column is-layout-flow wp-block-column-is-layout-flow\">\n<h3 class=\"wp-block-heading has-giallo-color has-text-color\" style=\"font-size:26px;text-transform:uppercase\">Comment s&rsquo;y rendre <\/h3>\n\n\n\n<iframe src=\"https:\/\/www.google.com\/maps\/embed?pb=!1m18!1m12!1m3!1d3423.527739459475!2d7.953122891543336!3d45.90292122951192!2m3!1f0!2f0!3f0!3m2!1i1024!2i768!4f13.1!3m3!1m2!1s0x4788ad0e2fbe1353%3A0x4886d904b4f50dc3!2sColle%20del%20Turlo!5e1!3m2!1sit!2sit!4v1776000195552!5m2!1sit!2sit\" width=\"600\" height=\"450\" style=\"border:0;\" allowfullscreen=\"\" loading=\"lazy\" referrerpolicy=\"no-referrer-when-downgrade\"><\/iframe>\n<\/div>\n\n\n\n<div class=\"wp-block-column is-style-prima is-layout-flow wp-block-column-is-layout-flow\">\n<h3 class=\"wp-block-heading has-giallo-color has-text-color\" style=\"font-size:26px;text-transform:uppercase\">Infos et contacts<\/h3>\n\n\n    <div class=\"info-esperienze\">\n        \n\n<div class=\"wp-block-group info-esperienze-container has-link-color wp-elements-9f0d90e60c41a7c27e9f5c83b4f7365f is-vertical is-layout-flex wp-container-core-group-is-layout-fe9cc265 wp-block-group-is-layout-flex\">\n<h2 class=\"wp-block-heading has-size-22-font-size\" style=\"text-transform:uppercase\">C.A.I. &#8211; Club Alpino Italiano di Varallo Sesia<\/h2>\n\n\n\n<div class=\"wp-block-columns is-layout-flex wp-container-core-columns-is-layout-28f84493 wp-block-columns-is-layout-flex\">\n<div class=\"wp-block-column is-layout-flow wp-block-column-is-layout-flow\">\n<div class=\"wp-block-columns is-layout-flex wp-container-core-columns-is-layout-28f84493 wp-block-columns-is-layout-flex\">\n<div class=\"wp-block-column is-layout-flow wp-block-column-is-layout-flow\">\n<div class=\"wp-block-columns is-layout-flex wp-container-core-columns-is-layout-28f84493 wp-block-columns-is-layout-flex\">\n<div class=\"wp-block-column is-layout-flow wp-block-column-is-layout-flow\">\n<p class=\"has-text-align-left has-icon pin\" style=\"font-size:20px\">Via C. Durio, 14 &#8211; 13019 Varallo Sesia (VC)<\/p>\n\n\n\n<p class=\"has-icon tel\" style=\"font-size:20px\"><a href=\"tel:016351530\">0163 51530<\/a>  <\/p>\n\n\n\n<p class=\"has-icon mail\" style=\"font-size:20px\"><a href=\"mailto:info@caivarallo.it\">info@caivarallo.it<\/a>           <\/p>\n\n\n\n<p class=\"has-icon www\" style=\"font-size:20px\"><a href=\"http:\/\/www.caivarallo.com\">www.caivarallo.com<\/a><\/p>\n<\/div>\n<\/div>\n<\/div>\n<\/div>\n<\/div>\n<\/div>\n<\/div>\n\n\n    <\/div><\/div>\n<\/div>\n<\/div>\n<\/div>\n","protected":false},"featured_media":10765,"template":"","categoria-outdoor":[528,525],"difficolta-outdoor":[545],"area":[],"class_list":["post-13410","percorsi","type-percorsi","status-publish","has-post-thumbnail","hentry","categoria-outdoor-escursioni","categoria-outdoor-trekking","difficolta-outdoor-media"],"acf":{"indirizzo":null},"_links":{"self":[{"href":"https:\/\/visitvalsesiavercelli.it\/fr\/wp-json\/wp\/v2\/percorsi\/13410","targetHints":{"allow":["GET"]}}],"collection":[{"href":"https:\/\/visitvalsesiavercelli.it\/fr\/wp-json\/wp\/v2\/percorsi"}],"about":[{"href":"https:\/\/visitvalsesiavercelli.it\/fr\/wp-json\/wp\/v2\/types\/percorsi"}],"wp:featuredmedia":[{"embeddable":true,"href":"https:\/\/visitvalsesiavercelli.it\/fr\/wp-json\/wp\/v2\/media\/10765"}],"wp:attachment":[{"href":"https:\/\/visitvalsesiavercelli.it\/fr\/wp-json\/wp\/v2\/media?parent=13410"}],"wp:term":[{"taxonomy":"categoria-outdoor","embeddable":true,"href":"https:\/\/visitvalsesiavercelli.it\/fr\/wp-json\/wp\/v2\/categoria-outdoor?post=13410"},{"taxonomy":"difficolta-outdoor","embeddable":true,"href":"https:\/\/visitvalsesiavercelli.it\/fr\/wp-json\/wp\/v2\/difficolta-outdoor?post=13410"},{"taxonomy":"area","embeddable":true,"href":"https:\/\/visitvalsesiavercelli.it\/fr\/wp-json\/wp\/v2\/area?post=13410"}],"curies":[{"name":"wp","href":"https:\/\/api.w.org\/{rel}","templated":true}]}}