{"id":13518,"date":"2022-10-24T10:11:49","date_gmt":"2022-10-24T08:11:49","guid":{"rendered":"https:\/\/visitvalsesiavercelli.it\/?post_type=percorsi&#038;p=13518"},"modified":"2026-04-12T15:49:58","modified_gmt":"2026-04-12T13:49:58","slug":"rimasco-alpe-campo","status":"publish","type":"percorsi","link":"https:\/\/visitvalsesiavercelli.it\/fr\/vivi\/outdoor-e-natura\/rimasco-alpe-campo\/","title":{"rendered":"Rimasco &#8211; Alpe Campo"},"content":{"rendered":"\n<div class=\"wp-block-cover alignfull has-custom-content-position is-position-center-left hero\" style=\"min-height:650px;aspect-ratio:unset;\"><img loading=\"lazy\" decoding=\"async\" width=\"2560\" height=\"1440\" class=\"wp-block-cover__image-background wp-image-6456\" alt=\"\" src=\"https:\/\/visitvalsesiavercelli.it\/wp-content\/uploads\/2022\/12\/20180518_130346-scaled.jpg\" style=\"object-position:55% 100%\" data-object-fit=\"cover\" data-object-position=\"55% 100%\" srcset=\"https:\/\/visitvalsesiavercelli.it\/wp-content\/uploads\/2022\/12\/20180518_130346-scaled.jpg 2560w, https:\/\/visitvalsesiavercelli.it\/wp-content\/uploads\/2022\/12\/20180518_130346-1000x563.jpg 1000w, https:\/\/visitvalsesiavercelli.it\/wp-content\/uploads\/2022\/12\/20180518_130346-1500x844.jpg 1500w\" sizes=\"auto, (max-width: 2560px) 100vw, 2560px\" \/><span aria-hidden=\"true\" class=\"wp-block-cover__background has-background-dim\"><\/span><div class=\"wp-block-cover__inner-container is-layout-flow wp-block-cover-is-layout-flow\">\n<div class=\"wp-block-group is-layout-flow wp-block-group-is-layout-flow\"><h1 style=\"font-size:65px;text-transform:uppercase;\" class=\"wp-block-post-title has-text-color has-bianco-color\">Rimasco &#8211; Alpe Campo<\/h1>\n\n    <div class=\"etichetta\">\n        <div>\n            Parcours \/ Trekking        <\/div>\n    <\/div><\/div>\n<\/div><\/div>\n\n\n\n<div class=\"wp-block-group alignfull breadcrumbs is-layout-flow wp-block-group-is-layout-flow\">\n<div class=\"wp-block-group d-flex is-layout-flow wp-block-group-is-layout-flow\">\n<p><a href=\"https:\/\/visitvalsesiavercelli.it\/fr\/\" data-type=\"page\" data-id=\"2\">Home<\/a><\/p>\n\n\n\n<p>Vivi<\/p>\n\n\n\n<p>Natura e outdoor<\/p>\n\n\n            <p class=\"breadcrumb-esperienza\">\n                Trekking<\/a>    \n            <\/p>\n                \n\n<h6 class=\"wp-block-post-title has-text-color has-orange-color\">Rimasco &#8211; Alpe Campo<\/h6><\/div>\n<\/div>\n\n\n\n<div class=\"wp-block-group alignfull is-layout-flow wp-block-group-is-layout-flow\">\n<div class=\"wp-block-group intro-percorsi is-layout-flow wp-container-core-group-is-layout-49fcf5db wp-block-group-is-layout-flow\" style=\"padding-top:70px;padding-bottom:70px;padding-left:70px\">    <div class=\"etichetta-secondaria\">\n        <div>\n            Parcours de d\u00e9votion        <\/div>\n    <\/div>\n    \n\n\n<h2 class=\"wp-block-heading has-text-align-left has-text-color\" style=\"color:#2d3429;text-transform:uppercase\">chemin n. 370 Rimasco &#8211; Alpe Pian della Ratta &#8211; Alpe Campo \u2013 Siunal<\/h2>\n\n\n    <div class=\"keywords-percorsi\">\n        \n\n<div class=\"wp-block-group keywords-percorsi-container is-content-justification-space-between is-layout-flex wp-container-core-group-is-layout-9366075c wp-block-group-is-layout-flex\">\n<div class=\"wp-block-group is-layout-flow wp-block-group-is-layout-flow\">\n<p style=\"font-size:24px;text-transform:uppercase\"><strong>Difficult\u00e9 : moyen &#8211; FACILE<\/strong><\/p>\n<\/div>\n\n\n\n<div class=\"wp-block-group is-layout-flow wp-block-group-is-layout-flow\">\n<p style=\"font-size:24px;text-transform:uppercase\"><strong>dur\u00e9e moyenne : 1 &#8211; 2 heures<\/strong><\/p>\n<\/div>\n\n\n\n<div class=\"wp-block-group is-layout-flow wp-block-group-is-layout-flow\">\n<p style=\"font-size:24px;text-transform:uppercase\"><strong>altitude de d\u00e9part : 906 mt<\/strong><\/p>\n<\/div>\n\n\n\n<div class=\"wp-block-group is-layout-flow wp-block-group-is-layout-flow\">\n<p style=\"font-size:24px;text-transform:uppercase\"><strong>altitude d&rsquo;arriv\u00e9e : 1492 mt<\/strong><\/p>\n<\/div>\n\n\n\n<div class=\"wp-block-group is-layout-flow wp-block-group-is-layout-flow\">\n<p style=\"font-size:24px;text-transform:uppercase\"><strong>diff\u00e9rence d&rsquo;altitude : 586 mt<\/strong><\/p>\n<\/div>\n<\/div>\n\n\n    <\/div><\/div>\n<\/div>\n\n\n\n<div class=\"wp-block-group alignfull position-relative has-bianco-color has-text-color has-background is-layout-flow wp-block-group-is-layout-flow\" style=\"background-color:#3d4d34;padding-top:100px;padding-bottom:80px\">    <div class=\"traccia-gpx\">\n        <a download href=\"https:\/\/visitvalsesiavercelli.it\/wp-content\/uploads\/2022\/10\/370-new.gpx\">\n        <i class=\"icon-traccia\"><\/i>\n            T\u00e9l\u00e9charger trace GPX        <\/a>\n    <\/div>\n\n\n<div class=\"wp-block-group is-layout-constrained wp-container-core-group-is-layout-e548ea6f wp-block-group-is-layout-constrained\">\n<div class=\"wp-block-columns is-layout-flex wp-container-core-columns-is-layout-28f84493 wp-block-columns-is-layout-flex\">\n<div class=\"wp-block-column is-layout-flow wp-block-column-is-layout-flow\">\n<h3 class=\"wp-block-heading has-giallo-color has-text-color\" style=\"font-size:26px;text-transform:uppercase\">Description de l&rsquo;itin\u00e9raire<\/h3>\n<\/div>\n<\/div>\n<\/div>\n\n\n\n<div class=\"wp-block-group is-layout-constrained wp-container-core-group-is-layout-e548ea6f wp-block-group-is-layout-constrained\">\n<div class=\"wp-block-columns gap-mobile is-layout-flex wp-container-core-columns-is-layout-4a048b8d wp-block-columns-is-layout-flex\">\n<div class=\"wp-block-column is-layout-flow wp-block-column-is-layout-flow\" style=\"flex-basis:50%\">\n<p style=\"font-size:20px\">En sortant de l&rsquo;agglom\u00e9ration de Rimasco, juste apr\u00e8s l&rsquo;\u00e9glise de Santa Croce, on traverse le ruisseau Egua pour rejoindre la localit\u00e9 de Sponde del Lago. On entre dans une for\u00eat de feuillus et, en 45 minutes environ, on atteint le <strong>Pian della Ratta<\/strong>, \u00e0 1140 m, station d&rsquo;arriv\u00e9e du t\u00e9l\u00e9si\u00e8ge et point de d\u00e9part du bobsleigh ludique d&rsquo;\u00e9t\u00e9, avec le refuge de l&rsquo;<strong><mark style=\"background-color:rgba(0, 0, 0, 0)\" class=\"has-inline-color has-giallo-color\">Alpe Campo.<\/mark><\/strong><\/p>\n\n\n\n<p style=\"font-size:20px\"><em>Essayez le bobsleigh sur rails, un plaisir plein d&rsquo;adr\u00e9naline, id\u00e9al pour une journ\u00e9e d&rsquo;amusement !<\/em><\/p>\n<\/div>\n\n\n\n<div class=\"wp-block-column is-layout-flow wp-block-column-is-layout-flow\" style=\"flex-basis:50%\">\n<p style=\"font-size:20px\">On traverse le plateau en restant sur la gauche et on monte \u00e0 la lisi\u00e8re du pr\u00e9 de la vieille femme pour entrer dans le bois et le remonter pour d\u00e9boucher pr\u00e8s du refuge <strong>Alpe Pianali,<\/strong> 1360 m. On reste \u00e0 la lisi\u00e8re du bois et peu apr\u00e8s on revient en tournant \u00e0 gauche pour arriver \u00e0 l&rsquo;<strong><mark style=\"background-color:rgba(0, 0, 0, 0)\" class=\"has-inline-color has-giallo-color\">Alpe Campo,<\/mark><\/strong> 1390m.<\/p>\n\n\n\n<p style=\"font-size:20px\"><em>Si l&rsquo;on veut poursuivre l&rsquo;itin\u00e9raire au-del\u00e0 de l&rsquo;alpage, on tourne \u00e0 droite et on monte la pente pour atteindre une selle sur les pentes de la Cima Castello. En suivant la cr\u00eate vers la droite jusqu&rsquo;au point le plus haut de la cr\u00eate, dans la localit\u00e9 de <strong><mark style=\"background-color:rgba(0, 0, 0, 0)\" class=\"has-inline-color has-giallo-color\">Siunal,<\/mark><\/strong> \u00e0 1492 m d&rsquo;altitude, on a une vue magnifique sur le Mont Rose, Tagliaferro et tout le Val Sermenza.<\/em><\/p>\n<\/div>\n<\/div>\n<\/div>\n<\/div>\n\n\n    <div class=\"fatmap\">\n        <iframe loading=\"lazy\" width=\"560\" height=\"400\" frameBorder=\"0\" src=\"https:\/\/fatmap.com\/routeid\/2957095\/rimasco-alpe-pian-della-ratta-siunal?fmid=em\"><\/iframe>    <\/div>\n\n\n<div class=\"wp-block-group intro-3 is-layout-flow wp-container-core-group-is-layout-b298a938 wp-block-group-is-layout-flow\" style=\"padding-top:110px;padding-bottom:70px\">\n<div class=\"wp-block-columns is-layout-flex wp-container-core-columns-is-layout-00723822 wp-block-columns-is-layout-flex\">\n<div class=\"wp-block-column is-over is-layout-flow wp-block-column-is-layout-flow\" style=\"padding-left:80px;flex-basis:290px\">\n<h2 class=\"wp-block-heading\" style=\"line-height:0.90;text-transform:uppercase\">Autres routes<br><mark style=\"background-color:rgba(0, 0, 0, 0)\" class=\"has-inline-color has-giallo-color\">recommand\u00e9s<\/mark><\/h2>\n\n\n\n<p class=\"has-size-22-font-size\" style=\"font-style:normal;font-weight:600\">La Valsesia a beaucoup \u00e0 offrir aux amateurs de trekking<\/p>\n\n\n\n<p>Des parcours suggestifs en pleine nature qui offrent des vues \u00e0 couper le souffle : laissez-vous surprendre par les merveilleuses montagnes de la Valsesia!<\/p>\n<\/div>\n\n\n\n<div class=\"wp-block-column is-layout-flow wp-block-column-is-layout-flow\" style=\"padding-left:60px\">    <section class=\"carosello-orizzontale cover-overflow\">\n                    <div class=\"swiper\">\n                <div class=\"swiper-wrapper\">\n                                            <div class=\"swiper-slide\">\n                            <a href=\"https:\/\/visitvalsesiavercelli.it\/fr\/vivi\/outdoor-e-natura\/rossa-pizzo-tracciora\/\" class=\"carosello-element\">\n                                <div class=\"wp-block-image\">\n                                    <img loading=\"lazy\" decoding=\"async\" width=\"340\" height=\"210\" src=\"https:\/\/visitvalsesiavercelli.it\/wp-content\/uploads\/2022\/10\/20220723_092925-340x210.jpg\" class=\"attachment-regular-thumb size-regular-thumb wp-post-image\" alt=\"\" srcset=\"https:\/\/visitvalsesiavercelli.it\/wp-content\/uploads\/2022\/10\/20220723_092925-340x210.jpg 340w, https:\/\/visitvalsesiavercelli.it\/wp-content\/uploads\/2022\/10\/20220723_092925-680x420.jpg 680w\" sizes=\"auto, (max-width: 340px) 100vw, 340px\" \/>                                <\/div>\n                                <div class=\"content\">\n                                    <h4>Rossa &#8211; Pizzo Tracciora<\/h4>\n                                <\/div>\n                                <div class=\"wp-block-buttons\">\n                                    <div class=\"wp-block-button is-style-outline\">\n                                        <span class=\"wp-block-button__link\">\n                                            Vivre                                        <\/span>\n                                    <\/div>\n                                <\/div>\n                            <\/a>\n                        <\/div>\n                                                <div class=\"swiper-slide\">\n                            <a href=\"https:\/\/visitvalsesiavercelli.it\/fr\/vivi\/outdoor-e-natura\/boccioleto-alpe-seccio\/\" class=\"carosello-element\">\n                                <div class=\"wp-block-image\">\n                                    <img loading=\"lazy\" decoding=\"async\" width=\"340\" height=\"210\" src=\"https:\/\/visitvalsesiavercelli.it\/wp-content\/uploads\/2022\/12\/DSC_1180-340x210.jpg\" class=\"attachment-regular-thumb size-regular-thumb wp-post-image\" alt=\"\" srcset=\"https:\/\/visitvalsesiavercelli.it\/wp-content\/uploads\/2022\/12\/DSC_1180-340x210.jpg 340w, https:\/\/visitvalsesiavercelli.it\/wp-content\/uploads\/2022\/12\/DSC_1180-680x420.jpg 680w\" sizes=\"auto, (max-width: 340px) 100vw, 340px\" \/>                                <\/div>\n                                <div class=\"content\">\n                                    <h4>BOCCIOLETO \u2013 Alpe Seccio<\/h4>\n                                <\/div>\n                                <div class=\"wp-block-buttons\">\n                                    <div class=\"wp-block-button is-style-outline\">\n                                        <span class=\"wp-block-button__link\">\n                                            Vivre                                        <\/span>\n                                    <\/div>\n                                <\/div>\n                            <\/a>\n                        <\/div>\n                                                <div class=\"swiper-slide\">\n                            <a href=\"https:\/\/visitvalsesiavercelli.it\/fr\/vivi\/outdoor-e-natura\/rima-monte-tagliaferro\/\" class=\"carosello-element\">\n                                <div class=\"wp-block-image\">\n                                    <img loading=\"lazy\" decoding=\"async\" width=\"340\" height=\"210\" src=\"https:\/\/visitvalsesiavercelli.it\/wp-content\/uploads\/2022\/12\/DSC_02374-340x210.jpg\" class=\"attachment-regular-thumb size-regular-thumb wp-post-image\" alt=\"\" srcset=\"https:\/\/visitvalsesiavercelli.it\/wp-content\/uploads\/2022\/12\/DSC_02374-340x210.jpg 340w, https:\/\/visitvalsesiavercelli.it\/wp-content\/uploads\/2022\/12\/DSC_02374-680x420.jpg 680w\" sizes=\"auto, (max-width: 340px) 100vw, 340px\" \/>                                <\/div>\n                                <div class=\"content\">\n                                    <h4>RIMA &#8211; Monte Tagliaferro<\/h4>\n                                <\/div>\n                                <div class=\"wp-block-buttons\">\n                                    <div class=\"wp-block-button is-style-outline\">\n                                        <span class=\"wp-block-button__link\">\n                                            Vivre                                        <\/span>\n                                    <\/div>\n                                <\/div>\n                            <\/a>\n                        <\/div>\n                                                <div class=\"swiper-slide\">\n                            <a href=\"https:\/\/visitvalsesiavercelli.it\/fr\/vivi\/outdoor-e-natura\/rima-colle-del-termo\/\" class=\"carosello-element\">\n                                <div class=\"wp-block-image\">\n                                    <img loading=\"lazy\" decoding=\"async\" width=\"340\" height=\"210\" src=\"https:\/\/visitvalsesiavercelli.it\/wp-content\/uploads\/2022\/12\/20221210_164643-340x210.jpg\" class=\"attachment-regular-thumb size-regular-thumb wp-post-image\" alt=\"\" srcset=\"https:\/\/visitvalsesiavercelli.it\/wp-content\/uploads\/2022\/12\/20221210_164643-340x210.jpg 340w, https:\/\/visitvalsesiavercelli.it\/wp-content\/uploads\/2022\/12\/20221210_164643-680x420.jpg 680w\" sizes=\"auto, (max-width: 340px) 100vw, 340px\" \/>                                <\/div>\n                                <div class=\"content\">\n                                    <h4>RIMA &#8211; Colle del Termo<\/h4>\n                                <\/div>\n                                <div class=\"wp-block-buttons\">\n                                    <div class=\"wp-block-button is-style-outline\">\n                                        <span class=\"wp-block-button__link\">\n                                            Vivre                                        <\/span>\n                                    <\/div>\n                                <\/div>\n                            <\/a>\n                        <\/div>\n                                                <div class=\"swiper-slide\">\n                            <a href=\"https:\/\/visitvalsesiavercelli.it\/fr\/vivi\/outdoor-e-natura\/rima-colle-del-valle\/\" class=\"carosello-element\">\n                                <div class=\"wp-block-image\">\n                                    <img loading=\"lazy\" decoding=\"async\" width=\"340\" height=\"210\" src=\"https:\/\/visitvalsesiavercelli.it\/wp-content\/uploads\/2022\/12\/BRIS_P85_7847-340x210.jpg\" class=\"attachment-regular-thumb size-regular-thumb wp-post-image\" alt=\"\" srcset=\"https:\/\/visitvalsesiavercelli.it\/wp-content\/uploads\/2022\/12\/BRIS_P85_7847-340x210.jpg 340w, https:\/\/visitvalsesiavercelli.it\/wp-content\/uploads\/2022\/12\/BRIS_P85_7847-680x420.jpg 680w\" sizes=\"auto, (max-width: 340px) 100vw, 340px\" \/>                                <\/div>\n                                <div class=\"content\">\n                                    <h4>RIMA &#8211; Colle del Vall\u00e8<\/h4>\n                                <\/div>\n                                <div class=\"wp-block-buttons\">\n                                    <div class=\"wp-block-button is-style-outline\">\n                                        <span class=\"wp-block-button__link\">\n                                            Vivre                                        <\/span>\n                                    <\/div>\n                                <\/div>\n                            <\/a>\n                        <\/div>\n                                                <div class=\"swiper-slide\">\n                            <a href=\"https:\/\/visitvalsesiavercelli.it\/fr\/vivi\/outdoor-e-natura\/carcoforo-rif-massero-colle-della-bottiggia\/\" class=\"carosello-element\">\n                                <div class=\"wp-block-image\">\n                                    <img loading=\"lazy\" decoding=\"async\" width=\"340\" height=\"210\" src=\"https:\/\/visitvalsesiavercelli.it\/wp-content\/uploads\/2022\/12\/Monte-Rosa-dal-Colle-Bottigia-340x210.jpg\" class=\"attachment-regular-thumb size-regular-thumb wp-post-image\" alt=\"\" srcset=\"https:\/\/visitvalsesiavercelli.it\/wp-content\/uploads\/2022\/12\/Monte-Rosa-dal-Colle-Bottigia-340x210.jpg 340w, https:\/\/visitvalsesiavercelli.it\/wp-content\/uploads\/2022\/12\/Monte-Rosa-dal-Colle-Bottigia-680x420.jpg 680w\" sizes=\"auto, (max-width: 340px) 100vw, 340px\" \/>                                <\/div>\n                                <div class=\"content\">\n                                    <h4>CARCOFORO &#8211; Rif. Massero &#8211; Colle della Bottiggia<\/h4>\n                                <\/div>\n                                <div class=\"wp-block-buttons\">\n                                    <div class=\"wp-block-button is-style-outline\">\n                                        <span class=\"wp-block-button__link\">\n                                            Vivre                                        <\/span>\n                                    <\/div>\n                                <\/div>\n                            <\/a>\n                        <\/div>\n                                                <div class=\"swiper-slide\">\n                            <a href=\"https:\/\/visitvalsesiavercelli.it\/fr\/vivi\/outdoor-e-natura\/carcoforo-colle-d-egua\/\" class=\"carosello-element\">\n                                <div class=\"wp-block-image\">\n                                    <img loading=\"lazy\" decoding=\"async\" width=\"340\" height=\"210\" src=\"https:\/\/visitvalsesiavercelli.it\/wp-content\/uploads\/2022\/12\/colle-degua-340x210.jpg\" class=\"attachment-regular-thumb size-regular-thumb wp-post-image\" alt=\"\" srcset=\"https:\/\/visitvalsesiavercelli.it\/wp-content\/uploads\/2022\/12\/colle-degua-340x210.jpg 340w, https:\/\/visitvalsesiavercelli.it\/wp-content\/uploads\/2022\/12\/colle-degua-680x420.jpg 680w\" sizes=\"auto, (max-width: 340px) 100vw, 340px\" \/>                                <\/div>\n                                <div class=\"content\">\n                                    <h4>CARCOFORO &#8211; Colle d&rsquo; Egua<\/h4>\n                                <\/div>\n                                <div class=\"wp-block-buttons\">\n                                    <div class=\"wp-block-button is-style-outline\">\n                                        <span class=\"wp-block-button__link\">\n                                            Vivre                                        <\/span>\n                                    <\/div>\n                                <\/div>\n                            <\/a>\n                        <\/div>\n                                        <\/div>\n                <div class=\"swiper-buttons\">\n                    <div class=\"swiper-button-prev\"><\/div>\n                    <div class=\"swiper-button-next\"><\/div>\n                <\/div>\n            <\/div>\n            <\/section><\/div>\n<\/div>\n<\/div>\n\n\n    <section class=\"galleria-orizzontale\">\n        <div class=\"alignwide\">\n                            <div class=\"swiper\">\n                    <div class=\"swiper-wrapper\">\n                                                    <div class=\"swiper-slide\">\n                                <div class=\"wp-block-image\">\n                                    <img loading=\"lazy\" decoding=\"async\" width=\"1000\" height=\"563\" src=\"https:\/\/visitvalsesiavercelli.it\/wp-content\/uploads\/2022\/12\/20170823_104408-1000x563.jpg\" class=\"attachment-galleria size-galleria\" alt=\"\" srcset=\"https:\/\/visitvalsesiavercelli.it\/wp-content\/uploads\/2022\/12\/20170823_104408-1000x563.jpg 1000w, https:\/\/visitvalsesiavercelli.it\/wp-content\/uploads\/2022\/12\/20170823_104408-1500x844.jpg 1500w\" sizes=\"auto, (max-width: 1000px) 100vw, 1000px\" \/>                                <\/div>\n                                                            <\/div>\n                                                    <div class=\"swiper-slide\">\n                                <div class=\"wp-block-image\">\n                                    <img loading=\"lazy\" decoding=\"async\" width=\"1000\" height=\"563\" src=\"https:\/\/visitvalsesiavercelli.it\/wp-content\/uploads\/2022\/12\/20190627_142325-1000x563.jpg\" class=\"attachment-galleria size-galleria\" alt=\"\" srcset=\"https:\/\/visitvalsesiavercelli.it\/wp-content\/uploads\/2022\/12\/20190627_142325-1000x563.jpg 1000w, https:\/\/visitvalsesiavercelli.it\/wp-content\/uploads\/2022\/12\/20190627_142325-1500x844.jpg 1500w\" sizes=\"auto, (max-width: 1000px) 100vw, 1000px\" \/>                                <\/div>\n                                                            <\/div>\n                                                    <div class=\"swiper-slide\">\n                                <div class=\"wp-block-image\">\n                                    <img loading=\"lazy\" decoding=\"async\" width=\"1000\" height=\"563\" src=\"https:\/\/visitvalsesiavercelli.it\/wp-content\/uploads\/2022\/10\/20170603_105604-1000x563.jpg\" class=\"attachment-galleria size-galleria\" alt=\"\" srcset=\"https:\/\/visitvalsesiavercelli.it\/wp-content\/uploads\/2022\/10\/20170603_105604-1000x563.jpg 1000w, https:\/\/visitvalsesiavercelli.it\/wp-content\/uploads\/2022\/10\/20170603_105604-1500x844.jpg 1500w\" sizes=\"auto, (max-width: 1000px) 100vw, 1000px\" \/>                                <\/div>\n                                                            <\/div>\n                                                    <div class=\"swiper-slide\">\n                                <div class=\"wp-block-image\">\n                                    <img loading=\"lazy\" decoding=\"async\" width=\"1000\" height=\"563\" src=\"https:\/\/visitvalsesiavercelli.it\/wp-content\/uploads\/2022\/10\/20180518_125812-1000x563.jpg\" class=\"attachment-galleria size-galleria\" alt=\"\" srcset=\"https:\/\/visitvalsesiavercelli.it\/wp-content\/uploads\/2022\/10\/20180518_125812-1000x563.jpg 1000w, https:\/\/visitvalsesiavercelli.it\/wp-content\/uploads\/2022\/10\/20180518_125812-1500x844.jpg 1500w\" sizes=\"auto, (max-width: 1000px) 100vw, 1000px\" \/>                                <\/div>\n                                                            <\/div>\n                                            <\/div>\n                    <div class=\"swiper-buttons\">\n                        <div class=\"swiper-button-prev\"><\/div>\n                        <div class=\"swiper-button-next\"><\/div>\n                    <\/div>\n                <\/div>\n                    <\/div>\n    <\/section>\n\n\n<div class=\"wp-block-group alignfull has-bianco-color has-text-color has-background is-layout-flow wp-block-group-is-layout-flow\" style=\"background-color:#3d4d34;padding-top:60px;padding-bottom:80px\">\n<div class=\"wp-block-group is-layout-constrained wp-container-core-group-is-layout-e548ea6f wp-block-group-is-layout-constrained\">\n<div class=\"wp-block-columns gap-mobile is-layout-flex wp-container-core-columns-is-layout-01159bbe wp-block-columns-is-layout-flex\">\n<div class=\"wp-block-column is-layout-flow wp-block-column-is-layout-flow\">\n<h3 class=\"wp-block-heading has-giallo-color has-text-color\" style=\"font-size:26px;text-transform:uppercase\">Comment s&rsquo;y rendre<\/h3>\n\n\n\n<iframe src=\"https:\/\/www.google.com\/maps\/embed?pb=!1m18!1m12!1m3!1d6852.333509050835!2d8.054574049277686!3d45.860110007839985!2m3!1f0!2f0!3f0!3m2!1i1024!2i768!4f13.1!3m3!1m2!1s0x4788aa308704a72f%3A0xb216fd53b3ca2c74!2s13026%20Rimasco%20VC!5e1!3m2!1sit!2sit!4v1776001761757!5m2!1sit!2sit\" width=\"600\" height=\"450\" style=\"border:0;\" allowfullscreen=\"\" loading=\"lazy\" referrerpolicy=\"no-referrer-when-downgrade\"><\/iframe>\n<\/div>\n\n\n\n<div class=\"wp-block-column is-style-prima is-layout-flow wp-block-column-is-layout-flow\">\n<h3 class=\"wp-block-heading has-giallo-color has-text-color\" style=\"font-size:26px;text-transform:uppercase\">Infos et contacts<\/h3>\n\n\n    <div class=\"info-esperienze\">\n        \n\n<div class=\"wp-block-group info-esperienze-container has-link-color wp-elements-9f0d90e60c41a7c27e9f5c83b4f7365f is-vertical is-layout-flex wp-container-core-group-is-layout-fe9cc265 wp-block-group-is-layout-flex\">\n<h2 class=\"wp-block-heading has-size-22-font-size\" style=\"text-transform:uppercase\">C.A.I. &#8211; Club Alpino Italiano di Varallo Sesia<\/h2>\n\n\n\n<div class=\"wp-block-columns is-layout-flex wp-container-core-columns-is-layout-28f84493 wp-block-columns-is-layout-flex\">\n<div class=\"wp-block-column is-layout-flow wp-block-column-is-layout-flow\">\n<div class=\"wp-block-columns is-layout-flex wp-container-core-columns-is-layout-28f84493 wp-block-columns-is-layout-flex\">\n<div class=\"wp-block-column is-layout-flow wp-block-column-is-layout-flow\">\n<div class=\"wp-block-columns is-layout-flex wp-container-core-columns-is-layout-28f84493 wp-block-columns-is-layout-flex\">\n<div class=\"wp-block-column is-layout-flow wp-block-column-is-layout-flow\">\n<p class=\"has-text-align-left has-icon pin\" style=\"font-size:20px\">Via C. Durio, 14 &#8211; 13019 Varallo Sesia (VC)<\/p>\n\n\n\n<p class=\"has-icon tel\" style=\"font-size:20px\"><a href=\"tel:016351530\">0163 51530<\/a>  <\/p>\n\n\n\n<p class=\"has-icon mail\" style=\"font-size:20px\"><a href=\"mailto:info@caivarallo.it\">info@caivarallo.it<\/a>           <\/p>\n\n\n\n<p class=\"has-icon www\" style=\"font-size:20px\"><a href=\"http:\/\/www.caivarallo.com\">www.caivarallo.com<\/a><\/p>\n<\/div>\n<\/div>\n<\/div>\n<\/div>\n<\/div>\n<\/div>\n<\/div>\n\n\n    <\/div><\/div>\n<\/div>\n<\/div>\n<\/div>\n","protected":false},"featured_media":11485,"template":"","categoria-outdoor":[528,525],"difficolta-outdoor":[549,545],"area":[],"class_list":["post-13518","percorsi","type-percorsi","status-publish","has-post-thumbnail","hentry","categoria-outdoor-escursioni","categoria-outdoor-trekking","difficolta-outdoor-facile","difficolta-outdoor-media"],"acf":{"indirizzo":null},"_links":{"self":[{"href":"https:\/\/visitvalsesiavercelli.it\/fr\/wp-json\/wp\/v2\/percorsi\/13518","targetHints":{"allow":["GET"]}}],"collection":[{"href":"https:\/\/visitvalsesiavercelli.it\/fr\/wp-json\/wp\/v2\/percorsi"}],"about":[{"href":"https:\/\/visitvalsesiavercelli.it\/fr\/wp-json\/wp\/v2\/types\/percorsi"}],"wp:featuredmedia":[{"embeddable":true,"href":"https:\/\/visitvalsesiavercelli.it\/fr\/wp-json\/wp\/v2\/media\/11485"}],"wp:attachment":[{"href":"https:\/\/visitvalsesiavercelli.it\/fr\/wp-json\/wp\/v2\/media?parent=13518"}],"wp:term":[{"taxonomy":"categoria-outdoor","embeddable":true,"href":"https:\/\/visitvalsesiavercelli.it\/fr\/wp-json\/wp\/v2\/categoria-outdoor?post=13518"},{"taxonomy":"difficolta-outdoor","embeddable":true,"href":"https:\/\/visitvalsesiavercelli.it\/fr\/wp-json\/wp\/v2\/difficolta-outdoor?post=13518"},{"taxonomy":"area","embeddable":true,"href":"https:\/\/visitvalsesiavercelli.it\/fr\/wp-json\/wp\/v2\/area?post=13518"}],"curies":[{"name":"wp","href":"https:\/\/api.w.org\/{rel}","templated":true}]}}