{"id":13591,"date":"2022-10-17T16:14:38","date_gmt":"2022-10-17T14:14:38","guid":{"rendered":"https:\/\/visitvalsesiavercelli.it\/?post_type=percorsi&#038;p=13591"},"modified":"2026-04-12T16:02:26","modified_gmt":"2026-04-12T14:02:26","slug":"varallo-fraz-piane-di-cervarolo-massa-del-turlo","status":"publish","type":"percorsi","link":"https:\/\/visitvalsesiavercelli.it\/fr\/vivi\/outdoor-e-natura\/varallo-fraz-piane-di-cervarolo-massa-del-turlo\/","title":{"rendered":"VARALLO, Fraz. Piane di Cervarolo \u2013 Massa del Turlo"},"content":{"rendered":"\n<div class=\"wp-block-cover alignfull is-light has-custom-content-position is-position-center-left hero\" style=\"min-height:650px;aspect-ratio:unset;\"><img loading=\"lazy\" decoding=\"async\" width=\"2560\" height=\"1920\" class=\"wp-block-cover__image-background wp-image-6524\" alt=\"\" src=\"https:\/\/visitvalsesiavercelli.it\/wp-content\/uploads\/2022\/12\/20210814_112815-scaled.jpg\" data-object-fit=\"cover\" srcset=\"https:\/\/visitvalsesiavercelli.it\/wp-content\/uploads\/2022\/12\/20210814_112815-scaled.jpg 2560w, https:\/\/visitvalsesiavercelli.it\/wp-content\/uploads\/2022\/12\/20210814_112815-1000x750.jpg 1000w, https:\/\/visitvalsesiavercelli.it\/wp-content\/uploads\/2022\/12\/20210814_112815-1500x1125.jpg 1500w\" sizes=\"auto, (max-width: 2560px) 100vw, 2560px\" \/><span aria-hidden=\"true\" class=\"wp-block-cover__background has-background-dim\"><\/span><div class=\"wp-block-cover__inner-container is-layout-flow wp-block-cover-is-layout-flow\">\n<div class=\"wp-block-group is-layout-flow wp-block-group-is-layout-flow\"><h1 style=\"font-size:65px;text-transform:uppercase;\" class=\"wp-block-post-title has-text-color has-bianco-color\">VARALLO, Fraz. Piane di Cervarolo \u2013 Massa del Turlo<\/h1>\n\n    <div class=\"etichetta\">\n        <div>\n            Parcours \/ Trekking        <\/div>\n    <\/div><\/div>\n<\/div><\/div>\n\n\n\n<div class=\"wp-block-group alignfull breadcrumbs is-layout-flow wp-block-group-is-layout-flow\">\n<div class=\"wp-block-group d-flex is-layout-flow wp-block-group-is-layout-flow\">\n<p><a href=\"https:\/\/visitvalsesiavercelli.it\/fr\/\" data-type=\"page\" data-id=\"2\">Home<\/a><\/p>\n\n\n\n<p>Vivi<\/p>\n\n\n\n<p>Natura e outdoor<\/p>\n\n\n            <p class=\"breadcrumb-esperienza\">\n                Trekking<\/a>    \n            <\/p>\n                \n\n<h6 class=\"wp-block-post-title has-text-color has-orange-color\">VARALLO, Fraz. Piane di Cervarolo \u2013 Massa del Turlo<\/h6><\/div>\n<\/div>\n\n\n\n<div class=\"wp-block-group alignfull is-layout-flow wp-block-group-is-layout-flow\">\n<div class=\"wp-block-group intro-percorsi is-layout-flow wp-container-core-group-is-layout-49fcf5db wp-block-group-is-layout-flow\" style=\"padding-top:70px;padding-bottom:70px;padding-left:70px\">    <div class=\"etichetta-secondaria\">\n        <div>\n            Parcours de d\u00e9votion        <\/div>\n    <\/div>\n    \n\n\n<h2 class=\"wp-block-heading has-text-align-left has-text-color\" style=\"color:#2d3429;text-transform:uppercase\">chemin n. 620 VARALLO, Fraz. Piane di Cervarolo \u2013 Massa del Turlo<\/h2>\n\n\n    <div class=\"keywords-percorsi\">\n        \n\n<div class=\"wp-block-group keywords-percorsi-container is-content-justification-space-between is-layout-flex wp-container-core-group-is-layout-9366075c wp-block-group-is-layout-flex\">\n<div class=\"wp-block-group is-layout-flow wp-block-group-is-layout-flow\">\n<p style=\"font-size:24px;text-transform:uppercase\"><strong>Difficult\u00e9 : moyenne<\/strong><\/p>\n<\/div>\n\n\n\n<div class=\"wp-block-group is-layout-flow wp-block-group-is-layout-flow\">\n<p style=\"font-size:24px;text-transform:uppercase\"><strong>dur\u00e9e moyenne : 2-3 heures<\/strong><\/p>\n<\/div>\n\n\n\n<div class=\"wp-block-group is-layout-flow wp-block-group-is-layout-flow\">\n<p style=\"font-size:24px;text-transform:uppercase\"><strong>altitude de d\u00e9part : Alpe Piane 1222 mt<\/strong><\/p>\n<\/div>\n\n\n\n<div class=\"wp-block-group is-layout-flow wp-block-group-is-layout-flow\">\n<p style=\"font-size:24px;text-transform:uppercase\"><strong>altitude d&rsquo;arriv\u00e9e : 1959 mt<\/strong><\/p>\n<\/div>\n\n\n\n<div class=\"wp-block-group is-layout-flow wp-block-group-is-layout-flow\">\n<p style=\"font-size:24px;text-transform:uppercase\"><strong>diff\u00e9rence d&rsquo;altitude : 737 mt<\/strong><\/p>\n<\/div>\n<\/div>\n\n\n    <\/div><\/div>\n<\/div>\n\n\n\n<div class=\"wp-block-group alignfull position-relative has-bianco-color has-text-color has-background is-layout-flow wp-block-group-is-layout-flow\" style=\"background-color:#3d4d34;padding-top:100px;padding-bottom:80px\">    <div class=\"traccia-gpx\">\n        <a download href=\"https:\/\/visitvalsesiavercelli.it\/wp-content\/uploads\/2022\/10\/620.gpx\">\n        <i class=\"icon-traccia\"><\/i>\n            T\u00e9l\u00e9charger trace GPX        <\/a>\n    <\/div>\n\n\n<div class=\"wp-block-group is-layout-constrained wp-container-core-group-is-layout-e548ea6f wp-block-group-is-layout-constrained\">\n<div class=\"wp-block-columns is-layout-flex wp-container-core-columns-is-layout-28f84493 wp-block-columns-is-layout-flex\">\n<div class=\"wp-block-column is-layout-flow wp-block-column-is-layout-flow\">\n<h3 class=\"wp-block-heading has-giallo-color has-text-color\" style=\"font-size:26px;text-transform:uppercase\">Description de l&rsquo;itin\u00e9raire<\/h3>\n<\/div>\n<\/div>\n<\/div>\n\n\n\n<div class=\"wp-block-group is-layout-constrained wp-container-core-group-is-layout-e548ea6f wp-block-group-is-layout-constrained\">\n<div class=\"wp-block-columns gap-mobile is-layout-flex wp-container-core-columns-is-layout-4a048b8d wp-block-columns-is-layout-flex\">\n<div class=\"wp-block-column is-layout-flow wp-block-column-is-layout-flow\" style=\"flex-basis:50%\">\n<p style=\"font-size:20px\">L&rsquo;itin\u00e9raire commence dans le hameau de <mark style=\"background-color:rgba(0, 0, 0, 0)\" class=\"has-inline-color has-giallo-color\"><strong>Piane di Cervarolo<\/strong><\/mark>, o\u00f9 l&rsquo;<strong>Alpe Piane<\/strong>, 1222 m, se trouve au bout de la route. De ce splendide plateau, caract\u00e9ris\u00e9 par des maisons et des cabanes particuli\u00e8res, une jolie petite \u00e9glise et le <strong>refuge Camosci<\/strong>, on traverse le vaste alpage en suivant le sentier n\u00b0 620. On traverse une h\u00eatraie et on arrive \u00e0 <strong>Sella Vaneccio<\/strong>, 1297 m. On continue le long de la cr\u00eate, en suivant le sentier n\u00b0 620, en suivant le sentier n\u00b0 620. Nous continuons le long de la cr\u00eate, alors que le paysage bois\u00e9 devient de moins en moins dense, et nous atteignons la <strong>Bocchetta Schillott\u00e0a<\/strong>, 1414m.<\/p>\n<\/div>\n\n\n\n<div class=\"wp-block-column is-layout-flow wp-block-column-is-layout-flow\" style=\"flex-basis:50%\">\n<p style=\"font-size:20px\">En coupant en diagonale une partie de l&rsquo;ar\u00eate rocheuse du versant ouest et en regagnant l&rsquo;ar\u00eate, on atteint la <strong><mark style=\"background-color:rgba(0, 0, 0, 0)\" class=\"has-inline-color has-giallo-color\">Cima di Ventolaro <\/mark><\/strong>\u00e0 1620 m d&rsquo;altitude. On poursuit le long de la cr\u00eate, en passant d&rsquo;abord par une anticima, puis par la <strong>Bocchetta del Sonato<\/strong>, 1900 m, pour atteindre le sommet de la Massa del Turlo, 1959 m, sur lequel est \u00e9rig\u00e9e une haute croix de fer. <em>Du sommet, on a une vue suggestive sur une partie du cercle alpin, sur les lacs de Lombardie et sur plusieurs villages du Val Strona et de la Valsesia.<\/em><\/p>\n<\/div>\n<\/div>\n<\/div>\n<\/div>\n\n\n    <div class=\"fatmap\">\n        <iframe loading=\"lazy\" width=\"560\" height=\"400\" frameBorder=\"0\" src=\"https:\/\/fatmap.com\/routeid\/2981871\/massa-del-turlo?fmid=em\"><\/iframe>    <\/div>\n\n\n<div class=\"wp-block-group intro-3 is-layout-flow wp-container-core-group-is-layout-b298a938 wp-block-group-is-layout-flow\" style=\"padding-top:110px;padding-bottom:70px\">\n<div class=\"wp-block-columns is-layout-flex wp-container-core-columns-is-layout-00723822 wp-block-columns-is-layout-flex\">\n<div class=\"wp-block-column is-over is-layout-flow wp-block-column-is-layout-flow\" style=\"padding-left:80px;flex-basis:290px\">\n<h2 class=\"wp-block-heading\" style=\"line-height:0.90;text-transform:uppercase\">Autres routes<br><mark style=\"background-color:rgba(0, 0, 0, 0)\" class=\"has-inline-color has-giallo-color\">recommand\u00e9s<\/mark><\/h2>\n\n\n\n<p class=\"has-size-22-font-size\" style=\"font-style:normal;font-weight:600\">La Valsesia a beaucoup \u00e0 offrir aux amateurs de trekking<\/p>\n\n\n\n<p>Des parcours suggestifs en pleine nature qui offrent des vues \u00e0 couper le souffle : laissez-vous surprendre par les merveilleuses montagnes de la Valsesia!<\/p>\n<\/div>\n\n\n\n<div class=\"wp-block-column is-layout-flow wp-block-column-is-layout-flow\" style=\"padding-left:60px\">    <section class=\"carosello-orizzontale cover-overflow\">\n                    <div class=\"swiper\">\n                <div class=\"swiper-wrapper\">\n                                            <div class=\"swiper-slide\">\n                            <a href=\"https:\/\/visitvalsesiavercelli.it\/fr\/vivi\/outdoor-e-natura\/varallo-fraz-corte-camasco-alpe-sacchi\/\" class=\"carosello-element\">\n                                <div class=\"wp-block-image\">\n                                    <img loading=\"lazy\" decoding=\"async\" width=\"340\" height=\"210\" src=\"https:\/\/visitvalsesiavercelli.it\/wp-content\/uploads\/2022\/12\/20210523_154252-340x210.jpg\" class=\"attachment-regular-thumb size-regular-thumb wp-post-image\" alt=\"\" srcset=\"https:\/\/visitvalsesiavercelli.it\/wp-content\/uploads\/2022\/12\/20210523_154252-340x210.jpg 340w, https:\/\/visitvalsesiavercelli.it\/wp-content\/uploads\/2022\/12\/20210523_154252-680x420.jpg 680w\" sizes=\"auto, (max-width: 340px) 100vw, 340px\" \/>                                <\/div>\n                                <div class=\"content\">\n                                    <h4>VARALLO, fraz. Corte (Camasco) \u2013 Alpe Sacchi<\/h4>\n                                <\/div>\n                                <div class=\"wp-block-buttons\">\n                                    <div class=\"wp-block-button is-style-outline\">\n                                        <span class=\"wp-block-button__link\">\n                                            Vivre                                        <\/span>\n                                    <\/div>\n                                <\/div>\n                            <\/a>\n                        <\/div>\n                                                <div class=\"swiper-slide\">\n                            <a href=\"https:\/\/visitvalsesiavercelli.it\/fr\/vivi\/outdoor-e-natura\/varallo-sentiero-di-padre-gallino\/\" class=\"carosello-element\">\n                                <div class=\"wp-block-image\">\n                                    <img loading=\"lazy\" decoding=\"async\" width=\"340\" height=\"210\" src=\"https:\/\/visitvalsesiavercelli.it\/wp-content\/uploads\/2022\/12\/20220821_170624-340x210.jpg\" class=\"attachment-regular-thumb size-regular-thumb wp-post-image\" alt=\"\" srcset=\"https:\/\/visitvalsesiavercelli.it\/wp-content\/uploads\/2022\/12\/20220821_170624-340x210.jpg 340w, https:\/\/visitvalsesiavercelli.it\/wp-content\/uploads\/2022\/12\/20220821_170624-680x420.jpg 680w\" sizes=\"auto, (max-width: 340px) 100vw, 340px\" \/>                                <\/div>\n                                <div class=\"content\">\n                                    <h4>VARALLO &#8211; Sentiero di Padre Gallino<\/h4>\n                                <\/div>\n                                <div class=\"wp-block-buttons\">\n                                    <div class=\"wp-block-button is-style-outline\">\n                                        <span class=\"wp-block-button__link\">\n                                            Vivre                                        <\/span>\n                                    <\/div>\n                                <\/div>\n                            <\/a>\n                        <\/div>\n                                                <div class=\"swiper-slide\">\n                            <a href=\"https:\/\/visitvalsesiavercelli.it\/fr\/vivi\/outdoor-e-natura\/varallo-fraz-crevola-res-o-bec-dovaga\/\" class=\"carosello-element\">\n                                <div class=\"wp-block-image\">\n                                    <img loading=\"lazy\" decoding=\"async\" width=\"340\" height=\"210\" src=\"https:\/\/visitvalsesiavercelli.it\/wp-content\/uploads\/2022\/12\/20221206_160835-340x210.jpg\" class=\"attachment-regular-thumb size-regular-thumb wp-post-image\" alt=\"\" srcset=\"https:\/\/visitvalsesiavercelli.it\/wp-content\/uploads\/2022\/12\/20221206_160835-340x210.jpg 340w, https:\/\/visitvalsesiavercelli.it\/wp-content\/uploads\/2022\/12\/20221206_160835-680x420.jpg 680w\" sizes=\"auto, (max-width: 340px) 100vw, 340px\" \/>                                <\/div>\n                                <div class=\"content\">\n                                    <h4>VARALLO, fraz. Crevola \u2013 Res o Bec d&rsquo;Ovaga<\/h4>\n                                <\/div>\n                                <div class=\"wp-block-buttons\">\n                                    <div class=\"wp-block-button is-style-outline\">\n                                        <span class=\"wp-block-button__link\">\n                                            Vivre                                        <\/span>\n                                    <\/div>\n                                <\/div>\n                            <\/a>\n                        <\/div>\n                                        <\/div>\n                <div class=\"swiper-buttons\">\n                    <div class=\"swiper-button-prev\"><\/div>\n                    <div class=\"swiper-button-next\"><\/div>\n                <\/div>\n            <\/div>\n            <\/section><\/div>\n<\/div>\n<\/div>\n\n\n    <section class=\"galleria-orizzontale\">\n        <div class=\"alignwide\">\n                            <div class=\"swiper\">\n                    <div class=\"swiper-wrapper\">\n                                                    <div class=\"swiper-slide\">\n                                <div class=\"wp-block-image\">\n                                    <img loading=\"lazy\" decoding=\"async\" width=\"1000\" height=\"750\" src=\"https:\/\/visitvalsesiavercelli.it\/wp-content\/uploads\/2022\/12\/20210814_105252-1000x750.jpg\" class=\"attachment-galleria size-galleria\" alt=\"\" srcset=\"https:\/\/visitvalsesiavercelli.it\/wp-content\/uploads\/2022\/12\/20210814_105252-1000x750.jpg 1000w, https:\/\/visitvalsesiavercelli.it\/wp-content\/uploads\/2022\/12\/20210814_105252-1500x1125.jpg 1500w\" sizes=\"auto, (max-width: 1000px) 100vw, 1000px\" \/>                                <\/div>\n                                                            <\/div>\n                                                    <div class=\"swiper-slide\">\n                                <div class=\"wp-block-image\">\n                                    <img loading=\"lazy\" decoding=\"async\" width=\"1000\" height=\"750\" src=\"https:\/\/visitvalsesiavercelli.it\/wp-content\/uploads\/2022\/12\/20210814_112815-1000x750.jpg\" class=\"attachment-galleria size-galleria\" alt=\"\" srcset=\"https:\/\/visitvalsesiavercelli.it\/wp-content\/uploads\/2022\/12\/20210814_112815-1000x750.jpg 1000w, https:\/\/visitvalsesiavercelli.it\/wp-content\/uploads\/2022\/12\/20210814_112815-1500x1125.jpg 1500w\" sizes=\"auto, (max-width: 1000px) 100vw, 1000px\" \/>                                <\/div>\n                                                            <\/div>\n                                                    <div class=\"swiper-slide\">\n                                <div class=\"wp-block-image\">\n                                    <img loading=\"lazy\" decoding=\"async\" width=\"1000\" height=\"750\" src=\"https:\/\/visitvalsesiavercelli.it\/wp-content\/uploads\/2022\/10\/20210813_191314-1000x750.jpg\" class=\"attachment-galleria size-galleria\" alt=\"\" srcset=\"https:\/\/visitvalsesiavercelli.it\/wp-content\/uploads\/2022\/10\/20210813_191314-1000x750.jpg 1000w, https:\/\/visitvalsesiavercelli.it\/wp-content\/uploads\/2022\/10\/20210813_191314-1500x1125.jpg 1500w\" sizes=\"auto, (max-width: 1000px) 100vw, 1000px\" \/>                                <\/div>\n                                                            <\/div>\n                                                    <div class=\"swiper-slide\">\n                                <div class=\"wp-block-image\">\n                                    <img loading=\"lazy\" decoding=\"async\" width=\"1000\" height=\"750\" src=\"https:\/\/visitvalsesiavercelli.it\/wp-content\/uploads\/2022\/10\/20210814_112100-1000x750.jpg\" class=\"attachment-galleria size-galleria\" alt=\"\" srcset=\"https:\/\/visitvalsesiavercelli.it\/wp-content\/uploads\/2022\/10\/20210814_112100-1000x750.jpg 1000w, https:\/\/visitvalsesiavercelli.it\/wp-content\/uploads\/2022\/10\/20210814_112100-1500x1125.jpg 1500w\" sizes=\"auto, (max-width: 1000px) 100vw, 1000px\" \/>                                <\/div>\n                                                            <\/div>\n                                            <\/div>\n                    <div class=\"swiper-buttons\">\n                        <div class=\"swiper-button-prev\"><\/div>\n                        <div class=\"swiper-button-next\"><\/div>\n                    <\/div>\n                <\/div>\n                    <\/div>\n    <\/section>\n\n\n<div class=\"wp-block-group alignfull has-bianco-color has-text-color has-background is-layout-flow wp-block-group-is-layout-flow\" style=\"background-color:#3d4d34;padding-top:60px;padding-bottom:80px\">\n<div class=\"wp-block-group is-layout-constrained wp-container-core-group-is-layout-e548ea6f wp-block-group-is-layout-constrained\">\n<div class=\"wp-block-columns gap-mobile is-layout-flex wp-container-core-columns-is-layout-01159bbe wp-block-columns-is-layout-flex\">\n<div class=\"wp-block-column is-layout-flow wp-block-column-is-layout-flow\">\n<h3 class=\"wp-block-heading has-giallo-color has-text-color\" style=\"font-size:26px;text-transform:uppercase\">Comment s&rsquo;y rendre <\/h3>\n\n\n\n<iframe src=\"https:\/\/www.google.com\/maps\/embed?pb=!1m18!1m12!1m3!1d13695.929850549252!2d8.257985163659809!3d45.89554672847841!2m3!1f0!2f0!3f0!3m2!1i1024!2i768!4f13.1!3m3!1m2!1s0x478607eeaf9658bf%3A0x4d373468aa7fe277!2sMassa%20del%20Turlo!5e1!3m2!1sit!2sit!4v1776002570415!5m2!1sit!2sit\" width=\"600\" height=\"450\" style=\"border:0;\" allowfullscreen=\"\" loading=\"lazy\" referrerpolicy=\"no-referrer-when-downgrade\"><\/iframe>\n<\/div>\n\n\n\n<div class=\"wp-block-column is-style-prima is-layout-flow wp-block-column-is-layout-flow\">\n<h3 class=\"wp-block-heading has-giallo-color has-text-color\" style=\"font-size:26px;text-transform:uppercase\">Info et contacts <\/h3>\n\n\n    <div class=\"info-esperienze\">\n        \n\n<div class=\"wp-block-group info-esperienze-container has-link-color wp-elements-9f0d90e60c41a7c27e9f5c83b4f7365f is-vertical is-layout-flex wp-container-core-group-is-layout-fe9cc265 wp-block-group-is-layout-flex\">\n<h2 class=\"wp-block-heading has-size-22-font-size\" style=\"text-transform:uppercase\">C.A.I. &#8211; Club Alpino Italiano di Varallo Sesia<\/h2>\n\n\n\n<div class=\"wp-block-columns is-layout-flex wp-container-core-columns-is-layout-28f84493 wp-block-columns-is-layout-flex\">\n<div class=\"wp-block-column is-layout-flow wp-block-column-is-layout-flow\">\n<div class=\"wp-block-columns is-layout-flex wp-container-core-columns-is-layout-28f84493 wp-block-columns-is-layout-flex\">\n<div class=\"wp-block-column is-layout-flow wp-block-column-is-layout-flow\">\n<div class=\"wp-block-columns is-layout-flex wp-container-core-columns-is-layout-28f84493 wp-block-columns-is-layout-flex\">\n<div class=\"wp-block-column is-layout-flow wp-block-column-is-layout-flow\">\n<p class=\"has-text-align-left has-icon pin\" style=\"font-size:20px\">Via C. Durio, 14 &#8211; 13019 Varallo Sesia (VC)<\/p>\n\n\n\n<p class=\"has-icon tel\" style=\"font-size:20px\"><a href=\"tel:016351530\">0163 51530<\/a>  <\/p>\n\n\n\n<p class=\"has-icon mail\" style=\"font-size:20px\"><a href=\"mailto:info@caivarallo.it\">info@caivarallo.it<\/a>           <\/p>\n\n\n\n<p class=\"has-icon www\" style=\"font-size:20px\"><a href=\"http:\/\/www.caivarallo.com\">www.caivarallo.com<\/a><\/p>\n<\/div>\n<\/div>\n<\/div>\n<\/div>\n<\/div>\n<\/div>\n<\/div>\n\n\n    <\/div><\/div>\n<\/div>\n<\/div>\n<\/div>\n","protected":false},"featured_media":11556,"template":"","categoria-outdoor":[528,525],"difficolta-outdoor":[545],"area":[],"class_list":["post-13591","percorsi","type-percorsi","status-publish","has-post-thumbnail","hentry","categoria-outdoor-escursioni","categoria-outdoor-trekking","difficolta-outdoor-media"],"acf":{"indirizzo":null},"_links":{"self":[{"href":"https:\/\/visitvalsesiavercelli.it\/fr\/wp-json\/wp\/v2\/percorsi\/13591","targetHints":{"allow":["GET"]}}],"collection":[{"href":"https:\/\/visitvalsesiavercelli.it\/fr\/wp-json\/wp\/v2\/percorsi"}],"about":[{"href":"https:\/\/visitvalsesiavercelli.it\/fr\/wp-json\/wp\/v2\/types\/percorsi"}],"wp:featuredmedia":[{"embeddable":true,"href":"https:\/\/visitvalsesiavercelli.it\/fr\/wp-json\/wp\/v2\/media\/11556"}],"wp:attachment":[{"href":"https:\/\/visitvalsesiavercelli.it\/fr\/wp-json\/wp\/v2\/media?parent=13591"}],"wp:term":[{"taxonomy":"categoria-outdoor","embeddable":true,"href":"https:\/\/visitvalsesiavercelli.it\/fr\/wp-json\/wp\/v2\/categoria-outdoor?post=13591"},{"taxonomy":"difficolta-outdoor","embeddable":true,"href":"https:\/\/visitvalsesiavercelli.it\/fr\/wp-json\/wp\/v2\/difficolta-outdoor?post=13591"},{"taxonomy":"area","embeddable":true,"href":"https:\/\/visitvalsesiavercelli.it\/fr\/wp-json\/wp\/v2\/area?post=13591"}],"curies":[{"name":"wp","href":"https:\/\/api.w.org\/{rel}","templated":true}]}}