{"id":13601,"date":"2022-10-05T21:45:16","date_gmt":"2022-10-05T19:45:16","guid":{"rendered":"https:\/\/visitvalsesiavercelli.it\/?post_type=percorsi&#038;p=13601"},"modified":"2026-04-12T16:11:30","modified_gmt":"2026-04-12T14:11:30","slug":"sentiero-agnona-fraz-borgosesia-postua","status":"publish","type":"percorsi","link":"https:\/\/visitvalsesiavercelli.it\/fr\/vivi\/outdoor-e-natura\/sentiero-agnona-fraz-borgosesia-postua\/","title":{"rendered":"Sentiero Agnona, fraz. BORGOSESIA &#8211; POSTUA"},"content":{"rendered":"\n<div class=\"wp-block-cover alignfull has-custom-content-position is-position-center-left hero\" style=\"min-height:650px;aspect-ratio:unset;\"><img loading=\"lazy\" decoding=\"async\" width=\"1024\" height=\"683\" class=\"wp-block-cover__image-background wp-image-6607\" alt=\"\" src=\"https:\/\/visitvalsesiavercelli.it\/wp-content\/uploads\/2022\/12\/postua5.jpg\" style=\"object-position:46% 33%\" data-object-fit=\"cover\" data-object-position=\"46% 33%\" srcset=\"https:\/\/visitvalsesiavercelli.it\/wp-content\/uploads\/2022\/12\/postua5.jpg 1024w, https:\/\/visitvalsesiavercelli.it\/wp-content\/uploads\/2022\/12\/postua5-1000x667.jpg 1000w\" sizes=\"auto, (max-width: 1024px) 100vw, 1024px\" \/><span aria-hidden=\"true\" class=\"wp-block-cover__background has-background-dim\"><\/span><div class=\"wp-block-cover__inner-container is-layout-flow wp-block-cover-is-layout-flow\">\n<div class=\"wp-block-group is-layout-flow wp-block-group-is-layout-flow\"><h1 style=\"font-size:65px;text-transform:uppercase;\" class=\"wp-block-post-title has-text-color has-bianco-color\">Sentiero Agnona, fraz. BORGOSESIA &#8211; POSTUA<\/h1>\n\n    <div class=\"etichetta\">\n        <div>\n            Parcours \/ Trekking        <\/div>\n    <\/div><\/div>\n<\/div><\/div>\n\n\n\n<div class=\"wp-block-group alignfull breadcrumbs is-layout-flow wp-block-group-is-layout-flow\">\n<div class=\"wp-block-group d-flex is-layout-flow wp-block-group-is-layout-flow\">\n<p><a href=\"https:\/\/visitvalsesiavercelli.it\/fr\/\" data-type=\"page\" data-id=\"2\">Home<\/a><\/p>\n\n\n\n<p>Vivi<\/p>\n\n\n\n<p>Natura e outdoor<\/p>\n\n\n            <p class=\"breadcrumb-esperienza\">\n                Trekking<\/a>    \n            <\/p>\n                \n\n<h6 class=\"wp-block-post-title has-text-color has-orange-color\">Sentiero Agnona, fraz. BORGOSESIA &#8211; POSTUA<\/h6><\/div>\n<\/div>\n\n\n\n<div class=\"wp-block-group alignfull is-layout-flow wp-block-group-is-layout-flow\">\n<div class=\"wp-block-group intro-percorsi is-layout-flow wp-container-core-group-is-layout-49fcf5db wp-block-group-is-layout-flow\" style=\"padding-top:70px;padding-bottom:70px;padding-left:70px\">    <div class=\"etichetta-secondaria\">\n        <div>\n            Parcours de d\u00e9votion        <\/div>\n    <\/div>\n    \n\n\n<h2 class=\"wp-block-heading has-text-align-left has-text-color\" style=\"color:#2d3429;text-transform:uppercase\">CHEMIN n. 719 Agnona, fraz. BORGOSESIA &#8211; POSTUA<\/h2>\n\n\n    <div class=\"keywords-percorsi\">\n        \n\n<div class=\"wp-block-group keywords-percorsi-container is-content-justification-space-between is-layout-flex wp-container-core-group-is-layout-9366075c wp-block-group-is-layout-flex\">\n<div class=\"wp-block-group is-layout-flow wp-block-group-is-layout-flow\">\n<p style=\"font-size:24px;text-transform:uppercase\"><strong>Difficult\u00e9 : moyenne<\/strong><\/p>\n<\/div>\n\n\n\n<div class=\"wp-block-group is-layout-flow wp-block-group-is-layout-flow\">\n<p style=\"font-size:24px;text-transform:uppercase\"><strong>dur\u00e9e moyenne : 1 -2 heures<\/strong><\/p>\n<\/div>\n\n\n\n<div class=\"wp-block-group is-layout-flow wp-block-group-is-layout-flow\">\n<p style=\"font-size:24px;text-transform:uppercase\"><strong>altitude de d\u00e9part : 350 mt<\/strong><\/p>\n<\/div>\n\n\n\n<div class=\"wp-block-group is-layout-flow wp-block-group-is-layout-flow\">\n<p style=\"font-size:24px;text-transform:uppercase\"><strong>altitude d&rsquo;arriv\u00e9e : 459 mt<\/strong><\/p>\n<\/div>\n\n\n\n<div class=\"wp-block-group is-layout-flow wp-block-group-is-layout-flow\">\n<p style=\"font-size:24px;text-transform:uppercase\"><strong>diff\u00e9rence d&rsquo;altitude : 300 mt<\/strong><\/p>\n<\/div>\n<\/div>\n\n\n    <\/div><\/div>\n<\/div>\n\n\n\n<div class=\"wp-block-group alignfull position-relative has-bianco-color has-text-color has-background is-layout-flow wp-block-group-is-layout-flow\" style=\"background-color:#3d4d34;padding-top:100px;padding-bottom:80px\">    <div class=\"traccia-gpx\">\n        <a download href=\"https:\/\/visitvalsesiavercelli.it\/wp-content\/uploads\/2022\/10\/719.gpx\">\n        <i class=\"icon-traccia\"><\/i>\n            T\u00e9l\u00e9charger trace GPX        <\/a>\n    <\/div>\n\n\n<div class=\"wp-block-group is-layout-constrained wp-container-core-group-is-layout-e548ea6f wp-block-group-is-layout-constrained\">\n<div class=\"wp-block-columns is-layout-flex wp-container-core-columns-is-layout-28f84493 wp-block-columns-is-layout-flex\">\n<div class=\"wp-block-column is-layout-flow wp-block-column-is-layout-flow\">\n<h3 class=\"wp-block-heading has-giallo-color has-text-color\" style=\"font-size:26px;text-transform:uppercase\">Description de l&rsquo;itin\u00e9raire<\/h3>\n<\/div>\n<\/div>\n<\/div>\n\n\n\n<div class=\"wp-block-group is-layout-constrained wp-container-core-group-is-layout-e548ea6f wp-block-group-is-layout-constrained\">\n<div class=\"wp-block-columns gap-mobile is-layout-flex wp-container-core-columns-is-layout-4a048b8d wp-block-columns-is-layout-flex\">\n<div class=\"wp-block-column is-layout-flow wp-block-column-is-layout-flow\" style=\"flex-basis:50%\">\n<p style=\"font-size:20px\"><em>Cet itin\u00e9raire a toujours servi de lien entre les deux localit\u00e9s. Dans la partie centrale, il serpente \u00e0 travers les vall\u00e9es du torrent Venenza et de ses affluents, dans un territoire compl\u00e8tement sauvage et parfois suggestif.<\/em><\/p>\n\n\n\n<p style=\"font-size:20px\">En partant de Borgosesia, du Ponte di Agnona, 350 m, (pr\u00e8s duquel se trouve un <strong><mark style=\"background-color:rgba(0, 0, 0, 0)\" class=\"has-inline-color has-giallo-color\">Geosito del Supervulcano<\/mark><\/strong>), on monte une route goudronn\u00e9e raide et, apr\u00e8s le premier virage, on continue tout droit sur la route pav\u00e9e jusqu&rsquo;au hameau d&rsquo;Agnona, 400 m.<\/p>\n\n\n\n<p style=\"font-size:20px\">Prendre la rue principale du village et la longer sur la droite. Vous passez devant la chapelle de Sant&rsquo;Antonio et la maison du musicien Carlo Fass\u00f2, pr\u00e8s d&rsquo;une petite fontaine, et tournez imm\u00e9diatement \u00e0 gauche en empruntant une petite route escarp\u00e9e qui m\u00e8ne bient\u00f4t \u00e0 <strong><mark style=\"background-color:rgba(0, 0, 0, 0)\" class=\"has-inline-color has-giallo-color\">Piancastello.<\/mark><\/strong><\/p>\n\n\n\n<p style=\"font-size:20px\">Apr\u00e8s une autre fontaine, laisser le sentier 724 sur la droite et tourner \u00e0 gauche. Une mont\u00e9e raide le long d&rsquo;un confortable chemin muletier m\u00e8ne \u00e0 <strong>Franzano<\/strong>, une localit\u00e9 compos\u00e9e d&rsquo;un manoir historique avec un grand parc<\/p>\n<\/div>\n\n\n\n<div class=\"wp-block-column is-layout-flow wp-block-column-is-layout-flow\" style=\"flex-basis:50%\">\n<p style=\"font-size:20px\">Poursuivre le long de ce parc sur un sentier muletier et prendre le chemin de terre \u00e0 la jonction avec l&rsquo;itin\u00e9raire 720. Le suivre pendant quelques m\u00e8tres et, imm\u00e9diatement apr\u00e8s, prendre le sentier \u00e0 gauche qui descend vers le torrent Nanzola.<br><\/p>\n\n\n\n<p style=\"font-size:20px\">On monte sur le versant oppos\u00e9 avec un tron\u00e7on assez raide jusqu&rsquo;au prochain plateau, <strong><mark style=\"background-color:rgba(0, 0, 0, 0)\" class=\"has-inline-color has-giallo-color\">Ruse Rosse<\/mark><\/strong>, 620 m, o\u00f9 le sentier continue \u00e0 descendre en peu de temps jusqu&rsquo;\u00e0 un autre petit ruisseau. Apr\u00e8s quelques bosses, on passe ensuite plusieurs creux dont les traces tendent \u00e0 se perdre.<br>Apr\u00e8s avoir d\u00e9pass\u00e9 le ruisseau Sacche, on continue jusqu&rsquo;\u00e0 ce que le sentier devienne un chemin muletier et traverse le ruisseau Venenza par un petit pont, avant d&rsquo;arriver \u00e0 <strong><mark style=\"background-color:rgba(0, 0, 0, 0)\" class=\"has-inline-color has-giallo-color\">San Rocco di Postua<\/mark><\/strong>, o\u00f9 l&rsquo;on rencontre l&rsquo;itin\u00e9raire 724, qui continue sur la gauche jusqu&rsquo;\u00e0 une petite chapelle.<\/p>\n\n\n\n<p style=\"font-size:20px\">Par la route asphalt\u00e9e, vous pouvez descendre vers le village de <strong><mark style=\"background-color:rgba(0, 0, 0, 0)\" class=\"has-inline-color has-giallo-color\"><a href=\"https:\/\/visitvalsesiavercelli.it\/fr\/vivi\/arte-e-cultura\/postua\/\" target=\"_blank\" rel=\"noreferrer noopener\">Postua<\/a><\/mark><\/strong>, 459 m et, en passant devant la mairie, l&rsquo;itin\u00e9raire se termine pr\u00e8s de l&rsquo;\u00e9glise paroissiale.<\/p>\n<\/div>\n<\/div>\n<\/div>\n<\/div>\n\n\n    <div class=\"fatmap\">\n        <iframe loading=\"lazy\" width=\"560\" height=\"400\" frameBorder=\"0\" src=\"https:\/\/fatmap.com\/routeid\/2981093\/borgosesia-ponte-di-agnona-postua?fmid=em\"><\/iframe>\r\n    <\/div>\n\n\n<div class=\"wp-block-group intro-3 is-layout-flow wp-container-core-group-is-layout-b298a938 wp-block-group-is-layout-flow\" style=\"padding-top:110px;padding-bottom:70px\">\n<div class=\"wp-block-columns is-layout-flex wp-container-core-columns-is-layout-00723822 wp-block-columns-is-layout-flex\">\n<div class=\"wp-block-column is-over is-layout-flow wp-block-column-is-layout-flow\" style=\"padding-left:80px;flex-basis:290px\">\n<h2 class=\"wp-block-heading\" style=\"line-height:0.90;text-transform:uppercase\">Autres routes<br><mark style=\"background-color:rgba(0, 0, 0, 0)\" class=\"has-inline-color has-giallo-color\">recommand\u00e9s<\/mark><\/h2>\n\n\n\n<p class=\"has-size-22-font-size\" style=\"font-style:normal;font-weight:600\">La Valsesia a beaucoup \u00e0 offrir aux amateurs de trekking<\/p>\n\n\n\n<p>Des parcours suggestifs en pleine nature qui offrent des vues \u00e0 couper le souffle : laissez-vous surprendre par les merveilleuses montagnes de la Valsesia!<\/p>\n<\/div>\n\n\n\n<div class=\"wp-block-column is-layout-flow wp-block-column-is-layout-flow\" style=\"padding-left:60px\">    <section class=\"carosello-orizzontale cover-overflow\">\n                    <div class=\"swiper\">\n                <div class=\"swiper-wrapper\">\n                                            <div class=\"swiper-slide\">\n                            <a href=\"https:\/\/visitvalsesiavercelli.it\/fr\/vivi\/outdoor-e-natura\/quarona-lago-di-santagostino\/\" class=\"carosello-element\">\n                                <div class=\"wp-block-image\">\n                                    <img loading=\"lazy\" decoding=\"async\" width=\"340\" height=\"210\" src=\"https:\/\/visitvalsesiavercelli.it\/wp-content\/uploads\/2022\/12\/IMG_4536-1-340x210.jpg\" class=\"attachment-regular-thumb size-regular-thumb wp-post-image\" alt=\"\" srcset=\"https:\/\/visitvalsesiavercelli.it\/wp-content\/uploads\/2022\/12\/IMG_4536-1-340x210.jpg 340w, https:\/\/visitvalsesiavercelli.it\/wp-content\/uploads\/2022\/12\/IMG_4536-1-680x420.jpg 680w\" sizes=\"auto, (max-width: 340px) 100vw, 340px\" \/>                                <\/div>\n                                <div class=\"content\">\n                                    <h4>QUARONA &#8211; Lago di Sant&rsquo;Agostino<\/h4>\n                                <\/div>\n                                <div class=\"wp-block-buttons\">\n                                    <div class=\"wp-block-button is-style-outline\">\n                                        <span class=\"wp-block-button__link\">\n                                            Vivre                                        <\/span>\n                                    <\/div>\n                                <\/div>\n                            <\/a>\n                        <\/div>\n                                                <div class=\"swiper-slide\">\n                            <a href=\"https:\/\/visitvalsesiavercelli.it\/fr\/vivi\/outdoor-e-natura\/quarona-san-giovanni-al-monte-monte-tucri\/\" class=\"carosello-element\">\n                                <div class=\"wp-block-image\">\n                                    <img loading=\"lazy\" decoding=\"async\" width=\"340\" height=\"210\" src=\"https:\/\/visitvalsesiavercelli.it\/wp-content\/uploads\/2022\/12\/tucri2-340x210.png\" class=\"attachment-regular-thumb size-regular-thumb wp-post-image\" alt=\"\" srcset=\"https:\/\/visitvalsesiavercelli.it\/wp-content\/uploads\/2022\/12\/tucri2-340x210.png 340w, https:\/\/visitvalsesiavercelli.it\/wp-content\/uploads\/2022\/12\/tucri2-680x420.png 680w\" sizes=\"auto, (max-width: 340px) 100vw, 340px\" \/>                                <\/div>\n                                <div class=\"content\">\n                                    <h4>Quarona &#8211; San Giovanni al Monte &#8211; Monte Tucri<\/h4>\n                                <\/div>\n                                <div class=\"wp-block-buttons\">\n                                    <div class=\"wp-block-button is-style-outline\">\n                                        <span class=\"wp-block-button__link\">\n                                            Vivre                                        <\/span>\n                                    <\/div>\n                                <\/div>\n                            <\/a>\n                        <\/div>\n                                                <div class=\"swiper-slide\">\n                            <a href=\"https:\/\/visitvalsesiavercelli.it\/fr\/vivi\/outdoor-e-natura\/borgosesia-fraz-foresto-monte-tovo-castello-di-gavala\/\" class=\"carosello-element\">\n                                <div class=\"wp-block-image\">\n                                    <img loading=\"lazy\" decoding=\"async\" width=\"340\" height=\"210\" src=\"https:\/\/visitvalsesiavercelli.it\/wp-content\/uploads\/2022\/12\/20200509_163804-340x210.jpg\" class=\"attachment-regular-thumb size-regular-thumb wp-post-image\" alt=\"\" srcset=\"https:\/\/visitvalsesiavercelli.it\/wp-content\/uploads\/2022\/12\/20200509_163804-340x210.jpg 340w, https:\/\/visitvalsesiavercelli.it\/wp-content\/uploads\/2022\/12\/20200509_163804-680x420.jpg 680w\" sizes=\"auto, (max-width: 340px) 100vw, 340px\" \/>                                <\/div>\n                                <div class=\"content\">\n                                    <h4>BORGOSESIA fraz. Foresto \u2013 Monte Tovo &#8211; Castello di Gavala<\/h4>\n                                <\/div>\n                                <div class=\"wp-block-buttons\">\n                                    <div class=\"wp-block-button is-style-outline\">\n                                        <span class=\"wp-block-button__link\">\n                                            Vivre                                        <\/span>\n                                    <\/div>\n                                <\/div>\n                            <\/a>\n                        <\/div>\n                                                <div class=\"swiper-slide\">\n                            <a href=\"https:\/\/visitvalsesiavercelli.it\/fr\/vivi\/outdoor-e-natura\/borgosesia-fraz-bettole-monte-fenera\/\" class=\"carosello-element\">\n                                <div class=\"wp-block-image\">\n                                    <img loading=\"lazy\" decoding=\"async\" width=\"340\" height=\"210\" src=\"https:\/\/visitvalsesiavercelli.it\/wp-content\/uploads\/2022\/12\/20221127_134934-340x210.jpg\" class=\"attachment-regular-thumb size-regular-thumb wp-post-image\" alt=\"\" srcset=\"https:\/\/visitvalsesiavercelli.it\/wp-content\/uploads\/2022\/12\/20221127_134934-340x210.jpg 340w, https:\/\/visitvalsesiavercelli.it\/wp-content\/uploads\/2022\/12\/20221127_134934-680x420.jpg 680w\" sizes=\"auto, (max-width: 340px) 100vw, 340px\" \/>                                <\/div>\n                                <div class=\"content\">\n                                    <h4>BORGOSESIA, fraz. Bettole \u2013 Monte Fenera<\/h4>\n                                <\/div>\n                                <div class=\"wp-block-buttons\">\n                                    <div class=\"wp-block-button is-style-outline\">\n                                        <span class=\"wp-block-button__link\">\n                                            Vivre                                        <\/span>\n                                    <\/div>\n                                <\/div>\n                            <\/a>\n                        <\/div>\n                                                <div class=\"swiper-slide\">\n                            <a href=\"https:\/\/visitvalsesiavercelli.it\/fr\/vivi\/outdoor-e-natura\/cellio-con-breia-fraz-carega-monte-san-grato\/\" class=\"carosello-element\">\n                                <div class=\"wp-block-image\">\n                                    <img loading=\"lazy\" decoding=\"async\" width=\"340\" height=\"210\" src=\"https:\/\/visitvalsesiavercelli.it\/wp-content\/uploads\/2022\/12\/20201229_153633-340x210.jpg\" class=\"attachment-regular-thumb size-regular-thumb wp-post-image\" alt=\"\" srcset=\"https:\/\/visitvalsesiavercelli.it\/wp-content\/uploads\/2022\/12\/20201229_153633-340x210.jpg 340w, https:\/\/visitvalsesiavercelli.it\/wp-content\/uploads\/2022\/12\/20201229_153633-680x420.jpg 680w\" sizes=\"auto, (max-width: 340px) 100vw, 340px\" \/>                                <\/div>\n                                <div class=\"content\">\n                                    <h4>CELLIO CON BREIA, fraz. Carega \u2013 Monte San Grato<\/h4>\n                                <\/div>\n                                <div class=\"wp-block-buttons\">\n                                    <div class=\"wp-block-button is-style-outline\">\n                                        <span class=\"wp-block-button__link\">\n                                            Vivre                                        <\/span>\n                                    <\/div>\n                                <\/div>\n                            <\/a>\n                        <\/div>\n                                        <\/div>\n                <div class=\"swiper-buttons\">\n                    <div class=\"swiper-button-prev\"><\/div>\n                    <div class=\"swiper-button-next\"><\/div>\n                <\/div>\n            <\/div>\n            <\/section><\/div>\n<\/div>\n<\/div>\n\n\n\n<div class=\"wp-block-group alignfull has-bianco-color has-text-color has-background is-layout-flow wp-block-group-is-layout-flow\" style=\"background-color:#3d4d34;padding-top:60px;padding-bottom:80px\">\n<div class=\"wp-block-group is-layout-constrained wp-container-core-group-is-layout-e548ea6f wp-block-group-is-layout-constrained\">\n<div class=\"wp-block-columns gap-mobile is-layout-flex wp-container-core-columns-is-layout-01159bbe wp-block-columns-is-layout-flex\">\n<div class=\"wp-block-column is-layout-flow wp-block-column-is-layout-flow\">\n<h3 class=\"wp-block-heading has-giallo-color has-text-color\" style=\"font-size:26px;text-transform:uppercase\">Comment s&rsquo;y rendre <\/h3>\n\n\n\n<iframe src=\"https:\/\/www.google.com\/maps\/embed?pb=!1m18!1m12!1m3!1d6870.599597127481!2d8.218958849103753!3d45.71170952769811!2m3!1f0!2f0!3f0!3m2!1i1024!2i768!4f13.1!3m3!1m2!1s0x47861a655774235d%3A0x5949c14a3d973726!2s13010%20Postua%20VC!5e1!3m2!1sit!2sit!4v1776003085825!5m2!1sit!2sit\" width=\"600\" height=\"450\" style=\"border:0;\" allowfullscreen=\"\" loading=\"lazy\" referrerpolicy=\"no-referrer-when-downgrade\"><\/iframe>\n<\/div>\n\n\n\n<div class=\"wp-block-column is-style-prima is-layout-flow wp-block-column-is-layout-flow\">\n<h3 class=\"wp-block-heading has-giallo-color has-text-color\" style=\"font-size:26px;text-transform:uppercase\">Info et contacts<\/h3>\n\n\n    <div class=\"info-esperienze\">\n        \n\n<div class=\"wp-block-group info-esperienze-container has-link-color wp-elements-9f0d90e60c41a7c27e9f5c83b4f7365f is-vertical is-layout-flex wp-container-core-group-is-layout-fe9cc265 wp-block-group-is-layout-flex\">\n<h2 class=\"wp-block-heading has-size-22-font-size\" style=\"text-transform:uppercase\">C.A.I. &#8211; Club Alpino Italiano di Varallo Sesia<\/h2>\n\n\n\n<div class=\"wp-block-columns is-layout-flex wp-container-core-columns-is-layout-28f84493 wp-block-columns-is-layout-flex\">\n<div class=\"wp-block-column is-layout-flow wp-block-column-is-layout-flow\">\n<div class=\"wp-block-columns is-layout-flex wp-container-core-columns-is-layout-28f84493 wp-block-columns-is-layout-flex\">\n<div class=\"wp-block-column is-layout-flow wp-block-column-is-layout-flow\">\n<div class=\"wp-block-columns is-layout-flex wp-container-core-columns-is-layout-28f84493 wp-block-columns-is-layout-flex\">\n<div class=\"wp-block-column is-layout-flow wp-block-column-is-layout-flow\">\n<p class=\"has-text-align-left has-icon pin\" style=\"font-size:20px\">Via C. Durio, 14 &#8211; 13019 Varallo Sesia (VC)<\/p>\n\n\n\n<p class=\"has-icon tel\" style=\"font-size:20px\"><a href=\"tel:016351530\">0163 51530<\/a>  <\/p>\n\n\n\n<p class=\"has-icon mail\" style=\"font-size:20px\"><a href=\"mailto:info@caivarallo.it\">info@caivarallo.it<\/a>           <\/p>\n\n\n\n<p class=\"has-icon www\" style=\"font-size:20px\"><a href=\"http:\/\/www.caivarallo.com\">www.caivarallo.com<\/a><\/p>\n<\/div>\n<\/div>\n<\/div>\n<\/div>\n<\/div>\n<\/div>\n<\/div>\n\n\n    <\/div><\/div>\n<\/div>\n<\/div>\n<\/div>\n","protected":false},"featured_media":11635,"template":"","categoria-outdoor":[528,525],"difficolta-outdoor":[545],"area":[],"class_list":["post-13601","percorsi","type-percorsi","status-publish","has-post-thumbnail","hentry","categoria-outdoor-escursioni","categoria-outdoor-trekking","difficolta-outdoor-media"],"acf":{"indirizzo":null},"_links":{"self":[{"href":"https:\/\/visitvalsesiavercelli.it\/fr\/wp-json\/wp\/v2\/percorsi\/13601","targetHints":{"allow":["GET"]}}],"collection":[{"href":"https:\/\/visitvalsesiavercelli.it\/fr\/wp-json\/wp\/v2\/percorsi"}],"about":[{"href":"https:\/\/visitvalsesiavercelli.it\/fr\/wp-json\/wp\/v2\/types\/percorsi"}],"wp:featuredmedia":[{"embeddable":true,"href":"https:\/\/visitvalsesiavercelli.it\/fr\/wp-json\/wp\/v2\/media\/11635"}],"wp:attachment":[{"href":"https:\/\/visitvalsesiavercelli.it\/fr\/wp-json\/wp\/v2\/media?parent=13601"}],"wp:term":[{"taxonomy":"categoria-outdoor","embeddable":true,"href":"https:\/\/visitvalsesiavercelli.it\/fr\/wp-json\/wp\/v2\/categoria-outdoor?post=13601"},{"taxonomy":"difficolta-outdoor","embeddable":true,"href":"https:\/\/visitvalsesiavercelli.it\/fr\/wp-json\/wp\/v2\/difficolta-outdoor?post=13601"},{"taxonomy":"area","embeddable":true,"href":"https:\/\/visitvalsesiavercelli.it\/fr\/wp-json\/wp\/v2\/area?post=13601"}],"curies":[{"name":"wp","href":"https:\/\/api.w.org\/{rel}","templated":true}]}}