{"id":14014,"date":"2024-03-14T10:13:46","date_gmt":"2024-03-14T09:13:46","guid":{"rendered":"https:\/\/visitvalsesiavercelli.it\/?post_type=percorsi&#038;p=14014"},"modified":"2026-04-12T15:10:32","modified_gmt":"2026-04-12T13:10:32","slug":"anello-ciclopedonale-di-mera","status":"publish","type":"percorsi","link":"https:\/\/visitvalsesiavercelli.it\/fr\/vivi\/outdoor-e-natura\/anello-ciclopedonale-di-mera\/","title":{"rendered":"Anneau cyclable de Mera"},"content":{"rendered":"\n<div class=\"wp-block-cover alignfull is-light has-custom-content-position is-position-center-left hero\" style=\"min-height:650px;aspect-ratio:unset;\"><img loading=\"lazy\" decoding=\"async\" width=\"2048\" height=\"1365\" class=\"wp-block-cover__image-background wp-image-2577\" alt=\"\" src=\"https:\/\/visitvalsesiavercelli.it\/wp-content\/uploads\/2022\/09\/vista-sulla-valsesia-dal-tratto-pian-d-asnin.jpeg\" data-object-fit=\"cover\" srcset=\"https:\/\/visitvalsesiavercelli.it\/wp-content\/uploads\/2022\/09\/vista-sulla-valsesia-dal-tratto-pian-d-asnin.jpeg 2048w, https:\/\/visitvalsesiavercelli.it\/wp-content\/uploads\/2022\/09\/vista-sulla-valsesia-dal-tratto-pian-d-asnin-1000x667.jpeg 1000w, https:\/\/visitvalsesiavercelli.it\/wp-content\/uploads\/2022\/09\/vista-sulla-valsesia-dal-tratto-pian-d-asnin-1500x1000.jpeg 1500w\" sizes=\"auto, (max-width: 2048px) 100vw, 2048px\" \/><span aria-hidden=\"true\" class=\"wp-block-cover__background has-background-dim\"><\/span><div class=\"wp-block-cover__inner-container is-layout-flow wp-block-cover-is-layout-flow\">\n<div class=\"wp-block-group is-layout-flow wp-block-group-is-layout-flow\"><h1 style=\"text-transform:uppercase;\" class=\"wp-block-post-title has-text-color has-bianco-color\">Anneau cyclable de Mera<\/h1>\n\n    <div class=\"etichetta\">\n        <div>\n            Parcours \/ Bike        <\/div>\n    <\/div><\/div>\n<\/div><\/div>\n\n\n\n<div class=\"wp-block-group alignfull breadcrumbs is-layout-flow wp-block-group-is-layout-flow\">\n<div class=\"wp-block-group d-flex is-layout-flow wp-block-group-is-layout-flow\">\n<p><a href=\"https:\/\/visitvalsesiavercelli.it\/fr\/\" data-type=\"page\" data-id=\"2\">Home<\/a><\/p>\n\n\n\n<p>Vivi<\/p>\n\n\n\n<p>Natura e outdoor<\/p>\n\n\n            <p class=\"breadcrumb-esperienza\">\n                Bike<\/a>    \n            <\/p>\n                \n\n<h6 class=\"wp-block-post-title has-text-color has-orange-color\">Anneau cyclable de Mera<\/h6><\/div>\n<\/div>\n\n\n\n<div class=\"wp-block-group alignfull is-layout-flow wp-block-group-is-layout-flow\">\n<div class=\"wp-block-group intro-percorsi is-layout-flow wp-container-core-group-is-layout-49fcf5db wp-block-group-is-layout-flow\" style=\"padding-top:70px;padding-bottom:70px;padding-left:70px\">    <div class=\"etichetta-secondaria\">\n        <div>\n            MTB        <\/div>\n    <\/div>\n    \n\n\n<h2 class=\"wp-block-heading has-text-align-left has-text-color\" style=\"color:#2d3429;text-transform:uppercase\">Anneau cyclable de Mera<\/h2>\n\n\n\n<p class=\"has-size-22-font-size\">Itin\u00e9raire cycliste et pi\u00e9tonnier en boucle \u00e0 travers les points les plus pittoresques et panoramiques de l&rsquo;Alpe di Mera, avec vue sur Valsesia et le Mont Rose<\/p>\n\n\n    <div class=\"keywords-percorsi\">\n        \n\n<div class=\"wp-block-group keywords-percorsi-container is-content-justification-space-between is-layout-flex wp-container-core-group-is-layout-9366075c wp-block-group-is-layout-flex\">\n<div class=\"wp-block-group is-layout-flow wp-block-group-is-layout-flow\">\n<p style=\"font-size:24px;text-transform:uppercase\"><strong>D<strong>ifficult\u00e9 :<\/strong> FACILE<\/strong><\/p>\n<\/div>\n\n\n\n<div class=\"wp-block-group is-layout-flow wp-block-group-is-layout-flow\">\n<p style=\"font-size:24px;text-transform:uppercase\"><strong><strong>Distance :<\/strong> 4,3 km<\/strong><\/p>\n<\/div>\n\n\n\n<div class=\"wp-block-group is-layout-flow wp-block-group-is-layout-flow\">\n<p style=\"font-size:24px;text-transform:uppercase\"><strong>d<strong>ur\u00e9e moyenne : <\/strong> 1,5 Heures<\/strong><\/p>\n<\/div>\n\n\n\n<div class=\"wp-block-group is-layout-flow wp-block-group-is-layout-flow\">\n<p style=\"font-size:24px;text-transform:uppercase\"><strong>quota de d\u00e9part : 1511 mt<\/strong><\/p>\n<\/div>\n\n\n\n<div class=\"wp-block-group is-layout-flow wp-block-group-is-layout-flow\">\n<p style=\"font-size:24px;text-transform:uppercase\"><strong><strong><strong>quota d&rsquo;arriv\u00e9e :<\/strong><\/strong> 1648 mt<\/strong><\/p>\n<\/div>\n\n\n\n<div class=\"wp-block-group is-layout-flow wp-block-group-is-layout-flow\">\n<p style=\"font-size:24px;text-transform:uppercase\"><strong><strong>diff\u00e9rence de hauteur :<\/strong> 136 mt<\/strong><\/p>\n<\/div>\n<\/div>\n\n\n    <\/div><\/div>\n<\/div>\n\n\n\n<div class=\"wp-block-group alignfull position-relative has-bianco-color has-text-color has-background is-layout-flow wp-block-group-is-layout-flow\" style=\"background-color:#3d4d34;padding-top:100px;padding-bottom:80px\">    <div class=\"traccia-gpx\">\n        <a download href=\"https:\/\/visitvalsesiavercelli.it\/wp-content\/uploads\/2022\/09\/t219478615_2a.-anello-ciclopedona.gpx\">\n        <i class=\"icon-traccia\"><\/i>\n            T\u00e9l\u00e9charger trace GPX        <\/a>\n    <\/div>\n\n\n<div class=\"wp-block-group is-layout-constrained wp-container-core-group-is-layout-e548ea6f wp-block-group-is-layout-constrained\">\n<div class=\"wp-block-columns is-layout-flex wp-container-core-columns-is-layout-28f84493 wp-block-columns-is-layout-flex\">\n<div class=\"wp-block-column is-layout-flow wp-block-column-is-layout-flow\">\n<h3 class=\"wp-block-heading has-giallo-color has-text-color\" style=\"font-size:26px;text-transform:uppercase\">Description de l&rsquo;itin\u00e9raire<\/h3>\n<\/div>\n<\/div>\n<\/div>\n\n\n\n<div class=\"wp-block-group is-layout-constrained wp-container-core-group-is-layout-e548ea6f wp-block-group-is-layout-constrained\">\n<div class=\"wp-block-columns gap-mobile is-layout-flex wp-container-core-columns-is-layout-4a048b8d wp-block-columns-is-layout-flex\">\n<div class=\"wp-block-column is-layout-flow wp-block-column-is-layout-flow\" style=\"flex-basis:50%\">\n<p style=\"font-size:20px\">Il L&rsquo;itin\u00e9raire commence en face de l&rsquo;arriv\u00e9e du <strong><mark style=\"background-color:rgba(0, 0, 0, 0)\" class=\"has-inline-color has-giallo-color\">t\u00e9l\u00e9si\u00e8ge Scopello-Mera<\/mark><\/strong>, o\u00f9 des panneaux indiquent la direction de l&rsquo;Alpe Campo, d&rsquo;abord sur une route asphalt\u00e9e traversant le village, puis sur un chemin de terre. De l\u00e0, commence une mont\u00e9e progressive sur un sentier jusqu&rsquo;au Pian d&rsquo;Asnin. \u00c0 cet endroit, la route 2A rencontre la route num\u00e9ro 2 (piste cyclable Mera-Meggiana-Rassa). Des panneaux indiquent de la suivre en sens inverse et, \u00e0 la bifurcation, de tourner \u00e0 gauche vers le village de Mera. Ce tron\u00e7on est large, panoramique et presque plat, jusqu&rsquo;au Boschetto, o\u00f9 une descente rapide ram\u00e8ne au point de d\u00e9part.<\/p>\n<\/div>\n\n\n\n<div class=\"wp-block-column is-layout-flow wp-block-column-is-layout-flow\" style=\"flex-basis:50%\">\n<p style=\"font-size:20px\"><strong><mark style=\"background-color:rgba(0, 0, 0, 0)\" class=\"has-inline-color has-giallo-color\">Itin\u00e9raire \u00e0 suivrere<\/mark><\/strong><\/p>\n\n\n\n<p style=\"font-size:20px\">Panneau jaune avec cycliste stylis\u00e9 et num\u00e9ro 2a depuis la station du t\u00e9l\u00e9si\u00e8ge pour l&rsquo;Alpe Campo et le Pian d&rsquo;Asnin. Panneau jaune avec cycliste stylis\u00e9 et num\u00e9ro 2 \u00e0 partir du carrefour Pian d&rsquo;Asnin-v\u00e9loroute 2 Mera-Meggiana-Rassa (suivre les indications dans le sens inverse de celui indiqu\u00e9 par les fl\u00e8ches).<\/p>\n<\/div>\n<\/div>\n<\/div>\n<\/div>\n\n\n    <div class=\"fatmap\">\n        <iframe loading=\"lazy\" width=\"560\" height=\"400\" frameBorder=\"0\" src=\"https:\/\/fatmap.com\/routeid\/2981894\/anello-ciclopedonale-di-mera?fmid=em\"><\/iframe>    <\/div>\n\n\n<div class=\"wp-block-group alignfull has-bianco-color has-text-color has-background is-layout-flow wp-block-group-is-layout-flow\" style=\"background-color:#3d4d34;padding-top:60px;padding-bottom:80px\">\n<div class=\"wp-block-group is-layout-constrained wp-container-core-group-is-layout-e548ea6f wp-block-group-is-layout-constrained\">\n<div class=\"wp-block-columns gap-mobile has-link-color wp-elements-0f9f55b35db81347fad09c3e5e62258a is-layout-flex wp-container-core-columns-is-layout-01159bbe wp-block-columns-is-layout-flex\">\n<div class=\"wp-block-column is-layout-flow wp-block-column-is-layout-flow\">\n<h3 class=\"wp-block-heading has-giallo-color has-text-color\" style=\"font-size:26px;text-transform:uppercase\">Comment s&rsquo;y rendre<\/h3>\n\n\n\n<iframe src=\"https:\/\/www.google.com\/maps\/embed?pb=!1m18!1m12!1m3!1d6866.200379638145!2d8.08213609819072!3d45.747484621151905!2m3!1f0!2f0!3f0!3m2!1i1024!2i768!4f13.1!3m3!1m2!1s0x47861d6b6ad7c9e5%3A0x2605e67e57865694!2s13028%20Mera%20VC!5e1!3m2!1sit!2sit!4v1775999457266!5m2!1sit!2sit\" width=\"600\" height=\"450\" style=\"border:0;\" allowfullscreen=\"\" loading=\"lazy\" referrerpolicy=\"no-referrer-when-downgrade\"><\/iframe>\n<\/div>\n\n\n\n<div class=\"wp-block-column is-style-prima is-layout-flow wp-block-column-is-layout-flow\">\n<h3 class=\"wp-block-heading has-giallo-color has-text-color\" style=\"font-size:26px;text-transform:uppercase\">Info et contacts utiles<\/h3>\n\n\n    <div class=\"info-esperienze\">\n        \n\n<div class=\"wp-block-group info-esperienze-container has-link-color wp-elements-dc8a34daa260c3e85b154dea2dfb2421 is-vertical is-layout-flex wp-container-core-group-is-layout-fe9cc265 wp-block-group-is-layout-flex\">\n<p class=\"has-icon www\" style=\"font-size:20px\"><a href=\"https:\/\/www.sitodellevento.it\" target=\"_blank\" rel=\"noreferrer noopener\"><\/a><a href=\"https:\/\/www.alpedimera.it\/\" target=\"_blank\" rel=\"noreferrer noopener\">alpedimera.it<\/a><\/p>\n<\/div>\n\n\n\n<p><em>Pour rejoindre le d\u00e9but de l&rsquo;itin\u00e9raire, prenez la route SP 299 Valsesia jusqu&rsquo;\u00e0 Scopello, o\u00f9 vous pourrez garer votre voiture gratuitement sur la Piazzale Seggiovie et prendre le t\u00e9l\u00e9si\u00e8ge pour Mera les jours d&rsquo;ouverture (voir <strong><mark style=\"background-color:rgba(0, 0, 0, 0)\" class=\"has-inline-color has-giallo-color\">www.alpedimera.it<\/mark><\/strong>).<br>Vous pouvez \u00e9galement rejoindre Mera en voiture depuis Scopello (9 km). Parkings payants en altitude.<\/em><\/p>\n\n\n    <\/div><\/div>\n<\/div>\n<\/div>\n<\/div>\n\n\n\n<div class=\"wp-block-group intro-3 is-layout-flow wp-container-core-group-is-layout-b298a938 wp-block-group-is-layout-flow\" style=\"padding-top:110px;padding-bottom:70px\">\n<div class=\"wp-block-columns is-layout-flex wp-container-core-columns-is-layout-00723822 wp-block-columns-is-layout-flex\">\n<div class=\"wp-block-column is-over is-layout-flow wp-block-column-is-layout-flow\" style=\"padding-left:80px;flex-basis:290px\">\n<h2 class=\"wp-block-heading\" style=\"line-height:0.90;text-transform:uppercase\">Autres itin\u00e9raires<br><mark style=\"background-color:rgba(0, 0, 0, 0)\" class=\"has-inline-color has-giallo-color\">recommand\u00e9s<\/mark><\/h2>\n\n\n\n<p class=\"has-size-22-font-size\" style=\"font-style:normal;font-weight:600\">D\u00e9couvrez les itin\u00e9raires cyclables que la Valsesia a \u00e0 offrir!<\/p>\n\n\n\n<p>Excursions \u00e0 v\u00e9lo et \u00e0 VTT \u00e0 travers des vues \u00e0 couper le souffle, immerg\u00e9es dans la nature de Valsesia.<\/p>\n<\/div>\n\n\n\n<div class=\"wp-block-column is-layout-flow wp-block-column-is-layout-flow\" style=\"padding-left:60px\">    <section class=\"carosello-orizzontale cover-overflow\">\n                    <div class=\"swiper\">\n                <div class=\"swiper-wrapper\">\n                                            <div class=\"swiper-slide\">\n                            <a href=\"https:\/\/visitvalsesiavercelli.it\/fr\/vivi\/outdoor-e-natura\/ciclabile-scopello-mera-meggiana-rassa-scopello\/\" class=\"carosello-element\">\n                                <div class=\"wp-block-image\">\n                                    <img loading=\"lazy\" decoding=\"async\" width=\"340\" height=\"210\" src=\"https:\/\/visitvalsesiavercelli.it\/wp-content\/uploads\/2023\/01\/A9A08596-340x210.jpg\" class=\"attachment-regular-thumb size-regular-thumb wp-post-image\" alt=\"\" srcset=\"https:\/\/visitvalsesiavercelli.it\/wp-content\/uploads\/2023\/01\/A9A08596-340x210.jpg 340w, https:\/\/visitvalsesiavercelli.it\/wp-content\/uploads\/2023\/01\/A9A08596-680x420.jpg 680w\" sizes=\"auto, (max-width: 340px) 100vw, 340px\" \/>                                <\/div>\n                                <div class=\"content\">\n                                    <h4>Piste cyclable Scopello-Mera-Meggiana-Rassa-Scopello<\/h4>\n                                <\/div>\n                                <div class=\"wp-block-buttons\">\n                                    <div class=\"wp-block-button is-style-outline\">\n                                        <span class=\"wp-block-button__link\">\n                                            Vivre                                        <\/span>\n                                    <\/div>\n                                <\/div>\n                            <\/a>\n                        <\/div>\n                                                <div class=\"swiper-slide\">\n                            <a href=\"https:\/\/visitvalsesiavercelli.it\/fr\/vivi\/outdoor-e-natura\/ciclabile-alpe-di-mera-bielmonte\/\" class=\"carosello-element\">\n                                <div class=\"wp-block-image\">\n                                    <img loading=\"lazy\" decoding=\"async\" width=\"340\" height=\"210\" src=\"https:\/\/visitvalsesiavercelli.it\/wp-content\/uploads\/2022\/09\/bielmonte-340x210.jpeg\" class=\"attachment-regular-thumb size-regular-thumb wp-post-image\" alt=\"\" srcset=\"https:\/\/visitvalsesiavercelli.it\/wp-content\/uploads\/2022\/09\/bielmonte-340x210.jpeg 340w, https:\/\/visitvalsesiavercelli.it\/wp-content\/uploads\/2022\/09\/bielmonte-680x420.jpeg 680w\" sizes=\"auto, (max-width: 340px) 100vw, 340px\" \/>                                <\/div>\n                                <div class=\"content\">\n                                    <h4>Piste cyclable Alpe di Mera-Bielmonte<\/h4>\n                                <\/div>\n                                <div class=\"wp-block-buttons\">\n                                    <div class=\"wp-block-button is-style-outline\">\n                                        <span class=\"wp-block-button__link\">\n                                            Vivre                                        <\/span>\n                                    <\/div>\n                                <\/div>\n                            <\/a>\n                        <\/div>\n                                                <div class=\"swiper-slide\">\n                            <a href=\"https:\/\/visitvalsesiavercelli.it\/fr\/vivi\/outdoor-e-natura\/ciclabile-balmuccia-alagna-valsesia\/\" class=\"carosello-element\">\n                                <div class=\"wp-block-image\">\n                                    <img loading=\"lazy\" decoding=\"async\" width=\"340\" height=\"210\" src=\"https:\/\/visitvalsesiavercelli.it\/wp-content\/uploads\/2023\/01\/A9A09621-340x210.jpg\" class=\"attachment-regular-thumb size-regular-thumb wp-post-image\" alt=\"\" srcset=\"https:\/\/visitvalsesiavercelli.it\/wp-content\/uploads\/2023\/01\/A9A09621-340x210.jpg 340w, https:\/\/visitvalsesiavercelli.it\/wp-content\/uploads\/2023\/01\/A9A09621-680x420.jpg 680w\" sizes=\"auto, (max-width: 340px) 100vw, 340px\" \/>                                <\/div>\n                                <div class=\"content\">\n                                    <h4>Piste cyclable Balmuccia &#8211; Alagna Valsesia<\/h4>\n                                <\/div>\n                                <div class=\"wp-block-buttons\">\n                                    <div class=\"wp-block-button is-style-outline\">\n                                        <span class=\"wp-block-button__link\">\n                                            Vivre                                        <\/span>\n                                    <\/div>\n                                <\/div>\n                            <\/a>\n                        <\/div>\n                                        <\/div>\n                <div class=\"swiper-buttons\">\n                    <div class=\"swiper-button-prev\"><\/div>\n                    <div class=\"swiper-button-next\"><\/div>\n                <\/div>\n            <\/div>\n            <\/section><\/div>\n<\/div>\n<\/div>\n","protected":false},"featured_media":2577,"template":"","categoria-outdoor":[520,522],"difficolta-outdoor":[549,545],"area":[],"class_list":["post-14014","percorsi","type-percorsi","status-publish","has-post-thumbnail","hentry","categoria-outdoor-bike","categoria-outdoor-mtb","difficolta-outdoor-facile","difficolta-outdoor-media"],"acf":{"indirizzo":null},"_links":{"self":[{"href":"https:\/\/visitvalsesiavercelli.it\/fr\/wp-json\/wp\/v2\/percorsi\/14014","targetHints":{"allow":["GET"]}}],"collection":[{"href":"https:\/\/visitvalsesiavercelli.it\/fr\/wp-json\/wp\/v2\/percorsi"}],"about":[{"href":"https:\/\/visitvalsesiavercelli.it\/fr\/wp-json\/wp\/v2\/types\/percorsi"}],"wp:featuredmedia":[{"embeddable":true,"href":"https:\/\/visitvalsesiavercelli.it\/fr\/wp-json\/wp\/v2\/media\/2577"}],"wp:attachment":[{"href":"https:\/\/visitvalsesiavercelli.it\/fr\/wp-json\/wp\/v2\/media?parent=14014"}],"wp:term":[{"taxonomy":"categoria-outdoor","embeddable":true,"href":"https:\/\/visitvalsesiavercelli.it\/fr\/wp-json\/wp\/v2\/categoria-outdoor?post=14014"},{"taxonomy":"difficolta-outdoor","embeddable":true,"href":"https:\/\/visitvalsesiavercelli.it\/fr\/wp-json\/wp\/v2\/difficolta-outdoor?post=14014"},{"taxonomy":"area","embeddable":true,"href":"https:\/\/visitvalsesiavercelli.it\/fr\/wp-json\/wp\/v2\/area?post=14014"}],"curies":[{"name":"wp","href":"https:\/\/api.w.org\/{rel}","templated":true}]}}