{"id":12625,"date":"2022-11-03T15:14:00","date_gmt":"2022-11-03T14:14:00","guid":{"rendered":"https:\/\/visitvalsesiavercelli.it\/?post_type=punti-di-interesse&#038;p=12625"},"modified":"2026-04-02T15:04:09","modified_gmt":"2026-04-02T13:04:09","slug":"synagogue-de-vercelli","status":"publish","type":"punti-di-interesse","link":"https:\/\/visitvalsesiavercelli.it\/fr\/scopri\/punti-di-interesse\/synagogue-de-vercelli\/","title":{"rendered":"SYNAGOGUE DE VERCELLI"},"content":{"rendered":"\n<div class=\"wp-block-cover alignfull is-light has-custom-content-position is-position-center-left hero\" style=\"min-height:650px;aspect-ratio:unset;\"><img loading=\"lazy\" decoding=\"async\" width=\"1920\" height=\"1282\" class=\"wp-block-cover__image-background wp-image-2836\" alt=\"\" src=\"https:\/\/visitvalsesiavercelli.it\/wp-content\/uploads\/2022\/09\/DSC4729-1.jpg\" style=\"object-position:52% 28%\" data-object-fit=\"cover\" data-object-position=\"52% 28%\" srcset=\"https:\/\/visitvalsesiavercelli.it\/wp-content\/uploads\/2022\/09\/DSC4729-1.jpg 1920w, https:\/\/visitvalsesiavercelli.it\/wp-content\/uploads\/2022\/09\/DSC4729-1-1000x668.jpg 1000w, https:\/\/visitvalsesiavercelli.it\/wp-content\/uploads\/2022\/09\/DSC4729-1-1500x1002.jpg 1500w\" sizes=\"auto, (max-width: 1920px) 100vw, 1920px\" \/><span aria-hidden=\"true\" class=\"wp-block-cover__background has-background-dim\"><\/span><div class=\"wp-block-cover__inner-container is-layout-flow wp-block-cover-is-layout-flow\">\n<div class=\"wp-block-group is-layout-flow wp-block-group-is-layout-flow\"><h1 style=\"text-transform:uppercase;\" class=\"wp-block-post-title has-text-color has-bianco-color\">SYNAGOGUE DE VERCELLI<\/h1>\n\n    <div class=\"etichetta\">\n        <div>\n            Point d\u2019int\u00e9r\u00eat        <\/div>\n    <\/div><\/div>\n<\/div><\/div>\n\n\n\n<div class=\"wp-block-group alignfull breadcrumbs is-layout-flow wp-block-group-is-layout-flow\">\n<div class=\"wp-block-group d-flex is-layout-flow wp-block-group-is-layout-flow\">\n<p><a href=\"https:\/\/visitvalsesiavercelli.it\/fr\/\" data-type=\"page\" data-id=\"2\">Home<\/a><\/p>\n\n\n\n<p>Scopri<\/p>\n\n\n\n<p>Punti d&rsquo;interesse<\/p>\n\n\n            <p class=\"breadcrumb-esperienza\">\n                <a href=\"https:\/\/visitvalsesiavercelli.it\/scopri\/punti-di-interesse\/luoghi-da-non-perdere\/\">A&rsquo; nes pas manquer<\/a>    \n            <\/p>\n                \n\n<h6 class=\"wp-block-post-title has-text-color has-orange-color\">SYNAGOGUE DE VERCELLI<\/h6><\/div>\n<\/div>\n\n\n\n<div class=\"wp-block-group alignfull is-layout-flow wp-block-group-is-layout-flow\">\n<div class=\"wp-block-group intro-esperienze is-layout-flow wp-container-core-group-is-layout-49fcf5db wp-block-group-is-layout-flow\" style=\"padding-top:70px;padding-bottom:70px;padding-left:70px\">    <div class=\"etichetta-secondaria\">\n        <div>\n            A&#039; nes pas manquer        <\/div>\n    <\/div>\n    \n\n\n<h2 class=\"wp-block-heading has-text-align-left has-text-color\" style=\"color:#2d3429;text-transform:uppercase\"><strong>SYNAGOGUE DE VERCELLI<\/strong><\/h2>\n\n\n    <div class=\"keywords-esperienze\">\n        \n\n<p style=\"font-size:20px\">Situ\u00e9e au centre de l&rsquo;ancien ghetto juif,<strong> la synagogue de <a href=\"https:\/\/visitvalsesiavercelli.it\/fr\/vivi\/arte-e-cultura\/vercelli\/\">Vercelli<\/a> a \u00e9t\u00e9 inaugur\u00e9e le 18 septembre 1878<\/strong>. Au nombre des synagogues les plus remarquables d&rsquo;Italie, le b\u00e2timent est un des exemples les plus significatifs du style mauresque de la seconde moiti\u00e9 du XIX<sup>e<\/sup> si\u00e8cle.<\/p>\n\n\n\n<p style=\"font-size:20px\">Un petit oratoire, datant de 1740, se dressait autrefois dans le quartier du nouveau ghetto, cr\u00e9\u00e9 la m\u00eame ann\u00e9e. Avec l&rsquo;\u00e9mancipation de 1848, la construction d\u2019un nouveau lieu de culte plus adapt\u00e9 \u00e0 l&rsquo;importance de la communaut\u00e9 juive de Vercelli, qui comptait alors plus de 600&nbsp;personnes, devint presque aussit\u00f4t n\u00e9cessaire. Le projet fut confi\u00e9 \u00e0 l&rsquo;<strong>architecte Giuseppe Locarni,<\/strong> qui, entre le 6 septembre 1874 (pose de la premi\u00e8re pierre) et le 18 septembre 1878 (date de l&rsquo;inauguration), supervisa la construction de l&rsquo;\u00e9difice.<\/p>\n\n\n\n<p style=\"font-size:20px\">La ville de Vercelli abrite \u00e9galement un <strong>cimeti\u00e8re juif<\/strong>, cr\u00e9\u00e9 en 1801, suite \u00e0 l&rsquo;achat d&rsquo;une parcelle de terrain, conform\u00e9ment aux dispositions de Napol\u00e9on Bonaparte en mati\u00e8re d\u2019inhumation. D&rsquo;autres lieux de s\u00e9pulture existaient auparavant&nbsp;: c\u2019\u00e9taient de petits espaces, lou\u00e9s en plusieurs endroits de la ville, puis abandonn\u00e9s au cours du XIX<sup>e<\/sup> si\u00e8cle. L\u2019actuel cimeti\u00e8re juif est situ\u00e9 hors du centre de Vercelli. Les tombes, qui se succ\u00e8dent dans un \u00e9l\u00e9gant espace vert, sont tr\u00e8s diff\u00e9rentes les unes des autres. Les s\u00e9pultures anciennes ont une forme simple et semblent us\u00e9es par le temps, tandis que celles qui sont post\u00e9rieures \u00e0 l&rsquo;\u00e9mancipation sont monumentales, avec des chapelles familiales d\u2019une grande valeur artistique, emprunt aux coutumes de la soci\u00e9t\u00e9 non-juive.<\/p>\n\n\n    <\/div><\/div>\n<\/div>\n\n\n    <section class=\"galleria-orizzontale\">\n        <div class=\"alignwide\">\n                            <div class=\"swiper\">\n                    <div class=\"swiper-wrapper\">\n                                                    <div class=\"swiper-slide\">\n                                <div class=\"wp-block-image\">\n                                    <img loading=\"lazy\" decoding=\"async\" width=\"1000\" height=\"668\" src=\"https:\/\/visitvalsesiavercelli.it\/wp-content\/uploads\/2022\/09\/DSC4729-1-1000x668.jpg\" class=\"attachment-galleria size-galleria\" alt=\"\" srcset=\"https:\/\/visitvalsesiavercelli.it\/wp-content\/uploads\/2022\/09\/DSC4729-1-1000x668.jpg 1000w, https:\/\/visitvalsesiavercelli.it\/wp-content\/uploads\/2022\/09\/DSC4729-1-1500x1002.jpg 1500w, https:\/\/visitvalsesiavercelli.it\/wp-content\/uploads\/2022\/09\/DSC4729-1.jpg 1920w\" sizes=\"auto, (max-width: 1000px) 100vw, 1000px\" \/>                                <\/div>\n                                                            <\/div>\n                                                    <div class=\"swiper-slide\">\n                                <div class=\"wp-block-image\">\n                                    <img loading=\"lazy\" decoding=\"async\" width=\"1000\" height=\"672\" src=\"https:\/\/visitvalsesiavercelli.it\/wp-content\/uploads\/2022\/09\/DSC4733-1000x672.jpg\" class=\"attachment-galleria size-galleria\" alt=\"\" srcset=\"https:\/\/visitvalsesiavercelli.it\/wp-content\/uploads\/2022\/09\/DSC4733-1000x672.jpg 1000w, https:\/\/visitvalsesiavercelli.it\/wp-content\/uploads\/2022\/09\/DSC4733-1500x1009.jpg 1500w, https:\/\/visitvalsesiavercelli.it\/wp-content\/uploads\/2022\/09\/DSC4733.jpg 1920w\" sizes=\"auto, (max-width: 1000px) 100vw, 1000px\" \/>                                <\/div>\n                                                            <\/div>\n                                                    <div class=\"swiper-slide\">\n                                <div class=\"wp-block-image\">\n                                    <img loading=\"lazy\" decoding=\"async\" width=\"1000\" height=\"688\" src=\"https:\/\/visitvalsesiavercelli.it\/wp-content\/uploads\/2022\/09\/DSC4736-1-1000x688.jpg\" class=\"attachment-galleria size-galleria\" alt=\"\" srcset=\"https:\/\/visitvalsesiavercelli.it\/wp-content\/uploads\/2022\/09\/DSC4736-1-1000x688.jpg 1000w, https:\/\/visitvalsesiavercelli.it\/wp-content\/uploads\/2022\/09\/DSC4736-1-1500x1031.jpg 1500w, https:\/\/visitvalsesiavercelli.it\/wp-content\/uploads\/2022\/09\/DSC4736-1.jpg 1920w\" sizes=\"auto, (max-width: 1000px) 100vw, 1000px\" \/>                                <\/div>\n                                                            <\/div>\n                                                    <div class=\"swiper-slide\">\n                                <div class=\"wp-block-image\">\n                                    <img loading=\"lazy\" decoding=\"async\" width=\"1000\" height=\"750\" src=\"https:\/\/visitvalsesiavercelli.it\/wp-content\/uploads\/2022\/09\/sinagoga-1000x750.jpg\" class=\"attachment-galleria size-galleria\" alt=\"\" srcset=\"https:\/\/visitvalsesiavercelli.it\/wp-content\/uploads\/2022\/09\/sinagoga-1000x750.jpg 1000w, https:\/\/visitvalsesiavercelli.it\/wp-content\/uploads\/2022\/09\/sinagoga-1500x1125.jpg 1500w, https:\/\/visitvalsesiavercelli.it\/wp-content\/uploads\/2022\/09\/sinagoga.jpg 2016w\" sizes=\"auto, (max-width: 1000px) 100vw, 1000px\" \/>                                <\/div>\n                                                            <\/div>\n                                                    <div class=\"swiper-slide\">\n                                <div class=\"wp-block-image\">\n                                    <img loading=\"lazy\" decoding=\"async\" width=\"1000\" height=\"750\" src=\"https:\/\/visitvalsesiavercelli.it\/wp-content\/uploads\/2022\/09\/cimitero-ebraico-2-1000x750.jpg\" class=\"attachment-galleria size-galleria\" alt=\"\" srcset=\"https:\/\/visitvalsesiavercelli.it\/wp-content\/uploads\/2022\/09\/cimitero-ebraico-2-1000x750.jpg 1000w, https:\/\/visitvalsesiavercelli.it\/wp-content\/uploads\/2022\/09\/cimitero-ebraico-2-1500x1125.jpg 1500w, https:\/\/visitvalsesiavercelli.it\/wp-content\/uploads\/2022\/09\/cimitero-ebraico-2.jpg 1600w\" sizes=\"auto, (max-width: 1000px) 100vw, 1000px\" \/>                                <\/div>\n                                                            <\/div>\n                                                    <div class=\"swiper-slide\">\n                                <div class=\"wp-block-image\">\n                                    <img loading=\"lazy\" decoding=\"async\" width=\"1000\" height=\"750\" src=\"https:\/\/visitvalsesiavercelli.it\/wp-content\/uploads\/2022\/09\/cimitero-ebraico-1000x750.jpg\" class=\"attachment-galleria size-galleria\" alt=\"\" srcset=\"https:\/\/visitvalsesiavercelli.it\/wp-content\/uploads\/2022\/09\/cimitero-ebraico-1000x750.jpg 1000w, https:\/\/visitvalsesiavercelli.it\/wp-content\/uploads\/2022\/09\/cimitero-ebraico.jpg 1440w\" sizes=\"auto, (max-width: 1000px) 100vw, 1000px\" \/>                                <\/div>\n                                                            <\/div>\n                                            <\/div>\n                    <div class=\"swiper-buttons\">\n                        <div class=\"swiper-button-prev\"><\/div>\n                        <div class=\"swiper-button-next\"><\/div>\n                    <\/div>\n                <\/div>\n                    <\/div>\n    <\/section>\n\n\n<div class=\"wp-block-group alignfull has-bianco-color has-text-color has-background is-layout-flow wp-block-group-is-layout-flow\" style=\"background-color:#3d4d34;padding-top:60px;padding-bottom:80px\">\n<div class=\"wp-block-group is-layout-constrained wp-container-core-group-is-layout-e548ea6f wp-block-group-is-layout-constrained\">\n<div class=\"wp-block-columns gap-mobile is-layout-flex wp-container-core-columns-is-layout-01159bbe wp-block-columns-is-layout-flex\">\n<div class=\"wp-block-column is-layout-flow wp-block-column-is-layout-flow\">\n<h3 class=\"wp-block-heading has-giallo-color has-text-color\" style=\"font-size:26px;text-transform:uppercase\">comment y aller<\/h3>\n\n\n\n<iframe src=\"https:\/\/www.google.com\/maps\/embed?pb=!1m18!1m12!1m3!1d2805.1420441809473!2d8.423108576470202!3d45.325754042665196!2m3!1f0!2f0!3f0!3m2!1i1024!2i768!4f13.1!3m3!1m2!1s0x47864cf52cb7001d%3A0x8a8ff78f73267615!2sSinagoga!5e0!3m2!1sit!2sit!4v1747062198804!5m2!1sit!2sit\" width=\"600\" height=\"450\" style=\"border:0;\" allowfullscreen=\"\" loading=\"lazy\" referrerpolicy=\"no-referrer-when-downgrade\"><\/iframe>\n<\/div>\n\n\n\n<div class=\"wp-block-column is-style-prima is-layout-flow wp-block-column-is-layout-flow\">\n<h3 class=\"wp-block-heading has-giallo-color has-text-color\" style=\"font-size:26px;text-transform:uppercase\">InfoS ET CONTACTS<\/h3>\n\n\n    <div class=\"info-esperienze\">\n        \n\n<div class=\"wp-block-group info-esperienze-container has-link-color wp-elements-70bab2f6f2908e8c6584e1c47b41ba16 is-vertical is-layout-flex wp-container-core-group-is-layout-fe9cc265 wp-block-group-is-layout-flex\">\n<p class=\"has-icon pin\" style=\"font-size:20px\">Via Elia Emanuele Fo\u00e0, 56\/58, 13100 Vercelli VC<\/p>\n\n\n\n<p class=\"has-icon tel\" style=\"font-size:20px\">+39 339 2579283<\/p>\n\n\n\n<p class=\"has-icon mail\" style=\"font-size:20px\"><a href=\"mailto:segreteria.comunitaebraicavc@gmail.com\" target=\"_blank\" rel=\"noreferrer noopener\">segreteria.comunitaebraicavc@gmail.com<\/a><\/p>\n\n\n\n<p class=\"has-icon www\" style=\"font-size:20px\"><a href=\"https:\/\/www.comunitaebraicavercelli.it\/\">www.comunitaebraicavercelli.it<\/a><\/p>\n\n\n\n<p class=\"has-icon clock\" style=\"font-size:20px\">Ouvertures p\u00e9riodiques au public. V\u00e9rifiez aupr\u00e8s du secr\u00e9tariat.<\/p>\n<\/div>\n\n\n    <\/div><\/div>\n<\/div>\n<\/div>\n<\/div>\n\n\n\n<div class=\"wp-block-group intro-3 is-layout-flow wp-container-core-group-is-layout-b298a938 wp-block-group-is-layout-flow\" style=\"padding-top:110px;padding-bottom:70px\">\n<div class=\"wp-block-columns is-layout-flex wp-container-core-columns-is-layout-00723822 wp-block-columns-is-layout-flex\">\n<div class=\"wp-block-column is-over is-layout-flow wp-block-column-is-layout-flow\" style=\"padding-left:80px;flex-basis:290px\">\n<h2 class=\"wp-block-heading\" style=\"line-height:0.90;text-transform:uppercase\">LIEUX D&rsquo;INT\u00c9R\u00caT \u00c0 NE PAS <mark style=\"background-color:rgba(0, 0, 0, 0)\" class=\"has-inline-color has-giallo-color\">manquer<\/mark><\/h2>\n\n\n\n<p class=\"has-size-22-font-size\" style=\"font-style:normal;font-weight:600\">Art et culture, traditions anciennes, gastronomie et vins excellents et innombrables activit\u00e9s de plein air.<\/p>\n<\/div>\n\n\n\n<div class=\"wp-block-column is-layout-flow wp-block-column-is-layout-flow\" style=\"padding-left:60px\">    <section class=\"carosello-orizzontale cover-overflow\">\n                    <div class=\"swiper\">\n                <div class=\"swiper-wrapper\">\n                                            <div class=\"swiper-slide\">\n                            <a href=\"https:\/\/visitvalsesiavercelli.it\/fr\/scopri\/punti-di-interesse\/piazza-cavour-vercelli\/\" class=\"carosello-element\">\n                                <div class=\"wp-block-image\">\n                                    <img loading=\"lazy\" decoding=\"async\" width=\"340\" height=\"210\" src=\"https:\/\/visitvalsesiavercelli.it\/wp-content\/uploads\/2022\/11\/pzzacavout-340x210.png\" class=\"attachment-regular-thumb size-regular-thumb wp-post-image\" alt=\"\" srcset=\"https:\/\/visitvalsesiavercelli.it\/wp-content\/uploads\/2022\/11\/pzzacavout-340x210.png 340w, https:\/\/visitvalsesiavercelli.it\/wp-content\/uploads\/2022\/11\/pzzacavout-680x420.png 680w\" sizes=\"auto, (max-width: 340px) 100vw, 340px\" \/>                                <\/div>\n                                <div class=\"content\">\n                                    <h4>PIAZZA CAVOUR &#8211; vercelli<\/h4>\n                                <\/div>\n                                <div class=\"wp-block-buttons\">\n                                    <div class=\"wp-block-button is-style-outline\">\n                                        <span class=\"wp-block-button__link\">\n                                            Vivre                                        <\/span>\n                                    <\/div>\n                                <\/div>\n                            <\/a>\n                        <\/div>\n                                                <div class=\"swiper-slide\">\n                            <a href=\"https:\/\/visitvalsesiavercelli.it\/fr\/scopri\/punti-di-interesse\/abbaye-de-santandrea-vercelli\/\" class=\"carosello-element\">\n                                <div class=\"wp-block-image\">\n                                    <img loading=\"lazy\" decoding=\"async\" width=\"340\" height=\"210\" src=\"https:\/\/visitvalsesiavercelli.it\/wp-content\/uploads\/2022\/08\/Panoramica-Vercelli-SantAndrea-340x210.jpg\" class=\"attachment-regular-thumb size-regular-thumb wp-post-image\" alt=\"\" srcset=\"https:\/\/visitvalsesiavercelli.it\/wp-content\/uploads\/2022\/08\/Panoramica-Vercelli-SantAndrea-340x210.jpg 340w, https:\/\/visitvalsesiavercelli.it\/wp-content\/uploads\/2022\/08\/Panoramica-Vercelli-SantAndrea-680x420.jpg 680w\" sizes=\"auto, (max-width: 340px) 100vw, 340px\" \/>                                <\/div>\n                                <div class=\"content\">\n                                    <h4>ABBAYE DE SANT\u2019ANDREA &#8211; vercelli<\/h4>\n                                <\/div>\n                                <div class=\"wp-block-buttons\">\n                                    <div class=\"wp-block-button is-style-outline\">\n                                        <span class=\"wp-block-button__link\">\n                                            Vivre                                        <\/span>\n                                    <\/div>\n                                <\/div>\n                            <\/a>\n                        <\/div>\n                                                <div class=\"swiper-slide\">\n                            <a href=\"https:\/\/visitvalsesiavercelli.it\/fr\/scopri\/punti-di-interesse\/cathedrale-santeusebio-vercelli\/\" class=\"carosello-element\">\n                                <div class=\"wp-block-image\">\n                                    <img loading=\"lazy\" decoding=\"async\" width=\"340\" height=\"210\" src=\"https:\/\/visitvalsesiavercelli.it\/wp-content\/uploads\/2022\/09\/Vercelli-Sant-Eusebio-340x210.jpg\" class=\"attachment-regular-thumb size-regular-thumb wp-post-image\" alt=\"\" srcset=\"https:\/\/visitvalsesiavercelli.it\/wp-content\/uploads\/2022\/09\/Vercelli-Sant-Eusebio-340x210.jpg 340w, https:\/\/visitvalsesiavercelli.it\/wp-content\/uploads\/2022\/09\/Vercelli-Sant-Eusebio-680x420.jpg 680w\" sizes=\"auto, (max-width: 340px) 100vw, 340px\" \/>                                <\/div>\n                                <div class=\"content\">\n                                    <h4>CATH\u00c9DRALE SANT\u2019EUSEBIO &#8211; vercelli<\/h4>\n                                <\/div>\n                                <div class=\"wp-block-buttons\">\n                                    <div class=\"wp-block-button is-style-outline\">\n                                        <span class=\"wp-block-button__link\">\n                                            Vivre                                        <\/span>\n                                    <\/div>\n                                <\/div>\n                            <\/a>\n                        <\/div>\n                                                <div class=\"swiper-slide\">\n                            <a href=\"https:\/\/visitvalsesiavercelli.it\/fr\/scopri\/punti-di-interesse\/san-cristoforo-vercelli\/\" class=\"carosello-element\">\n                                <div class=\"wp-block-image\">\n                                    <img loading=\"lazy\" decoding=\"async\" width=\"340\" height=\"210\" src=\"https:\/\/visitvalsesiavercelli.it\/wp-content\/uploads\/2022\/08\/DSC3723-340x210.jpg\" class=\"attachment-regular-thumb size-regular-thumb wp-post-image\" alt=\"\" srcset=\"https:\/\/visitvalsesiavercelli.it\/wp-content\/uploads\/2022\/08\/DSC3723-340x210.jpg 340w, https:\/\/visitvalsesiavercelli.it\/wp-content\/uploads\/2022\/08\/DSC3723-680x420.jpg 680w\" sizes=\"auto, (max-width: 340px) 100vw, 340px\" \/>                                <\/div>\n                                <div class=\"content\">\n                                    <h4>San cristoforo &#8211; vercelli<\/h4>\n                                <\/div>\n                                <div class=\"wp-block-buttons\">\n                                    <div class=\"wp-block-button is-style-outline\">\n                                        <span class=\"wp-block-button__link\">\n                                            Vivre                                        <\/span>\n                                    <\/div>\n                                <\/div>\n                            <\/a>\n                        <\/div>\n                                                <div class=\"swiper-slide\">\n                            <a href=\"https:\/\/visitvalsesiavercelli.it\/fr\/scopri\/punti-di-interesse\/centre-dexposition-arca-vercelli\/\" class=\"carosello-element\">\n                                <div class=\"wp-block-image\">\n                                    <img loading=\"lazy\" decoding=\"async\" width=\"340\" height=\"210\" src=\"https:\/\/visitvalsesiavercelli.it\/wp-content\/uploads\/2022\/09\/045-340x210.jpg\" class=\"attachment-regular-thumb size-regular-thumb wp-post-image\" alt=\"\" srcset=\"https:\/\/visitvalsesiavercelli.it\/wp-content\/uploads\/2022\/09\/045-340x210.jpg 340w, https:\/\/visitvalsesiavercelli.it\/wp-content\/uploads\/2022\/09\/045-680x420.jpg 680w\" sizes=\"auto, (max-width: 340px) 100vw, 340px\" \/>                                <\/div>\n                                <div class=\"content\">\n                                    <h4>CENTRE D&rsquo;EXPOSITION ARCA &#8211; vercelli<\/h4>\n                                <\/div>\n                                <div class=\"wp-block-buttons\">\n                                    <div class=\"wp-block-button is-style-outline\">\n                                        <span class=\"wp-block-button__link\">\n                                            Vivre                                        <\/span>\n                                    <\/div>\n                                <\/div>\n                            <\/a>\n                        <\/div>\n                                        <\/div>\n                <div class=\"swiper-buttons\">\n                    <div class=\"swiper-button-prev\"><\/div>\n                    <div class=\"swiper-button-next\"><\/div>\n                <\/div>\n            <\/div>\n            <\/section><\/div>\n<\/div>\n<\/div>\n","protected":false},"featured_media":7648,"template":"","categorie-punti":[514],"area":[8],"class_list":["post-12625","punti-di-interesse","type-punti-di-interesse","status-publish","has-post-thumbnail","hentry","categorie-punti-luoghi-da-non-perdere","area-vercelli-e-terre-del-riso"],"acf":{"indirizzo":null},"_links":{"self":[{"href":"https:\/\/visitvalsesiavercelli.it\/fr\/wp-json\/wp\/v2\/punti-di-interesse\/12625","targetHints":{"allow":["GET"]}}],"collection":[{"href":"https:\/\/visitvalsesiavercelli.it\/fr\/wp-json\/wp\/v2\/punti-di-interesse"}],"about":[{"href":"https:\/\/visitvalsesiavercelli.it\/fr\/wp-json\/wp\/v2\/types\/punti-di-interesse"}],"wp:featuredmedia":[{"embeddable":true,"href":"https:\/\/visitvalsesiavercelli.it\/fr\/wp-json\/wp\/v2\/media\/7648"}],"wp:attachment":[{"href":"https:\/\/visitvalsesiavercelli.it\/fr\/wp-json\/wp\/v2\/media?parent=12625"}],"wp:term":[{"taxonomy":"categorie-punti","embeddable":true,"href":"https:\/\/visitvalsesiavercelli.it\/fr\/wp-json\/wp\/v2\/categorie-punti?post=12625"},{"taxonomy":"area","embeddable":true,"href":"https:\/\/visitvalsesiavercelli.it\/fr\/wp-json\/wp\/v2\/area?post=12625"}],"curies":[{"name":"wp","href":"https:\/\/api.w.org\/{rel}","templated":true}]}}