{"id":12639,"date":"2022-10-15T16:53:54","date_gmt":"2022-10-15T14:53:54","guid":{"rendered":"https:\/\/visitvalsesiavercelli.it\/?post_type=punti-di-interesse&#038;p=12639"},"modified":"2026-04-14T12:34:59","modified_gmt":"2026-04-14T10:34:59","slug":"nature-park-of-the-partecipanza-wood-and-grange-of-vercelli","status":"publish","type":"punti-di-interesse","link":"https:\/\/visitvalsesiavercelli.it\/fr\/scopri\/punti-di-interesse\/nature-park-of-the-partecipanza-wood-and-grange-of-vercelli\/","title":{"rendered":"PARCO NATURALE DEL BOSCO DELLA PARTECIPANZA E DELLE GRANGE VERCELLESI"},"content":{"rendered":"\n<div class=\"wp-block-cover alignfull has-custom-content-position is-position-center-left hero\" style=\"min-height:650px;aspect-ratio:unset;\"><img loading=\"lazy\" decoding=\"async\" width=\"1920\" height=\"1277\" class=\"wp-block-cover__image-background wp-image-45923 size-full\" alt=\"\" src=\"https:\/\/visitvalsesiavercelli.it\/wp-content\/uploads\/2022\/10\/Bosco-della-Partecipanza-12.jpg\" style=\"object-position:53% 26%\" data-object-fit=\"cover\" data-object-position=\"53% 26%\" srcset=\"https:\/\/visitvalsesiavercelli.it\/wp-content\/uploads\/2022\/10\/Bosco-della-Partecipanza-12.jpg 1920w, https:\/\/visitvalsesiavercelli.it\/wp-content\/uploads\/2022\/10\/Bosco-della-Partecipanza-12-1000x665.jpg 1000w, https:\/\/visitvalsesiavercelli.it\/wp-content\/uploads\/2022\/10\/Bosco-della-Partecipanza-12-1500x998.jpg 1500w\" sizes=\"auto, (max-width: 1920px) 100vw, 1920px\" \/><span aria-hidden=\"true\" class=\"wp-block-cover__background has-background-dim\" style=\"background-color:#5f6c19\"><\/span><div class=\"wp-block-cover__inner-container is-layout-flow wp-block-cover-is-layout-flow\">\n<div class=\"wp-block-group is-layout-flow wp-block-group-is-layout-flow\"><h1 style=\"text-transform:uppercase;\" class=\"wp-block-post-title has-text-color has-bianco-color\">PARCO NATURALE DEL BOSCO DELLA PARTECIPANZA E DELLE GRANGE VERCELLESI<\/h1>\n\n    <div class=\"etichetta\">\n        <div>\n            Point d\u2019int\u00e9r\u00eat        <\/div>\n    <\/div><\/div>\n<\/div><\/div>\n\n\n\n<div class=\"wp-block-group alignfull breadcrumbs is-layout-flow wp-block-group-is-layout-flow\">\n<div class=\"wp-block-group d-flex is-layout-flow wp-block-group-is-layout-flow\">\n<p><a href=\"https:\/\/visitvalsesiavercelli.it\/fr\/\" data-type=\"page\" data-id=\"2\">Home<\/a><\/p>\n\n\n\n<p>Scopri<\/p>\n\n\n\n<p>Punti d&rsquo;interesse<\/p>\n\n\n            <p class=\"breadcrumb-esperienza\">\n                <a href=\"https:\/\/visitvalsesiavercelli.it\/scopri\/punti-di-interesse\/siti-naturalistici\/\">Sites naturels<\/a>    \n            <\/p>\n                \n\n<h6 class=\"wp-block-post-title has-text-color has-orange-color\">PARCO NATURALE DEL BOSCO DELLA PARTECIPANZA E DELLE GRANGE VERCELLESI<\/h6><\/div>\n<\/div>\n\n\n\n<div class=\"wp-block-group alignfull is-layout-flow wp-block-group-is-layout-flow\">\n<div class=\"wp-block-group intro-esperienze is-layout-flow wp-container-core-group-is-layout-49fcf5db wp-block-group-is-layout-flow\" style=\"padding-top:70px;padding-bottom:70px;padding-left:70px\">    <div class=\"etichetta-secondaria\">\n        <div>\n            Sites naturels        <\/div>\n    <\/div>\n    \n\n\n<h2 class=\"wp-block-heading has-text-align-left has-text-color\" style=\"color:#2d3429;text-transform:uppercase\"><strong>PARCO NATURALE DEL BOSCO DELLA PARTECIPANZA E DELLE GRANGE VERCELLESI<\/strong><\/h2>\n\n\n    <div class=\"keywords-esperienze\">\n        \n\n<p style=\"font-size:20px\">Dans la partie la plus m\u00e9ridionale de la plaine rizicole de Vercelli, trois zones, trois \u00eeles, presque, se distinguent nettement du territoire environnant, et constituent un tr\u00e9sor de biodiversit\u00e9. Le Parco Naturale del Bosco della Partecipanza e delle Grange Vercellesi a \u00e9t\u00e9 cr\u00e9\u00e9 pour leur protection et leur gestion.<\/p>\n\n\n\n<p style=\"font-size:20px\"><strong>Bosco delle Sorti della Partecipanza<\/strong><\/p>\n\n\n\n<p style=\"font-size:20px\">Un&nbsp;<strong>radeau vert flottant au milieu des rizi\u00e8res<\/strong>&nbsp;: telle est l\u2019image qui d\u00e9peint le plus souvent le Bosco delle Sorti della Partecipanza, dans la commune de Trino Vercellese. C\u2019est le dernier vestige de la&nbsp;<strong>vaste for\u00eat de plaine<\/strong>&nbsp;qui couvrait la vall\u00e9e du P\u00f4, avant les grands travaux de bonification agraire qui ont entra\u00een\u00e9 sa destruction presque totale au Moyen \u00c2ge. La for\u00eat peut donc \u00eatre consid\u00e9r\u00e9e comme une sorte de fossile vivant.<\/p>\n\n\n\n<p style=\"font-size:20px\">Sa pr\u00e9servation est notamment due \u00e0 un syst\u00e8me strict de coupes, respect\u00e9 depuis 1275, date \u00e0 laquelle toute la zone a \u00e9t\u00e9 donn\u00e9e en propri\u00e9t\u00e9 collective aux citoyens de Trino. Aujourd\u2019hui encore, l\u2019exploitation de la for\u00eat par ses propri\u00e9taires respecte la tradition des si\u00e8cles pass\u00e9s&nbsp;: chaque ann\u00e9e, par rotation, une zone est mise en coupe, puis divis\u00e9e en zones plus petites appel\u00e9es \u201csorti\u201d ou \u201cpunti\u201d. Chaque \u201cpunto\u201d est \u00e0 son tour divis\u00e9 en quatre (d\u2019o\u00f9 le nom de \u201cquartaruoli\u201d) et associ\u00e9 \u00e0 un num\u00e9ro. En novembre, l\u2019un des \u201cpunti\u201d est tir\u00e9 au sort par les Partecipanti&nbsp;: c\u2019est donc le hasard qui d\u00e9cide dans quelle zone le propri\u00e9taire pourra abattre sa part de quartaruoli.<\/p>\n\n\n\n<p style=\"font-size:20px\"><strong>C\u2019est depuis 1991 une zone naturelle prot\u00e9g\u00e9e du Pi\u00e9mont<\/strong>, une grande \u00eele verte de 600&nbsp;hectares o\u00f9 se r\u00e9fugient diverses esp\u00e8ces animales qui auraient du mal \u00e0 survivre dans le milieu environnant, aujourd\u2019hui si transform\u00e9 par la monoculture du riz. Le Bosco della Partecipanza est lumineux, les arbres laissent entrevoir les couleurs du ciel, et il est travers\u00e9 de sentiers balis\u00e9s pour la marche ou le VTT. Les aires de pique-nique sont nombreuses, et permettent de d\u00e9jeuner en pleine nature, \u00e0 deux pas de Vercelli.<\/p>\n\n\n\n<p style=\"font-size:20px\"><strong>Marais de San Genuario<\/strong><\/p>\n\n\n\n<p style=\"font-size:20px\">Cette zone du parc s\u2019inscrit dans le paysage de la basse plaine de Vercelli, caract\u00e9ris\u00e9e par le milieu agraire de la culture extensive du riz. La derni\u00e8re tentative d\u2019utilisation de la Palude di San Genuario \u00e0 des fins productives a eu lieu au d\u00e9but des ann\u00e9es 1990, avec la mise en place d\u2019un&nbsp;<strong>\u00e9tablissement de pisciculture<\/strong>, abandonn\u00e9 apr\u00e8s quelques ann\u00e9es. Cette zone du marais a alors subi un processus de renaturation spontan\u00e9e, soutenu et amplifi\u00e9 par la suite par l\u2019autorit\u00e9 du Parc, qui l\u2019a transform\u00e9 en une zone humide de grande valeur. Aujourd\u2019hui, les bassins et r\u00e9servoirs artificiels, le dense r\u00e9seau hydrographique de canaux \u00e0 \u00e9coulement lent et les nombreuses r\u00e9surgences et fontaines sont&nbsp;<strong>peupl\u00e9s d\u2019esp\u00e8ces v\u00e9g\u00e9tales et animales typiques des zones humides<\/strong>.<br><br>Dans un milieu caract\u00e9ris\u00e9 par la monoculture du riz, la zone de la Palude di San Genuario est un important garant de&nbsp;<strong>biodiversit\u00e9<\/strong>, abritant divers habitats de type mar\u00e9cageux et de nombreuses esp\u00e8ces rares et int\u00e9ressantes, notamment parmi l\u2019avifaune. Pour la r\u00e9servation des cabanes \u00e0 photos dans le marais, contactez SKUA Nature (info@skuanature.com \u2013 www.skuanature.com).<\/p>\n\n\n\n<p style=\"font-size:20px\"><strong>Fontana Gigante<\/strong><\/p>\n\n\n\n<p style=\"font-size:20px\">Situ\u00e9e dans la basse plaine de Vercelli, dans la commune de Tricerro, Fontana Gigante est une zone caract\u00e9ris\u00e9e par la pr\u00e9sence d\u2019un bassin lacustre form\u00e9 de huit plans d\u2019eau contigus, occupant un total de 12&nbsp;hectares environ. Dans les bassins, la profondeur de l\u2019eau est comprise entre 10 et 180&nbsp;cm. L\u2019origine de ces r\u00e9servoirs lacustres remonte \u00e0 la bonification de milieux aquatiques naturels et au creusement de bassins \u00e0 des fins de chasse et de p\u00eache sportive. D\u00e9saffect\u00e9s par la suite, ils firent l\u2019objet d\u2019une renaturation.<\/p>\n\n\n\n<p style=\"font-size:20px\"><strong>En raison de la raret\u00e9 des esp\u00e8ces qu\u2019elle abrite, la zone de Fontana Gigante ne se visite pas<\/strong>. Le seul type d\u2019activit\u00e9 accept\u00e9e est la recherche scientifique, notamment celle qui vise \u00e0 surveiller l\u2019\u00e9tat de conservation des habitats et des esp\u00e8ces.<\/p>\n\n\n    <\/div><\/div>\n<\/div>\n\n\n\n<div class=\"wp-block-group alignfull has-bianco-color has-text-color has-background is-layout-flow wp-block-group-is-layout-flow\" style=\"background-color:#3d4d34;padding-top:60px;padding-bottom:80px\">\n<div class=\"wp-block-group is-layout-constrained wp-container-core-group-is-layout-e548ea6f wp-block-group-is-layout-constrained\">\n<div class=\"wp-block-columns gap-mobile is-layout-flex wp-container-core-columns-is-layout-01159bbe wp-block-columns-is-layout-flex\">\n<div class=\"wp-block-column is-layout-flow wp-block-column-is-layout-flow\">\n<h3 class=\"wp-block-heading has-giallo-color has-text-color\" style=\"font-size:26px;text-transform:uppercase\">COMMENT Y ALLER<\/h3>\n\n\n\n<iframe src=\"https:\/\/www.google.com\/maps\/embed?pb=!1m18!1m12!1m3!1d89972.38444136162!2d8.108804502061812!3d45.19444363900265!2m3!1f0!2f0!3f0!3m2!1i1024!2i768!4f13.1!3m3!1m2!1s0x4787c9e84ddcbbf5%3A0xe59bcd71986b03e!2sParco%20Naturale%20del%20Bosco%20delle%20Sorti%20della%20Partecipanza!5e0!3m2!1sit!2sit!4v1747489271585!5m2!1sit!2sit\" width=\"600\" height=\"450\" style=\"border:0;\" allowfullscreen=\"\" loading=\"lazy\" referrerpolicy=\"no-referrer-when-downgrade\"><\/iframe>\n<\/div>\n\n\n\n<div class=\"wp-block-column is-style-prima is-layout-flow wp-block-column-is-layout-flow\">\n<h3 class=\"wp-block-heading has-giallo-color has-text-color\" style=\"font-size:26px;text-transform:uppercase\">INFOS ET CONTACTS<\/h3>\n\n\n    <div class=\"info-esperienze\">\n        \n\n<div class=\"wp-block-group info-esperienze-container has-link-color wp-elements-d658f54b055d72270ffc1c23367d995f is-vertical is-layout-flex wp-container-core-group-is-layout-fe9cc265 wp-block-group-is-layout-flex\">\n<p class=\"has-icon pin\">Aree protette Po-Vercellese-Alessandrino, Piazza Giovanni XXIII, 6 &#8211; 15048 Valenza (AL)<\/p>\n\n\n\n<p class=\"has-icon tel\">+39 0131.927555 &#8211; +39 0131.927721 -+39 011 4321011<\/p>\n\n\n\n<p class=\"has-icon mail\"><a href=\"parcopopiemontese@pec.it\">parcopopiemontese@pec.it<\/a><\/p>\n\n\n\n<p class=\"has-icon www\"><a href=\"http:\/\/www.parcopopiemontese.it\/\">www.parcopopiemontese.it<\/a><\/p>\n\n\n\n<figure class=\"wp-block-image size-full is-resized\"><img loading=\"lazy\" decoding=\"async\" width=\"500\" height=\"85\" src=\"https:\/\/visitvalsesiavercelli.it\/wp-content\/uploads\/2022\/10\/logo-parco-areeprotette.png\" alt=\"\" class=\"wp-image-4135\" style=\"width:294px;height:50px\"\/><\/figure>\n<\/div>\n\n\n    <\/div><\/div>\n<\/div>\n<\/div>\n<\/div>\n\n\n\n<div class=\"wp-block-group intro-3 is-layout-flow wp-container-core-group-is-layout-b298a938 wp-block-group-is-layout-flow\" style=\"padding-top:110px;padding-bottom:70px\">\n<div class=\"wp-block-columns is-layout-flex wp-container-core-columns-is-layout-00723822 wp-block-columns-is-layout-flex\">\n<div class=\"wp-block-column is-over is-layout-flow wp-block-column-is-layout-flow\" style=\"padding-left:80px;flex-basis:290px\">\n<h2 class=\"wp-block-heading\" style=\"line-height:0.90;text-transform:uppercase\">LIEUX D\u2019INT\u00c9R\u00caT \u00c0 NE PAS <mark style=\"background-color:rgba(0, 0, 0, 0)\" class=\"has-inline-color has-giallo-color\">manquer<\/mark><\/h2>\n\n\n\n<p class=\"has-size-22-font-size\" style=\"font-style:normal;font-weight:600\">Art et culture, traditions anciennes, gastronomie et vins excellents et innombrables activit\u00e9s de plein air.<\/p>\n<\/div>\n\n\n\n<div class=\"wp-block-column is-layout-flow wp-block-column-is-layout-flow\" style=\"padding-left:60px\">    <section class=\"carosello-orizzontale cover-overflow\">\n                    <div class=\"swiper\">\n                <div class=\"swiper-wrapper\">\n                                            <div class=\"swiper-slide\">\n                            <a href=\"https:\/\/visitvalsesiavercelli.it\/fr\/scopri\/punti-di-interesse\/canal-cavour\/\" class=\"carosello-element\">\n                                <div class=\"wp-block-image\">\n                                    <img loading=\"lazy\" decoding=\"async\" width=\"340\" height=\"210\" src=\"https:\/\/visitvalsesiavercelli.it\/wp-content\/uploads\/2022\/08\/chiusa-del-canale-cavour-340x210.jpg\" class=\"attachment-regular-thumb size-regular-thumb wp-post-image\" alt=\"\" srcset=\"https:\/\/visitvalsesiavercelli.it\/wp-content\/uploads\/2022\/08\/chiusa-del-canale-cavour-340x210.jpg 340w, https:\/\/visitvalsesiavercelli.it\/wp-content\/uploads\/2022\/08\/chiusa-del-canale-cavour-680x420.jpg 680w\" sizes=\"auto, (max-width: 340px) 100vw, 340px\" \/>                                <\/div>\n                                <div class=\"content\">\n                                    <h4>canal cavour<\/h4>\n                                <\/div>\n                                <div class=\"wp-block-buttons\">\n                                    <div class=\"wp-block-button is-style-outline\">\n                                        <span class=\"wp-block-button__link\">\n                                            Vivre                                        <\/span>\n                                    <\/div>\n                                <\/div>\n                            <\/a>\n                        <\/div>\n                                                <div class=\"swiper-slide\">\n                            <a href=\"https:\/\/visitvalsesiavercelli.it\/fr\/scopri\/punti-di-interesse\/conservatorio-della-risicoltura\/\" class=\"carosello-element\">\n                                <div class=\"wp-block-image\">\n                                    <img loading=\"lazy\" decoding=\"async\" width=\"340\" height=\"210\" src=\"https:\/\/visitvalsesiavercelli.it\/wp-content\/uploads\/2022\/10\/tenuta_colombara-340x210.jpg\" class=\"attachment-regular-thumb size-regular-thumb wp-post-image\" alt=\"\" srcset=\"https:\/\/visitvalsesiavercelli.it\/wp-content\/uploads\/2022\/10\/tenuta_colombara-340x210.jpg 340w, https:\/\/visitvalsesiavercelli.it\/wp-content\/uploads\/2022\/10\/tenuta_colombara-680x420.jpg 680w\" sizes=\"auto, (max-width: 340px) 100vw, 340px\" \/>                                <\/div>\n                                <div class=\"content\">\n                                    <h4>conservatorio della risicoltura<\/h4>\n                                <\/div>\n                                <div class=\"wp-block-buttons\">\n                                    <div class=\"wp-block-button is-style-outline\">\n                                        <span class=\"wp-block-button__link\">\n                                            Vivre                                        <\/span>\n                                    <\/div>\n                                <\/div>\n                            <\/a>\n                        <\/div>\n                                                <div class=\"swiper-slide\">\n                            <a href=\"https:\/\/visitvalsesiavercelli.it\/fr\/scopri\/punti-di-interesse\/principaute-de-lucedio\/\" class=\"carosello-element\">\n                                <div class=\"wp-block-image\">\n                                    <img loading=\"lazy\" decoding=\"async\" width=\"340\" height=\"210\" src=\"https:\/\/visitvalsesiavercelli.it\/wp-content\/uploads\/2022\/08\/Lucedio-panoramica-ufficiale-340x210.jpg\" class=\"attachment-regular-thumb size-regular-thumb wp-post-image\" alt=\"\" srcset=\"https:\/\/visitvalsesiavercelli.it\/wp-content\/uploads\/2022\/08\/Lucedio-panoramica-ufficiale-340x210.jpg 340w, https:\/\/visitvalsesiavercelli.it\/wp-content\/uploads\/2022\/08\/Lucedio-panoramica-ufficiale-680x420.jpg 680w\" sizes=\"auto, (max-width: 340px) 100vw, 340px\" \/>                                <\/div>\n                                <div class=\"content\">\n                                    <h4>PRINCIPAUT\u00c9 DE LUCEDIO<\/h4>\n                                <\/div>\n                                <div class=\"wp-block-buttons\">\n                                    <div class=\"wp-block-button is-style-outline\">\n                                        <span class=\"wp-block-button__link\">\n                                            Vivre                                        <\/span>\n                                    <\/div>\n                                <\/div>\n                            <\/a>\n                        <\/div>\n                                                <div class=\"swiper-slide\">\n                            <a href=\"https:\/\/visitvalsesiavercelli.it\/fr\/scopri\/punti-di-interesse\/bosco-della-partecipanza\/\" class=\"carosello-element\">\n                                <div class=\"wp-block-image\">\n                                    <img loading=\"lazy\" decoding=\"async\" width=\"340\" height=\"210\" src=\"https:\/\/visitvalsesiavercelli.it\/wp-content\/uploads\/2022\/10\/Bosco-della-Partecipanza-19-1-340x210.jpg\" class=\"attachment-regular-thumb size-regular-thumb wp-post-image\" alt=\"\" srcset=\"https:\/\/visitvalsesiavercelli.it\/wp-content\/uploads\/2022\/10\/Bosco-della-Partecipanza-19-1-340x210.jpg 340w, https:\/\/visitvalsesiavercelli.it\/wp-content\/uploads\/2022\/10\/Bosco-della-Partecipanza-19-1-680x420.jpg 680w\" sizes=\"auto, (max-width: 340px) 100vw, 340px\" \/>                                <\/div>\n                                <div class=\"content\">\n                                    <h4>Bosco della Partecipanza<\/h4>\n                                <\/div>\n                                <div class=\"wp-block-buttons\">\n                                    <div class=\"wp-block-button is-style-outline\">\n                                        <span class=\"wp-block-button__link\">\n                                            Vivre                                        <\/span>\n                                    <\/div>\n                                <\/div>\n                            <\/a>\n                        <\/div>\n                                        <\/div>\n                <div class=\"swiper-buttons\">\n                    <div class=\"swiper-button-prev\"><\/div>\n                    <div class=\"swiper-button-next\"><\/div>\n                <\/div>\n            <\/div>\n            <\/section><\/div>\n<\/div>\n<\/div>\n","protected":false},"featured_media":45923,"template":"","categorie-punti":[516],"area":[8],"class_list":["post-12639","punti-di-interesse","type-punti-di-interesse","status-publish","has-post-thumbnail","hentry","categorie-punti-siti-naturalistici","area-vercelli-e-terre-del-riso"],"acf":{"indirizzo":null},"_links":{"self":[{"href":"https:\/\/visitvalsesiavercelli.it\/fr\/wp-json\/wp\/v2\/punti-di-interesse\/12639","targetHints":{"allow":["GET"]}}],"collection":[{"href":"https:\/\/visitvalsesiavercelli.it\/fr\/wp-json\/wp\/v2\/punti-di-interesse"}],"about":[{"href":"https:\/\/visitvalsesiavercelli.it\/fr\/wp-json\/wp\/v2\/types\/punti-di-interesse"}],"wp:featuredmedia":[{"embeddable":true,"href":"https:\/\/visitvalsesiavercelli.it\/fr\/wp-json\/wp\/v2\/media\/45923"}],"wp:attachment":[{"href":"https:\/\/visitvalsesiavercelli.it\/fr\/wp-json\/wp\/v2\/media?parent=12639"}],"wp:term":[{"taxonomy":"categorie-punti","embeddable":true,"href":"https:\/\/visitvalsesiavercelli.it\/fr\/wp-json\/wp\/v2\/categorie-punti?post=12639"},{"taxonomy":"area","embeddable":true,"href":"https:\/\/visitvalsesiavercelli.it\/fr\/wp-json\/wp\/v2\/area?post=12639"}],"curies":[{"name":"wp","href":"https:\/\/api.w.org\/{rel}","templated":true}]}}